{"id":786,"date":"2016-10-21T10:39:15","date_gmt":"2016-10-21T08:39:15","guid":{"rendered":"http:\/\/phonomuseum.fr\/?page_id=786"},"modified":"2024-06-01T11:59:52","modified_gmt":"2024-06-01T09:59:52","slug":"audiovisuelle","status":"publish","type":"page","link":"https:\/\/phonomuseum.fr\/point-presse\/audiovisuelle\/","title":{"rendered":"Audiovisuelle"},"content":{"rendered":"<div id='av_section_1'  class='avia-section av-kj1cxlty-7735be567e76c6f515e2af941201e0fd main_color avia-section-default avia-no-border-styling  avia-builder-el-0  el_before_av_submenu  avia-builder-el-first  avia-bg-style-scroll container_wrap fullsize'  ><div class='container av-section-cont-open' ><main  role=\"main\" itemprop=\"mainContentOfPage\"  class='template-page content  av-content-full alpha units'><div class='post-entry post-entry-type-page post-entry-786'><div class='entry-content-wrapper clearfix'>\n\n<style type=\"text\/css\" data-created_by=\"avia_inline_auto\" id=\"style-css-av-fva6y-f48888125cc559456c0bd12a2dec7542\">\n.flex_column.av-fva6y-f48888125cc559456c0bd12a2dec7542{\nborder-radius:0px 0px 0px 0px;\npadding:0px 0px 0px 0px;\n}\n<\/style>\n<div  class='flex_column av-fva6y-f48888125cc559456c0bd12a2dec7542 av_one_full  avia-builder-el-1  avia-builder-el-no-sibling  first flex_column_div av-zero-column-padding  '     ><section  class='av_textblock_section av-kj1cvh2z-446969b5ac8ff12322fbe47926cb354e '   itemscope=\"itemscope\" itemtype=\"https:\/\/schema.org\/CreativeWork\" ><div class='avia_textblock'  itemprop=\"text\" ><h2 style=\"text-align: center;\"><span style=\"color: #1eafc8;\">PRESSE AUDIOVISUELLE<\/span><\/h2>\n<\/div><\/section><br \/>\n<section  class='av_textblock_section av-kj1cw0p6-296949561b5db0c9a1365627af2730c7 '   itemscope=\"itemscope\" itemtype=\"https:\/\/schema.org\/CreativeWork\" ><div class='avia_textblock'  itemprop=\"text\" ><p style=\"text-align: center;\">Retrouvez toute notre presse Audiovisuelle<\/p>\n<\/div><\/section><\/p><\/div>\n\n<\/div><\/div><\/main><!-- close content main element --><\/div><\/div><div class='clear'><\/div><div id='sub_menu1'  class='av-submenu-container av-kj1csqah-0e9c559cdf28a041a8e1d3b6515f29a0 main_color  avia-builder-el-4  el_after_av_section  el_before_av_section  av-sticky-submenu submenu-not-first container_wrap fullsize' style='z-index:301' ><div class='container av-menu-mobile-disabled av-submenu-pos-center'><ul id='av-custom-submenu-1' class='av-subnav-menu' role='menu'>\n<li class='menu-item av-kh7yi-1bf422cb60794ed395809c6a1077cf9f menu-item-top-level menu-item-top-level-1' role='menuitem'><a href='#videos'  ><span class='avia-bullet'><\/span><span class='avia-menu-text'>Reportages vid\u00e9os<\/span><\/a><\/li>\n<li class='menu-item av-ds8sy-d9667200af0cd538a7fa0886b694ccd1 menu-item-top-level menu-item-top-level-2' role='menuitem'><a href='#audio'  ><span class='avia-bullet'><\/span><span class='avia-menu-text'>Reportages audio<\/span><\/a><\/li>\n<li class='menu-item av-9zyxu-85974b26bf9165a2b4fe5d73a26924fd menu-item-top-level menu-item-top-level-3' role='menuitem'><a href='#articles'  ><span class='avia-bullet'><\/span><span class='avia-menu-text'>Articles en ligne<\/span><\/a><\/li>\n<\/ul><\/div><\/div><div class='sticky_placeholder'><\/div>\n<div id='videos'  class='avia-section av-kj1ct8jf-d8751ab0c9380de2d2944555a2c55ffe main_color avia-section-large avia-shadow  avia-builder-el-5  el_after_av_submenu  el_before_av_section  avia-bg-style-scroll container_wrap fullsize'  ><div class='container av-section-cont-open' ><div class='template-page content  av-content-full alpha units'><div class='post-entry post-entry-type-page post-entry-786'><div class='entry-content-wrapper clearfix'>\n<section  class='av_textblock_section av-kj1ckrs3-370218fb7c1ac7d31efe8dee6b1a565f '   itemscope=\"itemscope\" itemtype=\"https:\/\/schema.org\/CreativeWork\" ><div class='avia_textblock'  itemprop=\"text\" ><h2 style=\"text-align: center;\"><span style=\"color: #1eafc8;\">REPORTAGES VID\u00c9OS<\/span><\/h2>\n<\/div><\/section>\n\n<style type=\"text\/css\" data-created_by=\"avia_inline_auto\" id=\"style-css-av-17himq-4867634342b2e9249df7edd6e0faaa4b\">\n#top .hr.av-17himq-4867634342b2e9249df7edd6e0faaa4b{\nmargin-top:30px;\nmargin-bottom:30px;\n}\n.hr.av-17himq-4867634342b2e9249df7edd6e0faaa4b .hr-inner{\nwidth:50px;\n}\n<\/style>\n<div  class='hr av-17himq-4867634342b2e9249df7edd6e0faaa4b hr-custom  avia-builder-el-7  el_after_av_textblock  el_before_av_one_third  hr-center hr-icon-no'><span class='hr-inner inner-border-av-border-thin'><span class=\"hr-inner-style\"><\/span><\/span><\/div>\n<div class='flex_column_table av-1ij3wi-b422cd2cf875629fba39ffc56ef7fb06 sc-av_one_third av-equal-height-column-flextable'>\n<style type=\"text\/css\" data-created_by=\"avia_inline_auto\" id=\"style-css-av-1ij3wi-b422cd2cf875629fba39ffc56ef7fb06\">\n.flex_column.av-1ij3wi-b422cd2cf875629fba39ffc56ef7fb06{\nborder-radius:0px 0px 0px 0px;\npadding:2% 2% 2% 2%;\nbackground-color:#f2f2f2;\n}\n<\/style>\n<div  class='flex_column av-1ij3wi-b422cd2cf875629fba39ffc56ef7fb06 av_one_third  avia-builder-el-8  el_after_av_hr  el_before_av_one_third  first flex_column_table_cell av-equal-height-column av-align-top avia-link-column av-column-link  '    data-link-column-url=\"https:\/\/youtu.be\/Pc_G3FoFoOY?si=CEn4biJwU8Pc2E1F\"  data-link-column-target=\"_blank\"   ><a class=\"av-screen-reader-only\" href=https:\/\/youtu.be\/Pc_G3FoFoOY?si=CEn4biJwU8Pc2E1F  target=\"_blank\" >Suivre un lien ajout\u00e9 manuellement<\/a><p>\n<style type=\"text\/css\" data-created_by=\"avia_inline_auto\" id=\"style-css-av-kj1bnw7g-605e1dc353b5a5cb1d03fca31fd78479\">\n.avia-image-container.av-kj1bnw7g-605e1dc353b5a5cb1d03fca31fd78479 img.avia_image{\nbox-shadow:none;\n}\n.avia-image-container.av-kj1bnw7g-605e1dc353b5a5cb1d03fca31fd78479 .av-image-caption-overlay-center{\ncolor:#ffffff;\n}\n<\/style>\n<div  class='avia-image-container av-kj1bnw7g-605e1dc353b5a5cb1d03fca31fd78479 av-styling- avia-align-center  avia-builder-el-9  el_before_av_hr  avia-builder-el-first '   itemprop=\"image\" itemscope=\"itemscope\" itemtype=\"https:\/\/schema.org\/ImageObject\" ><div class=\"avia-image-container-inner\"><div class=\"avia-image-overlay-wrap\"><img decoding=\"async\" fetchpriority=\"high\" class='wp-image-735 avia-img-lazy-loading-not-735 avia_image ' src=\"https:\/\/phonomuseum.fr\/wp-content\/uploads\/2016\/02\/Capture-d\u2019e\u0301cran-2016-10-08-a\u0300-09.48.27-300x108.png\" alt='' title='Capture d\u2019e\u0301cran 2016-10-08 a\u0300 09.48.27'  height=\"108\" width=\"300\"  itemprop=\"thumbnailUrl\" srcset=\"https:\/\/phonomuseum.fr\/wp-content\/uploads\/2016\/02\/Capture-d\u2019e\u0301cran-2016-10-08-a\u0300-09.48.27-300x108.png 300w, https:\/\/phonomuseum.fr\/wp-content\/uploads\/2016\/02\/Capture-d\u2019e\u0301cran-2016-10-08-a\u0300-09.48.27-250x90.png 250w, https:\/\/phonomuseum.fr\/wp-content\/uploads\/2016\/02\/Capture-d\u2019e\u0301cran-2016-10-08-a\u0300-09.48.27-150x54.png 150w, https:\/\/phonomuseum.fr\/wp-content\/uploads\/2016\/02\/Capture-d\u2019e\u0301cran-2016-10-08-a\u0300-09.48.27.png 551w\" sizes=\"(max-width: 300px) 100vw, 300px\" \/><\/div><\/div><\/div><br \/>\n\n<style type=\"text\/css\" data-created_by=\"avia_inline_auto\" id=\"style-css-av-1cxi6q-1727e253269809f0089c55b60e6725ae\">\n#top .hr.av-1cxi6q-1727e253269809f0089c55b60e6725ae{\nmargin-top:15px;\nmargin-bottom:20px;\n}\n.hr.av-1cxi6q-1727e253269809f0089c55b60e6725ae .hr-inner{\nwidth:50px;\n}\n<\/style>\n<div  class='hr av-1cxi6q-1727e253269809f0089c55b60e6725ae hr-custom  avia-builder-el-10  el_after_av_image  avia-builder-el-last  hr-center hr-icon-no'><span class='hr-inner inner-border-av-border-thin'><span class=\"hr-inner-style\"><\/span><\/span><\/div><\/p><\/div><div class='av-flex-placeholder'><\/div>\n<style type=\"text\/css\" data-created_by=\"avia_inline_auto\" id=\"style-css-av-1ij3wi-1a9c5b7e8fb877d09d90abd227ff7e09\">\n.flex_column.av-1ij3wi-1a9c5b7e8fb877d09d90abd227ff7e09{\nborder-radius:0px 0px 0px 0px;\npadding:2% 2% 2% 2%;\nbackground-color:#f2f2f2;\n}\n<\/style>\n<div  class='flex_column av-1ij3wi-1a9c5b7e8fb877d09d90abd227ff7e09 av_one_third  avia-builder-el-11  el_after_av_one_third  el_before_av_one_third  flex_column_table_cell av-equal-height-column av-align-top avia-link-column av-column-link  '    data-link-column-url=\"https:\/\/youtu.be\/CPq49H4L2CI?si=C5Gdb2LDaCgzujfX\"  data-link-column-target=\"_blank\"   ><a class=\"av-screen-reader-only\" href=https:\/\/youtu.be\/CPq49H4L2CI?si=C5Gdb2LDaCgzujfX  target=\"_blank\" >Suivre un lien ajout\u00e9 manuellement<\/a><p>\n<style type=\"text\/css\" data-created_by=\"avia_inline_auto\" id=\"style-css-av-kj1bnw7g-0b9502760a844cb5f9453fd6e3dc93aa\">\n.avia-image-container.av-kj1bnw7g-0b9502760a844cb5f9453fd6e3dc93aa img.avia_image{\nbox-shadow:none;\n}\n.avia-image-container.av-kj1bnw7g-0b9502760a844cb5f9453fd6e3dc93aa .av-image-caption-overlay-center{\ncolor:#ffffff;\n}\n<\/style>\n<div  class='avia-image-container av-kj1bnw7g-0b9502760a844cb5f9453fd6e3dc93aa av-styling- avia-align-center  avia-builder-el-12  el_before_av_hr  avia-builder-el-first '   itemprop=\"image\" itemscope=\"itemscope\" itemtype=\"https:\/\/schema.org\/ImageObject\" ><div class=\"avia-image-container-inner\"><div class=\"avia-image-overlay-wrap\"><img decoding=\"async\" fetchpriority=\"high\" class='wp-image-775 avia-img-lazy-loading-not-775 avia_image ' src=\"https:\/\/phonomuseum.fr\/wp-content\/uploads\/2016\/02\/Capture-d\u2019e\u0301cran-2016-10-18-a\u0300-16.00.54-300x125.png\" alt='' title='Capture d\u2019e\u0301cran 2016-10-18 a\u0300 16.00.54'  height=\"125\" width=\"300\"  itemprop=\"thumbnailUrl\" srcset=\"https:\/\/phonomuseum.fr\/wp-content\/uploads\/2016\/02\/Capture-d\u2019e\u0301cran-2016-10-18-a\u0300-16.00.54-300x125.png 300w, https:\/\/phonomuseum.fr\/wp-content\/uploads\/2016\/02\/Capture-d\u2019e\u0301cran-2016-10-18-a\u0300-16.00.54-250x105.png 250w, https:\/\/phonomuseum.fr\/wp-content\/uploads\/2016\/02\/Capture-d\u2019e\u0301cran-2016-10-18-a\u0300-16.00.54-150x63.png 150w, https:\/\/phonomuseum.fr\/wp-content\/uploads\/2016\/02\/Capture-d\u2019e\u0301cran-2016-10-18-a\u0300-16.00.54.png 311w\" sizes=\"(max-width: 300px) 100vw, 300px\" \/><\/div><\/div><\/div><br \/>\n\n<style type=\"text\/css\" data-created_by=\"avia_inline_auto\" id=\"style-css-av-1cxi6q-1727e253269809f0089c55b60e6725ae\">\n#top .hr.av-1cxi6q-1727e253269809f0089c55b60e6725ae{\nmargin-top:15px;\nmargin-bottom:20px;\n}\n.hr.av-1cxi6q-1727e253269809f0089c55b60e6725ae .hr-inner{\nwidth:50px;\n}\n<\/style>\n<div  class='hr av-1cxi6q-1727e253269809f0089c55b60e6725ae hr-custom  avia-builder-el-13  el_after_av_image  avia-builder-el-last  hr-center hr-icon-no'><span class='hr-inner inner-border-av-border-thin'><span class=\"hr-inner-style\"><\/span><\/span><\/div><\/p><\/div><div class='av-flex-placeholder'><\/div>\n<style type=\"text\/css\" data-created_by=\"avia_inline_auto\" id=\"style-css-av-1ij3wi-87b14a15ed873b0b5000c4fa8813990a\">\n.flex_column.av-1ij3wi-87b14a15ed873b0b5000c4fa8813990a{\nborder-radius:0px 0px 0px 0px;\npadding:2% 2% 2% 2%;\nbackground-color:#f2f2f2;\n}\n<\/style>\n<div  class='flex_column av-1ij3wi-87b14a15ed873b0b5000c4fa8813990a av_one_third  avia-builder-el-14  el_after_av_one_third  avia-builder-el-last  flex_column_table_cell av-equal-height-column av-align-top avia-link-column av-column-link  '    data-link-column-url=\"https:\/\/youtu.be\/C6-8w4XnydE?si=LHv_a4KdGUvDUal9&amp;t=2\"  data-link-column-target=\"_blank\"   ><a class=\"av-screen-reader-only\" href=https:\/\/youtu.be\/C6-8w4XnydE?si=LHv_a4KdGUvDUal9&amp;t=2  target=\"_blank\" >Suivre un lien ajout\u00e9 manuellement<\/a><p>\n<style type=\"text\/css\" data-created_by=\"avia_inline_auto\" id=\"style-css-av-kj1bnw7g-518a2a442e552a1a598435d29dc23b9a\">\n.avia-image-container.av-kj1bnw7g-518a2a442e552a1a598435d29dc23b9a img.avia_image{\nbox-shadow:none;\n}\n.avia-image-container.av-kj1bnw7g-518a2a442e552a1a598435d29dc23b9a .av-image-caption-overlay-center{\ncolor:#ffffff;\n}\n<\/style>\n<div  class='avia-image-container av-kj1bnw7g-518a2a442e552a1a598435d29dc23b9a av-styling- avia-align-center  avia-builder-el-15  el_before_av_hr  avia-builder-el-first '   itemprop=\"image\" itemscope=\"itemscope\" itemtype=\"https:\/\/schema.org\/ImageObject\" ><div class=\"avia-image-container-inner\"><div class=\"avia-image-overlay-wrap\"><img decoding=\"async\" fetchpriority=\"high\" class='wp-image-734 avia-img-lazy-loading-not-734 avia_image ' src=\"https:\/\/phonomuseum.fr\/wp-content\/uploads\/2016\/02\/Capture-d\u2019e\u0301cran-2016-10-08-a\u0300-09.43.01-300x88.png\" alt='' title='Le Point'  height=\"88\" width=\"300\"  itemprop=\"thumbnailUrl\" srcset=\"https:\/\/phonomuseum.fr\/wp-content\/uploads\/2016\/02\/Capture-d\u2019e\u0301cran-2016-10-08-a\u0300-09.43.01-300x88.png 300w, https:\/\/phonomuseum.fr\/wp-content\/uploads\/2016\/02\/Capture-d\u2019e\u0301cran-2016-10-08-a\u0300-09.43.01-250x73.png 250w, https:\/\/phonomuseum.fr\/wp-content\/uploads\/2016\/02\/Capture-d\u2019e\u0301cran-2016-10-08-a\u0300-09.43.01-150x44.png 150w, https:\/\/phonomuseum.fr\/wp-content\/uploads\/2016\/02\/Capture-d\u2019e\u0301cran-2016-10-08-a\u0300-09.43.01.png 470w\" sizes=\"(max-width: 300px) 100vw, 300px\" \/><\/div><\/div><\/div><br \/>\n\n<style type=\"text\/css\" data-created_by=\"avia_inline_auto\" id=\"style-css-av-1cxi6q-1727e253269809f0089c55b60e6725ae\">\n#top .hr.av-1cxi6q-1727e253269809f0089c55b60e6725ae{\nmargin-top:15px;\nmargin-bottom:20px;\n}\n.hr.av-1cxi6q-1727e253269809f0089c55b60e6725ae .hr-inner{\nwidth:50px;\n}\n<\/style>\n<div  class='hr av-1cxi6q-1727e253269809f0089c55b60e6725ae hr-custom  avia-builder-el-16  el_after_av_image  avia-builder-el-last  hr-center hr-icon-no'><span class='hr-inner inner-border-av-border-thin'><span class=\"hr-inner-style\"><\/span><\/span><\/div><\/p><\/div><\/div><!--close column table wrapper. Autoclose: 1 -->\n\n<\/div><\/div><\/div><!-- close content main div --><\/div><\/div><div id='audio'  class='avia-section av-kj1ctka3-a132bf1e1c14ed207a2f1a7b3730baa9 main_color avia-section-large avia-shadow  avia-builder-el-17  el_after_av_section  el_before_av_section  avia-bg-style-scroll container_wrap fullsize'  ><div class='container av-section-cont-open' ><div class='template-page content  av-content-full alpha units'><div class='post-entry post-entry-type-page post-entry-786'><div class='entry-content-wrapper clearfix'>\n<section  class='av_textblock_section av-kj1ckrs3-370218fb7c1ac7d31efe8dee6b1a565f '   itemscope=\"itemscope\" itemtype=\"https:\/\/schema.org\/CreativeWork\" ><div class='avia_textblock'  itemprop=\"text\" ><h2 style=\"text-align: center;\"><span style=\"color: #1eafc8;\">REPORTAGES AUDIO<\/span><\/h2>\n<div id=\"gtx-trans\" style=\"position: absolute; left: 965px; top: 4.23438px;\">\n<div class=\"gtx-trans-icon\"><\/div>\n<\/div>\n<\/div><\/section>\n\n<style type=\"text\/css\" data-created_by=\"avia_inline_auto\" id=\"style-css-av-2rtyy-7c7da724347268c11b4481341c78fb6d\">\n#top .hr.av-2rtyy-7c7da724347268c11b4481341c78fb6d{\nmargin-top:30px;\nmargin-bottom:30px;\n}\n.hr.av-2rtyy-7c7da724347268c11b4481341c78fb6d .hr-inner{\nwidth:50px;\n}\n<\/style>\n<div  class='hr av-2rtyy-7c7da724347268c11b4481341c78fb6d hr-custom  avia-builder-el-19  el_after_av_textblock  el_before_av_one_third  hr-center hr-icon-no'><span class='hr-inner inner-border-av-border-thin'><span class=\"hr-inner-style\"><\/span><\/span><\/div>\n<div class='flex_column_table av-1ij3wi-a3705ebd1905a721c7c608fe6e9aec40 sc-av_one_third av-equal-height-column-flextable'>\n<style type=\"text\/css\" data-created_by=\"avia_inline_auto\" id=\"style-css-av-1ij3wi-a3705ebd1905a721c7c608fe6e9aec40\">\n.flex_column.av-1ij3wi-a3705ebd1905a721c7c608fe6e9aec40{\nborder-radius:0px 0px 0px 0px;\npadding:2% 2% 2% 2%;\nbackground-color:#f2f2f2;\n}\n<\/style>\n<div  class='flex_column av-1ij3wi-a3705ebd1905a721c7c608fe6e9aec40 av_one_third  avia-builder-el-20  el_after_av_hr  el_before_av_one_third  first flex_column_table_cell av-equal-height-column av-align-top  '     ><p>\n<style type=\"text\/css\" data-created_by=\"avia_inline_auto\" id=\"style-css-av-kj1bnw7g-2fecf590d635a64d41a0b031c61fcf60\">\n.avia-image-container.av-kj1bnw7g-2fecf590d635a64d41a0b031c61fcf60 img.avia_image{\nbox-shadow:none;\n}\n.avia-image-container.av-kj1bnw7g-2fecf590d635a64d41a0b031c61fcf60 .av-image-caption-overlay-center{\ncolor:#ffffff;\n}\n<\/style>\n<div  class='avia-image-container av-kj1bnw7g-2fecf590d635a64d41a0b031c61fcf60 av-styling- avia-align-center  avia-builder-el-21  el_before_av_hr  avia-builder-el-first '   itemprop=\"image\" itemscope=\"itemscope\" itemtype=\"https:\/\/schema.org\/ImageObject\" ><div class=\"avia-image-container-inner\"><div class=\"avia-image-overlay-wrap\"><img decoding=\"async\" fetchpriority=\"high\" class='wp-image-771 avia-img-lazy-loading-not-771 avia_image ' src=\"https:\/\/phonomuseum.fr\/wp-content\/uploads\/2016\/02\/Capture-d\u2019e\u0301cran-2016-10-18-a\u0300-14.53.18.png\" alt='' title='Capture d\u2019e\u0301cran 2016-10-18 a\u0300 14.53.18'  height=\"46\" width=\"156\"  itemprop=\"thumbnailUrl\" srcset=\"https:\/\/phonomuseum.fr\/wp-content\/uploads\/2016\/02\/Capture-d\u2019e\u0301cran-2016-10-18-a\u0300-14.53.18.png 156w, https:\/\/phonomuseum.fr\/wp-content\/uploads\/2016\/02\/Capture-d\u2019e\u0301cran-2016-10-18-a\u0300-14.53.18-150x44.png 150w\" sizes=\"(max-width: 156px) 100vw, 156px\" \/><\/div><\/div><\/div><br \/>\n\n<style type=\"text\/css\" data-created_by=\"avia_inline_auto\" id=\"style-css-av-1cxi6q-1727e253269809f0089c55b60e6725ae\">\n#top .hr.av-1cxi6q-1727e253269809f0089c55b60e6725ae{\nmargin-top:15px;\nmargin-bottom:20px;\n}\n.hr.av-1cxi6q-1727e253269809f0089c55b60e6725ae .hr-inner{\nwidth:50px;\n}\n<\/style>\n<div  class='hr av-1cxi6q-1727e253269809f0089c55b60e6725ae hr-custom  avia-builder-el-22  el_after_av_image  el_before_av_textblock  hr-center hr-icon-no'><span class='hr-inner inner-border-av-border-thin'><span class=\"hr-inner-style\"><\/span><\/span><\/div><br \/>\n<section  class='av_textblock_section av-kj1bndqq-241bf4d89bb4bf180bd2e53336039708 '   itemscope=\"itemscope\" itemtype=\"https:\/\/schema.org\/CreativeWork\" ><div class='avia_textblock'  itemprop=\"text\" ><audio class=\"wp-audio-shortcode\" id=\"audio-786-1\" preload=\"none\" style=\"width: 100%;\" controls=\"controls\"><source type=\"audio\/mpeg\" src=\"https:\/\/phonomuseum.fr\/storage\/2016\/10\/sp.jala-radio-bleu-2015.mp3?_=1\" \/><a href=\"https:\/\/phonomuseum.fr\/storage\/2016\/10\/sp.jala-radio-bleu-2015.mp3\">https:\/\/phonomuseum.fr\/storage\/2016\/10\/sp.jala-radio-bleu-2015.mp3<\/a><\/audio>\n<\/div><\/section><br \/>\n<section  class='av_textblock_section av-kj1bndqq-241bf4d89bb4bf180bd2e53336039708 '   itemscope=\"itemscope\" itemtype=\"https:\/\/schema.org\/CreativeWork\" ><div class='avia_textblock'  itemprop=\"text\" ><p style=\"text-align: center;\">Interview de Jalal Aro sur Radio France Bleu<\/p>\n<\/div><\/section><\/p><\/div><div class='av-flex-placeholder'><\/div>\n<style type=\"text\/css\" data-created_by=\"avia_inline_auto\" id=\"style-css-av-1ij3wi-d38546e4fe51ae795318413123de623a\">\n.flex_column.av-1ij3wi-d38546e4fe51ae795318413123de623a{\nborder-radius:0px 0px 0px 0px;\npadding:2% 2% 2% 2%;\nbackground-color:#f2f2f2;\n}\n<\/style>\n<div  class='flex_column av-1ij3wi-d38546e4fe51ae795318413123de623a av_one_third  avia-builder-el-25  el_after_av_one_third  el_before_av_one_third  flex_column_table_cell av-equal-height-column av-align-top  '     ><p>\n<style type=\"text\/css\" data-created_by=\"avia_inline_auto\" id=\"style-css-av-kj1bnw7g-95f00b5c92762f39e86f14c777cd304b\">\n.avia-image-container.av-kj1bnw7g-95f00b5c92762f39e86f14c777cd304b img.avia_image{\nbox-shadow:none;\n}\n.avia-image-container.av-kj1bnw7g-95f00b5c92762f39e86f14c777cd304b .av-image-caption-overlay-center{\ncolor:#ffffff;\n}\n<\/style>\n<div  class='avia-image-container av-kj1bnw7g-95f00b5c92762f39e86f14c777cd304b av-styling- av-img-linked avia-align-center  avia-builder-el-26  el_before_av_textblock  avia-builder-el-first '   itemprop=\"image\" itemscope=\"itemscope\" itemtype=\"https:\/\/schema.org\/ImageObject\" ><div class=\"avia-image-container-inner\"><div class=\"avia-image-overlay-wrap\"><a href=\"https:\/\/www.radiofrance.fr\/franceculture\/podcasts\/serie-et-le-son-fut\" class='avia_image '  target=\"_blank\"  rel=\"noopener noreferrer\" aria-label='LSD France Culture'><img decoding=\"async\" fetchpriority=\"high\" class='wp-image-4315 avia-img-lazy-loading-not-4315 avia_image ' src=\"https:\/\/phonomuseum.fr\/wp-content\/uploads\/2023\/12\/LSD-France-Culture-300x300.jpg\" alt='' title='LSD France Culture'  height=\"300\" width=\"300\"  itemprop=\"thumbnailUrl\" srcset=\"https:\/\/phonomuseum.fr\/wp-content\/uploads\/2023\/12\/LSD-France-Culture-300x300.jpg 300w, https:\/\/phonomuseum.fr\/wp-content\/uploads\/2023\/12\/LSD-France-Culture-80x80.jpg 80w, https:\/\/phonomuseum.fr\/wp-content\/uploads\/2023\/12\/LSD-France-Culture-36x36.jpg 36w, https:\/\/phonomuseum.fr\/wp-content\/uploads\/2023\/12\/LSD-France-Culture-180x180.jpg 180w, https:\/\/phonomuseum.fr\/wp-content\/uploads\/2023\/12\/LSD-France-Culture.jpg 400w\" sizes=\"(max-width: 300px) 100vw, 300px\" \/><\/a><\/div><\/div><\/div><br \/>\n<section  class='av_textblock_section av-kj1bndqq-241bf4d89bb4bf180bd2e53336039708 '   itemscope=\"itemscope\" itemtype=\"https:\/\/schema.org\/CreativeWork\" ><div class='avia_textblock'  itemprop=\"text\" ><p style=\"text-align: justify;\">LSD La S\u00e9rie Documentaire, une \u00e9mission de France Culture, propose quatre \u00e9pisodes consacr\u00e9s au son \u00ab\u00a0<a href=\"https:\/\/www.radiofrance.fr\/franceculture\/podcasts\/serie-et-le-son-fut\" target=\"_blank\" rel=\"noopener\">Et le son fut !<\/a>\u00a0\u00bb avec participation du PHONO Museum Paris.<\/p>\n<\/div><\/section><\/p><\/div><div class='av-flex-placeholder'><\/div>\n<style type=\"text\/css\" data-created_by=\"avia_inline_auto\" id=\"style-css-av-1ij3wi-d38546e4fe51ae795318413123de623a\">\n.flex_column.av-1ij3wi-d38546e4fe51ae795318413123de623a{\nborder-radius:0px 0px 0px 0px;\npadding:2% 2% 2% 2%;\nbackground-color:#f2f2f2;\n}\n<\/style>\n<div  class='flex_column av-1ij3wi-d38546e4fe51ae795318413123de623a av_one_third  avia-builder-el-28  el_after_av_one_third  avia-builder-el-last  flex_column_table_cell av-equal-height-column av-align-top  '     ><p>\n<style type=\"text\/css\" data-created_by=\"avia_inline_auto\" id=\"style-css-av-kj1bnw7g-a534f6ee19f6307b6d623e0741667eb8\">\n.avia-image-container.av-kj1bnw7g-a534f6ee19f6307b6d623e0741667eb8 img.avia_image{\nbox-shadow:none;\n}\n.avia-image-container.av-kj1bnw7g-a534f6ee19f6307b6d623e0741667eb8 .av-image-caption-overlay-center{\ncolor:#ffffff;\n}\n<\/style>\n<div  class='avia-image-container av-kj1bnw7g-a534f6ee19f6307b6d623e0741667eb8 av-styling- avia-align-center  avia-builder-el-29  el_before_av_textblock  avia-builder-el-first '   itemprop=\"image\" itemscope=\"itemscope\" itemtype=\"https:\/\/schema.org\/ImageObject\" ><div class=\"avia-image-container-inner\"><div class=\"avia-image-overlay-wrap\"><img decoding=\"async\" fetchpriority=\"high\" class='wp-image-738 avia-img-lazy-loading-not-738 avia_image ' src=\"https:\/\/phonomuseum.fr\/wp-content\/uploads\/2016\/02\/Capture-d\u2019e\u0301cran-2016-10-08-a\u0300-18.49.33-300x296.png\" alt='' title='Logo France Inter'  height=\"296\" width=\"300\"  itemprop=\"thumbnailUrl\" srcset=\"https:\/\/phonomuseum.fr\/wp-content\/uploads\/2016\/02\/Capture-d\u2019e\u0301cran-2016-10-08-a\u0300-18.49.33-300x296.png 300w, https:\/\/phonomuseum.fr\/wp-content\/uploads\/2016\/02\/Capture-d\u2019e\u0301cran-2016-10-08-a\u0300-18.49.33-152x150.png 152w, https:\/\/phonomuseum.fr\/wp-content\/uploads\/2016\/02\/Capture-d\u2019e\u0301cran-2016-10-08-a\u0300-18.49.33-150x148.png 150w, https:\/\/phonomuseum.fr\/wp-content\/uploads\/2016\/02\/Capture-d\u2019e\u0301cran-2016-10-08-a\u0300-18.49.33.png 498w\" sizes=\"(max-width: 300px) 100vw, 300px\" \/><\/div><\/div><\/div><br \/>\n<section  class='av_textblock_section av-kj1bndqq-241bf4d89bb4bf180bd2e53336039708 '   itemscope=\"itemscope\" itemtype=\"https:\/\/schema.org\/CreativeWork\" ><div class='avia_textblock'  itemprop=\"text\" ><p style=\"text-align: justify;\">L&rsquo;\u00e9mission de France Inter Les petits mus\u00e9es insolites est venue au mus\u00e9e. Voici le reportage.<\/p>\n<p><a href=\"https:\/\/www.radiofrance.fr\/franceinter\/podcasts\/les-petits-musees-insolites\/les-petits-musees-insolites-du-vendredi-18-aout-2023-2961388\"><img loading=\"lazy\" decoding=\"async\" class=\"aligncenter wp-image-4130\" src=\"https:\/\/phonomuseum.fr\/storage\/2023\/08\/Capture-decran-2023-08-21-a-14.41.37-300x126.png\" alt=\"\" width=\"379\" height=\"159\" srcset=\"https:\/\/phonomuseum.fr\/wp-content\/uploads\/2023\/08\/Capture-decran-2023-08-21-a-14.41.37-300x126.png 300w, https:\/\/phonomuseum.fr\/wp-content\/uploads\/2023\/08\/Capture-decran-2023-08-21-a-14.41.37-1030x434.png 1030w, https:\/\/phonomuseum.fr\/wp-content\/uploads\/2023\/08\/Capture-decran-2023-08-21-a-14.41.37-768x323.png 768w, https:\/\/phonomuseum.fr\/wp-content\/uploads\/2023\/08\/Capture-decran-2023-08-21-a-14.41.37-600x253.png 600w, https:\/\/phonomuseum.fr\/wp-content\/uploads\/2023\/08\/Capture-decran-2023-08-21-a-14.41.37-705x297.png 705w, https:\/\/phonomuseum.fr\/wp-content\/uploads\/2023\/08\/Capture-decran-2023-08-21-a-14.41.37.png 1311w\" sizes=\"auto, (max-width: 379px) 100vw, 379px\" \/><\/a><\/p>\n<\/div><\/section><\/p><\/div><\/div><!--close column table wrapper. Autoclose: 1 --><\/div><\/div><\/div><!-- close content main div --><\/div><\/div><div id='articles'  class='avia-section av-kj1cug8e-fdfd045521561f9516bffc03e814ea00 main_color avia-section-large avia-shadow  avia-builder-el-31  el_after_av_section  avia-builder-el-last  avia-bg-style-scroll container_wrap fullsize'  ><div class='container av-section-cont-open' ><div class='template-page content  av-content-full alpha units'><div class='post-entry post-entry-type-page post-entry-786'><div class='entry-content-wrapper clearfix'>\n<div class='flex_column_table av-1ij3wi-a3705ebd1905a721c7c608fe6e9aec40 sc-av_one_third av-equal-height-column-flextable'>\n<style type=\"text\/css\" data-created_by=\"avia_inline_auto\" id=\"style-css-av-1ij3wi-a3705ebd1905a721c7c608fe6e9aec40\">\n.flex_column.av-1ij3wi-a3705ebd1905a721c7c608fe6e9aec40{\nborder-radius:0px 0px 0px 0px;\npadding:2% 2% 2% 2%;\nbackground-color:#f2f2f2;\n}\n<\/style>\n<div  class='flex_column av-1ij3wi-a3705ebd1905a721c7c608fe6e9aec40 av_one_third  avia-builder-el-32  el_before_av_one_third  avia-builder-el-first  first flex_column_table_cell av-equal-height-column av-align-top  '     ><p>\n<style type=\"text\/css\" data-created_by=\"avia_inline_auto\" id=\"style-css-av-kj1bnw7g-bafe3bbeb497bf24c35fedbcb50efa0e\">\n.avia-image-container.av-kj1bnw7g-bafe3bbeb497bf24c35fedbcb50efa0e img.avia_image{\nbox-shadow:none;\n}\n.avia-image-container.av-kj1bnw7g-bafe3bbeb497bf24c35fedbcb50efa0e .av-image-caption-overlay-center{\ncolor:#ffffff;\n}\n<\/style>\n<div  class='avia-image-container av-kj1bnw7g-bafe3bbeb497bf24c35fedbcb50efa0e av-styling- avia-align-center  avia-builder-el-33  el_before_av_hr  avia-builder-el-first '   itemprop=\"image\" itemscope=\"itemscope\" itemtype=\"https:\/\/schema.org\/ImageObject\" ><div class=\"avia-image-container-inner\"><div class=\"avia-image-overlay-wrap\"><img decoding=\"async\" fetchpriority=\"high\" class='wp-image-776 avia-img-lazy-loading-not-776 avia_image ' src=\"https:\/\/phonomuseum.fr\/wp-content\/uploads\/2016\/02\/Capture-d\u2019e\u0301cran-2016-10-18-a\u0300-16.03.07.png\" alt='' title='Capture d\u2019e\u0301cran 2016-10-18 a\u0300 16.03.07'  height=\"128\" width=\"156\"  itemprop=\"thumbnailUrl\" srcset=\"https:\/\/phonomuseum.fr\/wp-content\/uploads\/2016\/02\/Capture-d\u2019e\u0301cran-2016-10-18-a\u0300-16.03.07.png 156w, https:\/\/phonomuseum.fr\/wp-content\/uploads\/2016\/02\/Capture-d\u2019e\u0301cran-2016-10-18-a\u0300-16.03.07-150x123.png 150w\" sizes=\"(max-width: 156px) 100vw, 156px\" \/><\/div><\/div><\/div><br \/>\n\n<style type=\"text\/css\" data-created_by=\"avia_inline_auto\" id=\"style-css-av-1cxi6q-1727e253269809f0089c55b60e6725ae\">\n#top .hr.av-1cxi6q-1727e253269809f0089c55b60e6725ae{\nmargin-top:15px;\nmargin-bottom:20px;\n}\n.hr.av-1cxi6q-1727e253269809f0089c55b60e6725ae .hr-inner{\nwidth:50px;\n}\n<\/style>\n<div  class='hr av-1cxi6q-1727e253269809f0089c55b60e6725ae hr-custom  avia-builder-el-34  el_after_av_image  el_before_av_button  hr-center hr-icon-no'><span class='hr-inner inner-border-av-border-thin'><span class=\"hr-inner-style\"><\/span><\/span><\/div><br \/>\n<div  class='avia-button-wrap av-kj1cdloq-dea71737f3f4ee73dc843d76f5d188c1-wrap avia-button-center  avia-builder-el-35  el_after_av_hr  avia-builder-el-last '><a href='https:\/\/www.francemusique.fr\/emissions\/le-dossier-du-jour\/le-phono-museum-menace-de-fermeture-8959'  class='avia-button av-kj1cdloq-dea71737f3f4ee73dc843d76f5d188c1 av-link-btn avia-icon_select-no avia-size-small avia-position-center avia-color-theme-color'  target=\"_blank\"  rel=\"noopener noreferrer\"  aria-label=\"Voir l\u2019article\"><span class='avia_iconbox_title' >Voir l\u2019article<\/span><\/a><\/div><\/p><\/div><div class='av-flex-placeholder'><\/div>\n<style type=\"text\/css\" data-created_by=\"avia_inline_auto\" id=\"style-css-av-1ij3wi-d38546e4fe51ae795318413123de623a\">\n.flex_column.av-1ij3wi-d38546e4fe51ae795318413123de623a{\nborder-radius:0px 0px 0px 0px;\npadding:2% 2% 2% 2%;\nbackground-color:#f2f2f2;\n}\n<\/style>\n<div  class='flex_column av-1ij3wi-d38546e4fe51ae795318413123de623a av_one_third  avia-builder-el-36  el_after_av_one_third  el_before_av_one_third  flex_column_table_cell av-equal-height-column av-align-top  '     ><p>\n<style type=\"text\/css\" data-created_by=\"avia_inline_auto\" id=\"style-css-av-kj1bnw7g-f613295d9951eb745a0973c0fd24c444\">\n.avia-image-container.av-kj1bnw7g-f613295d9951eb745a0973c0fd24c444 img.avia_image{\nbox-shadow:none;\n}\n.avia-image-container.av-kj1bnw7g-f613295d9951eb745a0973c0fd24c444 .av-image-caption-overlay-center{\ncolor:#ffffff;\n}\n<\/style>\n<div  class='avia-image-container av-kj1bnw7g-f613295d9951eb745a0973c0fd24c444 av-styling- avia-align-center  avia-builder-el-37  el_before_av_hr  avia-builder-el-first '   itemprop=\"image\" itemscope=\"itemscope\" itemtype=\"https:\/\/schema.org\/ImageObject\" ><div class=\"avia-image-container-inner\"><div class=\"avia-image-overlay-wrap\"><img decoding=\"async\" fetchpriority=\"high\" class='wp-image-809 avia-img-lazy-loading-not-809 avia_image ' src=\"https:\/\/phonomuseum.fr\/wp-content\/uploads\/2016\/10\/Radio-Notre-Dame.png\" alt='' title='Radio Notre Dame'  height=\"128\" width=\"258\"  itemprop=\"thumbnailUrl\" srcset=\"https:\/\/phonomuseum.fr\/wp-content\/uploads\/2016\/10\/Radio-Notre-Dame.png 258w, https:\/\/phonomuseum.fr\/wp-content\/uploads\/2016\/10\/Radio-Notre-Dame-250x124.png 250w, https:\/\/phonomuseum.fr\/wp-content\/uploads\/2016\/10\/Radio-Notre-Dame-150x74.png 150w\" sizes=\"(max-width: 258px) 100vw, 258px\" \/><\/div><\/div><\/div><br \/>\n\n<style type=\"text\/css\" data-created_by=\"avia_inline_auto\" id=\"style-css-av-1cxi6q-1727e253269809f0089c55b60e6725ae\">\n#top .hr.av-1cxi6q-1727e253269809f0089c55b60e6725ae{\nmargin-top:15px;\nmargin-bottom:20px;\n}\n.hr.av-1cxi6q-1727e253269809f0089c55b60e6725ae .hr-inner{\nwidth:50px;\n}\n<\/style>\n<div  class='hr av-1cxi6q-1727e253269809f0089c55b60e6725ae hr-custom  avia-builder-el-38  el_after_av_image  el_before_av_button  hr-center hr-icon-no'><span class='hr-inner inner-border-av-border-thin'><span class=\"hr-inner-style\"><\/span><\/span><\/div><br \/>\n<div  class='avia-button-wrap av-kj1cdloq-7908ac0d161d7fd3509f689e231ca261-wrap avia-button-center  avia-builder-el-39  el_after_av_hr  avia-builder-el-last '><a href='https:\/\/radionotredame.net\/emissions\/rencontre\/25-02-2016\/'  class='avia-button av-kj1cdloq-7908ac0d161d7fd3509f689e231ca261 av-link-btn avia-icon_select-no avia-size-small avia-position-center avia-color-theme-color'  target=\"_blank\"  rel=\"noopener noreferrer\"  aria-label=\"Voir l\u2019article\"><span class='avia_iconbox_title' >Voir l\u2019article<\/span><\/a><\/div><\/p><\/div><div class='av-flex-placeholder'><\/div>\n<style type=\"text\/css\" data-created_by=\"avia_inline_auto\" id=\"style-css-av-1ij3wi-d38546e4fe51ae795318413123de623a\">\n.flex_column.av-1ij3wi-d38546e4fe51ae795318413123de623a{\nborder-radius:0px 0px 0px 0px;\npadding:2% 2% 2% 2%;\nbackground-color:#f2f2f2;\n}\n<\/style>\n<div  class='flex_column av-1ij3wi-d38546e4fe51ae795318413123de623a av_one_third  avia-builder-el-40  el_after_av_one_third  el_before_av_hr  flex_column_table_cell av-equal-height-column av-align-top  '     ><p>\n<style type=\"text\/css\" data-created_by=\"avia_inline_auto\" id=\"style-css-av-kj1bnw7g-3129b065d57661f4be9daa5dd53caf3b\">\n.avia-image-container.av-kj1bnw7g-3129b065d57661f4be9daa5dd53caf3b img.avia_image{\nbox-shadow:none;\n}\n.avia-image-container.av-kj1bnw7g-3129b065d57661f4be9daa5dd53caf3b .av-image-caption-overlay-center{\ncolor:#ffffff;\n}\n<\/style>\n<div  class='avia-image-container av-kj1bnw7g-3129b065d57661f4be9daa5dd53caf3b av-styling- avia-align-center  avia-builder-el-41  el_before_av_hr  avia-builder-el-first '   itemprop=\"image\" itemscope=\"itemscope\" itemtype=\"https:\/\/schema.org\/ImageObject\" ><div class=\"avia-image-container-inner\"><div class=\"avia-image-overlay-wrap\"><img decoding=\"async\" fetchpriority=\"high\" class='wp-image-820 avia-img-lazy-loading-not-820 avia_image ' src=\"https:\/\/phonomuseum.fr\/wp-content\/uploads\/2016\/10\/NOVA-Planet.png\" alt='' title='NOVA Planet'  height=\"107\" width=\"227\"  itemprop=\"thumbnailUrl\" srcset=\"https:\/\/phonomuseum.fr\/wp-content\/uploads\/2016\/10\/NOVA-Planet.png 227w, https:\/\/phonomuseum.fr\/wp-content\/uploads\/2016\/10\/NOVA-Planet-150x71.png 150w\" sizes=\"(max-width: 227px) 100vw, 227px\" \/><\/div><\/div><\/div><br \/>\n\n<style type=\"text\/css\" data-created_by=\"avia_inline_auto\" id=\"style-css-av-1cxi6q-1727e253269809f0089c55b60e6725ae\">\n#top .hr.av-1cxi6q-1727e253269809f0089c55b60e6725ae{\nmargin-top:15px;\nmargin-bottom:20px;\n}\n.hr.av-1cxi6q-1727e253269809f0089c55b60e6725ae .hr-inner{\nwidth:50px;\n}\n<\/style>\n<div  class='hr av-1cxi6q-1727e253269809f0089c55b60e6725ae hr-custom  avia-builder-el-42  el_after_av_image  el_before_av_button  hr-center hr-icon-no'><span class='hr-inner inner-border-av-border-thin'><span class=\"hr-inner-style\"><\/span><\/span><\/div><br \/>\n<div  class='avia-button-wrap av-kj1cdloq-fb58a8336c805248edb26985b553f81d-wrap avia-button-center  avia-builder-el-43  el_after_av_hr  avia-builder-el-last '><a href='https:\/\/www.nova.fr\/novamag\/58369\/sauvons-le-musee-de-l-enregistrement-sonore'  class='avia-button av-kj1cdloq-fb58a8336c805248edb26985b553f81d av-link-btn avia-icon_select-no avia-size-small avia-position-center avia-color-theme-color'  target=\"_blank\"  rel=\"noopener noreferrer\"  aria-label=\"Voir l\u2019article\"><span class='avia_iconbox_title' >Voir l\u2019article<\/span><\/a><\/div><\/p><\/div><\/div><!--close column table wrapper. Autoclose: 1 -->\n<style type=\"text\/css\" data-created_by=\"avia_inline_auto\" id=\"style-css-av-kj1cg8l3-800c0f18956a726828182b3bcf5ea3e7\">\n#top .hr.hr-invisible.av-kj1cg8l3-800c0f18956a726828182b3bcf5ea3e7{\nheight:50px;\n}\n<\/style>\n<div  class='hr av-kj1cg8l3-800c0f18956a726828182b3bcf5ea3e7 hr-invisible  avia-builder-el-44  el_after_av_one_third  el_before_av_one_third '><span class='hr-inner '><span class=\"hr-inner-style\"><\/span><\/span><\/div>\n<div class='flex_column_table av-1ij3wi-a3705ebd1905a721c7c608fe6e9aec40 sc-av_one_third av-equal-height-column-flextable'>\n<style type=\"text\/css\" data-created_by=\"avia_inline_auto\" id=\"style-css-av-1ij3wi-a3705ebd1905a721c7c608fe6e9aec40\">\n.flex_column.av-1ij3wi-a3705ebd1905a721c7c608fe6e9aec40{\nborder-radius:0px 0px 0px 0px;\npadding:2% 2% 2% 2%;\nbackground-color:#f2f2f2;\n}\n<\/style>\n<div  class='flex_column av-1ij3wi-a3705ebd1905a721c7c608fe6e9aec40 av_one_third  avia-builder-el-45  el_after_av_hr  el_before_av_one_third  first flex_column_table_cell av-equal-height-column av-align-top  '     ><p>\n<style type=\"text\/css\" data-created_by=\"avia_inline_auto\" id=\"style-css-av-kj1bnw7g-40729366999c33cdcd4325f8a1217086\">\n.avia-image-container.av-kj1bnw7g-40729366999c33cdcd4325f8a1217086 img.avia_image{\nbox-shadow:none;\n}\n.avia-image-container.av-kj1bnw7g-40729366999c33cdcd4325f8a1217086 .av-image-caption-overlay-center{\ncolor:#ffffff;\n}\n<\/style>\n<div  class='avia-image-container av-kj1bnw7g-40729366999c33cdcd4325f8a1217086 av-styling- avia-align-center  avia-builder-el-46  el_before_av_hr  avia-builder-el-first '   itemprop=\"image\" itemscope=\"itemscope\" itemtype=\"https:\/\/schema.org\/ImageObject\" ><div class=\"avia-image-container-inner\"><div class=\"avia-image-overlay-wrap\"><img decoding=\"async\" fetchpriority=\"high\" class='wp-image-827 avia-img-lazy-loading-not-827 avia_image ' src=\"https:\/\/phonomuseum.fr\/wp-content\/uploads\/2016\/10\/FR3-Paris-Ile-de-France-300x41.png\" alt='FR3 Paris Ile de France' title='FR3 Paris Ile de France'  height=\"41\" width=\"300\"  itemprop=\"thumbnailUrl\" srcset=\"https:\/\/phonomuseum.fr\/wp-content\/uploads\/2016\/10\/FR3-Paris-Ile-de-France-300x41.png 300w, https:\/\/phonomuseum.fr\/wp-content\/uploads\/2016\/10\/FR3-Paris-Ile-de-France-250x34.png 250w, https:\/\/phonomuseum.fr\/wp-content\/uploads\/2016\/10\/FR3-Paris-Ile-de-France-150x21.png 150w, https:\/\/phonomuseum.fr\/wp-content\/uploads\/2016\/10\/FR3-Paris-Ile-de-France.png 371w\" sizes=\"(max-width: 300px) 100vw, 300px\" \/><\/div><\/div><\/div><br \/>\n\n<style type=\"text\/css\" data-created_by=\"avia_inline_auto\" id=\"style-css-av-1cxi6q-1727e253269809f0089c55b60e6725ae\">\n#top .hr.av-1cxi6q-1727e253269809f0089c55b60e6725ae{\nmargin-top:15px;\nmargin-bottom:20px;\n}\n.hr.av-1cxi6q-1727e253269809f0089c55b60e6725ae .hr-inner{\nwidth:50px;\n}\n<\/style>\n<div  class='hr av-1cxi6q-1727e253269809f0089c55b60e6725ae hr-custom  avia-builder-el-47  el_after_av_image  el_before_av_button  hr-center hr-icon-no'><span class='hr-inner inner-border-av-border-thin'><span class=\"hr-inner-style\"><\/span><\/span><\/div><br \/>\n<div  class='avia-button-wrap av-kj1cdloq-b1e9936e5b7da1ff667fbc62602ea2a7-wrap avia-button-center  avia-builder-el-48  el_after_av_hr  avia-builder-el-last '><a href='https:\/\/france3-regions.francetvinfo.fr\/paris-ile-de-france\/l-extraordinaire-musee-du-phonographe-paris-besoin-d-aide-financiere-974682.html'  class='avia-button av-kj1cdloq-b1e9936e5b7da1ff667fbc62602ea2a7 av-link-btn avia-icon_select-no avia-size-small avia-position-center avia-color-theme-color'  target=\"_blank\"  rel=\"noopener noreferrer\"  aria-label=\"Voir l\u2019article\"><span class='avia_iconbox_title' >Voir l\u2019article<\/span><\/a><\/div><\/p><\/div><div class='av-flex-placeholder'><\/div>\n<style type=\"text\/css\" data-created_by=\"avia_inline_auto\" id=\"style-css-av-e3miy-5a142f485b25cb05dc7803468a14af7a\">\n.flex_column.av-e3miy-5a142f485b25cb05dc7803468a14af7a{\nborder-radius:0px 0px 0px 0px;\npadding:0px 0px 0px 0px;\n}\n<\/style>\n<div  class='flex_column av-e3miy-5a142f485b25cb05dc7803468a14af7a av_one_third  avia-builder-el-49  el_after_av_one_third  el_before_av_one_third  flex_column_table_cell av-equal-height-column av-align-top av-zero-column-padding  '     ><\/div><div class='av-flex-placeholder'><\/div>\n<style type=\"text\/css\" data-created_by=\"avia_inline_auto\" id=\"style-css-av-78o3e-6d930633324200a38ead07c70ec3c312\">\n.flex_column.av-78o3e-6d930633324200a38ead07c70ec3c312{\nborder-radius:0px 0px 0px 0px;\npadding:0px 0px 0px 0px;\n}\n<\/style>\n<div  class='flex_column av-78o3e-6d930633324200a38ead07c70ec3c312 av_one_third  avia-builder-el-50  el_after_av_one_third  avia-builder-el-last  flex_column_table_cell av-equal-height-column av-align-top av-zero-column-padding  '     ><\/div><\/div><!--close column table wrapper. Autoclose: 1 -->\n<\/p>\n","protected":false},"excerpt":{"rendered":"","protected":false},"author":1,"featured_media":3418,"parent":340,"menu_order":0,"comment_status":"closed","ping_status":"closed","template":"","meta":{"footnotes":""},"class_list":["post-786","page","type-page","status-publish","has-post-thumbnail","hentry"],"yoast_head":"<!-- This site is optimized with the Yoast SEO plugin v27.5 - https:\/\/yoast.com\/product\/yoast-seo-wordpress\/ -->\n<title>Audiovisuelle - PHONO Museum Paris<\/title>\n<meta name=\"robots\" content=\"index, follow, max-snippet:-1, max-image-preview:large, max-video-preview:-1\" \/>\n<link rel=\"canonical\" href=\"https:\/\/phonomuseum.fr\/point-presse\/audiovisuelle\/\" \/>\n<meta property=\"og:locale\" content=\"fr_FR\" \/>\n<meta property=\"og:type\" content=\"article\" \/>\n<meta property=\"og:title\" content=\"Audiovisuelle - PHONO Museum Paris\" \/>\n<meta property=\"og:url\" content=\"https:\/\/phonomuseum.fr\/point-presse\/audiovisuelle\/\" \/>\n<meta property=\"og:site_name\" content=\"PHONO Museum Paris\" \/>\n<meta property=\"article:modified_time\" content=\"2024-06-01T09:59:52+00:00\" \/>\n<meta property=\"og:image\" content=\"https:\/\/phonomuseum.fr\/wp-content\/uploads\/2021\/06\/20180907_164559-1030x579.jpg\" \/>\n\t<meta property=\"og:image:width\" content=\"1030\" \/>\n\t<meta property=\"og:image:height\" content=\"579\" \/>\n\t<meta property=\"og:image:type\" content=\"image\/jpeg\" \/>\n<meta name=\"twitter:card\" content=\"summary_large_image\" \/>\n<meta name=\"twitter:label1\" content=\"Dur\u00e9e de lecture estim\u00e9e\" \/>\n\t<meta name=\"twitter:data1\" content=\"8 minutes\" \/>\n<script type=\"application\/ld+json\" class=\"yoast-schema-graph\">{\"@context\":\"https:\\\/\\\/schema.org\",\"@graph\":[{\"@type\":\"WebPage\",\"@id\":\"https:\\\/\\\/phonomuseum.fr\\\/point-presse\\\/audiovisuelle\\\/\",\"url\":\"https:\\\/\\\/phonomuseum.fr\\\/point-presse\\\/audiovisuelle\\\/\",\"name\":\"Audiovisuelle - PHONO Museum Paris\",\"isPartOf\":{\"@id\":\"https:\\\/\\\/phonomuseum.fr\\\/#website\"},\"primaryImageOfPage\":{\"@id\":\"https:\\\/\\\/phonomuseum.fr\\\/point-presse\\\/audiovisuelle\\\/#primaryimage\"},\"image\":{\"@id\":\"https:\\\/\\\/phonomuseum.fr\\\/point-presse\\\/audiovisuelle\\\/#primaryimage\"},\"thumbnailUrl\":\"https:\\\/\\\/phonomuseum.fr\\\/wp-content\\\/uploads\\\/2021\\\/06\\\/20180907_164559-scaled.jpg\",\"datePublished\":\"2016-10-21T08:39:15+00:00\",\"dateModified\":\"2024-06-01T09:59:52+00:00\",\"breadcrumb\":{\"@id\":\"https:\\\/\\\/phonomuseum.fr\\\/point-presse\\\/audiovisuelle\\\/#breadcrumb\"},\"inLanguage\":\"fr-FR\",\"potentialAction\":[{\"@type\":\"ReadAction\",\"target\":[\"https:\\\/\\\/phonomuseum.fr\\\/point-presse\\\/audiovisuelle\\\/\"]}]},{\"@type\":\"ImageObject\",\"inLanguage\":\"fr-FR\",\"@id\":\"https:\\\/\\\/phonomuseum.fr\\\/point-presse\\\/audiovisuelle\\\/#primaryimage\",\"url\":\"https:\\\/\\\/phonomuseum.fr\\\/wp-content\\\/uploads\\\/2021\\\/06\\\/20180907_164559-scaled.jpg\",\"contentUrl\":\"https:\\\/\\\/phonomuseum.fr\\\/wp-content\\\/uploads\\\/2021\\\/06\\\/20180907_164559-scaled.jpg\",\"width\":2560,\"height\":1440},{\"@type\":\"BreadcrumbList\",\"@id\":\"https:\\\/\\\/phonomuseum.fr\\\/point-presse\\\/audiovisuelle\\\/#breadcrumb\",\"itemListElement\":[{\"@type\":\"ListItem\",\"position\":1,\"name\":\"Accueil\",\"item\":\"https:\\\/\\\/phonomuseum.fr\\\/accueil\\\/\"},{\"@type\":\"ListItem\",\"position\":2,\"name\":\"PRESSE\",\"item\":\"https:\\\/\\\/phonomuseum.fr\\\/point-presse\\\/\"},{\"@type\":\"ListItem\",\"position\":3,\"name\":\"Audiovisuelle\"}]},{\"@type\":\"WebSite\",\"@id\":\"https:\\\/\\\/phonomuseum.fr\\\/#website\",\"url\":\"https:\\\/\\\/phonomuseum.fr\\\/\",\"name\":\"PHONO Museum Paris\",\"description\":\"la grande aventure du son enregistr\u00e9 - L&#039;histoire sonore de 1857 \u00e0 nos jours\",\"potentialAction\":[{\"@type\":\"SearchAction\",\"target\":{\"@type\":\"EntryPoint\",\"urlTemplate\":\"https:\\\/\\\/phonomuseum.fr\\\/?s={search_term_string}\"},\"query-input\":{\"@type\":\"PropertyValueSpecification\",\"valueRequired\":true,\"valueName\":\"search_term_string\"}}],\"inLanguage\":\"fr-FR\"}]}<\/script>\n<!-- \/ Yoast SEO plugin. -->","yoast_head_json":{"title":"Audiovisuelle - PHONO Museum Paris","robots":{"index":"index","follow":"follow","max-snippet":"max-snippet:-1","max-image-preview":"max-image-preview:large","max-video-preview":"max-video-preview:-1"},"canonical":"https:\/\/phonomuseum.fr\/point-presse\/audiovisuelle\/","og_locale":"fr_FR","og_type":"article","og_title":"Audiovisuelle - PHONO Museum Paris","og_url":"https:\/\/phonomuseum.fr\/point-presse\/audiovisuelle\/","og_site_name":"PHONO Museum Paris","article_modified_time":"2024-06-01T09:59:52+00:00","og_image":[{"width":1030,"height":579,"url":"https:\/\/phonomuseum.fr\/wp-content\/uploads\/2021\/06\/20180907_164559-1030x579.jpg","type":"image\/jpeg"}],"twitter_card":"summary_large_image","twitter_misc":{"Dur\u00e9e de lecture estim\u00e9e":"8 minutes"},"schema":{"@context":"https:\/\/schema.org","@graph":[{"@type":"WebPage","@id":"https:\/\/phonomuseum.fr\/point-presse\/audiovisuelle\/","url":"https:\/\/phonomuseum.fr\/point-presse\/audiovisuelle\/","name":"Audiovisuelle - PHONO Museum Paris","isPartOf":{"@id":"https:\/\/phonomuseum.fr\/#website"},"primaryImageOfPage":{"@id":"https:\/\/phonomuseum.fr\/point-presse\/audiovisuelle\/#primaryimage"},"image":{"@id":"https:\/\/phonomuseum.fr\/point-presse\/audiovisuelle\/#primaryimage"},"thumbnailUrl":"https:\/\/phonomuseum.fr\/wp-content\/uploads\/2021\/06\/20180907_164559-scaled.jpg","datePublished":"2016-10-21T08:39:15+00:00","dateModified":"2024-06-01T09:59:52+00:00","breadcrumb":{"@id":"https:\/\/phonomuseum.fr\/point-presse\/audiovisuelle\/#breadcrumb"},"inLanguage":"fr-FR","potentialAction":[{"@type":"ReadAction","target":["https:\/\/phonomuseum.fr\/point-presse\/audiovisuelle\/"]}]},{"@type":"ImageObject","inLanguage":"fr-FR","@id":"https:\/\/phonomuseum.fr\/point-presse\/audiovisuelle\/#primaryimage","url":"https:\/\/phonomuseum.fr\/wp-content\/uploads\/2021\/06\/20180907_164559-scaled.jpg","contentUrl":"https:\/\/phonomuseum.fr\/wp-content\/uploads\/2021\/06\/20180907_164559-scaled.jpg","width":2560,"height":1440},{"@type":"BreadcrumbList","@id":"https:\/\/phonomuseum.fr\/point-presse\/audiovisuelle\/#breadcrumb","itemListElement":[{"@type":"ListItem","position":1,"name":"Accueil","item":"https:\/\/phonomuseum.fr\/accueil\/"},{"@type":"ListItem","position":2,"name":"PRESSE","item":"https:\/\/phonomuseum.fr\/point-presse\/"},{"@type":"ListItem","position":3,"name":"Audiovisuelle"}]},{"@type":"WebSite","@id":"https:\/\/phonomuseum.fr\/#website","url":"https:\/\/phonomuseum.fr\/","name":"PHONO Museum Paris","description":"la grande aventure du son enregistr\u00e9 - L&#039;histoire sonore de 1857 \u00e0 nos jours","potentialAction":[{"@type":"SearchAction","target":{"@type":"EntryPoint","urlTemplate":"https:\/\/phonomuseum.fr\/?s={search_term_string}"},"query-input":{"@type":"PropertyValueSpecification","valueRequired":true,"valueName":"search_term_string"}}],"inLanguage":"fr-FR"}]}},"_links":{"self":[{"href":"https:\/\/phonomuseum.fr\/api\/wp\/v2\/pages\/786","targetHints":{"allow":["GET"]}}],"collection":[{"href":"https:\/\/phonomuseum.fr\/api\/wp\/v2\/pages"}],"about":[{"href":"https:\/\/phonomuseum.fr\/api\/wp\/v2\/types\/page"}],"author":[{"embeddable":true,"href":"https:\/\/phonomuseum.fr\/api\/wp\/v2\/users\/1"}],"replies":[{"embeddable":true,"href":"https:\/\/phonomuseum.fr\/api\/wp\/v2\/comments?post=786"}],"version-history":[{"count":32,"href":"https:\/\/phonomuseum.fr\/api\/wp\/v2\/pages\/786\/revisions"}],"predecessor-version":[{"id":4423,"href":"https:\/\/phonomuseum.fr\/api\/wp\/v2\/pages\/786\/revisions\/4423"}],"up":[{"embeddable":true,"href":"https:\/\/phonomuseum.fr\/api\/wp\/v2\/pages\/340"}],"wp:featuredmedia":[{"embeddable":true,"href":"https:\/\/phonomuseum.fr\/api\/wp\/v2\/media\/3418"}],"wp:attachment":[{"href":"https:\/\/phonomuseum.fr\/api\/wp\/v2\/media?parent=786"}],"curies":[{"name":"wp","href":"https:\/\/api.w.org\/{rel}","templated":true}]}}