{"id":323,"date":"2016-02-11T15:26:37","date_gmt":"2016-02-11T14:26:37","guid":{"rendered":"http:\/\/phonomuseum.fr\/?page_id=323"},"modified":"2025-06-26T22:52:23","modified_gmt":"2025-06-26T20:52:23","slug":"liens-favoris","status":"publish","type":"page","link":"https:\/\/phonomuseum.fr\/liens-favoris\/","title":{"rendered":"Liens favoris"},"content":{"rendered":"\n<style type=\"text\/css\" data-created_by=\"avia_inline_auto\" id=\"style-css-av-15a48z-60e909e07818537a2e7370b2d5239800\">\n.flex_column.av-15a48z-60e909e07818537a2e7370b2d5239800{\nborder-radius:0px 0px 0px 0px;\npadding:0px 0px 0px 0px;\n}\n<\/style>\n<div  class='flex_column av-15a48z-60e909e07818537a2e7370b2d5239800 av_one_full  avia-builder-el-0  avia-builder-el-no-sibling  first flex_column_div av-zero-column-padding  '     ><section  class='av_textblock_section av-kj5twb1x-2d4ec79b14101a2f9527c96e61a77dc8 '   itemscope=\"itemscope\" itemtype=\"https:\/\/schema.org\/CreativeWork\" ><div class='avia_textblock'  itemprop=\"text\" ><h3 style=\"text-align: center;\"><span style=\"color: #1eafc8;\">LIENS FAVORIS<\/span><\/h3>\n<\/div><\/section><br \/>\n\n<style type=\"text\/css\" data-created_by=\"avia_inline_auto\" id=\"style-css-av-kj5twg8p-e544f86c778b48c99e113847503b6c70\">\n#top .hr.av-kj5twg8p-e544f86c778b48c99e113847503b6c70{\nmargin-top:30px;\nmargin-bottom:30px;\n}\n.hr.av-kj5twg8p-e544f86c778b48c99e113847503b6c70 .hr-inner{\nwidth:50px;\n}\n<\/style>\n<div  class='hr av-kj5twg8p-e544f86c778b48c99e113847503b6c70 hr-custom  avia-builder-el-2  el_after_av_textblock  el_before_av_hr  hr-center hr-icon-no'><span class='hr-inner inner-border-av-border-thin'><span class=\"hr-inner-style\"><\/span><\/span><\/div><br \/>\n\n<style type=\"text\/css\" data-created_by=\"avia_inline_auto\" id=\"style-css-av-kj5twg8p-e544f86c778b48c99e113847503b6c70\">\n#top .hr.av-kj5twg8p-e544f86c778b48c99e113847503b6c70{\nmargin-top:30px;\nmargin-bottom:30px;\n}\n.hr.av-kj5twg8p-e544f86c778b48c99e113847503b6c70 .hr-inner{\nwidth:50px;\n}\n<\/style>\n<div  class='hr av-kj5twg8p-e544f86c778b48c99e113847503b6c70 hr-custom  avia-builder-el-3  el_after_av_hr  el_before_av_iconlist  hr-center hr-icon-no'><span class='hr-inner inner-border-av-border-thin'><span class=\"hr-inner-style\"><\/span><\/span><\/div><br \/>\n\n<style type=\"text\/css\" data-created_by=\"avia_inline_auto\" id=\"style-css-av-kiszlyff-39394dd047b6f8ccf9adec16e1982192\">\n#top .avia-icon-list-container.av-kiszlyff-39394dd047b6f8ccf9adec16e1982192 .iconlist_icon{\nbackground-color:#1eafc8;\n}\n#top #wrap_all .avia-icon-list-container.av-kiszlyff-39394dd047b6f8ccf9adec16e1982192 .av_iconlist_title{\ncolor:#f4970c;\n}\n<\/style>\n<div  class='avia-icon-list-container av-kiszlyff-39394dd047b6f8ccf9adec16e1982192  avia-builder-el-4  el_after_av_hr  avia-builder-el-last '><ul class='avia-icon-list avia_animate_when_almost_visible avia-icon-list-left av-iconlist-big av-kiszlyff-39394dd047b6f8ccf9adec16e1982192 avia-iconlist-animate'>\n<li><a href='https:\/\/planetsono.com\/' title='Centre national de la musique'  target=\"_blank\"  rel=\"noopener noreferrer\" class='iconlist_icon av-1n7l4r-c66532d7c8b89f573266718660e1af74 avia-font-entypo-fontello avia-iconfont avia-font-entypo-fontello'><span class='av-icon-char' data-av_icon='\ue801' data-av_iconfont='entypo-fontello' aria-hidden=\"true\"><\/span><\/a><article class=\"article-icon-entry \"  itemscope=\"itemscope\" itemtype=\"https:\/\/schema.org\/CreativeWork\" ><div class=\"iconlist_content_wrap\"><header class=\"entry-content-header\" aria-label=\"Ic\u00f4ne : &lt;a href=&#039;https:\/\/planetsono.com\/&#039; title=&#039;Centre national de la musique&#039; target=&quot;_blank&quot;  rel=&quot;noopener noreferrer&quot;&gt;Centre national de la musique&lt;\/a&gt;\"><h4 class='av_iconlist_title iconlist_title  av_inherit_color'  itemprop=\"headline\" ><a href='https:\/\/planetsono.com\/' title='Centre national de la musique' target=\"_blank\"  rel=\"noopener noreferrer\">Centre national de la musique<\/a><\/h4><\/header><div class='iconlist_content '  itemprop=\"text\" ><p style=\"text-align: justify;\">Maison commune de la musique, le CNM recherche, par <em>\u00ab\u00a0un processus permanent de concertation avec l\u2019ensemble du secteur\u00a0\u00bb<\/em> selon les termes de la loi du 30\u00a0octobre 2019, les \u00e9quilibres n\u00e9cessaires \u00e0 un d\u00e9veloppement harmonieux des diff\u00e9rentes composantes de la fili\u00e8re, dans un cadre en constante \u00e9volution et de plus en plus mondialis\u00e9.<br \/>\nIl garantit la diversit\u00e9, le renouvellement et la libert\u00e9 de la\u00a0cr\u00e9ation musicale. Ses dispositifs d\u2019aides financi\u00e8res et non financi\u00e8res ont pour objectif de soutenir les\u00a0auteurs, compositeurs, artistes et les professionnels qui les accompagnent\u00a0pour leur permettre d\u2019aller\u00a0\u00e0 la rencontre de tous les publics, en France et \u00e0 l\u2019international.<\/p>\n<p style=\"text-align: justify;\">Le\u00a0Centre\u00a0national de la\u00a0musique<a href=\"https:\/\/cnm.fr\/\" target=\"_blank\" rel=\"noopener\"> (CNM)<\/a>\u00a0et PHONO Museum Paris ont sign\u00e9 une <a href=\"https:\/\/phonomuseum.fr\/partenariat-entre-le-centre-national-de-la-musique-et-phono-museum-paris\/\" target=\"_blank\" rel=\"noopener\">convention de partenariat<\/a> d\u2019un an.<\/p>\n<\/div><\/div><footer class=\"entry-footer\"><\/footer><\/article><div class=\"iconlist-timeline\"><\/div><\/li>\n<li><a href='https:\/\/musee.sacem.fr\/' title='Mus\u00e9e Sacem'  target=\"_blank\"  rel=\"noopener noreferrer\" class='iconlist_icon av-1cjgff-ee265b6e315a1cfe871540a3944638b9 avia-font-entypo-fontello avia-iconfont avia-font-entypo-fontello'><span class='av-icon-char' data-av_icon='\ue801' data-av_iconfont='entypo-fontello' aria-hidden=\"true\"><\/span><\/a><article class=\"article-icon-entry \"  itemscope=\"itemscope\" itemtype=\"https:\/\/schema.org\/CreativeWork\" ><div class=\"iconlist_content_wrap\"><header class=\"entry-content-header\" aria-label=\"Ic\u00f4ne : &lt;a href=&#039;https:\/\/musee.sacem.fr\/&#039; title=&#039;Mus\u00e9e Sacem&#039; target=&quot;_blank&quot;  rel=&quot;noopener noreferrer&quot;&gt;Mus\u00e9e Sacem&lt;\/a&gt;\"><h4 class='av_iconlist_title iconlist_title  av_inherit_color'  itemprop=\"headline\" ><a href='https:\/\/musee.sacem.fr\/' title='Mus\u00e9e Sacem' target=\"_blank\"  rel=\"noopener noreferrer\">Mus\u00e9e Sacem<\/a><\/h4><\/header><div class='iconlist_content '  itemprop=\"text\" ><p style=\"text-align: justify;\">Le Mus\u00e9e Sacem, est n\u00e9 de la volont\u00e9 de faire conna\u00eetre au public le pr\u00e9cieux patrimoine de la soci\u00e9t\u00e9 des auteurs, compositeurs et \u00e9diteurs de musique. Con\u00e7u en partenariat avec la CSDEM, la CEMF, BNF collections sonores, Retronews<em> (BNF partenariats)<\/em> et Radio France ; il s&rsquo;agit d&rsquo;une invitation \u00e0 fl\u00e2ner au hasard de l\u2019histoire de celles et ceux qui font vivre la cr\u00e9ation depuis pr\u00e8s de deux si\u00e8cles, et de leurs \u0153uvres. Examens d\u2019entr\u00e9e des auteurs et compositeurs, d\u00e9p\u00f4t de leurs \u0153uvres, programmes de spectacles ou concerts, textes de chansons, partitions, correspondances, autographes et manuscrits, photos d\u2019identit\u00e9s\u2026 Autant d\u2019archives in\u00e9dites \u00e0 explorer.<\/p>\n<\/div><\/div><footer class=\"entry-footer\"><\/footer><\/article><div class=\"iconlist-timeline\"><\/div><\/li>\n<li><a href='http:\/\/www.collectionscanada.gc.ca\/gramophone\/028011-3004-f.html' title='Biblioth\u00e8que et Archives Canada'  target=\"_blank\"  rel=\"noopener noreferrer\" class='iconlist_icon av-19rqx7-93b5dfee776d78d82e30010fac777133 avia-font-entypo-fontello avia-iconfont avia-font-entypo-fontello'><span class='av-icon-char' data-av_icon='\ue81f' data-av_iconfont='entypo-fontello' aria-hidden=\"true\"><\/span><\/a><article class=\"article-icon-entry \"  itemscope=\"itemscope\" itemtype=\"https:\/\/schema.org\/CreativeWork\" ><div class=\"iconlist_content_wrap\"><header class=\"entry-content-header\" aria-label=\"Ic\u00f4ne : &lt;a href=&#039;http:\/\/www.collectionscanada.gc.ca\/gramophone\/028011-3004-f.html&#039; title=&#039;Biblioth\u00e8que et Archives Canada&#039; target=&quot;_blank&quot;  rel=&quot;noopener noreferrer&quot;&gt;Biblioth\u00e8que et Archives Canada&lt;\/a&gt;\"><h4 class='av_iconlist_title iconlist_title  av_inherit_color'  itemprop=\"headline\" ><a href='http:\/\/www.collectionscanada.gc.ca\/gramophone\/028011-3004-f.html' title='Biblioth\u00e8que et Archives Canada' target=\"_blank\"  rel=\"noopener noreferrer\">Biblioth\u00e8que et Archives Canada<\/a><\/h4><\/header><div class='iconlist_content '  itemprop=\"text\" ><p style=\"text-align: justify;\">Historique : les premiers enregistrements sonores et l\u2019invention du gramophone.<\/p>\n<\/div><\/div><footer class=\"entry-footer\"><\/footer><\/article><div class=\"iconlist-timeline\"><\/div><\/li>\n<li><a href='http:\/\/www.phonobase.org\/' title='Phonobase Henri Chamoux'  target=\"_blank\"  rel=\"noopener noreferrer\" class='iconlist_icon av-13yzhn-f4223a2f94d1683d76623c564b8c947f avia-font-entypo-fontello avia-iconfont avia-font-entypo-fontello'><span class='av-icon-char' data-av_icon='\ue860' data-av_iconfont='entypo-fontello' aria-hidden=\"true\"><\/span><\/a><article class=\"article-icon-entry \"  itemscope=\"itemscope\" itemtype=\"https:\/\/schema.org\/CreativeWork\" ><div class=\"iconlist_content_wrap\"><header class=\"entry-content-header\" aria-label=\"Ic\u00f4ne : &lt;a href=&#039;http:\/\/www.phonobase.org\/&#039; title=&#039;Phonobase Henri Chamoux&#039; target=&quot;_blank&quot;  rel=&quot;noopener noreferrer&quot;&gt;Phonobase Henri Chamoux&lt;\/a&gt;\"><h4 class='av_iconlist_title iconlist_title  av_inherit_color'  itemprop=\"headline\" ><a href='http:\/\/www.phonobase.org\/' title='Phonobase Henri Chamoux' target=\"_blank\"  rel=\"noopener noreferrer\">Phonobase Henri Chamoux<\/a><\/h4><\/header><div class='iconlist_content '  itemprop=\"text\" ><p>Disques et cylindres de la Belle \u00c9poque en ligne<\/p>\n<\/div><\/div><footer class=\"entry-footer\"><\/footer><\/article><div class=\"iconlist-timeline\"><\/div><\/li>\n<li><div class='iconlist_icon av-vow0b-c1b4f52790080db96137f7023bfa9deb avia-font-entypo-fontello avia-iconfont avia-font-entypo-fontello'><span class='av-icon-char' data-av_icon='\ue801' data-av_iconfont='entypo-fontello' aria-hidden=\"true\"><\/span><\/div><article class=\"article-icon-entry \"  itemscope=\"itemscope\" itemtype=\"https:\/\/schema.org\/CreativeWork\" ><div class=\"iconlist_content_wrap\"><header class=\"entry-content-header\" aria-label=\"Ic\u00f4ne : &lt;a href=&#039;https:\/\/www.youtube.com\/@lavoixdupasse_podcast\/about&#039; title=&#039;Les voix du pass\u00e9&#039; target=&quot;_blank&quot;  rel=&quot;noopener noreferrer&quot;&gt;Les voix du pass\u00e9&lt;\/a&gt;\"><h4 class='av_iconlist_title iconlist_title  av_inherit_color'  itemprop=\"headline\" ><a href='https:\/\/www.youtube.com\/@lavoixdupasse_podcast\/about' title='Les voix du pass\u00e9' target=\"_blank\"  rel=\"noopener noreferrer\">Les voix du pass\u00e9<\/a><\/h4><\/header><div class='iconlist_content '  itemprop=\"text\" ><p style=\"text-align: justify;\">La Voix&#8230; \u00c9l\u00e9ment si r\u00e9v\u00e9lateur du vivant, si \u00e9mouvante ! Elle s\u2019est longtemps r\u00e9pandue dans les airs sans jamais trouver de r\u00e9ceptacle o\u00f9 \u00eatre conserv\u00e9e. Quand avons-nous commenc\u00e9 \u00e0 \u00e9couter des sons enregistr\u00e9s ?<\/p>\n<\/div><\/div><footer class=\"entry-footer\"><\/footer><\/article><div class=\"iconlist-timeline\"><\/div><\/li>\n<li><a href='http:\/\/www.archeophone.org\/cylindres_textes\/' title='Les cylindres phonographiques et leur exploitation industrielle \u2013 Henri Chamoux'  target=\"_blank\"  rel=\"noopener noreferrer\" class='iconlist_icon av-ppeaj-8a74ec93f4cf8ae0fce41b991c3cc980 avia-font-entypo-fontello avia-iconfont avia-font-entypo-fontello'><span class='av-icon-char' data-av_icon='\ue81f' data-av_iconfont='entypo-fontello' aria-hidden=\"true\"><\/span><\/a><article class=\"article-icon-entry \"  itemscope=\"itemscope\" itemtype=\"https:\/\/schema.org\/CreativeWork\" ><div class=\"iconlist_content_wrap\"><header class=\"entry-content-header\" aria-label=\"Ic\u00f4ne : &lt;a href=&#039;http:\/\/www.archeophone.org\/cylindres_textes\/&#039; title=&#039;Les cylindres phonographiques et leur exploitation industrielle \u2013 Henri Chamoux&#039; target=&quot;_blank&quot;  rel=&quot;noopener noreferrer&quot;&gt;Les cylindres phonographiques et leur exploitation industrielle \u2013 Henri Chamoux&lt;\/a&gt;\"><h4 class='av_iconlist_title iconlist_title  av_inherit_color'  itemprop=\"headline\" ><a href='http:\/\/www.archeophone.org\/cylindres_textes\/' title='Les cylindres phonographiques et leur exploitation industrielle \u2013 Henri Chamoux' target=\"_blank\"  rel=\"noopener noreferrer\">Les cylindres phonographiques et leur exploitation industrielle \u2013 Henri Chamoux<\/a><\/h4><\/header><div class='iconlist_content '  itemprop=\"text\" ><p style=\"text-align: justify;\">Le cylindre phonographique est l\u2019anc\u00eatre du disque, ou plus pr\u00e9cis\u00e9ment, il s\u2019est d\u00e9velopp\u00e9 industriellement en parall\u00e8le au disque, dont la diffusion a finalement d\u00e9pass\u00e9 celle des cylindres. Lorsque, en d\u00e9cembre 1877, Thomas Edison invente le phonographe, il enregistre les sons sur un cylindre recouvert d\u2019une feuille d\u2019\u00e9tain. Le 30 avril 1877, Charles Cros avait d\u00e9pos\u00e9\u00a0<a href=\"http:\/\/www.archeophone.org\/rtf_pdf\/cros_pli_cachete_t85pp1082_1083_lun03121877.pdf\">un m\u00e9moire<\/a>\u00a0qui pr\u00e9conisait cette m\u00e9thode entre autres possibilit\u00e9s, qui d\u2019ailleurs ont \u00e9t\u00e9 chacune employ\u00e9s tour \u00e0 tour. Dans son texte, Charles Cros pr\u00e9voyait \u00e9galement l\u2019enregistrement sur disque. Pour la fabrication des cylindres, deux types de mat\u00e9riaux en particulier ont \u00e9t\u00e9 massivement employ\u00e9s : la cire et le cellulo\u00efd.<\/p>\n<div id=\"gtx-trans\" style=\"position: absolute; left: -91px; top: 45.5938px;\">\n<div class=\"gtx-trans-icon\"><\/div>\n<\/div>\n<\/div><\/div><footer class=\"entry-footer\"><\/footer><\/article><div class=\"iconlist-timeline\"><\/div><\/li>\n<li><a href='http:\/\/disquairesdeparis.fr\/' title='Disquaires de Paris'  target=\"_blank\"  rel=\"noopener noreferrer\" class='iconlist_icon av-jg4q3-2bdf7177ad6fe40c3ed64fc7b3f04447 avia-font-entypo-fontello avia-iconfont avia-font-entypo-fontello'><span class='av-icon-char' data-av_icon='\ue81f' data-av_iconfont='entypo-fontello' aria-hidden=\"true\"><\/span><\/a><article class=\"article-icon-entry \"  itemscope=\"itemscope\" itemtype=\"https:\/\/schema.org\/CreativeWork\" ><div class=\"iconlist_content_wrap\"><header class=\"entry-content-header\" aria-label=\"Ic\u00f4ne : &lt;a href=&#039;http:\/\/disquairesdeparis.fr\/&#039; title=&#039;Disquaires de Paris&#039; target=&quot;_blank&quot;  rel=&quot;noopener noreferrer&quot;&gt;Disquaires de Paris&lt;\/a&gt;\"><h4 class='av_iconlist_title iconlist_title  av_inherit_color'  itemprop=\"headline\" ><a href='http:\/\/disquairesdeparis.fr\/' title='Disquaires de Paris' target=\"_blank\"  rel=\"noopener noreferrer\">Disquaires de Paris<\/a><\/h4><\/header><div class='iconlist_content '  itemprop=\"text\" ><p style=\"text-align: justify;\" align=\"center\">Au travers d\u2019une carte interactive, ce site entend rendre hommage aux disquaires et vendeurs de cylindres phonographiques qui, d\u00e8s la fin du 19\u00e8me si\u00e8cle, ont permis aux Parisiens de d\u00e9couvrir l\u2019enregistrement sonore.<\/p>\n<\/div><\/div><footer class=\"entry-footer\"><\/footer><\/article><div class=\"iconlist-timeline\"><\/div><\/li>\n<li><a href='http:\/\/www.fondation-jeromeseydoux-pathe.com\/' title='Fondation J\u00e9r\u00f4me Seydoux-Path\u00e9'  target=\"_blank\"  rel=\"noopener noreferrer\" class='iconlist_icon av-ez2vv-2679ad3cd9ad77bc1488c021024f0b5b avia-font-entypo-fontello avia-iconfont avia-font-entypo-fontello'><span class='av-icon-char' data-av_icon='\ue81f' data-av_iconfont='entypo-fontello' aria-hidden=\"true\"><\/span><\/a><article class=\"article-icon-entry \"  itemscope=\"itemscope\" itemtype=\"https:\/\/schema.org\/CreativeWork\" ><div class=\"iconlist_content_wrap\"><header class=\"entry-content-header\" aria-label=\"Ic\u00f4ne : &lt;a href=&#039;http:\/\/www.fondation-jeromeseydoux-pathe.com\/&#039; title=&#039;Fondation J\u00e9r\u00f4me Seydoux-Path\u00e9&#039; target=&quot;_blank&quot;  rel=&quot;noopener noreferrer&quot;&gt;Fondation J\u00e9r\u00f4me Seydoux-Path\u00e9&lt;\/a&gt;\"><h4 class='av_iconlist_title iconlist_title  av_inherit_color'  itemprop=\"headline\" ><a href='http:\/\/www.fondation-jeromeseydoux-pathe.com\/' title='Fondation J\u00e9r\u00f4me Seydoux-Path\u00e9' target=\"_blank\"  rel=\"noopener noreferrer\">Fondation J\u00e9r\u00f4me Seydoux-Path\u00e9<\/a><\/h4><\/header><div class='iconlist_content '  itemprop=\"text\" ><p style=\"text-align: justify;\" align=\"center\">Reconnue d\u2019utilit\u00e9 publique le 9 mai 2006, la Fondation J\u00e9r\u00f4me Seydoux-Path\u00e9 oeuvre \u00e0 la conservation et \u00e0 la mise \u00e0 disposition du public du patrimoine historique de Path\u00e9.<\/p>\n<\/div><\/div><footer class=\"entry-footer\"><\/footer><\/article><div class=\"iconlist-timeline\"><\/div><\/li>\n<li><a href='https:\/\/www.aaimm.org\/' title='Amis des Instruments et de la Musique M\u00e9canique, site officiel AAIMM'  target=\"_blank\"  rel=\"noopener noreferrer\" class='iconlist_icon av-191vlf-a1ca0b43d14ee608cd54bb3a27303f24 avia-font-entypo-fontello avia-iconfont avia-font-entypo-fontello'><span class='av-icon-char' data-av_icon='\ue81f' data-av_iconfont='entypo-fontello' aria-hidden=\"true\"><\/span><\/a><article class=\"article-icon-entry av-iconlist-empty\"  itemscope=\"itemscope\" itemtype=\"https:\/\/schema.org\/CreativeWork\" ><div class=\"iconlist_content_wrap\"><header class=\"entry-content-header\" aria-label=\"Ic\u00f4ne : &lt;a href=&#039;https:\/\/www.aaimm.org\/&#039; title=&#039;Amis des Instruments et de la Musique M\u00e9canique, site officiel AAIMM&#039; target=&quot;_blank&quot;  rel=&quot;noopener noreferrer&quot;&gt;Amis des Instruments et de la Musique M\u00e9canique, site officiel AAIMM&lt;\/a&gt;\"><h4 class='av_iconlist_title iconlist_title  av_inherit_color'  itemprop=\"headline\" ><a href='https:\/\/www.aaimm.org\/' title='Amis des Instruments et de la Musique M\u00e9canique, site officiel AAIMM' target=\"_blank\"  rel=\"noopener noreferrer\">Amis des Instruments et de la Musique M\u00e9canique, site officiel AAIMM<\/a><\/h4><\/header><div class='iconlist_content '  itemprop=\"text\" ><\/div><\/div><footer class=\"entry-footer\"><\/footer><\/article><div class=\"iconlist-timeline\"><\/div><\/li>\n<li><a href='http:\/\/www.musicmecalesgets.org\/' title='Mus\u00e9e de la musique m\u00e9canique'  target=\"_blank\"  rel=\"noopener noreferrer\" class='iconlist_icon av-13xjsj-4d3029decccc18d953aae6de020426f2 avia-font-entypo-fontello avia-iconfont avia-font-entypo-fontello'><span class='av-icon-char' data-av_icon='\ue81f' data-av_iconfont='entypo-fontello' aria-hidden=\"true\"><\/span><\/a><article class=\"article-icon-entry av-iconlist-empty\"  itemscope=\"itemscope\" itemtype=\"https:\/\/schema.org\/CreativeWork\" ><div class=\"iconlist_content_wrap\"><header class=\"entry-content-header\" aria-label=\"Ic\u00f4ne : &lt;a href=&#039;http:\/\/www.musicmecalesgets.org\/&#039; title=&#039;Mus\u00e9e de la musique m\u00e9canique&#039; target=&quot;_blank&quot;  rel=&quot;noopener noreferrer&quot;&gt;Mus\u00e9e de la musique m\u00e9canique&lt;\/a&gt;\"><h4 class='av_iconlist_title iconlist_title  av_inherit_color'  itemprop=\"headline\" ><a href='http:\/\/www.musicmecalesgets.org\/' title='Mus\u00e9e de la musique m\u00e9canique' target=\"_blank\"  rel=\"noopener noreferrer\">Mus\u00e9e de la musique m\u00e9canique<\/a><\/h4><\/header><div class='iconlist_content '  itemprop=\"text\" ><\/div><\/div><footer class=\"entry-footer\"><\/footer><\/article><div class=\"iconlist-timeline\"><\/div><\/li>\n<li><a href='https:\/\/www.aventureduson.fr\/' title='Mus\u00e9e de l\u2019aventure du son'  target=\"_blank\"  rel=\"noopener noreferrer\" class='iconlist_icon av-zlpgb-9fa711731584dcf14243ea1d0c8b2fb0 avia-font-entypo-fontello avia-iconfont avia-font-entypo-fontello'><span class='av-icon-char' data-av_icon='\ue81f' data-av_iconfont='entypo-fontello' aria-hidden=\"true\"><\/span><\/a><article class=\"article-icon-entry av-iconlist-empty\"  itemscope=\"itemscope\" itemtype=\"https:\/\/schema.org\/CreativeWork\" ><div class=\"iconlist_content_wrap\"><header class=\"entry-content-header\" aria-label=\"Ic\u00f4ne : &lt;a href=&#039;https:\/\/www.aventureduson.fr\/&#039; title=&#039;Mus\u00e9e de l\u2019aventure du son&#039; target=&quot;_blank&quot;  rel=&quot;noopener noreferrer&quot;&gt;Mus\u00e9e de l\u2019aventure du son&lt;\/a&gt;\"><h4 class='av_iconlist_title iconlist_title  av_inherit_color'  itemprop=\"headline\" ><a href='https:\/\/www.aventureduson.fr\/' title='Mus\u00e9e de l\u2019aventure du son' target=\"_blank\"  rel=\"noopener noreferrer\">Mus\u00e9e de l\u2019aventure du son<\/a><\/h4><\/header><div class='iconlist_content '  itemprop=\"text\" ><\/div><\/div><footer class=\"entry-footer\"><\/footer><\/article><div class=\"iconlist-timeline\"><\/div><\/li>\n<li><a href='https:\/\/www.lafermedesorgues.com\/' title='La ferme des orgues, mus\u00e9e de musique m\u00e9canique'  target=\"_blank\"  rel=\"noopener noreferrer\" class='iconlist_icon av-tm4nf-72e10bfc9a2ad171e718700082e2d7b2 avia-font-entypo-fontello avia-iconfont avia-font-entypo-fontello'><span class='av-icon-char' data-av_icon='\ue81f' data-av_iconfont='entypo-fontello' aria-hidden=\"true\"><\/span><\/a><article class=\"article-icon-entry av-iconlist-empty\"  itemscope=\"itemscope\" itemtype=\"https:\/\/schema.org\/CreativeWork\" ><div class=\"iconlist_content_wrap\"><header class=\"entry-content-header\" aria-label=\"Ic\u00f4ne : &lt;a href=&#039;https:\/\/www.lafermedesorgues.com\/&#039; title=&#039;La ferme des orgues, mus\u00e9e de musique m\u00e9canique&#039; target=&quot;_blank&quot;  rel=&quot;noopener noreferrer&quot;&gt;La ferme des orgues, mus\u00e9e de musique m\u00e9canique&lt;\/a&gt;\"><h4 class='av_iconlist_title iconlist_title  av_inherit_color'  itemprop=\"headline\" ><a href='https:\/\/www.lafermedesorgues.com\/' title='La ferme des orgues, mus\u00e9e de musique m\u00e9canique' target=\"_blank\"  rel=\"noopener noreferrer\">La ferme des orgues, mus\u00e9e de musique m\u00e9canique<\/a><\/h4><\/header><div class='iconlist_content '  itemprop=\"text\" ><\/div><\/div><footer class=\"entry-footer\"><\/footer><\/article><div class=\"iconlist-timeline\"><\/div><\/li>\n<li><a href='http:\/\/arts-forains.com\/' title='Mus\u00e9e des arts forains'  target=\"_blank\"  rel=\"noopener noreferrer\" class='iconlist_icon av-iixib-6da16262f7da98ea8d277308a4cefb1c avia-font-entypo-fontello avia-iconfont avia-font-entypo-fontello'><span class='av-icon-char' data-av_icon='\ue81f' data-av_iconfont='entypo-fontello' aria-hidden=\"true\"><\/span><\/a><article class=\"article-icon-entry av-iconlist-empty\"  itemscope=\"itemscope\" itemtype=\"https:\/\/schema.org\/CreativeWork\" ><div class=\"iconlist_content_wrap\"><header class=\"entry-content-header\" aria-label=\"Ic\u00f4ne : &lt;a href=&#039;http:\/\/arts-forains.com\/&#039; title=&#039;Mus\u00e9e des arts forains&#039; target=&quot;_blank&quot;  rel=&quot;noopener noreferrer&quot;&gt;Mus\u00e9e des arts forains&lt;\/a&gt;\"><h4 class='av_iconlist_title iconlist_title  av_inherit_color'  itemprop=\"headline\" ><a href='http:\/\/arts-forains.com\/' title='Mus\u00e9e des arts forains' target=\"_blank\"  rel=\"noopener noreferrer\">Mus\u00e9e des arts forains<\/a><\/h4><\/header><div class='iconlist_content '  itemprop=\"text\" ><\/div><\/div><footer class=\"entry-footer\"><\/footer><\/article><div class=\"iconlist-timeline\"><\/div><\/li>\n<li><a href='https:\/\/www.cinematheque.fr\/musee.html' title='Le mus\u00e9e de la cin\u00e9math\u00e8que'  target=\"_blank\"  rel=\"noopener noreferrer\" class='iconlist_icon av-d93ej-b470bdf95a1b86d6096acf88217b604b avia-font-entypo-fontello avia-iconfont avia-font-entypo-fontello'><span class='av-icon-char' data-av_icon='\ue909' data-av_iconfont='entypo-fontello' aria-hidden=\"true\"><\/span><\/a><article class=\"article-icon-entry av-iconlist-empty\"  itemscope=\"itemscope\" itemtype=\"https:\/\/schema.org\/CreativeWork\" ><div class=\"iconlist_content_wrap\"><header class=\"entry-content-header\" aria-label=\"Ic\u00f4ne : &lt;a href=&#039;https:\/\/www.cinematheque.fr\/musee.html&#039; title=&#039;Le mus\u00e9e de la cin\u00e9math\u00e8que&#039; target=&quot;_blank&quot;  rel=&quot;noopener noreferrer&quot;&gt;Le mus\u00e9e de la cin\u00e9math\u00e8que&lt;\/a&gt;\"><h4 class='av_iconlist_title iconlist_title  av_inherit_color'  itemprop=\"headline\" ><a href='https:\/\/www.cinematheque.fr\/musee.html' title='Le mus\u00e9e de la cin\u00e9math\u00e8que' target=\"_blank\"  rel=\"noopener noreferrer\">Le mus\u00e9e de la cin\u00e9math\u00e8que<\/a><\/h4><\/header><div class='iconlist_content '  itemprop=\"text\" ><\/div><\/div><footer class=\"entry-footer\"><\/footer><\/article><div class=\"iconlist-timeline\"><\/div><\/li>\n<li><a href='http:\/\/www.touslesmusees.fr\/' title='Tous les mus\u00e9es'  target=\"_blank\"  rel=\"noopener noreferrer\" class='iconlist_icon av-85k5f-f51aad474fa7203cc8952805303318d6 avia-font-entypo-fontello avia-iconfont avia-font-entypo-fontello'><span class='av-icon-char' data-av_icon='\ue81f' data-av_iconfont='entypo-fontello' aria-hidden=\"true\"><\/span><\/a><article class=\"article-icon-entry \"  itemscope=\"itemscope\" itemtype=\"https:\/\/schema.org\/CreativeWork\" ><div class=\"iconlist_content_wrap\"><header class=\"entry-content-header\" aria-label=\"Ic\u00f4ne : &lt;a href=&#039;http:\/\/www.touslesmusees.fr\/&#039; title=&#039;Tous les mus\u00e9es&#039; target=&quot;_blank&quot;  rel=&quot;noopener noreferrer&quot;&gt;Tous les mus\u00e9es&lt;\/a&gt;\"><h4 class='av_iconlist_title iconlist_title  av_inherit_color'  itemprop=\"headline\" ><a href='http:\/\/www.touslesmusees.fr\/' title='Tous les mus\u00e9es' target=\"_blank\"  rel=\"noopener noreferrer\">Tous les mus\u00e9es<\/a><\/h4><\/header><div class='iconlist_content '  itemprop=\"text\" ><p>Un site d\u00e9di\u00e9 aux mus\u00e9es et aux expositions avec <a href=\"http:\/\/www.touslesmusees.fr\/musees\/phono-museum\/\" target=\"_blank\" rel=\"noopener noreferrer\">une page sp\u00e9ciale PHONO Museum Paris<\/a><\/p>\n<\/div><\/div><footer class=\"entry-footer\"><\/footer><\/article><div class=\"iconlist-timeline\"><\/div><\/li>\n<li><a href='https:\/\/planetsono.com\/' title='Planet Sono'  target=\"_blank\"  rel=\"noopener noreferrer\" class='iconlist_icon av-6ubj7-46c60a4716bf949a9e23378481542f2a avia-font-entypo-fontello avia-iconfont avia-font-entypo-fontello'><span class='av-icon-char' data-av_icon='\ue8d2' data-av_iconfont='entypo-fontello' aria-hidden=\"true\"><\/span><\/a><article class=\"article-icon-entry \"  itemscope=\"itemscope\" itemtype=\"https:\/\/schema.org\/CreativeWork\" ><div class=\"iconlist_content_wrap\"><header class=\"entry-content-header\" aria-label=\"Ic\u00f4ne : &lt;a href=&#039;https:\/\/planetsono.com\/&#039; title=&#039;Planet Sono&#039; target=&quot;_blank&quot;  rel=&quot;noopener noreferrer&quot;&gt;Planet Sono&lt;\/a&gt;\"><h4 class='av_iconlist_title iconlist_title  av_inherit_color'  itemprop=\"headline\" ><a href='https:\/\/planetsono.com\/' title='Planet Sono' target=\"_blank\"  rel=\"noopener noreferrer\">Planet Sono<\/a><\/h4><\/header><div class='iconlist_content '  itemprop=\"text\" ><p>Notre partenaire (et voisin) pour la sonorisation des \u00e9v\u00e9nements au PHONO Museum<\/p>\n<\/div><\/div><footer class=\"entry-footer\"><\/footer><\/article><div class=\"iconlist-timeline\"><\/div><\/li>\n<li><a href='https:\/\/www.michaeldixonvinylart.com\/' title='Michael Dixon : Vinyl Record Artist'  target=\"_blank\"  rel=\"noopener noreferrer\" class='iconlist_icon av-o3j7-9424b4390f43e504b081b1236fc5fced avia-font-entypo-fontello avia-iconfont avia-font-entypo-fontello'><span class='av-icon-char' data-av_icon='\ue801' data-av_iconfont='entypo-fontello' aria-hidden=\"true\"><\/span><\/a><article class=\"article-icon-entry \"  itemscope=\"itemscope\" itemtype=\"https:\/\/schema.org\/CreativeWork\" ><div class=\"iconlist_content_wrap\"><header class=\"entry-content-header\" aria-label=\"Ic\u00f4ne : &lt;a href=&#039;https:\/\/www.michaeldixonvinylart.com\/&#039; title=&#039;Michael Dixon : Vinyl Record Artist&#039; target=&quot;_blank&quot;  rel=&quot;noopener noreferrer&quot;&gt;Michael Dixon : Vinyl Record Artist&lt;\/a&gt;\"><h4 class='av_iconlist_title iconlist_title  av_inherit_color'  itemprop=\"headline\" ><a href='https:\/\/www.michaeldixonvinylart.com\/' title='Michael Dixon : Vinyl Record Artist' target=\"_blank\"  rel=\"noopener noreferrer\">Michael Dixon : Vinyl Record Artist<\/a><\/h4><\/header><div class='iconlist_content '  itemprop=\"text\" ><p style=\"text-align: justify;\">Michael Dixon vit et respire pour le disque vinyle. Il dirige plusieurs soci\u00e9t\u00e9s de disques vinyles \u00e0 succ\u00e8s. Il grave des enregistrements \u00e0 la main, un par un, sur des machines-graveuses de 1940. Il dirige plusieurs maisons de disques et voyage \u00e0 travers le monde \u00e0 la rencontre des foules lors d&rsquo;\u00e9v\u00e9nements et de festivals sur l&rsquo;art secret de la production de disques vinyles. Le mini-empire vinyle de Michael cr\u00e9e des documents vivants qui sont profond\u00e9ment enracin\u00e9s dans une histoire riche et des objets pr\u00e9cieux con\u00e7us pour traverser le temps.<\/p>\n<\/div><\/div><footer class=\"entry-footer\"><\/footer><\/article><div class=\"iconlist-timeline\"><\/div><\/li>\n<\/ul><\/div><\/p><\/div>\n","protected":false},"excerpt":{"rendered":"","protected":false},"author":1,"featured_media":3418,"parent":0,"menu_order":0,"comment_status":"closed","ping_status":"closed","template":"","meta":{"footnotes":""},"class_list":["post-323","page","type-page","status-publish","has-post-thumbnail","hentry"],"yoast_head":"<!-- This site is optimized with the Yoast SEO plugin v27.5 - https:\/\/yoast.com\/product\/yoast-seo-wordpress\/ -->\n<title>Liens favoris - PHONO Museum Paris<\/title>\n<meta name=\"robots\" content=\"index, follow, max-snippet:-1, max-image-preview:large, max-video-preview:-1\" \/>\n<link rel=\"canonical\" href=\"https:\/\/phonomuseum.fr\/liens-favoris\/\" \/>\n<meta property=\"og:locale\" content=\"fr_FR\" \/>\n<meta property=\"og:type\" content=\"article\" \/>\n<meta property=\"og:title\" content=\"Liens favoris - PHONO Museum Paris\" \/>\n<meta property=\"og:url\" content=\"https:\/\/phonomuseum.fr\/liens-favoris\/\" \/>\n<meta property=\"og:site_name\" content=\"PHONO Museum Paris\" \/>\n<meta property=\"article:modified_time\" content=\"2025-06-26T20:52:23+00:00\" \/>\n<meta property=\"og:image\" content=\"https:\/\/phonomuseum.fr\/wp-content\/uploads\/2021\/06\/20180907_164559-1030x579.jpg\" \/>\n\t<meta property=\"og:image:width\" content=\"1030\" \/>\n\t<meta property=\"og:image:height\" content=\"579\" \/>\n\t<meta property=\"og:image:type\" content=\"image\/jpeg\" \/>\n<meta name=\"twitter:card\" content=\"summary_large_image\" \/>\n<meta name=\"twitter:label1\" content=\"Dur\u00e9e de lecture estim\u00e9e\" \/>\n\t<meta name=\"twitter:data1\" content=\"5 minutes\" \/>\n<script type=\"application\/ld+json\" class=\"yoast-schema-graph\">{\"@context\":\"https:\\\/\\\/schema.org\",\"@graph\":[{\"@type\":\"WebPage\",\"@id\":\"https:\\\/\\\/phonomuseum.fr\\\/liens-favoris\\\/\",\"url\":\"https:\\\/\\\/phonomuseum.fr\\\/liens-favoris\\\/\",\"name\":\"Liens favoris - PHONO Museum Paris\",\"isPartOf\":{\"@id\":\"https:\\\/\\\/phonomuseum.fr\\\/#website\"},\"primaryImageOfPage\":{\"@id\":\"https:\\\/\\\/phonomuseum.fr\\\/liens-favoris\\\/#primaryimage\"},\"image\":{\"@id\":\"https:\\\/\\\/phonomuseum.fr\\\/liens-favoris\\\/#primaryimage\"},\"thumbnailUrl\":\"https:\\\/\\\/phonomuseum.fr\\\/wp-content\\\/uploads\\\/2021\\\/06\\\/20180907_164559-scaled.jpg\",\"datePublished\":\"2016-02-11T14:26:37+00:00\",\"dateModified\":\"2025-06-26T20:52:23+00:00\",\"breadcrumb\":{\"@id\":\"https:\\\/\\\/phonomuseum.fr\\\/liens-favoris\\\/#breadcrumb\"},\"inLanguage\":\"fr-FR\",\"potentialAction\":[{\"@type\":\"ReadAction\",\"target\":[\"https:\\\/\\\/phonomuseum.fr\\\/liens-favoris\\\/\"]}]},{\"@type\":\"ImageObject\",\"inLanguage\":\"fr-FR\",\"@id\":\"https:\\\/\\\/phonomuseum.fr\\\/liens-favoris\\\/#primaryimage\",\"url\":\"https:\\\/\\\/phonomuseum.fr\\\/wp-content\\\/uploads\\\/2021\\\/06\\\/20180907_164559-scaled.jpg\",\"contentUrl\":\"https:\\\/\\\/phonomuseum.fr\\\/wp-content\\\/uploads\\\/2021\\\/06\\\/20180907_164559-scaled.jpg\",\"width\":2560,\"height\":1440},{\"@type\":\"BreadcrumbList\",\"@id\":\"https:\\\/\\\/phonomuseum.fr\\\/liens-favoris\\\/#breadcrumb\",\"itemListElement\":[{\"@type\":\"ListItem\",\"position\":1,\"name\":\"Accueil\",\"item\":\"https:\\\/\\\/phonomuseum.fr\\\/accueil\\\/\"},{\"@type\":\"ListItem\",\"position\":2,\"name\":\"Liens favoris\"}]},{\"@type\":\"WebSite\",\"@id\":\"https:\\\/\\\/phonomuseum.fr\\\/#website\",\"url\":\"https:\\\/\\\/phonomuseum.fr\\\/\",\"name\":\"PHONO Museum Paris\",\"description\":\"la grande aventure du son enregistr\u00e9 - L&#039;histoire sonore de 1857 \u00e0 nos jours\",\"potentialAction\":[{\"@type\":\"SearchAction\",\"target\":{\"@type\":\"EntryPoint\",\"urlTemplate\":\"https:\\\/\\\/phonomuseum.fr\\\/?s={search_term_string}\"},\"query-input\":{\"@type\":\"PropertyValueSpecification\",\"valueRequired\":true,\"valueName\":\"search_term_string\"}}],\"inLanguage\":\"fr-FR\"}]}<\/script>\n<!-- \/ Yoast SEO plugin. -->","yoast_head_json":{"title":"Liens favoris - PHONO Museum Paris","robots":{"index":"index","follow":"follow","max-snippet":"max-snippet:-1","max-image-preview":"max-image-preview:large","max-video-preview":"max-video-preview:-1"},"canonical":"https:\/\/phonomuseum.fr\/liens-favoris\/","og_locale":"fr_FR","og_type":"article","og_title":"Liens favoris - PHONO Museum Paris","og_url":"https:\/\/phonomuseum.fr\/liens-favoris\/","og_site_name":"PHONO Museum Paris","article_modified_time":"2025-06-26T20:52:23+00:00","og_image":[{"width":1030,"height":579,"url":"https:\/\/phonomuseum.fr\/wp-content\/uploads\/2021\/06\/20180907_164559-1030x579.jpg","type":"image\/jpeg"}],"twitter_card":"summary_large_image","twitter_misc":{"Dur\u00e9e de lecture estim\u00e9e":"5 minutes"},"schema":{"@context":"https:\/\/schema.org","@graph":[{"@type":"WebPage","@id":"https:\/\/phonomuseum.fr\/liens-favoris\/","url":"https:\/\/phonomuseum.fr\/liens-favoris\/","name":"Liens favoris - PHONO Museum Paris","isPartOf":{"@id":"https:\/\/phonomuseum.fr\/#website"},"primaryImageOfPage":{"@id":"https:\/\/phonomuseum.fr\/liens-favoris\/#primaryimage"},"image":{"@id":"https:\/\/phonomuseum.fr\/liens-favoris\/#primaryimage"},"thumbnailUrl":"https:\/\/phonomuseum.fr\/wp-content\/uploads\/2021\/06\/20180907_164559-scaled.jpg","datePublished":"2016-02-11T14:26:37+00:00","dateModified":"2025-06-26T20:52:23+00:00","breadcrumb":{"@id":"https:\/\/phonomuseum.fr\/liens-favoris\/#breadcrumb"},"inLanguage":"fr-FR","potentialAction":[{"@type":"ReadAction","target":["https:\/\/phonomuseum.fr\/liens-favoris\/"]}]},{"@type":"ImageObject","inLanguage":"fr-FR","@id":"https:\/\/phonomuseum.fr\/liens-favoris\/#primaryimage","url":"https:\/\/phonomuseum.fr\/wp-content\/uploads\/2021\/06\/20180907_164559-scaled.jpg","contentUrl":"https:\/\/phonomuseum.fr\/wp-content\/uploads\/2021\/06\/20180907_164559-scaled.jpg","width":2560,"height":1440},{"@type":"BreadcrumbList","@id":"https:\/\/phonomuseum.fr\/liens-favoris\/#breadcrumb","itemListElement":[{"@type":"ListItem","position":1,"name":"Accueil","item":"https:\/\/phonomuseum.fr\/accueil\/"},{"@type":"ListItem","position":2,"name":"Liens favoris"}]},{"@type":"WebSite","@id":"https:\/\/phonomuseum.fr\/#website","url":"https:\/\/phonomuseum.fr\/","name":"PHONO Museum Paris","description":"la grande aventure du son enregistr\u00e9 - L&#039;histoire sonore de 1857 \u00e0 nos jours","potentialAction":[{"@type":"SearchAction","target":{"@type":"EntryPoint","urlTemplate":"https:\/\/phonomuseum.fr\/?s={search_term_string}"},"query-input":{"@type":"PropertyValueSpecification","valueRequired":true,"valueName":"search_term_string"}}],"inLanguage":"fr-FR"}]}},"_links":{"self":[{"href":"https:\/\/phonomuseum.fr\/api\/wp\/v2\/pages\/323","targetHints":{"allow":["GET"]}}],"collection":[{"href":"https:\/\/phonomuseum.fr\/api\/wp\/v2\/pages"}],"about":[{"href":"https:\/\/phonomuseum.fr\/api\/wp\/v2\/types\/page"}],"author":[{"embeddable":true,"href":"https:\/\/phonomuseum.fr\/api\/wp\/v2\/users\/1"}],"replies":[{"embeddable":true,"href":"https:\/\/phonomuseum.fr\/api\/wp\/v2\/comments?post=323"}],"version-history":[{"count":23,"href":"https:\/\/phonomuseum.fr\/api\/wp\/v2\/pages\/323\/revisions"}],"predecessor-version":[{"id":5155,"href":"https:\/\/phonomuseum.fr\/api\/wp\/v2\/pages\/323\/revisions\/5155"}],"wp:featuredmedia":[{"embeddable":true,"href":"https:\/\/phonomuseum.fr\/api\/wp\/v2\/media\/3418"}],"wp:attachment":[{"href":"https:\/\/phonomuseum.fr\/api\/wp\/v2\/media?parent=323"}],"curies":[{"name":"wp","href":"https:\/\/api.w.org\/{rel}","templated":true}]}}