{"id":2550,"date":"2020-12-16T13:33:38","date_gmt":"2020-12-16T12:33:38","guid":{"rendered":"https:\/\/phonomuseum.fr\/?page_id=2550"},"modified":"2026-04-11T11:04:08","modified_gmt":"2026-04-11T09:04:08","slug":"blog","status":"publish","type":"page","link":"https:\/\/phonomuseum.fr\/blog\/","title":{"rendered":"Blog"},"content":{"rendered":"<section  class='av_textblock_section av-kisywanu-32107a5fc6932ac25da51d935ebf93ff '   itemscope=\"itemscope\" itemtype=\"https:\/\/schema.org\/CreativeWork\" ><div class='avia_textblock'  itemprop=\"text\" ><h2 style=\"text-align: center;\"><span style=\"color: #1eafc8;\">BLOG<\/span><\/h2>\n<p style=\"text-align: center;\">Retrouvez tous nos articles<\/p>\n<\/div><\/section>\n\n<style type=\"text\/css\" data-created_by=\"avia_inline_auto\" id=\"style-css-av-kisyvru6-442d1c8451370d4058956239b764e840\">\n#top .hr.av-kisyvru6-442d1c8451370d4058956239b764e840{\nmargin-top:30px;\nmargin-bottom:30px;\n}\n.hr.av-kisyvru6-442d1c8451370d4058956239b764e840 .hr-inner{\nwidth:50px;\n}\n<\/style>\n<div  class='hr av-kisyvru6-442d1c8451370d4058956239b764e840 hr-custom  avia-builder-el-1  el_after_av_textblock  el_before_av_blog  hr-center hr-icon-no'><span class='hr-inner inner-border-av-border-thin'><span class=\"hr-inner-style\"><\/span><\/span><\/div>\n<div  data-slideshow-options=\"{&quot;animation&quot;:&quot;fade&quot;,&quot;autoplay&quot;:false,&quot;loop_autoplay&quot;:&quot;once&quot;,&quot;interval&quot;:5,&quot;loop_manual&quot;:&quot;manual-endless&quot;,&quot;autoplay_stopper&quot;:false,&quot;noNavigation&quot;:false,&quot;show_slide_delay&quot;:90}\" class='avia-content-slider avia-content-grid-active avia-content-slider1 avia-content-slider-odd  avia-builder-el-2  el_after_av_hr  avia-builder-el-last  av-slideshow-ui av-control-default   av-no-slider-navigation av-slideshow-manual av-loop-once av-loop-manual-endless '  itemscope=\"itemscope\" itemtype=\"https:\/\/schema.org\/Blog\" ><div class=\"avia-content-slider-inner\"><div class=\"slide-entry-wrap\"><article class='slide-entry flex_column  post-entry post-entry-5627 slide-entry-overview slide-loop-1 slide-parity-odd  av_one_third first real-thumbnail posttype-post post-format-standard'  itemscope=\"itemscope\" itemtype=\"https:\/\/schema.org\/CreativeWork\" ><a href='https:\/\/phonomuseum.fr\/eperdument-2\/' data-rel='slide-1' class='slide-image' title='Rappel : \u00c9PERDUMENT &#8211; Un enfant d&rsquo;Alep au bord de la Seine'><img decoding=\"async\" fetchpriority=\"high\" width=\"320\" height=\"400\" src=\"https:\/\/phonomuseum.fr\/wp-content\/uploads\/2026\/04\/AbedAzrie-2-768x1024-1-320x400.webp\" class=\"wp-image-5628 avia-img-lazy-loading-not-5628 attachment-portfolio size-portfolio wp-post-image\" alt=\"\" \/><\/a><div class=\"slide-content\"><header class=\"entry-content-header\" aria-label=\"Slide: Rappel : \u00c9PERDUMENT - Un enfant d&#039;Alep au bord de la Seine\"><span class=\"blog-categories minor-meta\"><a href=\"https:\/\/phonomuseum.fr\/category\/blog\/\" rel=\"tag\">BLOG<\/a>, <a href=\"https:\/\/phonomuseum.fr\/category\/evenement\/\" rel=\"tag\">Evenement<\/a>, <a href=\"https:\/\/phonomuseum.fr\/category\/cat_events\/\" rel=\"tag\">evenements<\/a> <\/span><h3 class='slide-entry-title entry-title '  itemprop=\"headline\" ><a href='https:\/\/phonomuseum.fr\/eperdument-2\/' title='Rappel : \u00c9PERDUMENT &#8211; Un enfant d&rsquo;Alep au bord de la Seine'>Rappel : \u00c9PERDUMENT &#8211; Un enfant d&rsquo;Alep au bord de la Seine<\/a><\/h3><span class=\"av-vertical-delimiter\"><\/span><\/header><div class='slide-entry-excerpt entry-content'  itemprop=\"text\" >RAPPEL : \u00c9perdument - Un enfant d'Alep au bord de la Seine\r\n\u00ab\u202fL\u2019\u00e2me des sons pr\u00e9c\u00e8de la naissance\u202f\u00bb (Hubert Haddad). C\u2019est sous cette impulsion que le compositeur et chanteur\u00a0Abed Azri\u00e9\u00a0nous convie \u00e0 une soir\u00e9e unique m\u00ealant\u2026<\/div><\/div><footer class=\"entry-footer\"><div class=\"slide-meta\"><time class='slide-meta-time updated'  itemprop=\"datePublished\" datetime=\"2026-04-11T11:03:28+02:00\" ><\/time><\/div><\/footer><span class='hidden'>\n\t\t\t\t<span class='av-structured-data'  itemprop=\"image\" itemscope=\"itemscope\" itemtype=\"https:\/\/schema.org\/ImageObject\" >\n\t\t\t\t\t\t<span itemprop='url'>https:\/\/phonomuseum.fr\/wp-content\/uploads\/2026\/04\/AbedAzrie-2-768x1024-1.webp<\/span>\n\t\t\t\t\t\t<span itemprop='height'>452<\/span>\n\t\t\t\t\t\t<span itemprop='width'>320<\/span>\n\t\t\t\t<\/span>\n\t\t\t\t<span class='av-structured-data'  itemprop=\"publisher\" itemtype=\"https:\/\/schema.org\/Organization\" itemscope=\"itemscope\" >\n\t\t\t\t\t\t<span itemprop='name'>Claude Rizzo<\/span>\n\t\t\t\t\t\t<span itemprop='logo' itemscope itemtype='https:\/\/schema.org\/ImageObject'>\n\t\t\t\t\t\t\t<span itemprop='url'>https:\/\/phonomuseum.fr\/wp-content\/uploads\/2021\/01\/logo-couleurs-300x140.png<\/span>\n\t\t\t\t\t\t<\/span>\n\t\t\t\t<\/span><span class='av-structured-data'  itemprop=\"author\" itemscope=\"itemscope\" itemtype=\"https:\/\/schema.org\/Person\" ><span itemprop='name'>Claude Rizzo<\/span><\/span><span class='av-structured-data'  itemprop=\"datePublished\" datetime=\"2020-12-16T13:33:38+01:00\" >2026-04-11 11:03:28<\/span><span class='av-structured-data'  itemprop=\"dateModified\" itemtype=\"https:\/\/schema.org\/dateModified\" >2026-04-11 11:03:28<\/span><span class='av-structured-data'  itemprop=\"mainEntityOfPage\" itemtype=\"https:\/\/schema.org\/mainEntityOfPage\" ><span itemprop='name'>Rappel : \u00c9PERDUMENT &#8211; Un enfant d&rsquo;Alep au bord de la Seine<\/span><\/span><\/span><\/article><article class='slide-entry flex_column  post-entry post-entry-5606 slide-entry-overview slide-loop-2 slide-parity-even  av_one_third  real-thumbnail posttype-post post-format-standard'  itemscope=\"itemscope\" itemtype=\"https:\/\/schema.org\/CreativeWork\" ><a href='https:\/\/phonomuseum.fr\/pattika-en-concert-au-phonomuseum-paris\/' data-rel='slide-1' class='slide-image' title='Pattika en Concert au PHONO Museum Paris'><img decoding=\"async\" fetchpriority=\"high\" width=\"495\" height=\"400\" src=\"https:\/\/phonomuseum.fr\/wp-content\/uploads\/2026\/04\/PattikaAfficheVisuel-495x400.jpg\" class=\"wp-image-5608 avia-img-lazy-loading-not-5608 attachment-portfolio size-portfolio wp-post-image\" alt=\"\" srcset=\"https:\/\/phonomuseum.fr\/wp-content\/uploads\/2026\/04\/PattikaAfficheVisuel-495x400.jpg 495w, https:\/\/phonomuseum.fr\/wp-content\/uploads\/2026\/04\/PattikaAfficheVisuel-845x684.jpg 845w\" sizes=\"(max-width: 495px) 100vw, 495px\" \/><\/a><div class=\"slide-content\"><header class=\"entry-content-header\" aria-label=\"Slide: Pattika en Concert au PHONO Museum Paris\"><span class=\"blog-categories minor-meta\"><a href=\"https:\/\/phonomuseum.fr\/category\/blog\/\" rel=\"tag\">BLOG<\/a>, <a href=\"https:\/\/phonomuseum.fr\/category\/concerts\/\" rel=\"tag\">Concerts<\/a>, <a href=\"https:\/\/phonomuseum.fr\/category\/concerts\/concerts-2026\/\" rel=\"tag\">Concerts 2026<\/a> <\/span><h3 class='slide-entry-title entry-title '  itemprop=\"headline\" ><a href='https:\/\/phonomuseum.fr\/pattika-en-concert-au-phonomuseum-paris\/' title='Pattika en Concert au PHONO Museum Paris'>Pattika en Concert au PHONO Museum Paris<\/a><\/h3><span class=\"av-vertical-delimiter\"><\/span><\/header><div class='slide-entry-excerpt entry-content'  itemprop=\"text\" >PATTIKA EN LIBERT\u00c9 \u00ab\u00a0DE MONTMARTRE \u00c0 PIGALLE\u00a0\u00bb\r\nR\u00e9cital de chansons fran\u00e7aises\r\n\u00a0_\r\nEn vedette : la chanteuse PATTIKA, \r\naccompagn\u00e9e au piano par PASCAL COEMET\r\nPr\u00e9sentation : JEAN-MANUEL GABERT, pr\u00e9sident de la soci\u00e9t\u00e9 d\u2019histoire\u2026<\/div><\/div><footer class=\"entry-footer\"><div class=\"slide-meta\"><time class='slide-meta-time updated'  itemprop=\"datePublished\" datetime=\"2026-04-11T10:28:02+02:00\" ><\/time><\/div><\/footer><span class='hidden'>\n\t\t\t\t<span class='av-structured-data'  itemprop=\"image\" itemscope=\"itemscope\" itemtype=\"https:\/\/schema.org\/ImageObject\" >\n\t\t\t\t\t\t<span itemprop='url'>https:\/\/phonomuseum.fr\/wp-content\/uploads\/2026\/04\/PattikaAfficheVisuel-scaled.jpg<\/span>\n\t\t\t\t\t\t<span itemprop='height'>2560<\/span>\n\t\t\t\t\t\t<span itemprop='width'>1729<\/span>\n\t\t\t\t<\/span>\n\t\t\t\t<span class='av-structured-data'  itemprop=\"publisher\" itemtype=\"https:\/\/schema.org\/Organization\" itemscope=\"itemscope\" >\n\t\t\t\t\t\t<span itemprop='name'>Claude Rizzo<\/span>\n\t\t\t\t\t\t<span itemprop='logo' itemscope itemtype='https:\/\/schema.org\/ImageObject'>\n\t\t\t\t\t\t\t<span itemprop='url'>https:\/\/phonomuseum.fr\/wp-content\/uploads\/2021\/01\/logo-couleurs-300x140.png<\/span>\n\t\t\t\t\t\t<\/span>\n\t\t\t\t<\/span><span class='av-structured-data'  itemprop=\"author\" itemscope=\"itemscope\" itemtype=\"https:\/\/schema.org\/Person\" ><span itemprop='name'>Claude Rizzo<\/span><\/span><span class='av-structured-data'  itemprop=\"datePublished\" datetime=\"2020-12-16T13:33:38+01:00\" >2026-04-11 10:28:02<\/span><span class='av-structured-data'  itemprop=\"dateModified\" itemtype=\"https:\/\/schema.org\/dateModified\" >2026-04-11 10:33:46<\/span><span class='av-structured-data'  itemprop=\"mainEntityOfPage\" itemtype=\"https:\/\/schema.org\/mainEntityOfPage\" ><span itemprop='name'>Pattika en Concert au PHONO Museum Paris<\/span><\/span><\/span><\/article><article class='slide-entry flex_column  post-entry post-entry-5584 slide-entry-overview slide-loop-3 slide-parity-odd  av_one_third  real-thumbnail posttype-post post-format-standard'  itemscope=\"itemscope\" itemtype=\"https:\/\/schema.org\/CreativeWork\" ><a href='https:\/\/phonomuseum.fr\/lespouvoirsduson\/' data-rel='slide-1' class='slide-image' title='De l&rsquo;Onde \u00e0 l&rsquo;Inou\u00ef : Les Pouvoirs du Son &#8211; Philharmonie de Paris.'><img decoding=\"async\" fetchpriority=\"high\" width=\"400\" height=\"400\" src=\"https:\/\/phonomuseum.fr\/wp-content\/uploads\/2026\/04\/paris-logo-philharmonie-de-paris.webp\" class=\"wp-image-5589 avia-img-lazy-loading-not-5589 attachment-portfolio size-portfolio wp-post-image\" alt=\"\" srcset=\"https:\/\/phonomuseum.fr\/wp-content\/uploads\/2026\/04\/paris-logo-philharmonie-de-paris.webp 400w, https:\/\/phonomuseum.fr\/wp-content\/uploads\/2026\/04\/paris-logo-philharmonie-de-paris-300x300.webp 300w, https:\/\/phonomuseum.fr\/wp-content\/uploads\/2026\/04\/paris-logo-philharmonie-de-paris-80x80.webp 80w, https:\/\/phonomuseum.fr\/wp-content\/uploads\/2026\/04\/paris-logo-philharmonie-de-paris-36x36.webp 36w, https:\/\/phonomuseum.fr\/wp-content\/uploads\/2026\/04\/paris-logo-philharmonie-de-paris-180x180.webp 180w\" sizes=\"(max-width: 400px) 100vw, 400px\" \/><\/a><div class=\"slide-content\"><header class=\"entry-content-header\" aria-label=\"Slide: De l&#039;Onde \u00e0 l&#039;Inou\u00ef : Les Pouvoirs du Son - Philharmonie de Paris.\"><span class=\"blog-categories minor-meta\"><a href=\"https:\/\/phonomuseum.fr\/category\/blog\/\" rel=\"tag\">BLOG<\/a> <\/span><h3 class='slide-entry-title entry-title '  itemprop=\"headline\" ><a href='https:\/\/phonomuseum.fr\/lespouvoirsduson\/' title='De l&rsquo;Onde \u00e0 l&rsquo;Inou\u00ef : Les Pouvoirs du Son &#8211; Philharmonie de Paris.'>De l&rsquo;Onde \u00e0 l&rsquo;Inou\u00ef : Les Pouvoirs du Son &#8211; Philharmonie de Paris.<\/a><\/h3><span class=\"av-vertical-delimiter\"><\/span><\/header><div class='slide-entry-excerpt entry-content'  itemprop=\"text\" >De l'Onde \u00e0 l'Inou\u00ef : Les Pouvoirs du Son.\r\nColloque \u00e0 la Philharmonie de Paris.\r\n\r\nM. Jalal Aro, Conservateur du PHONO Museum Paris, participe \u00e0 l'\u00e9v\u00e9nement le 11 avril !\r\n\r\nVendredi 10 avril 2026 et Samedi 11 avril 2026.\r\n\r\n\r\n\r\nLa Philharmonie\u2026<\/div><\/div><footer class=\"entry-footer\"><div class=\"slide-meta\"><time class='slide-meta-time updated'  itemprop=\"datePublished\" datetime=\"2026-04-07T23:37:35+02:00\" ><\/time><\/div><\/footer><span class='hidden'>\n\t\t\t\t<span class='av-structured-data'  itemprop=\"image\" itemscope=\"itemscope\" itemtype=\"https:\/\/schema.org\/ImageObject\" >\n\t\t\t\t\t\t<span itemprop='url'>https:\/\/phonomuseum.fr\/wp-content\/uploads\/2026\/04\/paris-logo-philharmonie-de-paris.webp<\/span>\n\t\t\t\t\t\t<span itemprop='height'>400<\/span>\n\t\t\t\t\t\t<span itemprop='width'>400<\/span>\n\t\t\t\t<\/span>\n\t\t\t\t<span class='av-structured-data'  itemprop=\"publisher\" itemtype=\"https:\/\/schema.org\/Organization\" itemscope=\"itemscope\" >\n\t\t\t\t\t\t<span itemprop='name'>Claude Rizzo<\/span>\n\t\t\t\t\t\t<span itemprop='logo' itemscope itemtype='https:\/\/schema.org\/ImageObject'>\n\t\t\t\t\t\t\t<span itemprop='url'>https:\/\/phonomuseum.fr\/wp-content\/uploads\/2021\/01\/logo-couleurs-300x140.png<\/span>\n\t\t\t\t\t\t<\/span>\n\t\t\t\t<\/span><span class='av-structured-data'  itemprop=\"author\" itemscope=\"itemscope\" itemtype=\"https:\/\/schema.org\/Person\" ><span itemprop='name'>Claude Rizzo<\/span><\/span><span class='av-structured-data'  itemprop=\"datePublished\" datetime=\"2020-12-16T13:33:38+01:00\" >2026-04-07 23:37:35<\/span><span class='av-structured-data'  itemprop=\"dateModified\" itemtype=\"https:\/\/schema.org\/dateModified\" >2026-04-07 23:40:38<\/span><span class='av-structured-data'  itemprop=\"mainEntityOfPage\" itemtype=\"https:\/\/schema.org\/mainEntityOfPage\" ><span itemprop='name'>De l&rsquo;Onde \u00e0 l&rsquo;Inou\u00ef : Les Pouvoirs du Son &#8211; Philharmonie de Paris.<\/span><\/span><\/span><\/article><\/div><div class=\"slide-entry-wrap\"><article class='slide-entry flex_column  post-entry post-entry-5506 slide-entry-overview slide-loop-4 slide-parity-odd  av_one_third first real-thumbnail posttype-post post-format-standard'  itemscope=\"itemscope\" itemtype=\"https:\/\/schema.org\/CreativeWork\" ><a href='https:\/\/phonomuseum.fr\/unerecompensepourlarcheophoneetlaphonobase\/' data-rel='slide-1' class='slide-image' title='Une r\u00e9compense am\u00e9ricaine pour l\u2019Arch\u00e9ophone et la Phonobase'><img decoding=\"async\" fetchpriority=\"high\" width=\"399\" height=\"400\" src=\"https:\/\/phonomuseum.fr\/wp-content\/uploads\/2026\/02\/Archeophone-399x400.jpg\" class=\"wp-image-5510 avia-img-lazy-loading-not-5510 attachment-portfolio size-portfolio wp-post-image\" alt=\"\" srcset=\"https:\/\/phonomuseum.fr\/wp-content\/uploads\/2026\/02\/Archeophone-399x400.jpg 399w, https:\/\/phonomuseum.fr\/wp-content\/uploads\/2026\/02\/Archeophone-80x80.jpg 80w, https:\/\/phonomuseum.fr\/wp-content\/uploads\/2026\/02\/Archeophone-36x36.jpg 36w, https:\/\/phonomuseum.fr\/wp-content\/uploads\/2026\/02\/Archeophone-180x180.jpg 180w\" sizes=\"(max-width: 399px) 100vw, 399px\" \/><\/a><div class=\"slide-content\"><header class=\"entry-content-header\" aria-label=\"Slide: Une r\u00e9compense am\u00e9ricaine pour l\u2019Arch\u00e9ophone et la Phonobase\"><span class=\"blog-categories minor-meta\"><a href=\"https:\/\/phonomuseum.fr\/category\/blog\/\" rel=\"tag\">BLOG<\/a> <\/span><h3 class='slide-entry-title entry-title '  itemprop=\"headline\" ><a href='https:\/\/phonomuseum.fr\/unerecompensepourlarcheophoneetlaphonobase\/' title='Une r\u00e9compense am\u00e9ricaine pour l\u2019Arch\u00e9ophone et la Phonobase'>Une r\u00e9compense am\u00e9ricaine pour l\u2019Arch\u00e9ophone et la Phonobase<\/a><\/h3><span class=\"av-vertical-delimiter\"><\/span><\/header><div class='slide-entry-excerpt entry-content'  itemprop=\"text\" >Une r\u00e9compense am\u00e9ricaine pour l\u2019Arch\u00e9ophone et la Phonobase\r\n\r\nEn effet, M. Henri Chamoux, notre Tr\u00e9sorier et Ing\u00e9nieur d'\u00c9tudes au LARHRA est r\u00e9compens\u00e9 depuis Janvier 2026 pour l'Arch\u00e9ophone (son invention) et la Phonobase (sa\u2026<\/div><\/div><footer class=\"entry-footer\"><div class=\"slide-meta\"><time class='slide-meta-time updated'  itemprop=\"datePublished\" datetime=\"2026-02-28T01:34:18+01:00\" ><\/time><\/div><\/footer><span class='hidden'>\n\t\t\t\t<span class='av-structured-data'  itemprop=\"image\" itemscope=\"itemscope\" itemtype=\"https:\/\/schema.org\/ImageObject\" >\n\t\t\t\t\t\t<span itemprop='url'>https:\/\/phonomuseum.fr\/wp-content\/uploads\/2026\/02\/Archeophone.jpg<\/span>\n\t\t\t\t\t\t<span itemprop='height'>500<\/span>\n\t\t\t\t\t\t<span itemprop='width'>399<\/span>\n\t\t\t\t<\/span>\n\t\t\t\t<span class='av-structured-data'  itemprop=\"publisher\" itemtype=\"https:\/\/schema.org\/Organization\" itemscope=\"itemscope\" >\n\t\t\t\t\t\t<span itemprop='name'>Claude Rizzo<\/span>\n\t\t\t\t\t\t<span itemprop='logo' itemscope itemtype='https:\/\/schema.org\/ImageObject'>\n\t\t\t\t\t\t\t<span itemprop='url'>https:\/\/phonomuseum.fr\/wp-content\/uploads\/2021\/01\/logo-couleurs-300x140.png<\/span>\n\t\t\t\t\t\t<\/span>\n\t\t\t\t<\/span><span class='av-structured-data'  itemprop=\"author\" itemscope=\"itemscope\" itemtype=\"https:\/\/schema.org\/Person\" ><span itemprop='name'>Claude Rizzo<\/span><\/span><span class='av-structured-data'  itemprop=\"datePublished\" datetime=\"2020-12-16T13:33:38+01:00\" >2026-02-28 01:34:18<\/span><span class='av-structured-data'  itemprop=\"dateModified\" itemtype=\"https:\/\/schema.org\/dateModified\" >2026-02-28 01:34:18<\/span><span class='av-structured-data'  itemprop=\"mainEntityOfPage\" itemtype=\"https:\/\/schema.org\/mainEntityOfPage\" ><span itemprop='name'>Une r\u00e9compense am\u00e9ricaine pour l\u2019Arch\u00e9ophone et la Phonobase<\/span><\/span><\/span><\/article><article class='slide-entry flex_column  post-entry post-entry-5492 slide-entry-overview slide-loop-5 slide-parity-even  av_one_third  real-thumbnail posttype-post post-format-standard'  itemscope=\"itemscope\" itemtype=\"https:\/\/schema.org\/CreativeWork\" ><a href='https:\/\/phonomuseum.fr\/francoiseparsagan\/' data-rel='slide-1' class='slide-image' title='Fran\u00e7oise par Sagan (avec Caroline Loeb)'><img decoding=\"async\" fetchpriority=\"high\" width=\"495\" height=\"400\" src=\"https:\/\/phonomuseum.fr\/wp-content\/uploads\/2026\/02\/AFF-SAGAN-DATES-1365x2048-1-495x400.jpg\" class=\"wp-image-5493 avia-img-lazy-loading-not-5493 attachment-portfolio size-portfolio wp-post-image\" alt=\"\" srcset=\"https:\/\/phonomuseum.fr\/wp-content\/uploads\/2026\/02\/AFF-SAGAN-DATES-1365x2048-1-495x400.jpg 495w, https:\/\/phonomuseum.fr\/wp-content\/uploads\/2026\/02\/AFF-SAGAN-DATES-1365x2048-1-845x684.jpg 845w\" sizes=\"(max-width: 495px) 100vw, 495px\" \/><\/a><div class=\"slide-content\"><header class=\"entry-content-header\" aria-label=\"Slide: Fran\u00e7oise par Sagan (avec Caroline Loeb)\"><span class=\"blog-categories minor-meta\"><a href=\"https:\/\/phonomuseum.fr\/category\/blog\/\" rel=\"tag\">BLOG<\/a> <\/span><h3 class='slide-entry-title entry-title '  itemprop=\"headline\" ><a href='https:\/\/phonomuseum.fr\/francoiseparsagan\/' title='Fran\u00e7oise par Sagan (avec Caroline Loeb)'>Fran\u00e7oise par Sagan (avec Caroline Loeb)<\/a><\/h3><span class=\"av-vertical-delimiter\"><\/span><\/header><div class='slide-entry-excerpt entry-content'  itemprop=\"text\" >FRAN\u00c7OISE PAR SAGAN (avec Caroline Loeb).\r\n\r\nD\u2019apr\u00e8s Je ne renie rien de Fran\u00e7oise SAGAN\r\nMise en sc\u00e8ne Alex LUTZ\r\n\r\nFran\u00e7oise Sagan fut peut-\u00eatre son personnage le plus r\u00e9ussi. L\u2019auteur de Bonjour tristesse s\u2019est souvent livr\u00e9e\u00a0\u00e0\u2026<\/div><\/div><footer class=\"entry-footer\"><div class=\"slide-meta\"><time class='slide-meta-time updated'  itemprop=\"datePublished\" datetime=\"2026-02-28T01:05:55+01:00\" ><\/time><\/div><\/footer><span class='hidden'>\n\t\t\t\t<span class='av-structured-data'  itemprop=\"image\" itemscope=\"itemscope\" itemtype=\"https:\/\/schema.org\/ImageObject\" >\n\t\t\t\t\t\t<span itemprop='url'>https:\/\/phonomuseum.fr\/wp-content\/uploads\/2026\/02\/AFF-SAGAN-DATES-1365x2048-1.jpg<\/span>\n\t\t\t\t\t\t<span itemprop='height'>2048<\/span>\n\t\t\t\t\t\t<span itemprop='width'>1365<\/span>\n\t\t\t\t<\/span>\n\t\t\t\t<span class='av-structured-data'  itemprop=\"publisher\" itemtype=\"https:\/\/schema.org\/Organization\" itemscope=\"itemscope\" >\n\t\t\t\t\t\t<span itemprop='name'>Claude Rizzo<\/span>\n\t\t\t\t\t\t<span itemprop='logo' itemscope itemtype='https:\/\/schema.org\/ImageObject'>\n\t\t\t\t\t\t\t<span itemprop='url'>https:\/\/phonomuseum.fr\/wp-content\/uploads\/2021\/01\/logo-couleurs-300x140.png<\/span>\n\t\t\t\t\t\t<\/span>\n\t\t\t\t<\/span><span class='av-structured-data'  itemprop=\"author\" itemscope=\"itemscope\" itemtype=\"https:\/\/schema.org\/Person\" ><span itemprop='name'>Claude Rizzo<\/span><\/span><span class='av-structured-data'  itemprop=\"datePublished\" datetime=\"2020-12-16T13:33:38+01:00\" >2026-02-28 01:05:55<\/span><span class='av-structured-data'  itemprop=\"dateModified\" itemtype=\"https:\/\/schema.org\/dateModified\" >2026-02-28 01:09:08<\/span><span class='av-structured-data'  itemprop=\"mainEntityOfPage\" itemtype=\"https:\/\/schema.org\/mainEntityOfPage\" ><span itemprop='name'>Fran\u00e7oise par Sagan (avec Caroline Loeb)<\/span><\/span><\/span><\/article><article class='slide-entry flex_column  post-entry post-entry-5437 slide-entry-overview slide-loop-6 slide-parity-odd  av_one_third  real-thumbnail posttype-post post-format-gallery'  itemscope=\"itemscope\" itemtype=\"https:\/\/schema.org\/CreativeWork\" ><a href='https:\/\/phonomuseum.fr\/femmes-des-annees-folles\/' data-rel='slide-1' class='slide-image' title='Femmes des Ann\u00e9es Folles'><img decoding=\"async\" fetchpriority=\"high\" width=\"495\" height=\"400\" src=\"https:\/\/phonomuseum.fr\/wp-content\/uploads\/2026\/02\/2026.03.12ConferenceDisqueeFemmesDesAnneesFolles-495x400.jpg\" class=\"wp-image-5441 avia-img-lazy-loading-not-5441 attachment-portfolio size-portfolio wp-post-image\" alt=\"\" srcset=\"https:\/\/phonomuseum.fr\/wp-content\/uploads\/2026\/02\/2026.03.12ConferenceDisqueeFemmesDesAnneesFolles-495x400.jpg 495w, https:\/\/phonomuseum.fr\/wp-content\/uploads\/2026\/02\/2026.03.12ConferenceDisqueeFemmesDesAnneesFolles-845x684.jpg 845w\" sizes=\"(max-width: 495px) 100vw, 495px\" \/><\/a><div class=\"slide-content\"><header class=\"entry-content-header\" aria-label=\"Slide: Femmes des Ann\u00e9es Folles\"><span class=\"blog-categories minor-meta\"><a href=\"https:\/\/phonomuseum.fr\/category\/blog\/\" rel=\"tag\">BLOG<\/a>, <a href=\"https:\/\/phonomuseum.fr\/category\/conferences\/\" rel=\"tag\">Conf\u00e9rences<\/a>, <a href=\"https:\/\/phonomuseum.fr\/category\/conferences\/conferences-2026\/\" rel=\"tag\">Conf\u00e9rences 2026<\/a> <\/span><h3 class='slide-entry-title entry-title '  itemprop=\"headline\" ><a href='https:\/\/phonomuseum.fr\/femmes-des-annees-folles\/' title='Femmes des Ann\u00e9es Folles'>Femmes des Ann\u00e9es Folles<\/a><\/h3><span class=\"av-vertical-delimiter\"><\/span><\/header><div class='slide-entry-excerpt entry-content'  itemprop=\"text\" >Conf\u00e9rence Disqu\u00e9e par Norman Barreau-G\u00e9ly et l'\u00e9quipe du PHONO Museum Paris :\r\n\r\nJeudi 12 mars 2026 \u00e0 19h - Tarif : 10 euros\/personne.\r\n\r\n_____\r\n\r\n\r\n&nbsp;\r\nAu lendemain de la Premi\u00e8re Guerre mondiale, les femmes, qui ont remplac\u00e9 les\u2026<\/div><\/div><footer class=\"entry-footer\"><div class=\"slide-meta\"><time class='slide-meta-time updated'  itemprop=\"datePublished\" datetime=\"2026-02-16T23:22:18+01:00\" ><\/time><\/div><\/footer><span class='hidden'>\n\t\t\t\t<span class='av-structured-data'  itemprop=\"image\" itemscope=\"itemscope\" itemtype=\"https:\/\/schema.org\/ImageObject\" >\n\t\t\t\t\t\t<span itemprop='url'>https:\/\/phonomuseum.fr\/wp-content\/uploads\/2026\/02\/2026.03.12ConferenceDisqueeFemmesDesAnneesFolles.jpg<\/span>\n\t\t\t\t\t\t<span itemprop='height'>2000<\/span>\n\t\t\t\t\t\t<span itemprop='width'>1428<\/span>\n\t\t\t\t<\/span>\n\t\t\t\t<span class='av-structured-data'  itemprop=\"publisher\" itemtype=\"https:\/\/schema.org\/Organization\" itemscope=\"itemscope\" >\n\t\t\t\t\t\t<span itemprop='name'>Claude Rizzo<\/span>\n\t\t\t\t\t\t<span itemprop='logo' itemscope itemtype='https:\/\/schema.org\/ImageObject'>\n\t\t\t\t\t\t\t<span itemprop='url'>https:\/\/phonomuseum.fr\/wp-content\/uploads\/2021\/01\/logo-couleurs-300x140.png<\/span>\n\t\t\t\t\t\t<\/span>\n\t\t\t\t<\/span><span class='av-structured-data'  itemprop=\"author\" itemscope=\"itemscope\" itemtype=\"https:\/\/schema.org\/Person\" ><span itemprop='name'>Claude Rizzo<\/span><\/span><span class='av-structured-data'  itemprop=\"datePublished\" datetime=\"2020-12-16T13:33:38+01:00\" >2026-02-16 23:22:18<\/span><span class='av-structured-data'  itemprop=\"dateModified\" itemtype=\"https:\/\/schema.org\/dateModified\" >2026-03-22 19:59:40<\/span><span class='av-structured-data'  itemprop=\"mainEntityOfPage\" itemtype=\"https:\/\/schema.org\/mainEntityOfPage\" ><span itemprop='name'>Femmes des Ann\u00e9es Folles<\/span><\/span><\/span><\/article><\/div><div class=\"slide-entry-wrap\"><article class='slide-entry flex_column  post-entry post-entry-5422 slide-entry-overview slide-loop-7 slide-parity-odd  av_one_third first real-thumbnail posttype-post post-format-standard'  itemscope=\"itemscope\" itemtype=\"https:\/\/schema.org\/CreativeWork\" ><a href='https:\/\/phonomuseum.fr\/babar-l-elephant-au-phonomuseumparis\/' data-rel='slide-1' class='slide-image' title='BABAR L&rsquo;\u00c9l\u00e9phant est au PHONO Museum Paris !'><img decoding=\"async\" fetchpriority=\"high\" width=\"495\" height=\"400\" src=\"https:\/\/phonomuseum.fr\/wp-content\/uploads\/2026\/02\/2026.02.15Babar-495x400.jpg\" class=\"wp-image-5423 avia-img-lazy-loading-not-5423 attachment-portfolio size-portfolio wp-post-image\" alt=\"\" \/><\/a><div class=\"slide-content\"><header class=\"entry-content-header\" aria-label=\"Slide: BABAR L&#039;\u00c9l\u00e9phant est au PHONO Museum Paris !\"><span class=\"blog-categories minor-meta\"><a href=\"https:\/\/phonomuseum.fr\/category\/blog\/\" rel=\"tag\">BLOG<\/a>, <a href=\"https:\/\/phonomuseum.fr\/category\/evenement\/\" rel=\"tag\">Evenement<\/a> <\/span><h3 class='slide-entry-title entry-title '  itemprop=\"headline\" ><a href='https:\/\/phonomuseum.fr\/babar-l-elephant-au-phonomuseumparis\/' title='BABAR L&rsquo;\u00c9l\u00e9phant est au PHONO Museum Paris !'>BABAR L&rsquo;\u00c9l\u00e9phant est au PHONO Museum Paris !<\/a><\/h3><span class=\"av-vertical-delimiter\"><\/span><\/header><div class='slide-entry-excerpt entry-content'  itemprop=\"text\" >\r\nLe dimanche 15 f\u00e9vrier 2025,\u00a0 BABAR l'\u00c9l\u00e9phant est en spectacle au PHONO Museum Paris !\r\nAvertissement ! le spectacle est en langue russe. Le spectacle est destin\u00e9 \u00e0 nos amis russophones.\r\nDeux repr\u00e9sentations sont programm\u00e9es. Premi\u00e8re\u2026<\/div><\/div><footer class=\"entry-footer\"><div class=\"slide-meta\"><time class='slide-meta-time updated'  itemprop=\"datePublished\" datetime=\"2026-02-12T23:27:15+01:00\" ><\/time><\/div><\/footer><span class='hidden'>\n\t\t\t\t<span class='av-structured-data'  itemprop=\"image\" itemscope=\"itemscope\" itemtype=\"https:\/\/schema.org\/ImageObject\" >\n\t\t\t\t\t\t<span itemprop='url'>https:\/\/phonomuseum.fr\/wp-content\/uploads\/2026\/02\/2026.02.15Babar.jpg<\/span>\n\t\t\t\t\t\t<span itemprop='height'>584<\/span>\n\t\t\t\t\t\t<span itemprop='width'>1038<\/span>\n\t\t\t\t<\/span>\n\t\t\t\t<span class='av-structured-data'  itemprop=\"publisher\" itemtype=\"https:\/\/schema.org\/Organization\" itemscope=\"itemscope\" >\n\t\t\t\t\t\t<span itemprop='name'>Claude Rizzo<\/span>\n\t\t\t\t\t\t<span itemprop='logo' itemscope itemtype='https:\/\/schema.org\/ImageObject'>\n\t\t\t\t\t\t\t<span itemprop='url'>https:\/\/phonomuseum.fr\/wp-content\/uploads\/2021\/01\/logo-couleurs-300x140.png<\/span>\n\t\t\t\t\t\t<\/span>\n\t\t\t\t<\/span><span class='av-structured-data'  itemprop=\"author\" itemscope=\"itemscope\" itemtype=\"https:\/\/schema.org\/Person\" ><span itemprop='name'>Claude Rizzo<\/span><\/span><span class='av-structured-data'  itemprop=\"datePublished\" datetime=\"2020-12-16T13:33:38+01:00\" >2026-02-12 23:27:15<\/span><span class='av-structured-data'  itemprop=\"dateModified\" itemtype=\"https:\/\/schema.org\/dateModified\" >2026-02-16 23:36:49<\/span><span class='av-structured-data'  itemprop=\"mainEntityOfPage\" itemtype=\"https:\/\/schema.org\/mainEntityOfPage\" ><span itemprop='name'>BABAR L&rsquo;\u00c9l\u00e9phant est au PHONO Museum Paris !<\/span><\/span><\/span><\/article><article class='slide-entry flex_column  post-entry post-entry-5366 slide-entry-overview slide-loop-8 slide-parity-even  av_one_third  real-thumbnail posttype-post post-format-standard'  itemscope=\"itemscope\" itemtype=\"https:\/\/schema.org\/CreativeWork\" ><a href='https:\/\/phonomuseum.fr\/concert-jean-de-valcan-phono-museum-paris-diffusion\/' data-rel='slide-1' class='slide-image' title='R\u00e9trospective Jean de Valcan 2025 au PHONO Museum Paris'><img decoding=\"async\" fetchpriority=\"high\" width=\"495\" height=\"400\" src=\"https:\/\/phonomuseum.fr\/wp-content\/uploads\/2025\/12\/Riz2025.11.07GalaJeanDeValcanPhonoMuseumParis-37-495x400.jpg\" class=\"wp-image-5377 avia-img-lazy-loading-not-5377 attachment-portfolio size-portfolio wp-post-image\" alt=\"\" srcset=\"https:\/\/phonomuseum.fr\/wp-content\/uploads\/2025\/12\/Riz2025.11.07GalaJeanDeValcanPhonoMuseumParis-37-495x400.jpg 495w, https:\/\/phonomuseum.fr\/wp-content\/uploads\/2025\/12\/Riz2025.11.07GalaJeanDeValcanPhonoMuseumParis-37-845x684.jpg 845w\" sizes=\"(max-width: 495px) 100vw, 495px\" \/><\/a><div class=\"slide-content\"><header class=\"entry-content-header\" aria-label=\"Slide: R\u00e9trospective Jean de Valcan 2025 au PHONO Museum Paris\"><span class=\"blog-categories minor-meta\"><a href=\"https:\/\/phonomuseum.fr\/category\/blog\/\" rel=\"tag\">BLOG<\/a>, <a href=\"https:\/\/phonomuseum.fr\/category\/concerts\/\" rel=\"tag\">Concerts<\/a>, <a href=\"https:\/\/phonomuseum.fr\/category\/concerts\/concerts-2025\/\" rel=\"tag\">Concerts 2025<\/a> <\/span><h3 class='slide-entry-title entry-title '  itemprop=\"headline\" ><a href='https:\/\/phonomuseum.fr\/concert-jean-de-valcan-phono-museum-paris-diffusion\/' title='R\u00e9trospective Jean de Valcan 2025 au PHONO Museum Paris'>R\u00e9trospective Jean de Valcan 2025 au PHONO Museum Paris<\/a><\/h3><span class=\"av-vertical-delimiter\"><\/span><\/header><div class='slide-entry-excerpt entry-content'  itemprop=\"text\" >\r\n\r\n<\/div><\/div><footer class=\"entry-footer\"><div class=\"slide-meta\"><time class='slide-meta-time updated'  itemprop=\"datePublished\" datetime=\"2025-12-26T23:45:50+01:00\" ><\/time><\/div><\/footer><span class='hidden'>\n\t\t\t\t<span class='av-structured-data'  itemprop=\"image\" itemscope=\"itemscope\" itemtype=\"https:\/\/schema.org\/ImageObject\" >\n\t\t\t\t\t\t<span itemprop='url'>https:\/\/phonomuseum.fr\/wp-content\/uploads\/2025\/12\/Riz2025.11.07GalaJeanDeValcanPhonoMuseumParis-37.jpg<\/span>\n\t\t\t\t\t\t<span itemprop='height'>1000<\/span>\n\t\t\t\t\t\t<span itemprop='width'>1500<\/span>\n\t\t\t\t<\/span>\n\t\t\t\t<span class='av-structured-data'  itemprop=\"publisher\" itemtype=\"https:\/\/schema.org\/Organization\" itemscope=\"itemscope\" >\n\t\t\t\t\t\t<span itemprop='name'>Claude Rizzo<\/span>\n\t\t\t\t\t\t<span itemprop='logo' itemscope itemtype='https:\/\/schema.org\/ImageObject'>\n\t\t\t\t\t\t\t<span itemprop='url'>https:\/\/phonomuseum.fr\/wp-content\/uploads\/2021\/01\/logo-couleurs-300x140.png<\/span>\n\t\t\t\t\t\t<\/span>\n\t\t\t\t<\/span><span class='av-structured-data'  itemprop=\"author\" itemscope=\"itemscope\" itemtype=\"https:\/\/schema.org\/Person\" ><span itemprop='name'>Claude Rizzo<\/span><\/span><span class='av-structured-data'  itemprop=\"datePublished\" datetime=\"2020-12-16T13:33:38+01:00\" >2025-12-26 23:45:50<\/span><span class='av-structured-data'  itemprop=\"dateModified\" itemtype=\"https:\/\/schema.org\/dateModified\" >2025-12-27 00:18:02<\/span><span class='av-structured-data'  itemprop=\"mainEntityOfPage\" itemtype=\"https:\/\/schema.org\/mainEntityOfPage\" ><span itemprop='name'>R\u00e9trospective Jean de Valcan 2025 au PHONO Museum Paris<\/span><\/span><\/span><\/article><article class='slide-entry flex_column  post-entry post-entry-5270 slide-entry-overview slide-loop-9 slide-parity-odd  av_one_third  real-thumbnail posttype-post post-format-standard'  itemscope=\"itemscope\" itemtype=\"https:\/\/schema.org\/CreativeWork\" ><a href='https:\/\/phonomuseum.fr\/llesthetique-du-gramophone-selon-sascha-brosamer\/' data-rel='slide-1' class='slide-image' title='L&rsquo;esth\u00e9tique du gramophone selon Sascha Brosamer'><img decoding=\"async\" fetchpriority=\"high\" width=\"495\" height=\"400\" src=\"https:\/\/phonomuseum.fr\/wp-content\/uploads\/2025\/11\/Sascha-Brosamer_a-piece-for-5-grammys_photocredit_Sascha-Brosamer-495x400.jpeg\" class=\"wp-image-5269 avia-img-lazy-loading-not-5269 attachment-portfolio size-portfolio wp-post-image\" alt=\"\" srcset=\"https:\/\/phonomuseum.fr\/wp-content\/uploads\/2025\/11\/Sascha-Brosamer_a-piece-for-5-grammys_photocredit_Sascha-Brosamer-495x400.jpeg 495w, https:\/\/phonomuseum.fr\/wp-content\/uploads\/2025\/11\/Sascha-Brosamer_a-piece-for-5-grammys_photocredit_Sascha-Brosamer-845x684.jpeg 845w\" sizes=\"(max-width: 495px) 100vw, 495px\" \/><\/a><div class=\"slide-content\"><header class=\"entry-content-header\" aria-label=\"Slide: L&#039;esth\u00e9tique du gramophone selon Sascha Brosamer\"><span class=\"blog-categories minor-meta\"><a href=\"https:\/\/phonomuseum.fr\/category\/blog\/\" rel=\"tag\">BLOG<\/a> <\/span><h3 class='slide-entry-title entry-title '  itemprop=\"headline\" ><a href='https:\/\/phonomuseum.fr\/llesthetique-du-gramophone-selon-sascha-brosamer\/' title='L&rsquo;esth\u00e9tique du gramophone selon Sascha Brosamer'>L&rsquo;esth\u00e9tique du gramophone selon Sascha Brosamer<\/a><\/h3><span class=\"av-vertical-delimiter\"><\/span><\/header><div class='slide-entry-excerpt entry-content'  itemprop=\"text\" >L'ESTH\u00c9TIQUE DU GRAMOPHONE SELON SASCHA BROSAMER.\r\nSascha Brosamer, artiste outre-Rhin, est un Ami du PHONO Museum Paris, de longue date. Il est venu \u00e0 Paris accomplir certaines de ses \u0153uvres artistiques. Sascha Brosamer travaille actuellement\u2026<\/div><\/div><footer class=\"entry-footer\"><div class=\"slide-meta\"><time class='slide-meta-time updated'  itemprop=\"datePublished\" datetime=\"2025-11-07T15:51:56+01:00\" ><\/time><\/div><\/footer><span class='hidden'>\n\t\t\t\t<span class='av-structured-data'  itemprop=\"image\" itemscope=\"itemscope\" itemtype=\"https:\/\/schema.org\/ImageObject\" >\n\t\t\t\t\t\t<span itemprop='url'>https:\/\/phonomuseum.fr\/wp-content\/uploads\/2025\/11\/Sascha-Brosamer_a-piece-for-5-grammys_photocredit_Sascha-Brosamer-scaled.jpeg<\/span>\n\t\t\t\t\t\t<span itemprop='height'>1827<\/span>\n\t\t\t\t\t\t<span itemprop='width'>2560<\/span>\n\t\t\t\t<\/span>\n\t\t\t\t<span class='av-structured-data'  itemprop=\"publisher\" itemtype=\"https:\/\/schema.org\/Organization\" itemscope=\"itemscope\" >\n\t\t\t\t\t\t<span itemprop='name'>Claude Rizzo<\/span>\n\t\t\t\t\t\t<span itemprop='logo' itemscope itemtype='https:\/\/schema.org\/ImageObject'>\n\t\t\t\t\t\t\t<span itemprop='url'>https:\/\/phonomuseum.fr\/wp-content\/uploads\/2021\/01\/logo-couleurs-300x140.png<\/span>\n\t\t\t\t\t\t<\/span>\n\t\t\t\t<\/span><span class='av-structured-data'  itemprop=\"author\" itemscope=\"itemscope\" itemtype=\"https:\/\/schema.org\/Person\" ><span itemprop='name'>Claude Rizzo<\/span><\/span><span class='av-structured-data'  itemprop=\"datePublished\" datetime=\"2020-12-16T13:33:38+01:00\" >2025-11-07 15:51:56<\/span><span class='av-structured-data'  itemprop=\"dateModified\" itemtype=\"https:\/\/schema.org\/dateModified\" >2025-11-10 00:58:50<\/span><span class='av-structured-data'  itemprop=\"mainEntityOfPage\" itemtype=\"https:\/\/schema.org\/mainEntityOfPage\" ><span itemprop='name'>L&rsquo;esth\u00e9tique du gramophone selon Sascha Brosamer<\/span><\/span><\/span><\/article><\/div><div class=\"slide-entry-wrap\"><article class='slide-entry flex_column  post-entry post-entry-5257 slide-entry-overview slide-loop-10 slide-parity-odd  av_one_third first real-thumbnail posttype-post post-format-standard'  itemscope=\"itemscope\" itemtype=\"https:\/\/schema.org\/CreativeWork\" ><a href='https:\/\/phonomuseum.fr\/la-fashion-week-les-fabuleux-dessins-de-claude-vega\/' data-rel='slide-1' class='slide-image' title='La Fashion Week &#8211; Les Fabuleux Dessins de Claude V\u00e9ga'><img decoding=\"async\" fetchpriority=\"high\" width=\"495\" height=\"400\" src=\"https:\/\/phonomuseum.fr\/wp-content\/uploads\/2025\/11\/LivreGoupyClaudeVega-495x400.png\" class=\"wp-image-5255 avia-img-lazy-loading-not-5255 attachment-portfolio size-portfolio wp-post-image\" alt=\"\" srcset=\"https:\/\/phonomuseum.fr\/wp-content\/uploads\/2025\/11\/LivreGoupyClaudeVega-495x400.png 495w, https:\/\/phonomuseum.fr\/wp-content\/uploads\/2025\/11\/LivreGoupyClaudeVega-845x684.png 845w\" sizes=\"(max-width: 495px) 100vw, 495px\" \/><\/a><div class=\"slide-content\"><header class=\"entry-content-header\" aria-label=\"Slide: La Fashion Week - Les Fabuleux Dessins de Claude V\u00e9ga\"><span class=\"blog-categories minor-meta\"><a href=\"https:\/\/phonomuseum.fr\/category\/blog\/\" rel=\"tag\">BLOG<\/a>, <a href=\"https:\/\/phonomuseum.fr\/category\/conferences\/\" rel=\"tag\">Conf\u00e9rences<\/a>, <a href=\"https:\/\/phonomuseum.fr\/category\/conferences\/conferences-2025\/\" rel=\"tag\">Conf\u00e9rences 2025<\/a> <\/span><h3 class='slide-entry-title entry-title '  itemprop=\"headline\" ><a href='https:\/\/phonomuseum.fr\/la-fashion-week-les-fabuleux-dessins-de-claude-vega\/' title='La Fashion Week &#8211; Les Fabuleux Dessins de Claude V\u00e9ga'>La Fashion Week &#8211; Les Fabuleux Dessins de Claude V\u00e9ga<\/a><\/h3><span class=\"av-vertical-delimiter\"><\/span><\/header><div class='slide-entry-excerpt entry-content'  itemprop=\"text\" >\u00c0 l'occasion de la parution de l'ouvrage d'Arlette Goupy - LA FASHION-WEEK - LES FABULEUX DESSINS DE CLAUDE V\u00c9GA, une s\u00e9ance de d\u00e9dicace et d'\u00e9change avec l'autrice est organis\u00e9e au PHONO Museum Paris :\r\n\r\nLundi 8 d\u00e9cembre 2025 de 18H00\u2026<\/div><\/div><footer class=\"entry-footer\"><div class=\"slide-meta\"><time class='slide-meta-time updated'  itemprop=\"datePublished\" datetime=\"2025-11-06T15:38:50+01:00\" ><\/time><\/div><\/footer><span class='hidden'>\n\t\t\t\t<span class='av-structured-data'  itemprop=\"image\" itemscope=\"itemscope\" itemtype=\"https:\/\/schema.org\/ImageObject\" >\n\t\t\t\t\t\t<span itemprop='url'>https:\/\/phonomuseum.fr\/wp-content\/uploads\/2025\/11\/LivreGoupyClaudeVega.png<\/span>\n\t\t\t\t\t\t<span itemprop='height'>2421<\/span>\n\t\t\t\t\t\t<span itemprop='width'>1677<\/span>\n\t\t\t\t<\/span>\n\t\t\t\t<span class='av-structured-data'  itemprop=\"publisher\" itemtype=\"https:\/\/schema.org\/Organization\" itemscope=\"itemscope\" >\n\t\t\t\t\t\t<span itemprop='name'>Claude Rizzo<\/span>\n\t\t\t\t\t\t<span itemprop='logo' itemscope itemtype='https:\/\/schema.org\/ImageObject'>\n\t\t\t\t\t\t\t<span itemprop='url'>https:\/\/phonomuseum.fr\/wp-content\/uploads\/2021\/01\/logo-couleurs-300x140.png<\/span>\n\t\t\t\t\t\t<\/span>\n\t\t\t\t<\/span><span class='av-structured-data'  itemprop=\"author\" itemscope=\"itemscope\" itemtype=\"https:\/\/schema.org\/Person\" ><span itemprop='name'>Claude Rizzo<\/span><\/span><span class='av-structured-data'  itemprop=\"datePublished\" datetime=\"2020-12-16T13:33:38+01:00\" >2025-11-06 15:38:50<\/span><span class='av-structured-data'  itemprop=\"dateModified\" itemtype=\"https:\/\/schema.org\/dateModified\" >2025-11-06 15:41:02<\/span><span class='av-structured-data'  itemprop=\"mainEntityOfPage\" itemtype=\"https:\/\/schema.org\/mainEntityOfPage\" ><span itemprop='name'>La Fashion Week &#8211; Les Fabuleux Dessins de Claude V\u00e9ga<\/span><\/span><\/span><\/article><article class='slide-entry flex_column  post-entry post-entry-5236 slide-entry-overview slide-loop-11 slide-parity-even  av_one_third  real-thumbnail posttype-post post-format-standard'  itemscope=\"itemscope\" itemtype=\"https:\/\/schema.org\/CreativeWork\" ><a href='https:\/\/phonomuseum.fr\/concert-jean-de-valcan-phono-museum-paris\/' data-rel='slide-1' class='slide-image' title='Jean de Valcan &#8211; Concert au PHONO Museum Paris'><img decoding=\"async\" fetchpriority=\"high\" width=\"495\" height=\"400\" src=\"https:\/\/phonomuseum.fr\/wp-content\/uploads\/2025\/10\/2025.11.07JeanDeValcan-495x400.jpg\" class=\"wp-image-5238 avia-img-lazy-loading-not-5238 attachment-portfolio size-portfolio wp-post-image\" alt=\"\" srcset=\"https:\/\/phonomuseum.fr\/wp-content\/uploads\/2025\/10\/2025.11.07JeanDeValcan-495x400.jpg 495w, https:\/\/phonomuseum.fr\/wp-content\/uploads\/2025\/10\/2025.11.07JeanDeValcan-845x684.jpg 845w\" sizes=\"(max-width: 495px) 100vw, 495px\" \/><\/a><div class=\"slide-content\"><header class=\"entry-content-header\" aria-label=\"Slide: Jean de Valcan - Concert au PHONO Museum Paris\"><span class=\"blog-categories minor-meta\"><a href=\"https:\/\/phonomuseum.fr\/category\/blog\/\" rel=\"tag\">BLOG<\/a>, <a href=\"https:\/\/phonomuseum.fr\/category\/concerts\/\" rel=\"tag\">Concerts<\/a>, <a href=\"https:\/\/phonomuseum.fr\/category\/concerts\/concerts-2025\/\" rel=\"tag\">Concerts 2025<\/a> <\/span><h3 class='slide-entry-title entry-title '  itemprop=\"headline\" ><a href='https:\/\/phonomuseum.fr\/concert-jean-de-valcan-phono-museum-paris\/' title='Jean de Valcan &#8211; Concert au PHONO Museum Paris'>Jean de Valcan &#8211; Concert au PHONO Museum Paris<\/a><\/h3><span class=\"av-vertical-delimiter\"><\/span><\/header><div class='slide-entry-excerpt entry-content'  itemprop=\"text\" >Jean de Valcan en concert au PHONO Museum Paris.\r\n\r\nVendredi 7 novembre 2025 \u00e0 19h15 - Tarif : 20 euros\/personne.\r\n\r\n\r\n\r\n&nbsp;\r\nAuteur, compositeur, interpr\u00e8te, pianiste, Jean de Valcan vous invite \u00e0 d\u00e9couvrir son univers musical po\u00e9tique\u2026<\/div><\/div><footer class=\"entry-footer\"><div class=\"slide-meta\"><time class='slide-meta-time updated'  itemprop=\"datePublished\" datetime=\"2025-10-23T21:31:30+02:00\" ><\/time><\/div><\/footer><span class='hidden'>\n\t\t\t\t<span class='av-structured-data'  itemprop=\"image\" itemscope=\"itemscope\" itemtype=\"https:\/\/schema.org\/ImageObject\" >\n\t\t\t\t\t\t<span itemprop='url'>https:\/\/phonomuseum.fr\/wp-content\/uploads\/2025\/10\/2025.11.07JeanDeValcan.jpg<\/span>\n\t\t\t\t\t\t<span itemprop='height'>2048<\/span>\n\t\t\t\t\t\t<span itemprop='width'>1152<\/span>\n\t\t\t\t<\/span>\n\t\t\t\t<span class='av-structured-data'  itemprop=\"publisher\" itemtype=\"https:\/\/schema.org\/Organization\" itemscope=\"itemscope\" >\n\t\t\t\t\t\t<span itemprop='name'>Claude Rizzo<\/span>\n\t\t\t\t\t\t<span itemprop='logo' itemscope itemtype='https:\/\/schema.org\/ImageObject'>\n\t\t\t\t\t\t\t<span itemprop='url'>https:\/\/phonomuseum.fr\/wp-content\/uploads\/2021\/01\/logo-couleurs-300x140.png<\/span>\n\t\t\t\t\t\t<\/span>\n\t\t\t\t<\/span><span class='av-structured-data'  itemprop=\"author\" itemscope=\"itemscope\" itemtype=\"https:\/\/schema.org\/Person\" ><span itemprop='name'>Claude Rizzo<\/span><\/span><span class='av-structured-data'  itemprop=\"datePublished\" datetime=\"2020-12-16T13:33:38+01:00\" >2025-10-23 21:31:30<\/span><span class='av-structured-data'  itemprop=\"dateModified\" itemtype=\"https:\/\/schema.org\/dateModified\" >2025-10-23 21:54:03<\/span><span class='av-structured-data'  itemprop=\"mainEntityOfPage\" itemtype=\"https:\/\/schema.org\/mainEntityOfPage\" ><span itemprop='name'>Jean de Valcan &#8211; Concert au PHONO Museum Paris<\/span><\/span><\/span><\/article><article class='slide-entry flex_column  post-entry post-entry-5210 slide-entry-overview slide-loop-12 slide-parity-odd  av_one_third  real-thumbnail posttype-post post-format-standard'  itemscope=\"itemscope\" itemtype=\"https:\/\/schema.org\/CreativeWork\" ><a href='https:\/\/phonomuseum.fr\/show-case-toninho-do-carmo\/' data-rel='slide-1' class='slide-image' title='Show Case &#8211; Toninho do Carmo'><img decoding=\"async\" fetchpriority=\"high\" width=\"495\" height=\"400\" src=\"https:\/\/phonomuseum.fr\/wp-content\/uploads\/2025\/10\/2025.10.25ConcertToninhoDoCarmo-495x400.jpg\" class=\"wp-image-5213 avia-img-lazy-loading-not-5213 attachment-portfolio size-portfolio wp-post-image\" alt=\"\" srcset=\"https:\/\/phonomuseum.fr\/wp-content\/uploads\/2025\/10\/2025.10.25ConcertToninhoDoCarmo-495x400.jpg 495w, https:\/\/phonomuseum.fr\/wp-content\/uploads\/2025\/10\/2025.10.25ConcertToninhoDoCarmo-845x684.jpg 845w\" sizes=\"(max-width: 495px) 100vw, 495px\" \/><\/a><div class=\"slide-content\"><header class=\"entry-content-header\" aria-label=\"Slide: Show Case - Toninho do Carmo\"><span class=\"blog-categories minor-meta\"><a href=\"https:\/\/phonomuseum.fr\/category\/blog\/\" rel=\"tag\">BLOG<\/a>, <a href=\"https:\/\/phonomuseum.fr\/category\/concerts\/\" rel=\"tag\">Concerts<\/a>, <a href=\"https:\/\/phonomuseum.fr\/category\/concerts\/concerts-2025\/\" rel=\"tag\">Concerts 2025<\/a> <\/span><h3 class='slide-entry-title entry-title '  itemprop=\"headline\" ><a href='https:\/\/phonomuseum.fr\/show-case-toninho-do-carmo\/' title='Show Case &#8211; Toninho do Carmo'>Show Case &#8211; Toninho do Carmo<\/a><\/h3><span class=\"av-vertical-delimiter\"><\/span><\/header><div class='slide-entry-excerpt entry-content'  itemprop=\"text\" >Concert guitare par Toninho do Carmo.\r\n\r\nSamedi 25 octobre 2025 \u00e0 19h30 - Tarif : 20 euros\/personne.\r\n\r\n&nbsp;\r\n\r\n\r\n\r\nToninho do Carmo est n\u00e9 \u00e0 Hon\u00f3rio Bicalho, dans l'\u00e9tat du Minas Gerais, au Br\u00e9sil. \u00c0 cinq ans suite \u00e0 un accident,\u2026<\/div><\/div><footer class=\"entry-footer\"><div class=\"slide-meta\"><time class='slide-meta-time updated'  itemprop=\"datePublished\" datetime=\"2025-10-16T12:24:17+02:00\" ><\/time><\/div><\/footer><span class='hidden'>\n\t\t\t\t<span class='av-structured-data'  itemprop=\"image\" itemscope=\"itemscope\" itemtype=\"https:\/\/schema.org\/ImageObject\" >\n\t\t\t\t\t\t<span itemprop='url'>https:\/\/phonomuseum.fr\/wp-content\/uploads\/2025\/10\/2025.10.25ConcertToninhoDoCarmo.jpg<\/span>\n\t\t\t\t\t\t<span itemprop='height'>1408<\/span>\n\t\t\t\t\t\t<span itemprop='width'>1600<\/span>\n\t\t\t\t<\/span>\n\t\t\t\t<span class='av-structured-data'  itemprop=\"publisher\" itemtype=\"https:\/\/schema.org\/Organization\" itemscope=\"itemscope\" >\n\t\t\t\t\t\t<span itemprop='name'>Claude Rizzo<\/span>\n\t\t\t\t\t\t<span itemprop='logo' itemscope itemtype='https:\/\/schema.org\/ImageObject'>\n\t\t\t\t\t\t\t<span itemprop='url'>https:\/\/phonomuseum.fr\/wp-content\/uploads\/2021\/01\/logo-couleurs-300x140.png<\/span>\n\t\t\t\t\t\t<\/span>\n\t\t\t\t<\/span><span class='av-structured-data'  itemprop=\"author\" itemscope=\"itemscope\" itemtype=\"https:\/\/schema.org\/Person\" ><span itemprop='name'>Claude Rizzo<\/span><\/span><span class='av-structured-data'  itemprop=\"datePublished\" datetime=\"2020-12-16T13:33:38+01:00\" >2025-10-16 12:24:17<\/span><span class='av-structured-data'  itemprop=\"dateModified\" itemtype=\"https:\/\/schema.org\/dateModified\" >2025-10-16 13:51:47<\/span><span class='av-structured-data'  itemprop=\"mainEntityOfPage\" itemtype=\"https:\/\/schema.org\/mainEntityOfPage\" ><span itemprop='name'>Show Case &#8211; Toninho do Carmo<\/span><\/span><\/span><\/article><\/div><div class=\"slide-entry-wrap\"><article class='slide-entry flex_column  post-entry post-entry-5166 slide-entry-overview slide-loop-13 slide-parity-odd  av_one_third first real-thumbnail posttype-post post-format-standard'  itemscope=\"itemscope\" itemtype=\"https:\/\/schema.org\/CreativeWork\" ><a href='https:\/\/phonomuseum.fr\/a-rebours-les-chansons-napolitaines-vont-a-paris\/' data-rel='slide-1' class='slide-image' title='\u00c0 REBOURS &#8211; Les chansons napolitaines vont \u00e0 Paris.'><img decoding=\"async\" fetchpriority=\"high\" width=\"495\" height=\"400\" src=\"https:\/\/phonomuseum.fr\/wp-content\/uploads\/2025\/08\/MemorieDellaCanzonaFrancese-495x400.jpg\" class=\"wp-image-5173 avia-img-lazy-loading-not-5173 attachment-portfolio size-portfolio wp-post-image\" alt=\"\" \/><\/a><div class=\"slide-content\"><header class=\"entry-content-header\" aria-label=\"Slide: \u00c0 REBOURS - Les chansons napolitaines vont \u00e0 Paris.\"><span class=\"blog-categories minor-meta\"><a href=\"https:\/\/phonomuseum.fr\/category\/blog\/\" rel=\"tag\">BLOG<\/a>, <a href=\"https:\/\/phonomuseum.fr\/category\/conferences\/\" rel=\"tag\">Conf\u00e9rences<\/a>, <a href=\"https:\/\/phonomuseum.fr\/category\/conferences\/conferences-2025\/\" rel=\"tag\">Conf\u00e9rences 2025<\/a>, <a href=\"https:\/\/phonomuseum.fr\/category\/evenement\/\" rel=\"tag\">Evenement<\/a>, <a href=\"https:\/\/phonomuseum.fr\/category\/cat_events\/\" rel=\"tag\">evenements<\/a> <\/span><h3 class='slide-entry-title entry-title '  itemprop=\"headline\" ><a href='https:\/\/phonomuseum.fr\/a-rebours-les-chansons-napolitaines-vont-a-paris\/' title='\u00c0 REBOURS &#8211; Les chansons napolitaines vont \u00e0 Paris.'>\u00c0 REBOURS &#8211; Les chansons napolitaines vont \u00e0 Paris.<\/a><\/h3><span class=\"av-vertical-delimiter\"><\/span><\/header><div class='slide-entry-excerpt entry-content'  itemprop=\"text\" >Le PHONO Mus\u00e9um Paris a le plaisir de vous annoncer que M. Giovanni Vacca donnera une conf\u00e9rence, en langue fran\u00e7aise, en ses murs le :\r\n\r\nLundi 1er septembre 2025 \u00e0 19h00.\r\n&nbsp;\r\n\r\n\u00c0 REBOURS - Les chansons napolitaines vont \u00e0 Paris.\r\nConf\u00e9rence,\u2026<\/div><\/div><footer class=\"entry-footer\"><div class=\"slide-meta\"><time class='slide-meta-time updated'  itemprop=\"datePublished\" datetime=\"2025-08-16T19:42:40+02:00\" ><\/time><\/div><\/footer><span class='hidden'>\n\t\t\t\t<span class='av-structured-data'  itemprop=\"image\" itemscope=\"itemscope\" itemtype=\"https:\/\/schema.org\/ImageObject\" >\n\t\t\t\t\t\t<span itemprop='url'>https:\/\/phonomuseum.fr\/wp-content\/uploads\/2025\/08\/MemorieDellaCanzonaFrancese.jpg<\/span>\n\t\t\t\t\t\t<span itemprop='height'>794<\/span>\n\t\t\t\t\t\t<span itemprop='width'>600<\/span>\n\t\t\t\t<\/span>\n\t\t\t\t<span class='av-structured-data'  itemprop=\"publisher\" itemtype=\"https:\/\/schema.org\/Organization\" itemscope=\"itemscope\" >\n\t\t\t\t\t\t<span itemprop='name'>Claude Rizzo<\/span>\n\t\t\t\t\t\t<span itemprop='logo' itemscope itemtype='https:\/\/schema.org\/ImageObject'>\n\t\t\t\t\t\t\t<span itemprop='url'>https:\/\/phonomuseum.fr\/wp-content\/uploads\/2021\/01\/logo-couleurs-300x140.png<\/span>\n\t\t\t\t\t\t<\/span>\n\t\t\t\t<\/span><span class='av-structured-data'  itemprop=\"author\" itemscope=\"itemscope\" itemtype=\"https:\/\/schema.org\/Person\" ><span itemprop='name'>Claude Rizzo<\/span><\/span><span class='av-structured-data'  itemprop=\"datePublished\" datetime=\"2020-12-16T13:33:38+01:00\" >2025-08-16 19:42:40<\/span><span class='av-structured-data'  itemprop=\"dateModified\" itemtype=\"https:\/\/schema.org\/dateModified\" >2025-08-25 20:58:42<\/span><span class='av-structured-data'  itemprop=\"mainEntityOfPage\" itemtype=\"https:\/\/schema.org\/mainEntityOfPage\" ><span itemprop='name'>\u00c0 REBOURS &#8211; Les chansons napolitaines vont \u00e0 Paris.<\/span><\/span><\/span><\/article><article class='slide-entry flex_column  post-entry post-entry-5131 slide-entry-overview slide-loop-14 slide-parity-even  av_one_third  real-thumbnail posttype-post post-format-standard'  itemscope=\"itemscope\" itemtype=\"https:\/\/schema.org\/CreativeWork\" ><a href='https:\/\/phonomuseum.fr\/km12grandefetedechantierchelles\/' data-rel='slide-1' class='slide-image' title='KM12 &#8211; Grande F\u00eate de Chantier, \u00e0 Chelles (77)'><img decoding=\"async\" fetchpriority=\"high\" width=\"495\" height=\"400\" src=\"https:\/\/phonomuseum.fr\/wp-content\/uploads\/2025\/06\/623_KM12-CHELLES_Affiche_A3_VDEF_JPEG-scaled-1-495x400.webp\" class=\"wp-image-5133 avia-img-lazy-loading-not-5133 attachment-portfolio size-portfolio wp-post-image\" alt=\"\" srcset=\"https:\/\/phonomuseum.fr\/wp-content\/uploads\/2025\/06\/623_KM12-CHELLES_Affiche_A3_VDEF_JPEG-scaled-1-495x400.webp 495w, https:\/\/phonomuseum.fr\/wp-content\/uploads\/2025\/06\/623_KM12-CHELLES_Affiche_A3_VDEF_JPEG-scaled-1-845x684.webp 845w\" sizes=\"(max-width: 495px) 100vw, 495px\" \/><\/a><div class=\"slide-content\"><header class=\"entry-content-header\" aria-label=\"Slide: KM12 - Grande F\u00eate de Chantier, \u00e0 Chelles (77)\"><span class=\"blog-categories minor-meta\"><a href=\"https:\/\/phonomuseum.fr\/category\/blog\/\" rel=\"tag\">BLOG<\/a>, <a href=\"https:\/\/phonomuseum.fr\/category\/evenement\/\" rel=\"tag\">Evenement<\/a> <\/span><h3 class='slide-entry-title entry-title '  itemprop=\"headline\" ><a href='https:\/\/phonomuseum.fr\/km12grandefetedechantierchelles\/' title='KM12 &#8211; Grande F\u00eate de Chantier, \u00e0 Chelles (77)'>KM12 &#8211; Grande F\u00eate de Chantier, \u00e0 Chelles (77)<\/a><\/h3><span class=\"av-vertical-delimiter\"><\/span><\/header><div class='slide-entry-excerpt entry-content'  itemprop=\"text\" >\r\nLe 14 juin 2025,\u00a0 se d\u00e9roule \u00e0 Chelles, en Seine-et-Marne (77), l\u2019\u00e9v\u00e8nement culturel KM12 - Grande F\u00eate de Chantier, pour venir d\u00e9couvrir le chantier de la future Gare du Grand Paris Express, auquel tout le monde peut participer gratuitement.\r\nLe\u2026<\/div><\/div><footer class=\"entry-footer\"><div class=\"slide-meta\"><time class='slide-meta-time updated'  itemprop=\"datePublished\" datetime=\"2025-06-11T18:46:47+02:00\" ><\/time><\/div><\/footer><span class='hidden'>\n\t\t\t\t<span class='av-structured-data'  itemprop=\"image\" itemscope=\"itemscope\" itemtype=\"https:\/\/schema.org\/ImageObject\" >\n\t\t\t\t\t\t<span itemprop='url'>https:\/\/phonomuseum.fr\/wp-content\/uploads\/2025\/06\/623_KM12-CHELLES_Affiche_A3_VDEF_JPEG-scaled-1.webp<\/span>\n\t\t\t\t\t\t<span itemprop='height'>2560<\/span>\n\t\t\t\t\t\t<span itemprop='width'>1810<\/span>\n\t\t\t\t<\/span>\n\t\t\t\t<span class='av-structured-data'  itemprop=\"publisher\" itemtype=\"https:\/\/schema.org\/Organization\" itemscope=\"itemscope\" >\n\t\t\t\t\t\t<span itemprop='name'>Claude Rizzo<\/span>\n\t\t\t\t\t\t<span itemprop='logo' itemscope itemtype='https:\/\/schema.org\/ImageObject'>\n\t\t\t\t\t\t\t<span itemprop='url'>https:\/\/phonomuseum.fr\/wp-content\/uploads\/2021\/01\/logo-couleurs-300x140.png<\/span>\n\t\t\t\t\t\t<\/span>\n\t\t\t\t<\/span><span class='av-structured-data'  itemprop=\"author\" itemscope=\"itemscope\" itemtype=\"https:\/\/schema.org\/Person\" ><span itemprop='name'>Claude Rizzo<\/span><\/span><span class='av-structured-data'  itemprop=\"datePublished\" datetime=\"2020-12-16T13:33:38+01:00\" >2025-06-11 18:46:47<\/span><span class='av-structured-data'  itemprop=\"dateModified\" itemtype=\"https:\/\/schema.org\/dateModified\" >2025-06-11 18:46:47<\/span><span class='av-structured-data'  itemprop=\"mainEntityOfPage\" itemtype=\"https:\/\/schema.org\/mainEntityOfPage\" ><span itemprop='name'>KM12 &#8211; Grande F\u00eate de Chantier, \u00e0 Chelles (77)<\/span><\/span><\/span><\/article><article class='slide-entry flex_column  post-entry post-entry-5079 slide-entry-overview slide-loop-15 slide-parity-odd  av_one_third  real-thumbnail posttype-post post-format-standard'  itemscope=\"itemscope\" itemtype=\"https:\/\/schema.org\/CreativeWork\" ><a href='https:\/\/phonomuseum.fr\/les-createurs-et-creatrices-documentations-sonores-1901-1929-2\/' data-rel='slide-1' class='slide-image' title='Les cr\u00e9ateurs et cr\u00e9atrices : documentations sonores 1901-1929'><img decoding=\"async\" fetchpriority=\"high\" width=\"284\" height=\"398\" src=\"https:\/\/phonomuseum.fr\/wp-content\/uploads\/2021\/10\/Viktor-Maurel.png\" class=\"wp-image-3474 avia-img-lazy-loading-not-3474 attachment-portfolio size-portfolio wp-post-image\" alt=\"\" srcset=\"https:\/\/phonomuseum.fr\/wp-content\/uploads\/2021\/10\/Viktor-Maurel.png 284w, https:\/\/phonomuseum.fr\/wp-content\/uploads\/2021\/10\/Viktor-Maurel-214x300.png 214w\" sizes=\"(max-width: 284px) 100vw, 284px\" \/><\/a><div class=\"slide-content\"><header class=\"entry-content-header\" aria-label=\"Slide: Les cr\u00e9ateurs et cr\u00e9atrices : documentations sonores 1901-1929\"><span class=\"blog-categories minor-meta\"><a href=\"https:\/\/phonomuseum.fr\/category\/blog\/\" rel=\"tag\">BLOG<\/a>, <a href=\"https:\/\/phonomuseum.fr\/category\/conferences\/\" rel=\"tag\">Conf\u00e9rences<\/a>, <a href=\"https:\/\/phonomuseum.fr\/category\/conferences\/conferences-2025\/\" rel=\"tag\">Conf\u00e9rences 2025<\/a> <\/span><h3 class='slide-entry-title entry-title '  itemprop=\"headline\" ><a href='https:\/\/phonomuseum.fr\/les-createurs-et-creatrices-documentations-sonores-1901-1929-2\/' title='Les cr\u00e9ateurs et cr\u00e9atrices : documentations sonores 1901-1929'>Les cr\u00e9ateurs et cr\u00e9atrices : documentations sonores 1901-1929<\/a><\/h3><span class=\"av-vertical-delimiter\"><\/span><\/header><div class='slide-entry-excerpt entry-content'  itemprop=\"text\" >\r\nVictor Maurel dans le r\u00f4le de Iago (Otello)\r\n&nbsp;\r\nVendredi 30 mai 2025 \u00e0 19h30 \u2013 Tarif : 15 euros\/personne\r\nEn raison du succ\u00e8s de la conf\u00e9rence qui fut donn\u00e9e par M. Stefano Catalano le 15 octobre 2021 au PHONO Museum Paris et face\u2026<\/div><\/div><footer class=\"entry-footer\"><div class=\"slide-meta\"><time class='slide-meta-time updated'  itemprop=\"datePublished\" datetime=\"2025-05-23T11:52:02+02:00\" ><\/time><\/div><\/footer><span class='hidden'>\n\t\t\t\t<span class='av-structured-data'  itemprop=\"image\" itemscope=\"itemscope\" itemtype=\"https:\/\/schema.org\/ImageObject\" >\n\t\t\t\t\t\t<span itemprop='url'>https:\/\/phonomuseum.fr\/wp-content\/uploads\/2021\/10\/Viktor-Maurel.png<\/span>\n\t\t\t\t\t\t<span itemprop='height'>398<\/span>\n\t\t\t\t\t\t<span itemprop='width'>284<\/span>\n\t\t\t\t<\/span>\n\t\t\t\t<span class='av-structured-data'  itemprop=\"publisher\" itemtype=\"https:\/\/schema.org\/Organization\" itemscope=\"itemscope\" >\n\t\t\t\t\t\t<span itemprop='name'>Claude Rizzo<\/span>\n\t\t\t\t\t\t<span itemprop='logo' itemscope itemtype='https:\/\/schema.org\/ImageObject'>\n\t\t\t\t\t\t\t<span itemprop='url'>https:\/\/phonomuseum.fr\/wp-content\/uploads\/2021\/01\/logo-couleurs-300x140.png<\/span>\n\t\t\t\t\t\t<\/span>\n\t\t\t\t<\/span><span class='av-structured-data'  itemprop=\"author\" itemscope=\"itemscope\" itemtype=\"https:\/\/schema.org\/Person\" ><span itemprop='name'>Claude Rizzo<\/span><\/span><span class='av-structured-data'  itemprop=\"datePublished\" datetime=\"2020-12-16T13:33:38+01:00\" >2025-05-23 11:52:02<\/span><span class='av-structured-data'  itemprop=\"dateModified\" itemtype=\"https:\/\/schema.org\/dateModified\" >2025-05-23 22:06:46<\/span><span class='av-structured-data'  itemprop=\"mainEntityOfPage\" itemtype=\"https:\/\/schema.org\/mainEntityOfPage\" ><span itemprop='name'>Les cr\u00e9ateurs et cr\u00e9atrices : documentations sonores 1901-1929<\/span><\/span><\/span><\/article><\/div><div class=\"slide-entry-wrap\"><article class='slide-entry flex_column  post-entry post-entry-5057 slide-entry-overview slide-loop-16 slide-parity-odd  av_one_third first real-thumbnail posttype-post post-format-standard'  itemscope=\"itemscope\" itemtype=\"https:\/\/schema.org\/CreativeWork\" ><a href='https:\/\/phonomuseum.fr\/eperdument\/' data-rel='slide-1' class='slide-image' title='\u00c9PERDUMENT &#8211; Un enfant d&rsquo;Alep au bord de la Seine'><img decoding=\"async\" fetchpriority=\"high\" width=\"495\" height=\"400\" src=\"https:\/\/phonomuseum.fr\/wp-content\/uploads\/2025\/04\/Image-18-04-2025-a-22.50_-495x400.jpg\" class=\"wp-image-5058 avia-img-lazy-loading-not-5058 attachment-portfolio size-portfolio wp-post-image\" alt=\"\" \/><\/a><div class=\"slide-content\"><header class=\"entry-content-header\" aria-label=\"Slide: \u00c9PERDUMENT - Un enfant d&#039;Alep au bord de la Seine\"><span class=\"blog-categories minor-meta\"><a href=\"https:\/\/phonomuseum.fr\/category\/blog\/\" rel=\"tag\">BLOG<\/a>, <a href=\"https:\/\/phonomuseum.fr\/category\/concerts\/\" rel=\"tag\">Concerts<\/a>, <a href=\"https:\/\/phonomuseum.fr\/category\/concerts\/concerts-2025\/\" rel=\"tag\">Concerts 2025<\/a>, <a href=\"https:\/\/phonomuseum.fr\/category\/evenement\/\" rel=\"tag\">Evenement<\/a>, <a href=\"https:\/\/phonomuseum.fr\/category\/cat_events\/\" rel=\"tag\">evenements<\/a> <\/span><h3 class='slide-entry-title entry-title '  itemprop=\"headline\" ><a href='https:\/\/phonomuseum.fr\/eperdument\/' title='\u00c9PERDUMENT &#8211; Un enfant d&rsquo;Alep au bord de la Seine'>\u00c9PERDUMENT &#8211; Un enfant d&rsquo;Alep au bord de la Seine<\/a><\/h3><span class=\"av-vertical-delimiter\"><\/span><\/header><div class='slide-entry-excerpt entry-content'  itemprop=\"text\" >\u00c0 l'occasion de la publication de son nouveau livre \u00c9PERDUMENT - Un enfant d'Alep au bord de la Seine -, le PHONO Mus\u00e9um Paris a le plaisir de vous annoncer qu'Abed Azri\u00e9 d\u00e9dicacera son ouvrage autobiographique, \u00e0 l'issue de la soir\u00e9e\u2026<\/div><\/div><footer class=\"entry-footer\"><div class=\"slide-meta\"><time class='slide-meta-time updated'  itemprop=\"datePublished\" datetime=\"2025-04-30T22:49:16+02:00\" ><\/time><\/div><\/footer><span class='hidden'>\n\t\t\t\t<span class='av-structured-data'  itemprop=\"image\" itemscope=\"itemscope\" itemtype=\"https:\/\/schema.org\/ImageObject\" >\n\t\t\t\t\t\t<span itemprop='url'>https:\/\/phonomuseum.fr\/wp-content\/uploads\/2025\/04\/Image-18-04-2025-a-22.50_.jpg<\/span>\n\t\t\t\t\t\t<span itemprop='height'>479<\/span>\n\t\t\t\t\t\t<span itemprop='width'>655<\/span>\n\t\t\t\t<\/span>\n\t\t\t\t<span class='av-structured-data'  itemprop=\"publisher\" itemtype=\"https:\/\/schema.org\/Organization\" itemscope=\"itemscope\" >\n\t\t\t\t\t\t<span itemprop='name'>Claude Rizzo<\/span>\n\t\t\t\t\t\t<span itemprop='logo' itemscope itemtype='https:\/\/schema.org\/ImageObject'>\n\t\t\t\t\t\t\t<span itemprop='url'>https:\/\/phonomuseum.fr\/wp-content\/uploads\/2021\/01\/logo-couleurs-300x140.png<\/span>\n\t\t\t\t\t\t<\/span>\n\t\t\t\t<\/span><span class='av-structured-data'  itemprop=\"author\" itemscope=\"itemscope\" itemtype=\"https:\/\/schema.org\/Person\" ><span itemprop='name'>Claude Rizzo<\/span><\/span><span class='av-structured-data'  itemprop=\"datePublished\" datetime=\"2020-12-16T13:33:38+01:00\" >2025-04-30 22:49:16<\/span><span class='av-structured-data'  itemprop=\"dateModified\" itemtype=\"https:\/\/schema.org\/dateModified\" >2025-04-30 23:02:12<\/span><span class='av-structured-data'  itemprop=\"mainEntityOfPage\" itemtype=\"https:\/\/schema.org\/mainEntityOfPage\" ><span itemprop='name'>\u00c9PERDUMENT &#8211; Un enfant d&rsquo;Alep au bord de la Seine<\/span><\/span><\/span><\/article><article class='slide-entry flex_column  post-entry post-entry-5035 slide-entry-overview slide-loop-17 slide-parity-even  av_one_third  real-thumbnail posttype-post post-format-standard'  itemscope=\"itemscope\" itemtype=\"https:\/\/schema.org\/CreativeWork\" ><a href='https:\/\/phonomuseum.fr\/flonflons-et-lampions-le-livre-sur-les-guinguettes\/' data-rel='slide-1' class='slide-image' title='Flonflons et Lampions &#8211; Le livre sur les Guinguettes'><img decoding=\"async\" fetchpriority=\"high\" width=\"495\" height=\"400\" src=\"https:\/\/phonomuseum.fr\/wp-content\/uploads\/2025\/03\/2025.05.18ConferenceEtDedicaceLeLivreSurLesGuinguettes-495x400.jpg\" class=\"wp-image-5039 avia-img-lazy-loading-not-5039 attachment-portfolio size-portfolio wp-post-image\" alt=\"\" srcset=\"https:\/\/phonomuseum.fr\/wp-content\/uploads\/2025\/03\/2025.05.18ConferenceEtDedicaceLeLivreSurLesGuinguettes-495x400.jpg 495w, https:\/\/phonomuseum.fr\/wp-content\/uploads\/2025\/03\/2025.05.18ConferenceEtDedicaceLeLivreSurLesGuinguettes-845x684.jpg 845w\" sizes=\"(max-width: 495px) 100vw, 495px\" \/><\/a><div class=\"slide-content\"><header class=\"entry-content-header\" aria-label=\"Slide: Flonflons et Lampions - Le livre sur les Guinguettes\"><span class=\"blog-categories minor-meta\"><a href=\"https:\/\/phonomuseum.fr\/category\/blog\/\" rel=\"tag\">BLOG<\/a>, <a href=\"https:\/\/phonomuseum.fr\/category\/conferences\/\" rel=\"tag\">Conf\u00e9rences<\/a>, <a href=\"https:\/\/phonomuseum.fr\/category\/conferences\/conferences-2025\/\" rel=\"tag\">Conf\u00e9rences 2025<\/a> <\/span><h3 class='slide-entry-title entry-title '  itemprop=\"headline\" ><a href='https:\/\/phonomuseum.fr\/flonflons-et-lampions-le-livre-sur-les-guinguettes\/' title='Flonflons et Lampions &#8211; Le livre sur les Guinguettes'>Flonflons et Lampions &#8211; Le livre sur les Guinguettes<\/a><\/h3><span class=\"av-vertical-delimiter\"><\/span><\/header><div class='slide-entry-excerpt entry-content'  itemprop=\"text\" >Apr\u00e8s la publication de son livre FLONFLONS et LAMPIONS \u00e0 LA BUTTE PINSON, Isabelle Courtade d\u00e9dicacera son ouvrage et donnera une nouvelle conf\u00e9rence au mus\u00e9e le :\r\n\r\nDimanche 18 mai 2025 \u00e0 17h \u2013 Tarif : 10 euros\/personne.\r\nNota : chaque\u2026<\/div><\/div><footer class=\"entry-footer\"><div class=\"slide-meta\"><time class='slide-meta-time updated'  itemprop=\"datePublished\" datetime=\"2025-03-25T18:40:53+01:00\" ><\/time><div class=\"slide-meta-del\">\/<\/div><div class=\"slide-meta-comments\"><a href='https:\/\/phonomuseum.fr\/flonflons-et-lampions-le-livre-sur-les-guinguettes\/#comments'>2 Commentaires<\/a><\/div><\/div><\/footer><span class='hidden'>\n\t\t\t\t<span class='av-structured-data'  itemprop=\"image\" itemscope=\"itemscope\" itemtype=\"https:\/\/schema.org\/ImageObject\" >\n\t\t\t\t\t\t<span itemprop='url'>https:\/\/phonomuseum.fr\/wp-content\/uploads\/2025\/03\/2025.05.18ConferenceEtDedicaceLeLivreSurLesGuinguettes.jpg<\/span>\n\t\t\t\t\t\t<span itemprop='height'>2000<\/span>\n\t\t\t\t\t\t<span itemprop='width'>1429<\/span>\n\t\t\t\t<\/span>\n\t\t\t\t<span class='av-structured-data'  itemprop=\"publisher\" itemtype=\"https:\/\/schema.org\/Organization\" itemscope=\"itemscope\" >\n\t\t\t\t\t\t<span itemprop='name'>Claude Rizzo<\/span>\n\t\t\t\t\t\t<span itemprop='logo' itemscope itemtype='https:\/\/schema.org\/ImageObject'>\n\t\t\t\t\t\t\t<span itemprop='url'>https:\/\/phonomuseum.fr\/wp-content\/uploads\/2021\/01\/logo-couleurs-300x140.png<\/span>\n\t\t\t\t\t\t<\/span>\n\t\t\t\t<\/span><span class='av-structured-data'  itemprop=\"author\" itemscope=\"itemscope\" itemtype=\"https:\/\/schema.org\/Person\" ><span itemprop='name'>Claude Rizzo<\/span><\/span><span class='av-structured-data'  itemprop=\"datePublished\" datetime=\"2020-12-16T13:33:38+01:00\" >2025-03-25 18:40:53<\/span><span class='av-structured-data'  itemprop=\"dateModified\" itemtype=\"https:\/\/schema.org\/dateModified\" >2025-03-25 18:48:46<\/span><span class='av-structured-data'  itemprop=\"mainEntityOfPage\" itemtype=\"https:\/\/schema.org\/mainEntityOfPage\" ><span itemprop='name'>Flonflons et Lampions &#8211; Le livre sur les Guinguettes<\/span><\/span><\/span><\/article><article class='slide-entry flex_column  post-entry post-entry-4991 slide-entry-overview slide-loop-18 slide-parity-odd  av_one_third  real-thumbnail posttype-post post-format-standard'  itemscope=\"itemscope\" itemtype=\"https:\/\/schema.org\/CreativeWork\" ><a href='https:\/\/phonomuseum.fr\/les-folles-annees-du-club-r-26-a-montmartre\/' data-rel='slide-1' class='slide-image' title='Les Folles Ann\u00e9es du Club R-26, \u00e0 Montmartre'><img decoding=\"async\" fetchpriority=\"high\" width=\"495\" height=\"400\" src=\"https:\/\/phonomuseum.fr\/wp-content\/uploads\/2025\/02\/Les-folles-annees-du-Club-R-26-Paris-Mars-25-2-495x400.png\" class=\"wp-image-4994 avia-img-lazy-loading-not-4994 attachment-portfolio size-portfolio wp-post-image\" alt=\"\" srcset=\"https:\/\/phonomuseum.fr\/wp-content\/uploads\/2025\/02\/Les-folles-annees-du-Club-R-26-Paris-Mars-25-2-495x400.png 495w, https:\/\/phonomuseum.fr\/wp-content\/uploads\/2025\/02\/Les-folles-annees-du-Club-R-26-Paris-Mars-25-2-845x684.png 845w\" sizes=\"(max-width: 495px) 100vw, 495px\" \/><\/a><div class=\"slide-content\"><header class=\"entry-content-header\" aria-label=\"Slide: Les Folles Ann\u00e9es du Club R-26, \u00e0 Montmartre\"><span class=\"blog-categories minor-meta\"><a href=\"https:\/\/phonomuseum.fr\/category\/blog\/\" rel=\"tag\">BLOG<\/a>, <a href=\"https:\/\/phonomuseum.fr\/category\/concerts\/\" rel=\"tag\">Concerts<\/a>, <a href=\"https:\/\/phonomuseum.fr\/category\/concerts\/concerts-2025\/\" rel=\"tag\">Concerts 2025<\/a>, <a href=\"https:\/\/phonomuseum.fr\/category\/conferences\/\" rel=\"tag\">Conf\u00e9rences<\/a>, <a href=\"https:\/\/phonomuseum.fr\/category\/conferences\/conferences-2025\/\" rel=\"tag\">Conf\u00e9rences 2025<\/a> <\/span><h3 class='slide-entry-title entry-title '  itemprop=\"headline\" ><a href='https:\/\/phonomuseum.fr\/les-folles-annees-du-club-r-26-a-montmartre\/' title='Les Folles Ann\u00e9es du Club R-26, \u00e0 Montmartre'>Les Folles Ann\u00e9es du Club R-26, \u00e0 Montmartre<\/a><\/h3><span class=\"av-vertical-delimiter\"><\/span><\/header><div class='slide-entry-excerpt entry-content'  itemprop=\"text\" >Concert-Conf\u00e9rence par Norman Barreau-G\u00e9ly, Clair &amp; Yan Blakesley :\r\n\r\nDimanche 16 mars 2025 \u00e0 18h - Tarif : 20 euros\/personne.\r\n\r\nClair Blakesley, accompagn\u00e9e de guitares dans un Tour de chant compos\u00e9 jadis exclusivement pour le Club\u2026<\/div><\/div><footer class=\"entry-footer\"><div class=\"slide-meta\"><time class='slide-meta-time updated'  itemprop=\"datePublished\" datetime=\"2025-02-04T14:16:23+01:00\" ><\/time><\/div><\/footer><span class='hidden'>\n\t\t\t\t<span class='av-structured-data'  itemprop=\"image\" itemscope=\"itemscope\" itemtype=\"https:\/\/schema.org\/ImageObject\" >\n\t\t\t\t\t\t<span itemprop='url'>https:\/\/phonomuseum.fr\/wp-content\/uploads\/2025\/02\/Les-folles-annees-du-Club-R-26-Paris-Mars-25-2.png<\/span>\n\t\t\t\t\t\t<span itemprop='height'>2000<\/span>\n\t\t\t\t\t\t<span itemprop='width'>1429<\/span>\n\t\t\t\t<\/span>\n\t\t\t\t<span class='av-structured-data'  itemprop=\"publisher\" itemtype=\"https:\/\/schema.org\/Organization\" itemscope=\"itemscope\" >\n\t\t\t\t\t\t<span itemprop='name'>Claude Rizzo<\/span>\n\t\t\t\t\t\t<span itemprop='logo' itemscope itemtype='https:\/\/schema.org\/ImageObject'>\n\t\t\t\t\t\t\t<span itemprop='url'>https:\/\/phonomuseum.fr\/wp-content\/uploads\/2021\/01\/logo-couleurs-300x140.png<\/span>\n\t\t\t\t\t\t<\/span>\n\t\t\t\t<\/span><span class='av-structured-data'  itemprop=\"author\" itemscope=\"itemscope\" itemtype=\"https:\/\/schema.org\/Person\" ><span itemprop='name'>Claude Rizzo<\/span><\/span><span class='av-structured-data'  itemprop=\"datePublished\" datetime=\"2020-12-16T13:33:38+01:00\" >2025-02-04 14:16:23<\/span><span class='av-structured-data'  itemprop=\"dateModified\" itemtype=\"https:\/\/schema.org\/dateModified\" >2025-02-04 21:57:58<\/span><span class='av-structured-data'  itemprop=\"mainEntityOfPage\" itemtype=\"https:\/\/schema.org\/mainEntityOfPage\" ><span itemprop='name'>Les Folles Ann\u00e9es du Club R-26, \u00e0 Montmartre<\/span><\/span><\/span><\/article><\/div><div class=\"slide-entry-wrap\"><article class='slide-entry flex_column  post-entry post-entry-4907 slide-entry-overview slide-loop-19 slide-parity-odd  av_one_third first real-thumbnail posttype-post post-format-standard'  itemscope=\"itemscope\" itemtype=\"https:\/\/schema.org\/CreativeWork\" ><a href='https:\/\/phonomuseum.fr\/flonflons-et-lampions-a-la-butte-pinson\/' data-rel='slide-1' class='slide-image' title='Flonflons et Lampions \u00e0 la Butte Pinson'><img decoding=\"async\" fetchpriority=\"high\" width=\"495\" height=\"400\" src=\"https:\/\/phonomuseum.fr\/wp-content\/uploads\/2025\/01\/2025.01.14DedicaceConferenceFlonflonsEtLampionsAffichette-495x400.jpg\" class=\"wp-image-4913 avia-img-lazy-loading-not-4913 attachment-portfolio size-portfolio wp-post-image\" alt=\"\" srcset=\"https:\/\/phonomuseum.fr\/wp-content\/uploads\/2025\/01\/2025.01.14DedicaceConferenceFlonflonsEtLampionsAffichette-495x400.jpg 495w, https:\/\/phonomuseum.fr\/wp-content\/uploads\/2025\/01\/2025.01.14DedicaceConferenceFlonflonsEtLampionsAffichette-845x684.jpg 845w\" sizes=\"(max-width: 495px) 100vw, 495px\" \/><\/a><div class=\"slide-content\"><header class=\"entry-content-header\" aria-label=\"Slide: Flonflons et Lampions \u00e0 la Butte Pinson\"><span class=\"blog-categories minor-meta\"><a href=\"https:\/\/phonomuseum.fr\/category\/blog\/\" rel=\"tag\">BLOG<\/a>, <a href=\"https:\/\/phonomuseum.fr\/category\/conferences\/\" rel=\"tag\">Conf\u00e9rences<\/a>, <a href=\"https:\/\/phonomuseum.fr\/category\/conferences\/conferences-2025\/\" rel=\"tag\">Conf\u00e9rences 2025<\/a> <\/span><h3 class='slide-entry-title entry-title '  itemprop=\"headline\" ><a href='https:\/\/phonomuseum.fr\/flonflons-et-lampions-a-la-butte-pinson\/' title='Flonflons et Lampions \u00e0 la Butte Pinson'>Flonflons et Lampions \u00e0 la Butte Pinson<\/a><\/h3><span class=\"av-vertical-delimiter\"><\/span><\/header><div class='slide-entry-excerpt entry-content'  itemprop=\"text\" >\u00c0 l'occasion de la publication de son livre FLONFLONS et LAMPIONS \u00e0 LA BUTTE PINSON, et pour tout savoir sur les guinguettes et leur histoire, nous avons le grand plaisir de vous annoncer qu' Isabelle Courtade d\u00e9dicacera son ouvrage et donnera\u2026<\/div><\/div><footer class=\"entry-footer\"><div class=\"slide-meta\"><time class='slide-meta-time updated'  itemprop=\"datePublished\" datetime=\"2025-01-06T15:02:33+01:00\" ><\/time><\/div><\/footer><span class='hidden'>\n\t\t\t\t<span class='av-structured-data'  itemprop=\"image\" itemscope=\"itemscope\" itemtype=\"https:\/\/schema.org\/ImageObject\" >\n\t\t\t\t\t\t<span itemprop='url'>https:\/\/phonomuseum.fr\/wp-content\/uploads\/2025\/01\/2025.01.14DedicaceConferenceFlonflonsEtLampionsAffichette.jpg<\/span>\n\t\t\t\t\t\t<span itemprop='height'>2000<\/span>\n\t\t\t\t\t\t<span itemprop='width'>1429<\/span>\n\t\t\t\t<\/span>\n\t\t\t\t<span class='av-structured-data'  itemprop=\"publisher\" itemtype=\"https:\/\/schema.org\/Organization\" itemscope=\"itemscope\" >\n\t\t\t\t\t\t<span itemprop='name'>Claude Rizzo<\/span>\n\t\t\t\t\t\t<span itemprop='logo' itemscope itemtype='https:\/\/schema.org\/ImageObject'>\n\t\t\t\t\t\t\t<span itemprop='url'>https:\/\/phonomuseum.fr\/wp-content\/uploads\/2021\/01\/logo-couleurs-300x140.png<\/span>\n\t\t\t\t\t\t<\/span>\n\t\t\t\t<\/span><span class='av-structured-data'  itemprop=\"author\" itemscope=\"itemscope\" itemtype=\"https:\/\/schema.org\/Person\" ><span itemprop='name'>Claude Rizzo<\/span><\/span><span class='av-structured-data'  itemprop=\"datePublished\" datetime=\"2020-12-16T13:33:38+01:00\" >2025-01-06 15:02:33<\/span><span class='av-structured-data'  itemprop=\"dateModified\" itemtype=\"https:\/\/schema.org\/dateModified\" >2025-01-15 19:17:22<\/span><span class='av-structured-data'  itemprop=\"mainEntityOfPage\" itemtype=\"https:\/\/schema.org\/mainEntityOfPage\" ><span itemprop='name'>Flonflons et Lampions \u00e0 la Butte Pinson<\/span><\/span><\/span><\/article><article class='slide-entry flex_column  post-entry post-entry-4848 slide-entry-overview slide-loop-20 slide-parity-even  av_one_third  real-thumbnail posttype-post post-format-standard'  itemscope=\"itemscope\" itemtype=\"https:\/\/schema.org\/CreativeWork\" ><a href='https:\/\/phonomuseum.fr\/125-ans-apres-le-phonogrammarchiv-de-vienne-ses-debuts-et-ses-collections-historiques\/' data-rel='slide-1' class='slide-image' title='125 ans apr\u00e8s \u2013 le Phonogrammarchiv de Vienne, ses d\u00e9buts et ses collections historiques'><img decoding=\"async\" fetchpriority=\"high\" width=\"495\" height=\"400\" src=\"https:\/\/phonomuseum.fr\/wp-content\/uploads\/2024\/11\/Wiener-Archivphonograph-Type-V_enlarged-495x400.jpg\" class=\"wp-image-4852 avia-img-lazy-loading-not-4852 attachment-portfolio size-portfolio wp-post-image\" alt=\"\" srcset=\"https:\/\/phonomuseum.fr\/wp-content\/uploads\/2024\/11\/Wiener-Archivphonograph-Type-V_enlarged-495x400.jpg 495w, https:\/\/phonomuseum.fr\/wp-content\/uploads\/2024\/11\/Wiener-Archivphonograph-Type-V_enlarged-845x684.jpg 845w\" sizes=\"(max-width: 495px) 100vw, 495px\" \/><\/a><div class=\"slide-content\"><header class=\"entry-content-header\" aria-label=\"Slide: 125 ans apr\u00e8s \u2013 le Phonogrammarchiv de Vienne, ses d\u00e9buts et ses collections historiques\"><span class=\"blog-categories minor-meta\"><a href=\"https:\/\/phonomuseum.fr\/category\/blog\/\" rel=\"tag\">BLOG<\/a>, <a href=\"https:\/\/phonomuseum.fr\/category\/conferences\/\" rel=\"tag\">Conf\u00e9rences<\/a>, <a href=\"https:\/\/phonomuseum.fr\/category\/conferences\/conferences-2024\/\" rel=\"tag\">Conf\u00e9rences 2024<\/a>, <a href=\"https:\/\/phonomuseum.fr\/category\/cat_events\/\" rel=\"tag\">evenements<\/a> <\/span><h3 class='slide-entry-title entry-title '  itemprop=\"headline\" ><a href='https:\/\/phonomuseum.fr\/125-ans-apres-le-phonogrammarchiv-de-vienne-ses-debuts-et-ses-collections-historiques\/' title='125 ans apr\u00e8s \u2013 le Phonogrammarchiv de Vienne, ses d\u00e9buts et ses collections historiques'>125 ans apr\u00e8s \u2013 le Phonogrammarchiv de Vienne, ses d\u00e9buts et ses collections historiques<\/a><\/h3><span class=\"av-vertical-delimiter\"><\/span><\/header><div class='slide-entry-excerpt entry-content'  itemprop=\"text\" >Premi\u00e8re institution cr\u00e9\u00e9e au monde pour archiver des enregistrements sonores, le Phonogrammarchiv de Vienne a \u00e9t\u00e9 fond\u00e9 en 1899 au sein de l\u2019Acad\u00e9mie imp\u00e9riale des sciences. Aujourd\u2019hui, ses collections repr\u00e9sentent plus de 15.000\u2026<\/div><\/div><footer class=\"entry-footer\"><div class=\"slide-meta\"><time class='slide-meta-time updated'  itemprop=\"datePublished\" datetime=\"2024-11-24T21:02:33+01:00\" ><\/time><\/div><\/footer><span class='hidden'>\n\t\t\t\t<span class='av-structured-data'  itemprop=\"image\" itemscope=\"itemscope\" itemtype=\"https:\/\/schema.org\/ImageObject\" >\n\t\t\t\t\t\t<span itemprop='url'>https:\/\/phonomuseum.fr\/wp-content\/uploads\/2024\/11\/Wiener-Archivphonograph-Type-V_enlarged.jpg<\/span>\n\t\t\t\t\t\t<span itemprop='height'>1024<\/span>\n\t\t\t\t\t\t<span itemprop='width'>1536<\/span>\n\t\t\t\t<\/span>\n\t\t\t\t<span class='av-structured-data'  itemprop=\"publisher\" itemtype=\"https:\/\/schema.org\/Organization\" itemscope=\"itemscope\" >\n\t\t\t\t\t\t<span itemprop='name'>Claude Rizzo<\/span>\n\t\t\t\t\t\t<span itemprop='logo' itemscope itemtype='https:\/\/schema.org\/ImageObject'>\n\t\t\t\t\t\t\t<span itemprop='url'>https:\/\/phonomuseum.fr\/wp-content\/uploads\/2021\/01\/logo-couleurs-300x140.png<\/span>\n\t\t\t\t\t\t<\/span>\n\t\t\t\t<\/span><span class='av-structured-data'  itemprop=\"author\" itemscope=\"itemscope\" itemtype=\"https:\/\/schema.org\/Person\" ><span itemprop='name'>Claude Rizzo<\/span><\/span><span class='av-structured-data'  itemprop=\"datePublished\" datetime=\"2020-12-16T13:33:38+01:00\" >2024-11-24 21:02:33<\/span><span class='av-structured-data'  itemprop=\"dateModified\" itemtype=\"https:\/\/schema.org\/dateModified\" >2024-11-30 13:08:08<\/span><span class='av-structured-data'  itemprop=\"mainEntityOfPage\" itemtype=\"https:\/\/schema.org\/mainEntityOfPage\" ><span itemprop='name'>125 ans apr\u00e8s \u2013 le Phonogrammarchiv de Vienne, ses d\u00e9buts et ses collections historiques<\/span><\/span><\/span><\/article><article class='slide-entry flex_column  post-entry post-entry-4803 slide-entry-overview slide-loop-21 slide-parity-odd  av_one_third  real-thumbnail posttype-post post-format-standard'  itemscope=\"itemscope\" itemtype=\"https:\/\/schema.org\/CreativeWork\" ><a href='https:\/\/phonomuseum.fr\/il-etait-une-fois-au-petit-conservatoire-de-mireille\/' data-rel='slide-1' class='slide-image' title='\u00ab Il \u00e9tait une fois au\u2026 Petit Conservatoire de la Chanson de Mireille \u00bb'><img decoding=\"async\" fetchpriority=\"high\" width=\"495\" height=\"400\" src=\"https:\/\/phonomuseum.fr\/wp-content\/uploads\/2024\/09\/2024.10.02AfficheMireille-495x400.jpg\" class=\"wp-image-4811 avia-img-lazy-loading-not-4811 attachment-portfolio size-portfolio wp-post-image\" alt=\"\" \/><\/a><div class=\"slide-content\"><header class=\"entry-content-header\" aria-label=\"Slide: \u00ab Il \u00e9tait une fois au\u2026 Petit Conservatoire de la Chanson de Mireille \u00bb\"><span class=\"blog-categories minor-meta\"><a href=\"https:\/\/phonomuseum.fr\/category\/blog\/\" rel=\"tag\">BLOG<\/a>, <a href=\"https:\/\/phonomuseum.fr\/category\/concerts\/\" rel=\"tag\">Concerts<\/a>, <a href=\"https:\/\/phonomuseum.fr\/category\/cat_events\/\" rel=\"tag\">evenements<\/a> <\/span><h3 class='slide-entry-title entry-title '  itemprop=\"headline\" ><a href='https:\/\/phonomuseum.fr\/il-etait-une-fois-au-petit-conservatoire-de-mireille\/' title='\u00ab Il \u00e9tait une fois au\u2026 Petit Conservatoire de la Chanson de Mireille \u00bb'>\u00ab Il \u00e9tait une fois au\u2026 Petit Conservatoire de la Chanson de Mireille \u00bb<\/a><\/h3><span class=\"av-vertical-delimiter\"><\/span><\/header><div class='slide-entry-excerpt entry-content'  itemprop=\"text\" >Spectacle musical de ( et avec ) Pierre ABEBERRY et Georges BARON...\r\nC\u2019est autour d\u2019un piano, avec des anecdotes, des archives, et en chansons, que deux anciens \u00e9l\u00e8ves du Petit Conservatoire RACONTENT ET CHANTENT MIREILLE. Une plong\u00e9e\u2026<\/div><\/div><footer class=\"entry-footer\"><div class=\"slide-meta\"><time class='slide-meta-time updated'  itemprop=\"datePublished\" datetime=\"2024-09-15T16:08:25+02:00\" ><\/time><\/div><\/footer><span class='hidden'>\n\t\t\t\t<span class='av-structured-data'  itemprop=\"image\" itemscope=\"itemscope\" itemtype=\"https:\/\/schema.org\/ImageObject\" >\n\t\t\t\t\t\t<span itemprop='url'>https:\/\/phonomuseum.fr\/wp-content\/uploads\/2024\/09\/2024.10.02AfficheMireille.jpg<\/span>\n\t\t\t\t\t\t<span itemprop='height'>1040<\/span>\n\t\t\t\t\t\t<span itemprop='width'>720<\/span>\n\t\t\t\t<\/span>\n\t\t\t\t<span class='av-structured-data'  itemprop=\"publisher\" itemtype=\"https:\/\/schema.org\/Organization\" itemscope=\"itemscope\" >\n\t\t\t\t\t\t<span itemprop='name'>Claude Rizzo<\/span>\n\t\t\t\t\t\t<span itemprop='logo' itemscope itemtype='https:\/\/schema.org\/ImageObject'>\n\t\t\t\t\t\t\t<span itemprop='url'>https:\/\/phonomuseum.fr\/wp-content\/uploads\/2021\/01\/logo-couleurs-300x140.png<\/span>\n\t\t\t\t\t\t<\/span>\n\t\t\t\t<\/span><span class='av-structured-data'  itemprop=\"author\" itemscope=\"itemscope\" itemtype=\"https:\/\/schema.org\/Person\" ><span itemprop='name'>Claude Rizzo<\/span><\/span><span class='av-structured-data'  itemprop=\"datePublished\" datetime=\"2020-12-16T13:33:38+01:00\" >2024-09-15 16:08:25<\/span><span class='av-structured-data'  itemprop=\"dateModified\" itemtype=\"https:\/\/schema.org\/dateModified\" >2024-09-15 19:26:32<\/span><span class='av-structured-data'  itemprop=\"mainEntityOfPage\" itemtype=\"https:\/\/schema.org\/mainEntityOfPage\" ><span itemprop='name'>\u00ab Il \u00e9tait une fois au\u2026 Petit Conservatoire de la Chanson de Mireille \u00bb<\/span><\/span><\/span><\/article><\/div><div class=\"slide-entry-wrap\"><article class='slide-entry flex_column  post-entry post-entry-4751 slide-entry-overview slide-loop-22 slide-parity-odd  av_one_third first real-thumbnail posttype-post post-format-standard'  itemscope=\"itemscope\" itemtype=\"https:\/\/schema.org\/CreativeWork\" ><a href='https:\/\/phonomuseum.fr\/johnny-hallyday-lexposition-decembre-2023-juin-2024\/' data-rel='slide-1' class='slide-image' title='Johnny Hallyday &#8211; L&rsquo;Exposition &#8211; D\u00e9cembre 2023 \/ Juin 2024'><img decoding=\"async\" fetchpriority=\"high\" width=\"495\" height=\"400\" src=\"https:\/\/phonomuseum.fr\/wp-content\/uploads\/2024\/06\/Dsc00469-495x400.jpg\" class=\"wp-image-4754 avia-img-lazy-loading-not-4754 attachment-portfolio size-portfolio wp-post-image\" alt=\"\" srcset=\"https:\/\/phonomuseum.fr\/wp-content\/uploads\/2024\/06\/Dsc00469-495x400.jpg 495w, https:\/\/phonomuseum.fr\/wp-content\/uploads\/2024\/06\/Dsc00469-845x684.jpg 845w\" sizes=\"(max-width: 495px) 100vw, 495px\" \/><\/a><div class=\"slide-content\"><header class=\"entry-content-header\" aria-label=\"Slide: Johnny Hallyday - L&#039;Exposition - D\u00e9cembre 2023 \/ Juin 2024\"><span class=\"blog-categories minor-meta\"><a href=\"https:\/\/phonomuseum.fr\/category\/blog\/\" rel=\"tag\">BLOG<\/a> <\/span><h3 class='slide-entry-title entry-title '  itemprop=\"headline\" ><a href='https:\/\/phonomuseum.fr\/johnny-hallyday-lexposition-decembre-2023-juin-2024\/' title='Johnny Hallyday &#8211; L&rsquo;Exposition &#8211; D\u00e9cembre 2023 \/ Juin 2024'>Johnny Hallyday &#8211; L&rsquo;Exposition &#8211; D\u00e9cembre 2023 \/ Juin 2024<\/a><\/h3><span class=\"av-vertical-delimiter\"><\/span><\/header><div class='slide-entry-excerpt entry-content'  itemprop=\"text\" >C'est une histoire bien singuli\u00e8re qui unit Johnny Hallyday au PHONO Museum Paris.\r\nIl y a plus de dix ans, alors que la cr\u00e9ation d'un mus\u00e9e du son enregistr\u00e9 n'est encore qu'\u00e0 l'\u00e9tat de projet \u00e0 peine couch\u00e9 sur le papier, et avant\u2026<\/div><\/div><footer class=\"entry-footer\"><div class=\"slide-meta\"><time class='slide-meta-time updated'  itemprop=\"datePublished\" datetime=\"2024-06-13T01:09:28+02:00\" ><\/time><\/div><\/footer><span class='hidden'>\n\t\t\t\t<span class='av-structured-data'  itemprop=\"image\" itemscope=\"itemscope\" itemtype=\"https:\/\/schema.org\/ImageObject\" >\n\t\t\t\t\t\t<span itemprop='url'>https:\/\/phonomuseum.fr\/wp-content\/uploads\/2024\/06\/Dsc00469.jpg<\/span>\n\t\t\t\t\t\t<span itemprop='height'>720<\/span>\n\t\t\t\t\t\t<span itemprop='width'>1280<\/span>\n\t\t\t\t<\/span>\n\t\t\t\t<span class='av-structured-data'  itemprop=\"publisher\" itemtype=\"https:\/\/schema.org\/Organization\" itemscope=\"itemscope\" >\n\t\t\t\t\t\t<span itemprop='name'>Claude Rizzo<\/span>\n\t\t\t\t\t\t<span itemprop='logo' itemscope itemtype='https:\/\/schema.org\/ImageObject'>\n\t\t\t\t\t\t\t<span itemprop='url'>https:\/\/phonomuseum.fr\/wp-content\/uploads\/2021\/01\/logo-couleurs-300x140.png<\/span>\n\t\t\t\t\t\t<\/span>\n\t\t\t\t<\/span><span class='av-structured-data'  itemprop=\"author\" itemscope=\"itemscope\" itemtype=\"https:\/\/schema.org\/Person\" ><span itemprop='name'>Claude Rizzo<\/span><\/span><span class='av-structured-data'  itemprop=\"datePublished\" datetime=\"2020-12-16T13:33:38+01:00\" >2024-06-13 01:09:28<\/span><span class='av-structured-data'  itemprop=\"dateModified\" itemtype=\"https:\/\/schema.org\/dateModified\" >2024-09-15 17:28:39<\/span><span class='av-structured-data'  itemprop=\"mainEntityOfPage\" itemtype=\"https:\/\/schema.org\/mainEntityOfPage\" ><span itemprop='name'>Johnny Hallyday &#8211; L&rsquo;Exposition &#8211; D\u00e9cembre 2023 \/ Juin 2024<\/span><\/span><\/span><\/article><article class='slide-entry flex_column  post-entry post-entry-4739 slide-entry-overview slide-loop-23 slide-parity-even  av_one_third  real-thumbnail posttype-post post-format-standard'  itemscope=\"itemscope\" itemtype=\"https:\/\/schema.org\/CreativeWork\" ><a href='https:\/\/phonomuseum.fr\/un-voyage-dans-le-temps\/' data-rel='slide-1' class='slide-image' title='Un voyage dans le temps'><img decoding=\"async\" fetchpriority=\"high\" width=\"495\" height=\"400\" src=\"https:\/\/phonomuseum.fr\/wp-content\/uploads\/2024\/06\/couverture-livre-495x400.jpeg\" class=\"wp-image-4742 avia-img-lazy-loading-not-4742 attachment-portfolio size-portfolio wp-post-image\" alt=\"\" srcset=\"https:\/\/phonomuseum.fr\/wp-content\/uploads\/2024\/06\/couverture-livre-495x400.jpeg 495w, https:\/\/phonomuseum.fr\/wp-content\/uploads\/2024\/06\/couverture-livre-845x684.jpeg 845w\" sizes=\"(max-width: 495px) 100vw, 495px\" \/><\/a><div class=\"slide-content\"><header class=\"entry-content-header\" aria-label=\"Slide: Un voyage dans le temps\"><span class=\"blog-categories minor-meta\"><a href=\"https:\/\/phonomuseum.fr\/category\/blog\/\" rel=\"tag\">BLOG<\/a> <\/span><h3 class='slide-entry-title entry-title '  itemprop=\"headline\" ><a href='https:\/\/phonomuseum.fr\/un-voyage-dans-le-temps\/' title='Un voyage dans le temps'>Un voyage dans le temps<\/a><\/h3><span class=\"av-vertical-delimiter\"><\/span><\/header><div class='slide-entry-excerpt entry-content'  itemprop=\"text\" >\r\nVirginie Roels vous donne rendez-vous le vendredi 7 juin 2024 \u00e0 19h au mus\u00e9e pour une lecture en musique.\r\nAu printemps 1910, le visage de Maria Tarnowska fait la une des journaux du monde entier. Son crime ? Un de ses amants a tu\u00e9 de plusieurs\u2026<\/div><\/div><footer class=\"entry-footer\"><div class=\"slide-meta\"><time class='slide-meta-time updated'  itemprop=\"datePublished\" datetime=\"2024-06-04T00:03:13+02:00\" ><\/time><\/div><\/footer><span class='hidden'>\n\t\t\t\t<span class='av-structured-data'  itemprop=\"image\" itemscope=\"itemscope\" itemtype=\"https:\/\/schema.org\/ImageObject\" >\n\t\t\t\t\t\t<span itemprop='url'>https:\/\/phonomuseum.fr\/wp-content\/uploads\/2024\/06\/couverture-livre.jpeg<\/span>\n\t\t\t\t\t\t<span itemprop='height'>2048<\/span>\n\t\t\t\t\t\t<span itemprop='width'>1298<\/span>\n\t\t\t\t<\/span>\n\t\t\t\t<span class='av-structured-data'  itemprop=\"publisher\" itemtype=\"https:\/\/schema.org\/Organization\" itemscope=\"itemscope\" >\n\t\t\t\t\t\t<span itemprop='name'>PHONO Museum Paris<\/span>\n\t\t\t\t\t\t<span itemprop='logo' itemscope itemtype='https:\/\/schema.org\/ImageObject'>\n\t\t\t\t\t\t\t<span itemprop='url'>https:\/\/phonomuseum.fr\/wp-content\/uploads\/2021\/01\/logo-couleurs-300x140.png<\/span>\n\t\t\t\t\t\t<\/span>\n\t\t\t\t<\/span><span class='av-structured-data'  itemprop=\"author\" itemscope=\"itemscope\" itemtype=\"https:\/\/schema.org\/Person\" ><span itemprop='name'>PHONO Museum Paris<\/span><\/span><span class='av-structured-data'  itemprop=\"datePublished\" datetime=\"2020-12-16T13:33:38+01:00\" >2024-06-04 00:03:13<\/span><span class='av-structured-data'  itemprop=\"dateModified\" itemtype=\"https:\/\/schema.org\/dateModified\" >2024-09-15 15:16:38<\/span><span class='av-structured-data'  itemprop=\"mainEntityOfPage\" itemtype=\"https:\/\/schema.org\/mainEntityOfPage\" ><span itemprop='name'>Un voyage dans le temps<\/span><\/span><\/span><\/article><article class='slide-entry flex_column  post-entry post-entry-4378 slide-entry-overview slide-loop-24 slide-parity-odd  av_one_third  real-thumbnail posttype-post post-format-standard'  itemscope=\"itemscope\" itemtype=\"https:\/\/schema.org\/CreativeWork\" ><a href='https:\/\/phonomuseum.fr\/des-nouveautes-sur-hypotheses-le-site-de-la-phonobase\/' data-rel='slide-1' class='slide-image' title='Des nouveaut\u00e9s sur \u00ab\u00a0Hypoth\u00e8ses\u00a0\u00bb, le site de la Phonobase'><img decoding=\"async\" fetchpriority=\"high\" width=\"495\" height=\"400\" src=\"https:\/\/phonomuseum.fr\/wp-content\/uploads\/2024\/03\/Capture-decran-2024-03-06-a-14.35.42-495x400.png\" class=\"wp-image-4379 avia-img-lazy-loading-not-4379 attachment-portfolio size-portfolio wp-post-image\" alt=\"\" \/><\/a><div class=\"slide-content\"><header class=\"entry-content-header\" aria-label=\"Slide: Des nouveaut\u00e9s sur &quot;Hypoth\u00e8ses&quot;, le site de la Phonobase\"><span class=\"blog-categories minor-meta\"><a href=\"https:\/\/phonomuseum.fr\/category\/blog\/\" rel=\"tag\">BLOG<\/a> <\/span><h3 class='slide-entry-title entry-title '  itemprop=\"headline\" ><a href='https:\/\/phonomuseum.fr\/des-nouveautes-sur-hypotheses-le-site-de-la-phonobase\/' title='Des nouveaut\u00e9s sur \u00ab\u00a0Hypoth\u00e8ses\u00a0\u00bb, le site de la Phonobase'>Des nouveaut\u00e9s sur \u00ab\u00a0Hypoth\u00e8ses\u00a0\u00bb, le site de la Phonobase<\/a><\/h3><span class=\"av-vertical-delimiter\"><\/span><\/header><div class='slide-entry-excerpt entry-content'  itemprop=\"text\" >Notre partenaire et amie La Phonobase publie r\u00e9guli\u00e8rement des articles sur son site Hypoth\u00e8ses. Ce mois-ci, il nous propose d'\u00e9couter des enregistrements de po\u00e8tes fran\u00e7ais contemporains dits par eux-m\u00eames, publi\u00e9s par Path\u00e9 en 1930.\r\nIl\u2026<\/div><\/div><footer class=\"entry-footer\"><div class=\"slide-meta\"><time class='slide-meta-time updated'  itemprop=\"datePublished\" datetime=\"2024-03-06T14:40:23+01:00\" ><\/time><\/div><\/footer><span class='hidden'>\n\t\t\t\t<span class='av-structured-data'  itemprop=\"image\" itemscope=\"itemscope\" itemtype=\"https:\/\/schema.org\/ImageObject\" >\n\t\t\t\t\t\t<span itemprop='url'>https:\/\/phonomuseum.fr\/wp-content\/uploads\/2024\/03\/Capture-decran-2024-03-06-a-14.35.42.png<\/span>\n\t\t\t\t\t\t<span itemprop='height'>584<\/span>\n\t\t\t\t\t\t<span itemprop='width'>563<\/span>\n\t\t\t\t<\/span>\n\t\t\t\t<span class='av-structured-data'  itemprop=\"publisher\" itemtype=\"https:\/\/schema.org\/Organization\" itemscope=\"itemscope\" >\n\t\t\t\t\t\t<span itemprop='name'>PHONO Museum Paris<\/span>\n\t\t\t\t\t\t<span itemprop='logo' itemscope itemtype='https:\/\/schema.org\/ImageObject'>\n\t\t\t\t\t\t\t<span itemprop='url'>https:\/\/phonomuseum.fr\/wp-content\/uploads\/2021\/01\/logo-couleurs-300x140.png<\/span>\n\t\t\t\t\t\t<\/span>\n\t\t\t\t<\/span><span class='av-structured-data'  itemprop=\"author\" itemscope=\"itemscope\" itemtype=\"https:\/\/schema.org\/Person\" ><span itemprop='name'>PHONO Museum Paris<\/span><\/span><span class='av-structured-data'  itemprop=\"datePublished\" datetime=\"2020-12-16T13:33:38+01:00\" >2024-03-06 14:40:23<\/span><span class='av-structured-data'  itemprop=\"dateModified\" itemtype=\"https:\/\/schema.org\/dateModified\" >2024-09-15 15:17:48<\/span><span class='av-structured-data'  itemprop=\"mainEntityOfPage\" itemtype=\"https:\/\/schema.org\/mainEntityOfPage\" ><span itemprop='name'>Des nouveaut\u00e9s sur \u00ab\u00a0Hypoth\u00e8ses\u00a0\u00bb, le site de la Phonobase<\/span><\/span><\/span><\/article><\/div><div class=\"slide-entry-wrap\"><article class='slide-entry flex_column  post-entry post-entry-4360 slide-entry-overview slide-loop-25 slide-parity-odd  av_one_third first real-thumbnail posttype-post post-format-standard'  itemscope=\"itemscope\" itemtype=\"https:\/\/schema.org\/CreativeWork\" ><a href='https:\/\/phonomuseum.fr\/exposition-insert-coin\/' data-rel='slide-1' class='slide-image' title='Exposition \u00ab\u00a0Insert coin\u00a0\u00bb'><img decoding=\"async\" fetchpriority=\"high\" width=\"495\" height=\"400\" src=\"https:\/\/phonomuseum.fr\/wp-content\/uploads\/2024\/02\/WhatsApp-Image-2024-02-19-at-17.14.27-495x400.jpeg\" class=\"wp-image-4363 avia-img-lazy-loading-not-4363 attachment-portfolio size-portfolio wp-post-image\" alt=\"\" srcset=\"https:\/\/phonomuseum.fr\/wp-content\/uploads\/2024\/02\/WhatsApp-Image-2024-02-19-at-17.14.27-495x400.jpeg 495w, https:\/\/phonomuseum.fr\/wp-content\/uploads\/2024\/02\/WhatsApp-Image-2024-02-19-at-17.14.27-845x684.jpeg 845w\" sizes=\"(max-width: 495px) 100vw, 495px\" \/><\/a><div class=\"slide-content\"><header class=\"entry-content-header\" aria-label=\"Slide: Exposition &quot;Insert coin&quot;\"><span class=\"blog-categories minor-meta\"><a href=\"https:\/\/phonomuseum.fr\/category\/blog\/\" rel=\"tag\">BLOG<\/a>, <a href=\"https:\/\/phonomuseum.fr\/category\/expositions\/expositions-2024\/\" rel=\"tag\">Expositions 2024<\/a> <\/span><h3 class='slide-entry-title entry-title '  itemprop=\"headline\" ><a href='https:\/\/phonomuseum.fr\/exposition-insert-coin\/' title='Exposition \u00ab\u00a0Insert coin\u00a0\u00bb'>Exposition \u00ab\u00a0Insert coin\u00a0\u00bb<\/a><\/h3><span class=\"av-vertical-delimiter\"><\/span><\/header><div class='slide-entry-excerpt entry-content'  itemprop=\"text\" >\r\n\r\n&nbsp;\r\nLa prestigieuse institution qu'est la Monnaie de Paris organise du 1er mars au 30 juin 2024 une exposition \u00e0 propos des machines \u00e0 monnayeur \"Insert coin\".\r\nPHONO Museum Paris est impliqu\u00e9 dans ce projet avec le pr\u00eat d'un jukebox\u2026<\/div><\/div><footer class=\"entry-footer\"><div class=\"slide-meta\"><time class='slide-meta-time updated'  itemprop=\"datePublished\" datetime=\"2024-03-01T13:20:31+01:00\" ><\/time><\/div><\/footer><span class='hidden'>\n\t\t\t\t<span class='av-structured-data'  itemprop=\"image\" itemscope=\"itemscope\" itemtype=\"https:\/\/schema.org\/ImageObject\" >\n\t\t\t\t\t\t<span itemprop='url'>https:\/\/phonomuseum.fr\/wp-content\/uploads\/2024\/02\/WhatsApp-Image-2024-02-19-at-17.14.27.jpeg<\/span>\n\t\t\t\t\t\t<span itemprop='height'>1600<\/span>\n\t\t\t\t\t\t<span itemprop='width'>1200<\/span>\n\t\t\t\t<\/span>\n\t\t\t\t<span class='av-structured-data'  itemprop=\"publisher\" itemtype=\"https:\/\/schema.org\/Organization\" itemscope=\"itemscope\" >\n\t\t\t\t\t\t<span itemprop='name'>PHONO Museum Paris<\/span>\n\t\t\t\t\t\t<span itemprop='logo' itemscope itemtype='https:\/\/schema.org\/ImageObject'>\n\t\t\t\t\t\t\t<span itemprop='url'>https:\/\/phonomuseum.fr\/wp-content\/uploads\/2021\/01\/logo-couleurs-300x140.png<\/span>\n\t\t\t\t\t\t<\/span>\n\t\t\t\t<\/span><span class='av-structured-data'  itemprop=\"author\" itemscope=\"itemscope\" itemtype=\"https:\/\/schema.org\/Person\" ><span itemprop='name'>PHONO Museum Paris<\/span><\/span><span class='av-structured-data'  itemprop=\"datePublished\" datetime=\"2020-12-16T13:33:38+01:00\" >2024-03-01 13:20:31<\/span><span class='av-structured-data'  itemprop=\"dateModified\" itemtype=\"https:\/\/schema.org\/dateModified\" >2024-06-01 12:59:52<\/span><span class='av-structured-data'  itemprop=\"mainEntityOfPage\" itemtype=\"https:\/\/schema.org\/mainEntityOfPage\" ><span itemprop='name'>Exposition \u00ab\u00a0Insert coin\u00a0\u00bb<\/span><\/span><\/span><\/article><article class='slide-entry flex_column  post-entry post-entry-4324 slide-entry-overview slide-loop-26 slide-parity-even  av_one_third  real-thumbnail posttype-post post-format-standard'  itemscope=\"itemscope\" itemtype=\"https:\/\/schema.org\/CreativeWork\" ><a href='https:\/\/phonomuseum.fr\/enregistrements-sonores-anciens-au-larhra\/' data-rel='slide-1' class='slide-image' title='Enregistrements sonores anciens au LARHRA'><img decoding=\"async\" fetchpriority=\"high\" width=\"495\" height=\"400\" src=\"https:\/\/phonomuseum.fr\/wp-content\/uploads\/2023\/12\/Capture-decran-2023-12-20-a-15.25.08-495x400.png\" class=\"wp-image-4326 avia-img-lazy-loading-not-4326 attachment-portfolio size-portfolio wp-post-image\" alt=\"\" \/><\/a><div class=\"slide-content\"><header class=\"entry-content-header\" aria-label=\"Slide: Enregistrements sonores anciens au LARHRA\"><span class=\"blog-categories minor-meta\"><a href=\"https:\/\/phonomuseum.fr\/category\/blog\/\" rel=\"tag\">BLOG<\/a> <\/span><h3 class='slide-entry-title entry-title '  itemprop=\"headline\" ><a href='https:\/\/phonomuseum.fr\/enregistrements-sonores-anciens-au-larhra\/' title='Enregistrements sonores anciens au LARHRA'>Enregistrements sonores anciens au LARHRA<\/a><\/h3><span class=\"av-vertical-delimiter\"><\/span><\/header><div class='slide-entry-excerpt entry-content'  itemprop=\"text\" >\r\nNotre ami Henri Chamoux, docteur en histoire, ing\u00e9nieur d\u2019\u00e9tude \u00e0 l\u2019 ENS de Lyon, (LARHRA-CNRS) publie dans les Carnets de LARHRA un article \u00e0 propos des enregistrements sonores anciens et leur historique depuis 1893.\r\nCe bref article\u2026<\/div><\/div><footer class=\"entry-footer\"><div class=\"slide-meta\"><time class='slide-meta-time updated'  itemprop=\"datePublished\" datetime=\"2023-12-20T15:30:49+01:00\" ><\/time><\/div><\/footer><span class='hidden'>\n\t\t\t\t<span class='av-structured-data'  itemprop=\"image\" itemscope=\"itemscope\" itemtype=\"https:\/\/schema.org\/ImageObject\" >\n\t\t\t\t\t\t<span itemprop='url'>https:\/\/phonomuseum.fr\/wp-content\/uploads\/2023\/12\/Capture-decran-2023-12-20-a-15.25.08.png<\/span>\n\t\t\t\t\t\t<span itemprop='height'>620<\/span>\n\t\t\t\t\t\t<span itemprop='width'>556<\/span>\n\t\t\t\t<\/span>\n\t\t\t\t<span class='av-structured-data'  itemprop=\"publisher\" itemtype=\"https:\/\/schema.org\/Organization\" itemscope=\"itemscope\" >\n\t\t\t\t\t\t<span itemprop='name'>PHONO Museum Paris<\/span>\n\t\t\t\t\t\t<span itemprop='logo' itemscope itemtype='https:\/\/schema.org\/ImageObject'>\n\t\t\t\t\t\t\t<span itemprop='url'>https:\/\/phonomuseum.fr\/wp-content\/uploads\/2021\/01\/logo-couleurs-300x140.png<\/span>\n\t\t\t\t\t\t<\/span>\n\t\t\t\t<\/span><span class='av-structured-data'  itemprop=\"author\" itemscope=\"itemscope\" itemtype=\"https:\/\/schema.org\/Person\" ><span itemprop='name'>PHONO Museum Paris<\/span><\/span><span class='av-structured-data'  itemprop=\"datePublished\" datetime=\"2020-12-16T13:33:38+01:00\" >2023-12-20 15:30:49<\/span><span class='av-structured-data'  itemprop=\"dateModified\" itemtype=\"https:\/\/schema.org\/dateModified\" >2024-06-01 13:01:21<\/span><span class='av-structured-data'  itemprop=\"mainEntityOfPage\" itemtype=\"https:\/\/schema.org\/mainEntityOfPage\" ><span itemprop='name'>Enregistrements sonores anciens au LARHRA<\/span><\/span><\/span><\/article><article class='slide-entry flex_column  post-entry post-entry-4289 slide-entry-overview slide-loop-27 slide-parity-odd  av_one_third  real-thumbnail posttype-post post-format-standard'  itemscope=\"itemscope\" itemtype=\"https:\/\/schema.org\/CreativeWork\" ><a href='https:\/\/phonomuseum.fr\/farid-hadjadj-et-jean-pierre-hadida-en-concert\/' data-rel='slide-1' class='slide-image' title='Farid Hadjadj et Jean-Pierre Hadida en concert'><img decoding=\"async\" fetchpriority=\"high\" width=\"495\" height=\"400\" src=\"https:\/\/phonomuseum.fr\/wp-content\/uploads\/2023\/12\/Farid-janv-A6-SHD-1-495x400.jpeg\" class=\"wp-image-4293 avia-img-lazy-loading-not-4293 attachment-portfolio size-portfolio wp-post-image\" alt=\"\" srcset=\"https:\/\/phonomuseum.fr\/wp-content\/uploads\/2023\/12\/Farid-janv-A6-SHD-1-495x400.jpeg 495w, https:\/\/phonomuseum.fr\/wp-content\/uploads\/2023\/12\/Farid-janv-A6-SHD-1-845x684.jpeg 845w\" sizes=\"(max-width: 495px) 100vw, 495px\" \/><\/a><div class=\"slide-content\"><header class=\"entry-content-header\" aria-label=\"Slide: Farid Hadjadj et Jean-Pierre Hadida en concert\"><span class=\"blog-categories minor-meta\"><a href=\"https:\/\/phonomuseum.fr\/category\/blog\/\" rel=\"tag\">BLOG<\/a>, <a href=\"https:\/\/phonomuseum.fr\/category\/concerts\/concerts-2024\/\" rel=\"tag\">Concerts 2024<\/a> <\/span><h3 class='slide-entry-title entry-title '  itemprop=\"headline\" ><a href='https:\/\/phonomuseum.fr\/farid-hadjadj-et-jean-pierre-hadida-en-concert\/' title='Farid Hadjadj et Jean-Pierre Hadida en concert'>Farid Hadjadj et Jean-Pierre Hadida en concert<\/a><\/h3><span class=\"av-vertical-delimiter\"><\/span><\/header><div class='slide-entry-excerpt entry-content'  itemprop=\"text\" >\r\n\r\nFarid Hadjadj qui lance le 1er One Slam Show...\r\nDes mots, des chansons, du flow, du slam... Tout en musique... .\r\nAccompagn\u00e9 par Jean-Pierre Hadida, au piano.\r\nUn concert avec ses surprises...\r\n\u00c0 d\u00e9couvrir ou red\u00e9couvrir !\r\n\r\nFacebook\/Instagram\/Tiktok\u2026<\/div><\/div><footer class=\"entry-footer\"><div class=\"slide-meta\"><time class='slide-meta-time updated'  itemprop=\"datePublished\" datetime=\"2023-12-12T12:05:00+01:00\" ><\/time><\/div><\/footer><span class='hidden'>\n\t\t\t\t<span class='av-structured-data'  itemprop=\"image\" itemscope=\"itemscope\" itemtype=\"https:\/\/schema.org\/ImageObject\" >\n\t\t\t\t\t\t<span itemprop='url'>https:\/\/phonomuseum.fr\/wp-content\/uploads\/2023\/12\/Farid-janv-A6-SHD-1-scaled.jpeg<\/span>\n\t\t\t\t\t\t<span itemprop='height'>2560<\/span>\n\t\t\t\t\t\t<span itemprop='width'>1810<\/span>\n\t\t\t\t<\/span>\n\t\t\t\t<span class='av-structured-data'  itemprop=\"publisher\" itemtype=\"https:\/\/schema.org\/Organization\" itemscope=\"itemscope\" >\n\t\t\t\t\t\t<span itemprop='name'>PHONO Museum Paris<\/span>\n\t\t\t\t\t\t<span itemprop='logo' itemscope itemtype='https:\/\/schema.org\/ImageObject'>\n\t\t\t\t\t\t\t<span itemprop='url'>https:\/\/phonomuseum.fr\/wp-content\/uploads\/2021\/01\/logo-couleurs-300x140.png<\/span>\n\t\t\t\t\t\t<\/span>\n\t\t\t\t<\/span><span class='av-structured-data'  itemprop=\"author\" itemscope=\"itemscope\" itemtype=\"https:\/\/schema.org\/Person\" ><span itemprop='name'>PHONO Museum Paris<\/span><\/span><span class='av-structured-data'  itemprop=\"datePublished\" datetime=\"2020-12-16T13:33:38+01:00\" >2023-12-12 12:05:00<\/span><span class='av-structured-data'  itemprop=\"dateModified\" itemtype=\"https:\/\/schema.org\/dateModified\" >2024-06-01 13:08:36<\/span><span class='av-structured-data'  itemprop=\"mainEntityOfPage\" itemtype=\"https:\/\/schema.org\/mainEntityOfPage\" ><span itemprop='name'>Farid Hadjadj et Jean-Pierre Hadida en concert<\/span><\/span><\/span><\/article><\/div><div class=\"slide-entry-wrap\"><article class='slide-entry flex_column  post-entry post-entry-4280 slide-entry-overview slide-loop-28 slide-parity-odd  av_one_third first real-thumbnail posttype-post post-format-standard'  itemscope=\"itemscope\" itemtype=\"https:\/\/schema.org\/CreativeWork\" ><a href='https:\/\/phonomuseum.fr\/chouchane-en-concert\/' data-rel='slide-1' class='slide-image' title='Chouchane en concert'><img decoding=\"async\" fetchpriority=\"high\" width=\"495\" height=\"400\" src=\"https:\/\/phonomuseum.fr\/wp-content\/uploads\/2019\/05\/CHO0551-web-495x400.jpg\" class=\"wp-image-4251 avia-img-lazy-loading-not-4251 attachment-portfolio size-portfolio wp-post-image\" alt=\"\" srcset=\"https:\/\/phonomuseum.fr\/wp-content\/uploads\/2019\/05\/CHO0551-web-495x400.jpg 495w, https:\/\/phonomuseum.fr\/wp-content\/uploads\/2019\/05\/CHO0551-web-845x684.jpg 845w\" sizes=\"(max-width: 495px) 100vw, 495px\" \/><\/a><div class=\"slide-content\"><header class=\"entry-content-header\" aria-label=\"Slide: Chouchane en concert\"><span class=\"blog-categories minor-meta\"><a href=\"https:\/\/phonomuseum.fr\/category\/blog\/\" rel=\"tag\">BLOG<\/a>, <a href=\"https:\/\/phonomuseum.fr\/category\/concerts\/concerts-2023\/\" rel=\"tag\">Concerts 2023<\/a> <\/span><h3 class='slide-entry-title entry-title '  itemprop=\"headline\" ><a href='https:\/\/phonomuseum.fr\/chouchane-en-concert\/' title='Chouchane en concert'>Chouchane en concert<\/a><\/h3><span class=\"av-vertical-delimiter\"><\/span><\/header><div class='slide-entry-excerpt entry-content'  itemprop=\"text\" >\r\nCHOUCHANE, formation en quintet, revisite les chants ancestraux arm\u00e9niens et iraniens. Autour de la performance vocale de la chanteuse Chouchane Djergaian, les musiciens Nicolas Laferrerie (guitare, clavier), Stephen Harisson (contrebasse),\u2026<\/div><\/div><footer class=\"entry-footer\"><div class=\"slide-meta\"><time class='slide-meta-time updated'  itemprop=\"datePublished\" datetime=\"2023-12-02T14:26:12+01:00\" ><\/time><\/div><\/footer><span class='hidden'>\n\t\t\t\t<span class='av-structured-data'  itemprop=\"image\" itemscope=\"itemscope\" itemtype=\"https:\/\/schema.org\/ImageObject\" >\n\t\t\t\t\t\t<span itemprop='url'>https:\/\/phonomuseum.fr\/wp-content\/uploads\/2019\/05\/CHO0551-web-scaled.jpg<\/span>\n\t\t\t\t\t\t<span itemprop='height'>1785<\/span>\n\t\t\t\t\t\t<span itemprop='width'>2560<\/span>\n\t\t\t\t<\/span>\n\t\t\t\t<span class='av-structured-data'  itemprop=\"publisher\" itemtype=\"https:\/\/schema.org\/Organization\" itemscope=\"itemscope\" >\n\t\t\t\t\t\t<span itemprop='name'>PHONO Museum Paris<\/span>\n\t\t\t\t\t\t<span itemprop='logo' itemscope itemtype='https:\/\/schema.org\/ImageObject'>\n\t\t\t\t\t\t\t<span itemprop='url'>https:\/\/phonomuseum.fr\/wp-content\/uploads\/2021\/01\/logo-couleurs-300x140.png<\/span>\n\t\t\t\t\t\t<\/span>\n\t\t\t\t<\/span><span class='av-structured-data'  itemprop=\"author\" itemscope=\"itemscope\" itemtype=\"https:\/\/schema.org\/Person\" ><span itemprop='name'>PHONO Museum Paris<\/span><\/span><span class='av-structured-data'  itemprop=\"datePublished\" datetime=\"2020-12-16T13:33:38+01:00\" >2023-12-02 14:26:12<\/span><span class='av-structured-data'  itemprop=\"dateModified\" itemtype=\"https:\/\/schema.org\/dateModified\" >2024-06-01 13:09:53<\/span><span class='av-structured-data'  itemprop=\"mainEntityOfPage\" itemtype=\"https:\/\/schema.org\/mainEntityOfPage\" ><span itemprop='name'>Chouchane en concert<\/span><\/span><\/span><\/article><article class='slide-entry flex_column  post-entry post-entry-4172 slide-entry-overview slide-loop-29 slide-parity-even  av_one_third  real-thumbnail posttype-post post-format-standard'  itemscope=\"itemscope\" itemtype=\"https:\/\/schema.org\/CreativeWork\" ><a href='https:\/\/phonomuseum.fr\/les-as-du-musette\/' data-rel='slide-1' class='slide-image' title='Les as du musette'><img decoding=\"async\" fetchpriority=\"high\" width=\"495\" height=\"400\" src=\"https:\/\/phonomuseum.fr\/wp-content\/uploads\/2023\/11\/2dea1056-b5a9-4a8e-9f5a-e9ee0f054dcf-495x400.jpg\" class=\"wp-image-4191 avia-img-lazy-loading-not-4191 attachment-portfolio size-portfolio wp-post-image\" alt=\"\" srcset=\"https:\/\/phonomuseum.fr\/wp-content\/uploads\/2023\/11\/2dea1056-b5a9-4a8e-9f5a-e9ee0f054dcf-495x400.jpg 495w, https:\/\/phonomuseum.fr\/wp-content\/uploads\/2023\/11\/2dea1056-b5a9-4a8e-9f5a-e9ee0f054dcf-845x684.jpg 845w\" sizes=\"(max-width: 495px) 100vw, 495px\" \/><\/a><div class=\"slide-content\"><header class=\"entry-content-header\" aria-label=\"Slide: Les as du musette\"><span class=\"blog-categories minor-meta\"><a href=\"https:\/\/phonomuseum.fr\/category\/blog\/\" rel=\"tag\">BLOG<\/a>, <a href=\"https:\/\/phonomuseum.fr\/category\/expositions\/expositions-2023\/\" rel=\"tag\">Expositions 2023<\/a> <\/span><h3 class='slide-entry-title entry-title '  itemprop=\"headline\" ><a href='https:\/\/phonomuseum.fr\/les-as-du-musette\/' title='Les as du musette'>Les as du musette<\/a><\/h3><span class=\"av-vertical-delimiter\"><\/span><\/header><div class='slide-entry-excerpt entry-content'  itemprop=\"text\" >\r\n\r\n&nbsp;\r\n\"Le musette : genre de musique particulier aux orchestres des bals musettes\" nous dit le Larousse qui compl\u00e8te sa d\u00e9finition avec \"Bal musette,\u00a0bal populaire o\u00f9 l'on danse au son de l'accord\u00e9on\".\r\n\r\n\r\n\r\n\r\n\r\nContrairement aux\u2026<\/div><\/div><footer class=\"entry-footer\"><div class=\"slide-meta\"><time class='slide-meta-time updated'  itemprop=\"datePublished\" datetime=\"2023-11-08T19:23:37+01:00\" ><\/time><div class=\"slide-meta-del\">\/<\/div><div class=\"slide-meta-comments\"><a href='https:\/\/phonomuseum.fr\/les-as-du-musette\/#comments'>2 Commentaires<\/a><\/div><\/div><\/footer><span class='hidden'>\n\t\t\t\t<span class='av-structured-data'  itemprop=\"image\" itemscope=\"itemscope\" itemtype=\"https:\/\/schema.org\/ImageObject\" >\n\t\t\t\t\t\t<span itemprop='url'>https:\/\/phonomuseum.fr\/wp-content\/uploads\/2023\/11\/2dea1056-b5a9-4a8e-9f5a-e9ee0f054dcf.jpg<\/span>\n\t\t\t\t\t\t<span itemprop='height'>2013<\/span>\n\t\t\t\t\t\t<span itemprop='width'>2048<\/span>\n\t\t\t\t<\/span>\n\t\t\t\t<span class='av-structured-data'  itemprop=\"publisher\" itemtype=\"https:\/\/schema.org\/Organization\" itemscope=\"itemscope\" >\n\t\t\t\t\t\t<span itemprop='name'>PHONO Museum Paris<\/span>\n\t\t\t\t\t\t<span itemprop='logo' itemscope itemtype='https:\/\/schema.org\/ImageObject'>\n\t\t\t\t\t\t\t<span itemprop='url'>https:\/\/phonomuseum.fr\/wp-content\/uploads\/2021\/01\/logo-couleurs-300x140.png<\/span>\n\t\t\t\t\t\t<\/span>\n\t\t\t\t<\/span><span class='av-structured-data'  itemprop=\"author\" itemscope=\"itemscope\" itemtype=\"https:\/\/schema.org\/Person\" ><span itemprop='name'>PHONO Museum Paris<\/span><\/span><span class='av-structured-data'  itemprop=\"datePublished\" datetime=\"2020-12-16T13:33:38+01:00\" >2023-11-08 19:23:37<\/span><span class='av-structured-data'  itemprop=\"dateModified\" itemtype=\"https:\/\/schema.org\/dateModified\" >2024-06-01 13:15:46<\/span><span class='av-structured-data'  itemprop=\"mainEntityOfPage\" itemtype=\"https:\/\/schema.org\/mainEntityOfPage\" ><span itemprop='name'>Les as du musette<\/span><\/span><\/span><\/article><article class='slide-entry flex_column  post-entry post-entry-4167 slide-entry-overview slide-loop-30 slide-parity-odd  av_one_third  real-thumbnail posttype-post post-format-standard'  itemscope=\"itemscope\" itemtype=\"https:\/\/schema.org\/CreativeWork\" ><a href='https:\/\/phonomuseum.fr\/cylindres-disques-et-enregistrements-magnetiques-des-collections-privees-au-service-des-collections-publiques\/' data-rel='slide-1' class='slide-image' title='Cylindres, disques et enregistrements magn\u00e9tiques : des collections priv\u00e9es au service des collections publiques'><img decoding=\"async\" fetchpriority=\"high\" width=\"251\" height=\"400\" src=\"https:\/\/phonomuseum.fr\/wp-content\/uploads\/2016\/02\/photo-83.jpg\" class=\"wp-image-489 avia-img-lazy-loading-not-489 attachment-portfolio size-portfolio wp-post-image\" alt=\"Phrynis Pavillon assym\u00e9trique\" srcset=\"https:\/\/phonomuseum.fr\/wp-content\/uploads\/2016\/02\/photo-83.jpg 402w, https:\/\/phonomuseum.fr\/wp-content\/uploads\/2016\/02\/photo-83-188x300.jpg 188w, https:\/\/phonomuseum.fr\/wp-content\/uploads\/2016\/02\/photo-83-94x150.jpg 94w\" sizes=\"(max-width: 251px) 100vw, 251px\" \/><\/a><div class=\"slide-content\"><header class=\"entry-content-header\" aria-label=\"Slide: Cylindres, disques et enregistrements magn\u00e9tiques : des collections priv\u00e9es au service des collections publiques\"><span class=\"blog-categories minor-meta\"><a href=\"https:\/\/phonomuseum.fr\/category\/blog\/\" rel=\"tag\">BLOG<\/a>, <a href=\"https:\/\/phonomuseum.fr\/category\/conferences\/conferences-2023\/\" rel=\"tag\">Conf\u00e9rences 2023<\/a> <\/span><h3 class='slide-entry-title entry-title '  itemprop=\"headline\" ><a href='https:\/\/phonomuseum.fr\/cylindres-disques-et-enregistrements-magnetiques-des-collections-privees-au-service-des-collections-publiques\/' title='Cylindres, disques et enregistrements magn\u00e9tiques : des collections priv\u00e9es au service des collections publiques'>Cylindres, disques et enregistrements magn\u00e9tiques : des collections priv\u00e9es au service des collections publiques<\/a><\/h3><span class=\"av-vertical-delimiter\"><\/span><\/header><div class='slide-entry-excerpt entry-content'  itemprop=\"text\" >Une conf\u00e9rence est organis\u00e9e le mardi 14 novembre 2023 \u00e0 14h30 dans les locaux du PHONO Museum Paris, le mus\u00e9e du son enregistr\u00e9.\r\noOo\r\nCylindres, disques et enregistrements magn\u00e9tiques :\r\ndes collections priv\u00e9es au service des collections\u2026<\/div><\/div><footer class=\"entry-footer\"><div class=\"slide-meta\"><time class='slide-meta-time updated'  itemprop=\"datePublished\" datetime=\"2023-11-02T14:28:34+01:00\" ><\/time><\/div><\/footer><span class='hidden'>\n\t\t\t\t<span class='av-structured-data'  itemprop=\"image\" itemscope=\"itemscope\" itemtype=\"https:\/\/schema.org\/ImageObject\" >\n\t\t\t\t\t\t<span itemprop='url'>https:\/\/phonomuseum.fr\/wp-content\/uploads\/2016\/02\/photo-83.jpg<\/span>\n\t\t\t\t\t\t<span itemprop='height'>640<\/span>\n\t\t\t\t\t\t<span itemprop='width'>402<\/span>\n\t\t\t\t<\/span>\n\t\t\t\t<span class='av-structured-data'  itemprop=\"publisher\" itemtype=\"https:\/\/schema.org\/Organization\" itemscope=\"itemscope\" >\n\t\t\t\t\t\t<span itemprop='name'>PHONO Museum Paris<\/span>\n\t\t\t\t\t\t<span itemprop='logo' itemscope itemtype='https:\/\/schema.org\/ImageObject'>\n\t\t\t\t\t\t\t<span itemprop='url'>https:\/\/phonomuseum.fr\/wp-content\/uploads\/2021\/01\/logo-couleurs-300x140.png<\/span>\n\t\t\t\t\t\t<\/span>\n\t\t\t\t<\/span><span class='av-structured-data'  itemprop=\"author\" itemscope=\"itemscope\" itemtype=\"https:\/\/schema.org\/Person\" ><span itemprop='name'>PHONO Museum Paris<\/span><\/span><span class='av-structured-data'  itemprop=\"datePublished\" datetime=\"2020-12-16T13:33:38+01:00\" >2023-11-02 14:28:34<\/span><span class='av-structured-data'  itemprop=\"dateModified\" itemtype=\"https:\/\/schema.org\/dateModified\" >2024-06-01 13:16:45<\/span><span class='av-structured-data'  itemprop=\"mainEntityOfPage\" itemtype=\"https:\/\/schema.org\/mainEntityOfPage\" ><span itemprop='name'>Cylindres, disques et enregistrements magn\u00e9tiques : des collections priv\u00e9es au service des collections publiques<\/span><\/span><\/span><\/article><\/div><div class=\"slide-entry-wrap\"><article class='slide-entry flex_column  post-entry post-entry-4136 slide-entry-overview slide-loop-31 slide-parity-odd  av_one_third first real-thumbnail posttype-post post-format-standard'  itemscope=\"itemscope\" itemtype=\"https:\/\/schema.org\/CreativeWork\" ><a href='https:\/\/phonomuseum.fr\/feodor-chaliapine-tel-quen-son-temps\/' data-rel='slide-1' class='slide-image' title='F\u00e9odor Chaliapine, tel qu\u2019en son temps'><img decoding=\"async\" fetchpriority=\"high\" width=\"495\" height=\"400\" src=\"https:\/\/phonomuseum.fr\/wp-content\/uploads\/2023\/09\/Chaliapine-enregistre-495x400.jpeg\" class=\"wp-image-4137 avia-img-lazy-loading-not-4137 attachment-portfolio size-portfolio wp-post-image\" alt=\"\" srcset=\"https:\/\/phonomuseum.fr\/wp-content\/uploads\/2023\/09\/Chaliapine-enregistre-495x400.jpeg 495w, https:\/\/phonomuseum.fr\/wp-content\/uploads\/2023\/09\/Chaliapine-enregistre-845x684.jpeg 845w\" sizes=\"(max-width: 495px) 100vw, 495px\" \/><\/a><div class=\"slide-content\"><header class=\"entry-content-header\" aria-label=\"Slide: F\u00e9odor Chaliapine, tel qu\u2019en son temps\"><span class=\"blog-categories minor-meta\"><a href=\"https:\/\/phonomuseum.fr\/category\/blog\/\" rel=\"tag\">BLOG<\/a>, <a href=\"https:\/\/phonomuseum.fr\/category\/conferences\/conferences-2023\/\" rel=\"tag\">Conf\u00e9rences 2023<\/a> <\/span><h3 class='slide-entry-title entry-title '  itemprop=\"headline\" ><a href='https:\/\/phonomuseum.fr\/feodor-chaliapine-tel-quen-son-temps\/' title='F\u00e9odor Chaliapine, tel qu\u2019en son temps'>F\u00e9odor Chaliapine, tel qu\u2019en son temps<\/a><\/h3><span class=\"av-vertical-delimiter\"><\/span><\/header><div class='slide-entry-excerpt entry-content'  itemprop=\"text\" >A l'occasion de la publication de son dernier livre consacr\u00e9 \u00e0 F\u00e9odor Chaliapine, nous avons le grand plaisir de vous annoncer que Sylvie Mamy donnera une conf\u00e9rence au mus\u00e9e le :\r\n\r\nMardi 17 octobre 2023 \u00e0 19h\r\n\r\n\r\nS\u00e9ance d'enregistrement\u2026<\/div><\/div><footer class=\"entry-footer\"><div class=\"slide-meta\"><time class='slide-meta-time updated'  itemprop=\"datePublished\" datetime=\"2023-10-02T14:50:29+02:00\" ><\/time><\/div><\/footer><span class='hidden'>\n\t\t\t\t<span class='av-structured-data'  itemprop=\"image\" itemscope=\"itemscope\" itemtype=\"https:\/\/schema.org\/ImageObject\" >\n\t\t\t\t\t\t<span itemprop='url'>https:\/\/phonomuseum.fr\/wp-content\/uploads\/2023\/09\/Chaliapine-enregistre-scaled.jpeg<\/span>\n\t\t\t\t\t\t<span itemprop='height'>2560<\/span>\n\t\t\t\t\t\t<span itemprop='width'>2162<\/span>\n\t\t\t\t<\/span>\n\t\t\t\t<span class='av-structured-data'  itemprop=\"publisher\" itemtype=\"https:\/\/schema.org\/Organization\" itemscope=\"itemscope\" >\n\t\t\t\t\t\t<span itemprop='name'>PHONO Museum Paris<\/span>\n\t\t\t\t\t\t<span itemprop='logo' itemscope itemtype='https:\/\/schema.org\/ImageObject'>\n\t\t\t\t\t\t\t<span itemprop='url'>https:\/\/phonomuseum.fr\/wp-content\/uploads\/2021\/01\/logo-couleurs-300x140.png<\/span>\n\t\t\t\t\t\t<\/span>\n\t\t\t\t<\/span><span class='av-structured-data'  itemprop=\"author\" itemscope=\"itemscope\" itemtype=\"https:\/\/schema.org\/Person\" ><span itemprop='name'>PHONO Museum Paris<\/span><\/span><span class='av-structured-data'  itemprop=\"datePublished\" datetime=\"2020-12-16T13:33:38+01:00\" >2023-10-02 14:50:29<\/span><span class='av-structured-data'  itemprop=\"dateModified\" itemtype=\"https:\/\/schema.org\/dateModified\" >2024-06-01 13:20:19<\/span><span class='av-structured-data'  itemprop=\"mainEntityOfPage\" itemtype=\"https:\/\/schema.org\/mainEntityOfPage\" ><span itemprop='name'>F\u00e9odor Chaliapine, tel qu\u2019en son temps<\/span><\/span><\/span><\/article><article class='slide-entry flex_column  post-entry post-entry-4106 slide-entry-overview slide-loop-32 slide-parity-even  av_one_third  real-thumbnail posttype-post post-format-standard'  itemscope=\"itemscope\" itemtype=\"https:\/\/schema.org\/CreativeWork\" ><a href='https:\/\/phonomuseum.fr\/partenariat-entre-le-centre-national-de-la-musique-et-phono-museum-paris\/' data-rel='slide-1' class='slide-image' title='Partenariat entre le Centre national de la musique et PHONO Museum Paris'><img decoding=\"async\" fetchpriority=\"high\" width=\"495\" height=\"400\" src=\"https:\/\/phonomuseum.fr\/wp-content\/uploads\/2023\/05\/CNM-logo_standard_rvb_partenaire-495x400.jpg\" class=\"wp-image-4065 avia-img-lazy-loading-not-4065 attachment-portfolio size-portfolio wp-post-image\" alt=\"\" srcset=\"https:\/\/phonomuseum.fr\/wp-content\/uploads\/2023\/05\/CNM-logo_standard_rvb_partenaire-495x400.jpg 495w, https:\/\/phonomuseum.fr\/wp-content\/uploads\/2023\/05\/CNM-logo_standard_rvb_partenaire-845x684.jpg 845w\" sizes=\"(max-width: 495px) 100vw, 495px\" \/><\/a><div class=\"slide-content\"><header class=\"entry-content-header\" aria-label=\"Slide: Partenariat entre le Centre national de la musique et PHONO Museum Paris\"><span class=\"blog-categories minor-meta\"><a href=\"https:\/\/phonomuseum.fr\/category\/blog\/\" rel=\"tag\">BLOG<\/a> <\/span><h3 class='slide-entry-title entry-title '  itemprop=\"headline\" ><a href='https:\/\/phonomuseum.fr\/partenariat-entre-le-centre-national-de-la-musique-et-phono-museum-paris\/' title='Partenariat entre le Centre national de la musique et PHONO Museum Paris'>Partenariat entre le Centre national de la musique et PHONO Museum Paris<\/a><\/h3><span class=\"av-vertical-delimiter\"><\/span><\/header><div class='slide-entry-excerpt entry-content'  itemprop=\"text\" >\r\nLe Centre\u00a0national de la\u00a0musique (CNM) et PHONO Museum Paris ont sign\u00e9 une convention de partenariat d'un an.\r\nLe CNM et PHONO Museum Paris ont \u00e9tabli un partenariat au titre des actions que le mus\u00e9e met en \u0153uvre en mati\u00e8re de pr\u00e9servation\u2026<\/div><\/div><footer class=\"entry-footer\"><div class=\"slide-meta\"><time class='slide-meta-time updated'  itemprop=\"datePublished\" datetime=\"2023-06-26T12:00:00+02:00\" ><\/time><\/div><\/footer><span class='hidden'>\n\t\t\t\t<span class='av-structured-data'  itemprop=\"image\" itemscope=\"itemscope\" itemtype=\"https:\/\/schema.org\/ImageObject\" >\n\t\t\t\t\t\t<span itemprop='url'>https:\/\/phonomuseum.fr\/wp-content\/uploads\/2023\/05\/CNM-logo_standard_rvb_partenaire-scaled.jpg<\/span>\n\t\t\t\t\t\t<span itemprop='height'>1471<\/span>\n\t\t\t\t\t\t<span itemprop='width'>2560<\/span>\n\t\t\t\t<\/span>\n\t\t\t\t<span class='av-structured-data'  itemprop=\"publisher\" itemtype=\"https:\/\/schema.org\/Organization\" itemscope=\"itemscope\" >\n\t\t\t\t\t\t<span itemprop='name'>PHONO Museum Paris<\/span>\n\t\t\t\t\t\t<span itemprop='logo' itemscope itemtype='https:\/\/schema.org\/ImageObject'>\n\t\t\t\t\t\t\t<span itemprop='url'>https:\/\/phonomuseum.fr\/wp-content\/uploads\/2021\/01\/logo-couleurs-300x140.png<\/span>\n\t\t\t\t\t\t<\/span>\n\t\t\t\t<\/span><span class='av-structured-data'  itemprop=\"author\" itemscope=\"itemscope\" itemtype=\"https:\/\/schema.org\/Person\" ><span itemprop='name'>PHONO Museum Paris<\/span><\/span><span class='av-structured-data'  itemprop=\"datePublished\" datetime=\"2020-12-16T13:33:38+01:00\" >2023-06-26 12:00:00<\/span><span class='av-structured-data'  itemprop=\"dateModified\" itemtype=\"https:\/\/schema.org\/dateModified\" >2024-06-01 13:21:23<\/span><span class='av-structured-data'  itemprop=\"mainEntityOfPage\" itemtype=\"https:\/\/schema.org\/mainEntityOfPage\" ><span itemprop='name'>Partenariat entre le Centre national de la musique et PHONO Museum Paris<\/span><\/span><\/span><\/article><article class='slide-entry flex_column  post-entry post-entry-4071 slide-entry-overview slide-loop-33 slide-parity-odd  av_one_third  real-thumbnail posttype-post post-format-standard'  itemscope=\"itemscope\" itemtype=\"https:\/\/schema.org\/CreativeWork\" ><a href='https:\/\/phonomuseum.fr\/nuit-blanche-2023-a-paris\/' data-rel='slide-1' class='slide-image' title='Nuit Blanche 2023 \u00e0 Paris'><img decoding=\"async\" fetchpriority=\"high\" width=\"495\" height=\"400\" src=\"https:\/\/phonomuseum.fr\/wp-content\/uploads\/2023\/06\/Nuit-Blanche-0-495x400.png\" class=\"wp-image-4094 avia-img-lazy-loading-not-4094 attachment-portfolio size-portfolio wp-post-image\" alt=\"\" \/><\/a><div class=\"slide-content\"><header class=\"entry-content-header\" aria-label=\"Slide: Nuit Blanche 2023 \u00e0 Paris\"><span class=\"blog-categories minor-meta\"><a href=\"https:\/\/phonomuseum.fr\/category\/blog\/\" rel=\"tag\">BLOG<\/a> <\/span><h3 class='slide-entry-title entry-title '  itemprop=\"headline\" ><a href='https:\/\/phonomuseum.fr\/nuit-blanche-2023-a-paris\/' title='Nuit Blanche 2023 \u00e0 Paris'>Nuit Blanche 2023 \u00e0 Paris<\/a><\/h3><span class=\"av-vertical-delimiter\"><\/span><\/header><div class='slide-entry-excerpt entry-content'  itemprop=\"text\" >\r\nLe 3 juin 2023 l\u2019\u00e9v\u00e8nement Nuit Blanche a eu lieu ! un \u00e9v\u00e9nement culturel qui se tient une fois par an pendant toute une nuit \u00e0 Paris.\r\nPour cette nouvelle \u00e9dition, Kitty Hartl a choisi de mettre en avant cette ann\u00e9e \u00ab La Seine \u00bb\u2026<\/div><\/div><footer class=\"entry-footer\"><div class=\"slide-meta\"><time class='slide-meta-time updated'  itemprop=\"datePublished\" datetime=\"2023-06-13T14:06:21+02:00\" ><\/time><\/div><\/footer><span class='hidden'>\n\t\t\t\t<span class='av-structured-data'  itemprop=\"image\" itemscope=\"itemscope\" itemtype=\"https:\/\/schema.org\/ImageObject\" >\n\t\t\t\t\t\t<span itemprop='url'>https:\/\/phonomuseum.fr\/wp-content\/uploads\/2023\/06\/Nuit-Blanche-0.png<\/span>\n\t\t\t\t\t\t<span itemprop='height'>614<\/span>\n\t\t\t\t\t\t<span itemprop='width'>844<\/span>\n\t\t\t\t<\/span>\n\t\t\t\t<span class='av-structured-data'  itemprop=\"publisher\" itemtype=\"https:\/\/schema.org\/Organization\" itemscope=\"itemscope\" >\n\t\t\t\t\t\t<span itemprop='name'>PHONO Museum Paris<\/span>\n\t\t\t\t\t\t<span itemprop='logo' itemscope itemtype='https:\/\/schema.org\/ImageObject'>\n\t\t\t\t\t\t\t<span itemprop='url'>https:\/\/phonomuseum.fr\/wp-content\/uploads\/2021\/01\/logo-couleurs-300x140.png<\/span>\n\t\t\t\t\t\t<\/span>\n\t\t\t\t<\/span><span class='av-structured-data'  itemprop=\"author\" itemscope=\"itemscope\" itemtype=\"https:\/\/schema.org\/Person\" ><span itemprop='name'>PHONO Museum Paris<\/span><\/span><span class='av-structured-data'  itemprop=\"datePublished\" datetime=\"2020-12-16T13:33:38+01:00\" >2023-06-13 14:06:21<\/span><span class='av-structured-data'  itemprop=\"dateModified\" itemtype=\"https:\/\/schema.org\/dateModified\" >2024-06-01 13:23:35<\/span><span class='av-structured-data'  itemprop=\"mainEntityOfPage\" itemtype=\"https:\/\/schema.org\/mainEntityOfPage\" ><span itemprop='name'>Nuit Blanche 2023 \u00e0 Paris<\/span><\/span><\/span><\/article><\/div><div class=\"slide-entry-wrap\"><article class='slide-entry flex_column  post-entry post-entry-4073 slide-entry-overview slide-loop-34 slide-parity-odd  av_one_third first real-thumbnail posttype-post post-format-standard'  itemscope=\"itemscope\" itemtype=\"https:\/\/schema.org\/CreativeWork\" ><a href='https:\/\/phonomuseum.fr\/les-oscillations\/' data-rel='slide-1' class='slide-image' title='Les oscillations'><img decoding=\"async\" fetchpriority=\"high\" width=\"495\" height=\"400\" src=\"https:\/\/phonomuseum.fr\/wp-content\/uploads\/2023\/05\/Des-oscillations-495x400.png\" class=\"wp-image-4079 avia-img-lazy-loading-not-4079 attachment-portfolio size-portfolio wp-post-image\" alt=\"\" \/><\/a><div class=\"slide-content\"><header class=\"entry-content-header\" aria-label=\"Slide: Les oscillations\"><span class=\"blog-categories minor-meta\"><a href=\"https:\/\/phonomuseum.fr\/category\/blog\/\" rel=\"tag\">BLOG<\/a>, <a href=\"https:\/\/phonomuseum.fr\/category\/expositions\/expositions-2023\/\" rel=\"tag\">Expositions 2023<\/a> <\/span><h3 class='slide-entry-title entry-title '  itemprop=\"headline\" ><a href='https:\/\/phonomuseum.fr\/les-oscillations\/' title='Les oscillations'>Les oscillations<\/a><\/h3><span class=\"av-vertical-delimiter\"><\/span><\/header><div class='slide-entry-excerpt entry-content'  itemprop=\"text\" >&nbsp;\r\n\r\n\r\nDu 12 mai au 22 juillet 2023, le Centre d\u2019art contemporain Tignious, \u00e0 Montreuil, pr\u00e9sente son exposition \u00ab Des oscillations \u00bb. Cette exposition est un panorama de toutes les surfaces phonographiques contemporaines et de quelques\u2026<\/div><\/div><footer class=\"entry-footer\"><div class=\"slide-meta\"><time class='slide-meta-time updated'  itemprop=\"datePublished\" datetime=\"2023-05-26T13:23:06+02:00\" ><\/time><\/div><\/footer><span class='hidden'>\n\t\t\t\t<span class='av-structured-data'  itemprop=\"image\" itemscope=\"itemscope\" itemtype=\"https:\/\/schema.org\/ImageObject\" >\n\t\t\t\t\t\t<span itemprop='url'>https:\/\/phonomuseum.fr\/wp-content\/uploads\/2023\/05\/Des-oscillations.png<\/span>\n\t\t\t\t\t\t<span itemprop='height'>602<\/span>\n\t\t\t\t\t\t<span itemprop='width'>1041<\/span>\n\t\t\t\t<\/span>\n\t\t\t\t<span class='av-structured-data'  itemprop=\"publisher\" itemtype=\"https:\/\/schema.org\/Organization\" itemscope=\"itemscope\" >\n\t\t\t\t\t\t<span itemprop='name'>PHONO Museum Paris<\/span>\n\t\t\t\t\t\t<span itemprop='logo' itemscope itemtype='https:\/\/schema.org\/ImageObject'>\n\t\t\t\t\t\t\t<span itemprop='url'>https:\/\/phonomuseum.fr\/wp-content\/uploads\/2021\/01\/logo-couleurs-300x140.png<\/span>\n\t\t\t\t\t\t<\/span>\n\t\t\t\t<\/span><span class='av-structured-data'  itemprop=\"author\" itemscope=\"itemscope\" itemtype=\"https:\/\/schema.org\/Person\" ><span itemprop='name'>PHONO Museum Paris<\/span><\/span><span class='av-structured-data'  itemprop=\"datePublished\" datetime=\"2020-12-16T13:33:38+01:00\" >2023-05-26 13:23:06<\/span><span class='av-structured-data'  itemprop=\"dateModified\" itemtype=\"https:\/\/schema.org\/dateModified\" >2024-06-01 13:26:01<\/span><span class='av-structured-data'  itemprop=\"mainEntityOfPage\" itemtype=\"https:\/\/schema.org\/mainEntityOfPage\" ><span itemprop='name'>Les oscillations<\/span><\/span><\/span><\/article><article class='slide-entry flex_column  post-entry post-entry-4059 slide-entry-overview slide-loop-35 slide-parity-even  av_one_third  real-thumbnail posttype-post post-format-standard'  itemscope=\"itemscope\" itemtype=\"https:\/\/schema.org\/CreativeWork\" ><a href='https:\/\/phonomuseum.fr\/retour-sur-le-disquaire-day-2023-au-musee-des-arts-metiers\/' data-rel='slide-1' class='slide-image' title='Retour sur le Disquaire Day 2023 au mus\u00e9e des Arts &#038; M\u00e9tiers'><img decoding=\"async\" fetchpriority=\"high\" width=\"495\" height=\"400\" src=\"https:\/\/phonomuseum.fr\/wp-content\/uploads\/2023\/04\/IMG_6345-copie-495x400.jpg\" class=\"wp-image-4053 avia-img-lazy-loading-not-4053 attachment-portfolio size-portfolio wp-post-image\" alt=\"\" srcset=\"https:\/\/phonomuseum.fr\/wp-content\/uploads\/2023\/04\/IMG_6345-copie-495x400.jpg 495w, https:\/\/phonomuseum.fr\/wp-content\/uploads\/2023\/04\/IMG_6345-copie-845x684.jpg 845w\" sizes=\"(max-width: 495px) 100vw, 495px\" \/><\/a><div class=\"slide-content\"><header class=\"entry-content-header\" aria-label=\"Slide: Retour sur le Disquaire Day 2023 au mus\u00e9e des Arts &amp; M\u00e9tiers\"><span class=\"blog-categories minor-meta\"><a href=\"https:\/\/phonomuseum.fr\/category\/blog\/\" rel=\"tag\">BLOG<\/a>, <a href=\"https:\/\/phonomuseum.fr\/category\/expositions\/expositions-2023\/\" rel=\"tag\">Expositions 2023<\/a> <\/span><h3 class='slide-entry-title entry-title '  itemprop=\"headline\" ><a href='https:\/\/phonomuseum.fr\/retour-sur-le-disquaire-day-2023-au-musee-des-arts-metiers\/' title='Retour sur le Disquaire Day 2023 au mus\u00e9e des Arts &#038; M\u00e9tiers'>Retour sur le Disquaire Day 2023 au mus\u00e9e des Arts &#038; M\u00e9tiers<\/a><\/h3><span class=\"av-vertical-delimiter\"><\/span><\/header><div class='slide-entry-excerpt entry-content'  itemprop=\"text\" >\r\nSamedi dernier 22 avril 2023, \u00e0 l'occasion de la Journ\u00e9e Internationale des CD et des Disquaires, le mus\u00e9e des Arts et M\u00e9tiers \u00e0 Paris avait planifi\u00e9 une journ\u00e9e d\u00e9di\u00e9e \u00e0 cet \u00e9v\u00e9nement. La journ\u00e9e a \u00e9t\u00e9 rythm\u00e9e par des expositions,\u2026<\/div><\/div><footer class=\"entry-footer\"><div class=\"slide-meta\"><time class='slide-meta-time updated'  itemprop=\"datePublished\" datetime=\"2023-04-29T13:57:28+02:00\" ><\/time><\/div><\/footer><span class='hidden'>\n\t\t\t\t<span class='av-structured-data'  itemprop=\"image\" itemscope=\"itemscope\" itemtype=\"https:\/\/schema.org\/ImageObject\" >\n\t\t\t\t\t\t<span itemprop='url'>https:\/\/phonomuseum.fr\/wp-content\/uploads\/2023\/04\/IMG_6345-copie-scaled.jpg<\/span>\n\t\t\t\t\t\t<span itemprop='height'>2560<\/span>\n\t\t\t\t\t\t<span itemprop='width'>1920<\/span>\n\t\t\t\t<\/span>\n\t\t\t\t<span class='av-structured-data'  itemprop=\"publisher\" itemtype=\"https:\/\/schema.org\/Organization\" itemscope=\"itemscope\" >\n\t\t\t\t\t\t<span itemprop='name'>PHONO Museum Paris<\/span>\n\t\t\t\t\t\t<span itemprop='logo' itemscope itemtype='https:\/\/schema.org\/ImageObject'>\n\t\t\t\t\t\t\t<span itemprop='url'>https:\/\/phonomuseum.fr\/wp-content\/uploads\/2021\/01\/logo-couleurs-300x140.png<\/span>\n\t\t\t\t\t\t<\/span>\n\t\t\t\t<\/span><span class='av-structured-data'  itemprop=\"author\" itemscope=\"itemscope\" itemtype=\"https:\/\/schema.org\/Person\" ><span itemprop='name'>PHONO Museum Paris<\/span><\/span><span class='av-structured-data'  itemprop=\"datePublished\" datetime=\"2020-12-16T13:33:38+01:00\" >2023-04-29 13:57:28<\/span><span class='av-structured-data'  itemprop=\"dateModified\" itemtype=\"https:\/\/schema.org\/dateModified\" >2024-06-01 13:28:13<\/span><span class='av-structured-data'  itemprop=\"mainEntityOfPage\" itemtype=\"https:\/\/schema.org\/mainEntityOfPage\" ><span itemprop='name'>Retour sur le Disquaire Day 2023 au mus\u00e9e des Arts &#038; M\u00e9tiers<\/span><\/span><\/span><\/article><article class='slide-entry flex_column  post-entry post-entry-4035 slide-entry-overview slide-loop-36 slide-parity-odd  av_one_third  real-thumbnail posttype-post post-format-standard'  itemscope=\"itemscope\" itemtype=\"https:\/\/schema.org\/CreativeWork\" ><a href='https:\/\/phonomuseum.fr\/jazz-age-2023\/' data-rel='slide-1' class='slide-image' title='Jazz Age 2023'><img decoding=\"async\" fetchpriority=\"high\" width=\"495\" height=\"400\" src=\"https:\/\/phonomuseum.fr\/wp-content\/uploads\/2023\/04\/WhatsApp-Image-2023-04-21-at-16.42.22-495x400.jpeg\" class=\"wp-image-4036 avia-img-lazy-loading-not-4036 attachment-portfolio size-portfolio wp-post-image\" alt=\"\" srcset=\"https:\/\/phonomuseum.fr\/wp-content\/uploads\/2023\/04\/WhatsApp-Image-2023-04-21-at-16.42.22-495x400.jpeg 495w, https:\/\/phonomuseum.fr\/wp-content\/uploads\/2023\/04\/WhatsApp-Image-2023-04-21-at-16.42.22-845x684.jpeg 845w\" sizes=\"(max-width: 495px) 100vw, 495px\" \/><\/a><div class=\"slide-content\"><header class=\"entry-content-header\" aria-label=\"Slide: Jazz Age 2023\"><span class=\"blog-categories minor-meta\"><a href=\"https:\/\/phonomuseum.fr\/category\/blog\/\" rel=\"tag\">BLOG<\/a>, <a href=\"https:\/\/phonomuseum.fr\/category\/concerts\/\" rel=\"tag\">Concerts<\/a>, <a href=\"https:\/\/phonomuseum.fr\/category\/concerts\/concerts-2023\/\" rel=\"tag\">Concerts 2023<\/a> <\/span><h3 class='slide-entry-title entry-title '  itemprop=\"headline\" ><a href='https:\/\/phonomuseum.fr\/jazz-age-2023\/' title='Jazz Age 2023'>Jazz Age 2023<\/a><\/h3><span class=\"av-vertical-delimiter\"><\/span><\/header><div class='slide-entry-excerpt entry-content'  itemprop=\"text\" >ATTENTION Concert report\u00e9 \u00e0 l'automne 2023. Avec nos excuses\r\n&nbsp;\r\n\r\nC\u00e9l\u00e9bration au mus\u00e9e du hit-parade de 1923, lundi 22 mai 2023 \u00e0 20h.\r\n\r\nPour r\u00e9server,\u00a0c\u2019est ICI\r\n\r\n\r\n\r\n<\/div><\/div><footer class=\"entry-footer\"><div class=\"slide-meta\"><time class='slide-meta-time updated'  itemprop=\"datePublished\" datetime=\"2023-04-21T17:33:30+02:00\" ><\/time><\/div><\/footer><span class='hidden'>\n\t\t\t\t<span class='av-structured-data'  itemprop=\"image\" itemscope=\"itemscope\" itemtype=\"https:\/\/schema.org\/ImageObject\" >\n\t\t\t\t\t\t<span itemprop='url'>https:\/\/phonomuseum.fr\/wp-content\/uploads\/2023\/04\/WhatsApp-Image-2023-04-21-at-16.42.22.jpeg<\/span>\n\t\t\t\t\t\t<span itemprop='height'>1836<\/span>\n\t\t\t\t\t\t<span itemprop='width'>1452<\/span>\n\t\t\t\t<\/span>\n\t\t\t\t<span class='av-structured-data'  itemprop=\"publisher\" itemtype=\"https:\/\/schema.org\/Organization\" itemscope=\"itemscope\" >\n\t\t\t\t\t\t<span itemprop='name'>PHONO Museum Paris<\/span>\n\t\t\t\t\t\t<span itemprop='logo' itemscope itemtype='https:\/\/schema.org\/ImageObject'>\n\t\t\t\t\t\t\t<span itemprop='url'>https:\/\/phonomuseum.fr\/wp-content\/uploads\/2021\/01\/logo-couleurs-300x140.png<\/span>\n\t\t\t\t\t\t<\/span>\n\t\t\t\t<\/span><span class='av-structured-data'  itemprop=\"author\" itemscope=\"itemscope\" itemtype=\"https:\/\/schema.org\/Person\" ><span itemprop='name'>PHONO Museum Paris<\/span><\/span><span class='av-structured-data'  itemprop=\"datePublished\" datetime=\"2020-12-16T13:33:38+01:00\" >2023-04-21 17:33:30<\/span><span class='av-structured-data'  itemprop=\"dateModified\" itemtype=\"https:\/\/schema.org\/dateModified\" >2023-05-15 14:37:35<\/span><span class='av-structured-data'  itemprop=\"mainEntityOfPage\" itemtype=\"https:\/\/schema.org\/mainEntityOfPage\" ><span itemprop='name'>Jazz Age 2023<\/span><\/span><\/span><\/article><\/div><div class=\"slide-entry-wrap\"><article class='slide-entry flex_column  post-entry post-entry-4021 slide-entry-overview slide-loop-37 slide-parity-odd  av_one_third first real-thumbnail posttype-post post-format-standard'  itemscope=\"itemscope\" itemtype=\"https:\/\/schema.org\/CreativeWork\" ><a href='https:\/\/phonomuseum.fr\/en-souvenir-de-claude-vega\/' data-rel='slide-1' class='slide-image' title='En souvenir de Claude V\u00e9ga'><img decoding=\"async\" fetchpriority=\"high\" width=\"240\" height=\"159\" src=\"https:\/\/phonomuseum.fr\/wp-content\/uploads\/2023\/04\/mail.ovh_.png\" class=\"wp-image-4023 avia-img-lazy-loading-not-4023 attachment-portfolio size-portfolio wp-post-image\" alt=\"\" \/><\/a><div class=\"slide-content\"><header class=\"entry-content-header\" aria-label=\"Slide: En souvenir de Claude V\u00e9ga\"><span class=\"blog-categories minor-meta\"><a href=\"https:\/\/phonomuseum.fr\/category\/blog\/\" rel=\"tag\">BLOG<\/a> <\/span><h3 class='slide-entry-title entry-title '  itemprop=\"headline\" ><a href='https:\/\/phonomuseum.fr\/en-souvenir-de-claude-vega\/' title='En souvenir de Claude V\u00e9ga'>En souvenir de Claude V\u00e9ga<\/a><\/h3><span class=\"av-vertical-delimiter\"><\/span><\/header><div class='slide-entry-excerpt entry-content'  itemprop=\"text\" >\r\nClaude Vega au PHONO Museum Paris en 2019 avec au centre Delphine B\u00fcrkli, Maire du 9\u00e8me arrondissement de Paris.\r\nLe 11 avril 2023, une plaque comm\u00e9morative en hommage \u00e0 Claude V\u00e9ga a \u00e9t\u00e9 inaugur\u00e9e au 42 rue des Martyrs dans le 9\u00e8me\u2026<\/div><\/div><footer class=\"entry-footer\"><div class=\"slide-meta\"><time class='slide-meta-time updated'  itemprop=\"datePublished\" datetime=\"2023-04-17T13:34:05+02:00\" ><\/time><\/div><\/footer><span class='hidden'>\n\t\t\t\t<span class='av-structured-data'  itemprop=\"image\" itemscope=\"itemscope\" itemtype=\"https:\/\/schema.org\/ImageObject\" >\n\t\t\t\t\t\t<span itemprop='url'>https:\/\/phonomuseum.fr\/wp-content\/uploads\/2023\/04\/mail.ovh_.png<\/span>\n\t\t\t\t\t\t<span itemprop='height'>159<\/span>\n\t\t\t\t\t\t<span itemprop='width'>240<\/span>\n\t\t\t\t<\/span>\n\t\t\t\t<span class='av-structured-data'  itemprop=\"publisher\" itemtype=\"https:\/\/schema.org\/Organization\" itemscope=\"itemscope\" >\n\t\t\t\t\t\t<span itemprop='name'>PHONO Museum Paris<\/span>\n\t\t\t\t\t\t<span itemprop='logo' itemscope itemtype='https:\/\/schema.org\/ImageObject'>\n\t\t\t\t\t\t\t<span itemprop='url'>https:\/\/phonomuseum.fr\/wp-content\/uploads\/2021\/01\/logo-couleurs-300x140.png<\/span>\n\t\t\t\t\t\t<\/span>\n\t\t\t\t<\/span><span class='av-structured-data'  itemprop=\"author\" itemscope=\"itemscope\" itemtype=\"https:\/\/schema.org\/Person\" ><span itemprop='name'>PHONO Museum Paris<\/span><\/span><span class='av-structured-data'  itemprop=\"datePublished\" datetime=\"2020-12-16T13:33:38+01:00\" >2023-04-17 13:34:05<\/span><span class='av-structured-data'  itemprop=\"dateModified\" itemtype=\"https:\/\/schema.org\/dateModified\" >2024-06-01 13:32:44<\/span><span class='av-structured-data'  itemprop=\"mainEntityOfPage\" itemtype=\"https:\/\/schema.org\/mainEntityOfPage\" ><span itemprop='name'>En souvenir de Claude V\u00e9ga<\/span><\/span><\/span><\/article><article class='slide-entry flex_column  post-entry post-entry-4011 slide-entry-overview slide-loop-38 slide-parity-even  av_one_third  real-thumbnail posttype-post post-format-standard'  itemscope=\"itemscope\" itemtype=\"https:\/\/schema.org\/CreativeWork\" ><a href='https:\/\/phonomuseum.fr\/disquaire-day-au-musee-des-arts-metiers\/' data-rel='slide-1' class='slide-image' title='Disquaire Day au mus\u00e9e des Arts &#038; M\u00e9tiers'><img decoding=\"async\" fetchpriority=\"high\" width=\"422\" height=\"400\" src=\"https:\/\/phonomuseum.fr\/wp-content\/uploads\/2023\/04\/Affiche-Disquaire-Day-2023-422x400.png\" class=\"wp-image-4013 avia-img-lazy-loading-not-4013 attachment-portfolio size-portfolio wp-post-image\" alt=\"\" \/><\/a><div class=\"slide-content\"><header class=\"entry-content-header\" aria-label=\"Slide: Disquaire Day au mus\u00e9e des Arts &amp; M\u00e9tiers\"><span class=\"blog-categories minor-meta\"><a href=\"https:\/\/phonomuseum.fr\/category\/blog\/\" rel=\"tag\">BLOG<\/a>, <a href=\"https:\/\/phonomuseum.fr\/category\/expositions\/expositions-2023\/\" rel=\"tag\">Expositions 2023<\/a> <\/span><h3 class='slide-entry-title entry-title '  itemprop=\"headline\" ><a href='https:\/\/phonomuseum.fr\/disquaire-day-au-musee-des-arts-metiers\/' title='Disquaire Day au mus\u00e9e des Arts &#038; M\u00e9tiers'>Disquaire Day au mus\u00e9e des Arts &#038; M\u00e9tiers<\/a><\/h3><span class=\"av-vertical-delimiter\"><\/span><\/header><div class='slide-entry-excerpt entry-content'  itemprop=\"text\" >\r\n\u00c0 l'occasion du Disquaire Day, le samedi 22 avril 2023, PHONO Museum Paris exposera ses objets de collection au Mus\u00e9e des Arts et M\u00e9tiers de 10h \u00e0 18h !\r\nDe quoi s'agit-il\u00a0?\u00a0\r\nLe Disquaire Day, cr\u00e9\u00e9 en 2007, est la journ\u00e9e internationale\u2026<\/div><\/div><footer class=\"entry-footer\"><div class=\"slide-meta\"><time class='slide-meta-time updated'  itemprop=\"datePublished\" datetime=\"2023-04-08T14:15:19+02:00\" ><\/time><div class=\"slide-meta-del\">\/<\/div><div class=\"slide-meta-comments\"><a href='https:\/\/phonomuseum.fr\/disquaire-day-au-musee-des-arts-metiers\/#comments'>2 Commentaires<\/a><\/div><\/div><\/footer><span class='hidden'>\n\t\t\t\t<span class='av-structured-data'  itemprop=\"image\" itemscope=\"itemscope\" itemtype=\"https:\/\/schema.org\/ImageObject\" >\n\t\t\t\t\t\t<span itemprop='url'>https:\/\/phonomuseum.fr\/wp-content\/uploads\/2023\/04\/Affiche-Disquaire-Day-2023.png<\/span>\n\t\t\t\t\t\t<span itemprop='height'>422<\/span>\n\t\t\t\t\t\t<span itemprop='width'>422<\/span>\n\t\t\t\t<\/span>\n\t\t\t\t<span class='av-structured-data'  itemprop=\"publisher\" itemtype=\"https:\/\/schema.org\/Organization\" itemscope=\"itemscope\" >\n\t\t\t\t\t\t<span itemprop='name'>PHONO Museum Paris<\/span>\n\t\t\t\t\t\t<span itemprop='logo' itemscope itemtype='https:\/\/schema.org\/ImageObject'>\n\t\t\t\t\t\t\t<span itemprop='url'>https:\/\/phonomuseum.fr\/wp-content\/uploads\/2021\/01\/logo-couleurs-300x140.png<\/span>\n\t\t\t\t\t\t<\/span>\n\t\t\t\t<\/span><span class='av-structured-data'  itemprop=\"author\" itemscope=\"itemscope\" itemtype=\"https:\/\/schema.org\/Person\" ><span itemprop='name'>PHONO Museum Paris<\/span><\/span><span class='av-structured-data'  itemprop=\"datePublished\" datetime=\"2020-12-16T13:33:38+01:00\" >2023-04-08 14:15:19<\/span><span class='av-structured-data'  itemprop=\"dateModified\" itemtype=\"https:\/\/schema.org\/dateModified\" >2024-06-01 13:34:21<\/span><span class='av-structured-data'  itemprop=\"mainEntityOfPage\" itemtype=\"https:\/\/schema.org\/mainEntityOfPage\" ><span itemprop='name'>Disquaire Day au mus\u00e9e des Arts &#038; M\u00e9tiers<\/span><\/span><\/span><\/article><article class='slide-entry flex_column  post-entry post-entry-3998 slide-entry-overview slide-loop-39 slide-parity-odd  av_one_third  real-thumbnail posttype-post post-format-standard'  itemscope=\"itemscope\" itemtype=\"https:\/\/schema.org\/CreativeWork\" ><a href='https:\/\/phonomuseum.fr\/just-for-the-record-un-one-man-show-multimedia\/' data-rel='slide-1' class='slide-image' title='\u00ab\u00a0Just for the record\u00a0\u00bb, un one-man-show multimedia'><img decoding=\"async\" fetchpriority=\"high\" width=\"495\" height=\"400\" src=\"https:\/\/phonomuseum.fr\/wp-content\/uploads\/2023\/03\/unnamed-495x400.jpg\" class=\"wp-image-3999 avia-img-lazy-loading-not-3999 attachment-portfolio size-portfolio wp-post-image\" alt=\"\" srcset=\"https:\/\/phonomuseum.fr\/wp-content\/uploads\/2023\/03\/unnamed-495x400.jpg 495w, https:\/\/phonomuseum.fr\/wp-content\/uploads\/2023\/03\/unnamed-845x684.jpg 845w\" sizes=\"(max-width: 495px) 100vw, 495px\" \/><\/a><div class=\"slide-content\"><header class=\"entry-content-header\" aria-label=\"Slide: &quot;Just for the record&quot;, un one-man-show multimedia\"><span class=\"blog-categories minor-meta\"><a href=\"https:\/\/phonomuseum.fr\/category\/blog\/\" rel=\"tag\">BLOG<\/a>, <a href=\"https:\/\/phonomuseum.fr\/category\/conferences\/conferences-2023\/\" rel=\"tag\">Conf\u00e9rences 2023<\/a> <\/span><h3 class='slide-entry-title entry-title '  itemprop=\"headline\" ><a href='https:\/\/phonomuseum.fr\/just-for-the-record-un-one-man-show-multimedia\/' title='\u00ab\u00a0Just for the record\u00a0\u00bb, un one-man-show multimedia'>\u00ab\u00a0Just for the record\u00a0\u00bb, un one-man-show multimedia<\/a><\/h3><span class=\"av-vertical-delimiter\"><\/span><\/header><div class='slide-entry-excerpt entry-content'  itemprop=\"text\" >\r\nChristopher Andrew Maier est historien, artiste, pianiste, compositeur et enseignant chevronn\u00e9. Il pr\u00e9sente au cours de cette conf\u00e9rence Eldridge Reeves Johnson qui cr\u00e9a la Victor Talking Machine Company en 1901 et perfectionna le Gramophone\u2026<\/div><\/div><footer class=\"entry-footer\"><div class=\"slide-meta\"><time class='slide-meta-time updated'  itemprop=\"datePublished\" datetime=\"2023-03-23T14:41:19+01:00\" ><\/time><\/div><\/footer><span class='hidden'>\n\t\t\t\t<span class='av-structured-data'  itemprop=\"image\" itemscope=\"itemscope\" itemtype=\"https:\/\/schema.org\/ImageObject\" >\n\t\t\t\t\t\t<span itemprop='url'>https:\/\/phonomuseum.fr\/wp-content\/uploads\/2023\/03\/unnamed.jpg<\/span>\n\t\t\t\t\t\t<span itemprop='height'>1280<\/span>\n\t\t\t\t\t\t<span itemprop='width'>853<\/span>\n\t\t\t\t<\/span>\n\t\t\t\t<span class='av-structured-data'  itemprop=\"publisher\" itemtype=\"https:\/\/schema.org\/Organization\" itemscope=\"itemscope\" >\n\t\t\t\t\t\t<span itemprop='name'>PHONO Museum Paris<\/span>\n\t\t\t\t\t\t<span itemprop='logo' itemscope itemtype='https:\/\/schema.org\/ImageObject'>\n\t\t\t\t\t\t\t<span itemprop='url'>https:\/\/phonomuseum.fr\/wp-content\/uploads\/2021\/01\/logo-couleurs-300x140.png<\/span>\n\t\t\t\t\t\t<\/span>\n\t\t\t\t<\/span><span class='av-structured-data'  itemprop=\"author\" itemscope=\"itemscope\" itemtype=\"https:\/\/schema.org\/Person\" ><span itemprop='name'>PHONO Museum Paris<\/span><\/span><span class='av-structured-data'  itemprop=\"datePublished\" datetime=\"2020-12-16T13:33:38+01:00\" >2023-03-23 14:41:19<\/span><span class='av-structured-data'  itemprop=\"dateModified\" itemtype=\"https:\/\/schema.org\/dateModified\" >2024-06-01 13:37:17<\/span><span class='av-structured-data'  itemprop=\"mainEntityOfPage\" itemtype=\"https:\/\/schema.org\/mainEntityOfPage\" ><span itemprop='name'>\u00ab\u00a0Just for the record\u00a0\u00bb, un one-man-show multimedia<\/span><\/span><\/span><\/article><\/div><div class=\"slide-entry-wrap\"><article class='slide-entry flex_column  post-entry post-entry-3933 slide-entry-overview slide-loop-40 slide-parity-odd  av_one_third first real-thumbnail posttype-post post-format-standard'  itemscope=\"itemscope\" itemtype=\"https:\/\/schema.org\/CreativeWork\" ><a href='https:\/\/phonomuseum.fr\/le-qanun-reinvente\/' data-rel='slide-1' class='slide-image' title='Le Qan\u00fbn r\u00e9invent\u00e9'><img decoding=\"async\" fetchpriority=\"high\" width=\"495\" height=\"400\" src=\"https:\/\/phonomuseum.fr\/wp-content\/uploads\/2022\/12\/Capture-decran-2022-12-08-a-16.30.05-495x400.png\" class=\"wp-image-3937 avia-img-lazy-loading-not-3937 attachment-portfolio size-portfolio wp-post-image\" alt=\"\" \/><\/a><div class=\"slide-content\"><header class=\"entry-content-header\" aria-label=\"Slide: Le Qan\u00fbn r\u00e9invent\u00e9\"><span class=\"blog-categories minor-meta\"><a href=\"https:\/\/phonomuseum.fr\/category\/blog\/\" rel=\"tag\">BLOG<\/a>, <a href=\"https:\/\/phonomuseum.fr\/category\/concerts\/\" rel=\"tag\">Concerts<\/a>, <a href=\"https:\/\/phonomuseum.fr\/category\/concerts\/concerts-2022\/\" rel=\"tag\">Concerts 2022<\/a> <\/span><h3 class='slide-entry-title entry-title '  itemprop=\"headline\" ><a href='https:\/\/phonomuseum.fr\/le-qanun-reinvente\/' title='Le Qan\u00fbn r\u00e9invent\u00e9'>Le Qan\u00fbn r\u00e9invent\u00e9<\/a><\/h3><span class=\"av-vertical-delimiter\"><\/span><\/header><div class='slide-entry-excerpt entry-content'  itemprop=\"text\" >Symo Reyn est un jeune artiste qui s'est produit le mardi 29 novembre 2022 au mus\u00e9e \u00e0 l'occasion de la sortie de son premier album solo. Voici comment le journal d'ARTE TV le pr\u00e9sente dans le reportage fait lors du concert :\r\n\u00ab Symo Reyn\u2026<\/div><\/div><footer class=\"entry-footer\"><div class=\"slide-meta\"><time class='slide-meta-time updated'  itemprop=\"datePublished\" datetime=\"2022-12-08T16:34:20+01:00\" ><\/time><\/div><\/footer><span class='hidden'>\n\t\t\t\t<span class='av-structured-data'  itemprop=\"image\" itemscope=\"itemscope\" itemtype=\"https:\/\/schema.org\/ImageObject\" >\n\t\t\t\t\t\t<span itemprop='url'>https:\/\/phonomuseum.fr\/wp-content\/uploads\/2022\/12\/Capture-decran-2022-12-08-a-16.30.05.png<\/span>\n\t\t\t\t\t\t<span itemprop='height'>574<\/span>\n\t\t\t\t\t\t<span itemprop='width'>564<\/span>\n\t\t\t\t<\/span>\n\t\t\t\t<span class='av-structured-data'  itemprop=\"publisher\" itemtype=\"https:\/\/schema.org\/Organization\" itemscope=\"itemscope\" >\n\t\t\t\t\t\t<span itemprop='name'>PHONO Museum Paris<\/span>\n\t\t\t\t\t\t<span itemprop='logo' itemscope itemtype='https:\/\/schema.org\/ImageObject'>\n\t\t\t\t\t\t\t<span itemprop='url'>https:\/\/phonomuseum.fr\/wp-content\/uploads\/2021\/01\/logo-couleurs-300x140.png<\/span>\n\t\t\t\t\t\t<\/span>\n\t\t\t\t<\/span><span class='av-structured-data'  itemprop=\"author\" itemscope=\"itemscope\" itemtype=\"https:\/\/schema.org\/Person\" ><span itemprop='name'>PHONO Museum Paris<\/span><\/span><span class='av-structured-data'  itemprop=\"datePublished\" datetime=\"2020-12-16T13:33:38+01:00\" >2022-12-08 16:34:20<\/span><span class='av-structured-data'  itemprop=\"dateModified\" itemtype=\"https:\/\/schema.org\/dateModified\" >2024-06-01 13:38:27<\/span><span class='av-structured-data'  itemprop=\"mainEntityOfPage\" itemtype=\"https:\/\/schema.org\/mainEntityOfPage\" ><span itemprop='name'>Le Qan\u00fbn r\u00e9invent\u00e9<\/span><\/span><\/span><\/article><article class='slide-entry flex_column  post-entry post-entry-3874 slide-entry-overview slide-loop-41 slide-parity-even  av_one_third  real-thumbnail posttype-post post-format-standard'  itemscope=\"itemscope\" itemtype=\"https:\/\/schema.org\/CreativeWork\" ><a href='https:\/\/phonomuseum.fr\/discographies-et-discographes\/' data-rel='slide-1' class='slide-image' title='Discographies et discographes'><img decoding=\"async\" fetchpriority=\"high\" width=\"400\" height=\"400\" src=\"https:\/\/phonomuseum.fr\/wp-content\/uploads\/2019\/06\/Disque-Revoir-Paris.jpg\" class=\"wp-image-2135 avia-img-lazy-loading-not-2135 attachment-portfolio size-portfolio wp-post-image\" alt=\"\" srcset=\"https:\/\/phonomuseum.fr\/wp-content\/uploads\/2019\/06\/Disque-Revoir-Paris.jpg 577w, https:\/\/phonomuseum.fr\/wp-content\/uploads\/2019\/06\/Disque-Revoir-Paris-150x150.jpg 150w, https:\/\/phonomuseum.fr\/wp-content\/uploads\/2019\/06\/Disque-Revoir-Paris-300x300.jpg 300w, https:\/\/phonomuseum.fr\/wp-content\/uploads\/2019\/06\/Disque-Revoir-Paris-400x400.jpg 400w\" sizes=\"(max-width: 400px) 100vw, 400px\" \/><\/a><div class=\"slide-content\"><header class=\"entry-content-header\" aria-label=\"Slide: Discographies et discographes\"><span class=\"blog-categories minor-meta\"><a href=\"https:\/\/phonomuseum.fr\/category\/blog\/\" rel=\"tag\">BLOG<\/a> <\/span><h3 class='slide-entry-title entry-title '  itemprop=\"headline\" ><a href='https:\/\/phonomuseum.fr\/discographies-et-discographes\/' title='Discographies et discographes'>Discographies et discographes<\/a><\/h3><span class=\"av-vertical-delimiter\"><\/span><\/header><div class='slide-entry-excerpt entry-content'  itemprop=\"text\" >Henri Chamoux est ing\u00e9nieur d'\u00e9tude, docteur en histoire \u00e0 l'Ecole Normale Sup\u00e9rieure (ENS) de Lyon. Il travaille au Laboratoire de Recherche Historique Rh\u00f4ne-Alpes (LARHRA).\r\nMais Henri Chamoux est aussi un des initiateurs \/ cr\u00e9ateurs\u2026<\/div><\/div><footer class=\"entry-footer\"><div class=\"slide-meta\"><time class='slide-meta-time updated'  itemprop=\"datePublished\" datetime=\"2022-11-12T14:40:32+01:00\" ><\/time><\/div><\/footer><span class='hidden'>\n\t\t\t\t<span class='av-structured-data'  itemprop=\"image\" itemscope=\"itemscope\" itemtype=\"https:\/\/schema.org\/ImageObject\" >\n\t\t\t\t\t\t<span itemprop='url'>https:\/\/phonomuseum.fr\/wp-content\/uploads\/2019\/06\/Disque-Revoir-Paris.jpg<\/span>\n\t\t\t\t\t\t<span itemprop='height'>577<\/span>\n\t\t\t\t\t\t<span itemprop='width'>577<\/span>\n\t\t\t\t<\/span>\n\t\t\t\t<span class='av-structured-data'  itemprop=\"publisher\" itemtype=\"https:\/\/schema.org\/Organization\" itemscope=\"itemscope\" >\n\t\t\t\t\t\t<span itemprop='name'>PHONO Museum Paris<\/span>\n\t\t\t\t\t\t<span itemprop='logo' itemscope itemtype='https:\/\/schema.org\/ImageObject'>\n\t\t\t\t\t\t\t<span itemprop='url'>https:\/\/phonomuseum.fr\/wp-content\/uploads\/2021\/01\/logo-couleurs-300x140.png<\/span>\n\t\t\t\t\t\t<\/span>\n\t\t\t\t<\/span><span class='av-structured-data'  itemprop=\"author\" itemscope=\"itemscope\" itemtype=\"https:\/\/schema.org\/Person\" ><span itemprop='name'>PHONO Museum Paris<\/span><\/span><span class='av-structured-data'  itemprop=\"datePublished\" datetime=\"2020-12-16T13:33:38+01:00\" >2022-11-12 14:40:32<\/span><span class='av-structured-data'  itemprop=\"dateModified\" itemtype=\"https:\/\/schema.org\/dateModified\" >2024-06-01 13:40:38<\/span><span class='av-structured-data'  itemprop=\"mainEntityOfPage\" itemtype=\"https:\/\/schema.org\/mainEntityOfPage\" ><span itemprop='name'>Discographies et discographes<\/span><\/span><\/span><\/article><article class='slide-entry flex_column  post-entry post-entry-3840 slide-entry-overview slide-loop-42 slide-parity-odd  av_one_third  real-thumbnail posttype-post post-format-standard'  itemscope=\"itemscope\" itemtype=\"https:\/\/schema.org\/CreativeWork\" ><a href='https:\/\/phonomuseum.fr\/en-avant-la-musique\/' data-rel='slide-1' class='slide-image' title='En avant la musique !'><img decoding=\"async\" fetchpriority=\"high\" width=\"495\" height=\"400\" src=\"https:\/\/phonomuseum.fr\/wp-content\/uploads\/2022\/11\/Affiche-495x400.png\" class=\"wp-image-3841 avia-img-lazy-loading-not-3841 attachment-portfolio size-portfolio wp-post-image\" alt=\"\" \/><\/a><div class=\"slide-content\"><header class=\"entry-content-header\" aria-label=\"Slide: En avant la musique !\"><span class=\"blog-categories minor-meta\"><a href=\"https:\/\/phonomuseum.fr\/category\/blog\/\" rel=\"tag\">BLOG<\/a>, <a href=\"https:\/\/phonomuseum.fr\/category\/expositions\/\" rel=\"tag\">Expositions<\/a>, <a href=\"https:\/\/phonomuseum.fr\/category\/expositions\/expositions-2022\/\" rel=\"tag\">Expositions 2022<\/a> <\/span><h3 class='slide-entry-title entry-title '  itemprop=\"headline\" ><a href='https:\/\/phonomuseum.fr\/en-avant-la-musique\/' title='En avant la musique !'>En avant la musique !<\/a><\/h3><span class=\"av-vertical-delimiter\"><\/span><\/header><div class='slide-entry-excerpt entry-content'  itemprop=\"text\" >\r\nDu 17 novembre 2022 au 21 mai 2023, PHONO Museum Paris participera \u00e0 l'exposition \"En avant la musique, du phonographe au num\u00e9rique\" organis\u00e9e par le Mus\u00e9e en Herbe et le Syndicat National de l'Edition Phonographique (SNEP).\r\nDe quoi s'agit-il\u2026<\/div><\/div><footer class=\"entry-footer\"><div class=\"slide-meta\"><time class='slide-meta-time updated'  itemprop=\"datePublished\" datetime=\"2022-11-07T14:13:28+01:00\" ><\/time><\/div><\/footer><span class='hidden'>\n\t\t\t\t<span class='av-structured-data'  itemprop=\"image\" itemscope=\"itemscope\" itemtype=\"https:\/\/schema.org\/ImageObject\" >\n\t\t\t\t\t\t<span itemprop='url'>https:\/\/phonomuseum.fr\/wp-content\/uploads\/2022\/11\/Affiche.png<\/span>\n\t\t\t\t\t\t<span itemprop='height'>953<\/span>\n\t\t\t\t\t\t<span itemprop='width'>693<\/span>\n\t\t\t\t<\/span>\n\t\t\t\t<span class='av-structured-data'  itemprop=\"publisher\" itemtype=\"https:\/\/schema.org\/Organization\" itemscope=\"itemscope\" >\n\t\t\t\t\t\t<span itemprop='name'>PHONO Museum Paris<\/span>\n\t\t\t\t\t\t<span itemprop='logo' itemscope itemtype='https:\/\/schema.org\/ImageObject'>\n\t\t\t\t\t\t\t<span itemprop='url'>https:\/\/phonomuseum.fr\/wp-content\/uploads\/2021\/01\/logo-couleurs-300x140.png<\/span>\n\t\t\t\t\t\t<\/span>\n\t\t\t\t<\/span><span class='av-structured-data'  itemprop=\"author\" itemscope=\"itemscope\" itemtype=\"https:\/\/schema.org\/Person\" ><span itemprop='name'>PHONO Museum Paris<\/span><\/span><span class='av-structured-data'  itemprop=\"datePublished\" datetime=\"2020-12-16T13:33:38+01:00\" >2022-11-07 14:13:28<\/span><span class='av-structured-data'  itemprop=\"dateModified\" itemtype=\"https:\/\/schema.org\/dateModified\" >2024-06-01 13:42:31<\/span><span class='av-structured-data'  itemprop=\"mainEntityOfPage\" itemtype=\"https:\/\/schema.org\/mainEntityOfPage\" ><span itemprop='name'>En avant la musique !<\/span><\/span><\/span><\/article><\/div><div class=\"slide-entry-wrap\"><article class='slide-entry flex_column  post-entry post-entry-3832 slide-entry-overview slide-loop-43 slide-parity-odd  av_one_third first real-thumbnail posttype-post post-format-standard'  itemscope=\"itemscope\" itemtype=\"https:\/\/schema.org\/CreativeWork\" ><a href='https:\/\/phonomuseum.fr\/jazz-age-centenaire-1922\/' data-rel='slide-1' class='slide-image' title='Jazz Age Centenaire 1922'><img decoding=\"async\" fetchpriority=\"high\" width=\"495\" height=\"400\" src=\"https:\/\/phonomuseum.fr\/wp-content\/uploads\/2022\/10\/image00788-495x400.jpeg\" class=\"wp-image-3835 avia-img-lazy-loading-not-3835 attachment-portfolio size-portfolio wp-post-image\" alt=\"\" \/><\/a><div class=\"slide-content\"><header class=\"entry-content-header\" aria-label=\"Slide: Jazz Age Centenaire 1922\"><span class=\"blog-categories minor-meta\"><a href=\"https:\/\/phonomuseum.fr\/category\/blog\/\" rel=\"tag\">BLOG<\/a>, <a href=\"https:\/\/phonomuseum.fr\/category\/concerts\/concerts-2022\/\" rel=\"tag\">Concerts 2022<\/a> <\/span><h3 class='slide-entry-title entry-title '  itemprop=\"headline\" ><a href='https:\/\/phonomuseum.fr\/jazz-age-centenaire-1922\/' title='Jazz Age Centenaire 1922'>Jazz Age Centenaire 1922<\/a><\/h3><span class=\"av-vertical-delimiter\"><\/span><\/header><div class='slide-entry-excerpt entry-content'  itemprop=\"text\" >C\u00e9l\u00e9bration au mus\u00e9e du hit-parade de 1922, lundi 12 d\u00e9cembre 2022 \u00e0 20h.\r\n\r\nPour r\u00e9server,\u00a0c\u2019est ICI\r\n\r\n\r\n\r\n&nbsp;\r\n\r\n<\/div><\/div><footer class=\"entry-footer\"><div class=\"slide-meta\"><time class='slide-meta-time updated'  itemprop=\"datePublished\" datetime=\"2022-10-28T15:24:00+02:00\" ><\/time><\/div><\/footer><span class='hidden'>\n\t\t\t\t<span class='av-structured-data'  itemprop=\"image\" itemscope=\"itemscope\" itemtype=\"https:\/\/schema.org\/ImageObject\" >\n\t\t\t\t\t\t<span itemprop='url'>https:\/\/phonomuseum.fr\/wp-content\/uploads\/2022\/10\/image00788.jpeg<\/span>\n\t\t\t\t\t\t<span itemprop='height'>593<\/span>\n\t\t\t\t\t\t<span itemprop='width'>750<\/span>\n\t\t\t\t<\/span>\n\t\t\t\t<span class='av-structured-data'  itemprop=\"publisher\" itemtype=\"https:\/\/schema.org\/Organization\" itemscope=\"itemscope\" >\n\t\t\t\t\t\t<span itemprop='name'>PHONO Museum Paris<\/span>\n\t\t\t\t\t\t<span itemprop='logo' itemscope itemtype='https:\/\/schema.org\/ImageObject'>\n\t\t\t\t\t\t\t<span itemprop='url'>https:\/\/phonomuseum.fr\/wp-content\/uploads\/2021\/01\/logo-couleurs-300x140.png<\/span>\n\t\t\t\t\t\t<\/span>\n\t\t\t\t<\/span><span class='av-structured-data'  itemprop=\"author\" itemscope=\"itemscope\" itemtype=\"https:\/\/schema.org\/Person\" ><span itemprop='name'>PHONO Museum Paris<\/span><\/span><span class='av-structured-data'  itemprop=\"datePublished\" datetime=\"2020-12-16T13:33:38+01:00\" >2022-10-28 15:24:00<\/span><span class='av-structured-data'  itemprop=\"dateModified\" itemtype=\"https:\/\/schema.org\/dateModified\" >2022-11-01 13:48:55<\/span><span class='av-structured-data'  itemprop=\"mainEntityOfPage\" itemtype=\"https:\/\/schema.org\/mainEntityOfPage\" ><span itemprop='name'>Jazz Age Centenaire 1922<\/span><\/span><\/span><\/article><article class='slide-entry flex_column  post-entry post-entry-3799 slide-entry-overview slide-loop-44 slide-parity-even  av_one_third  real-thumbnail posttype-post post-format-standard'  itemscope=\"itemscope\" itemtype=\"https:\/\/schema.org\/CreativeWork\" ><a href='https:\/\/phonomuseum.fr\/centenaire-de-mouloudji\/' data-rel='slide-1' class='slide-image' title='Centenaire de Mouloudji'><img decoding=\"async\" fetchpriority=\"high\" width=\"495\" height=\"400\" src=\"https:\/\/phonomuseum.fr\/wp-content\/uploads\/2022\/10\/Invitation-495x400.jpeg\" class=\"wp-image-3800 avia-img-lazy-loading-not-3800 attachment-portfolio size-portfolio wp-post-image\" alt=\"\" srcset=\"https:\/\/phonomuseum.fr\/wp-content\/uploads\/2022\/10\/Invitation-495x400.jpeg 495w, https:\/\/phonomuseum.fr\/wp-content\/uploads\/2022\/10\/Invitation-845x684.jpeg 845w\" sizes=\"(max-width: 495px) 100vw, 495px\" \/><\/a><div class=\"slide-content\"><header class=\"entry-content-header\" aria-label=\"Slide: Centenaire de Mouloudji\"><span class=\"blog-categories minor-meta\"><a href=\"https:\/\/phonomuseum.fr\/category\/blog\/\" rel=\"tag\">BLOG<\/a> <\/span><h3 class='slide-entry-title entry-title '  itemprop=\"headline\" ><a href='https:\/\/phonomuseum.fr\/centenaire-de-mouloudji\/' title='Centenaire de Mouloudji'>Centenaire de Mouloudji<\/a><\/h3><span class=\"av-vertical-delimiter\"><\/span><\/header><div class='slide-entry-excerpt entry-content'  itemprop=\"text\" >\r\nLe 16 septembre 2022, Marcel Mouloudji, chanteur, auteur-compositeur-interpr\u00e8te, peintre et acteur comme le pr\u00e9sente sa fiche Wikip\u00e9dia, aurait eu 100 ans.\r\n\u00c0 l'initiative de Cris Carol qui a \u00e9crit et compos\u00e9 beaucoup de chansons pour\u2026<\/div><\/div><footer class=\"entry-footer\"><div class=\"slide-meta\"><time class='slide-meta-time updated'  itemprop=\"datePublished\" datetime=\"2022-10-08T11:01:57+02:00\" ><\/time><div class=\"slide-meta-del\">\/<\/div><div class=\"slide-meta-comments\"><a href='https:\/\/phonomuseum.fr\/centenaire-de-mouloudji\/#comments'>1 Commentaire<\/a><\/div><\/div><\/footer><span class='hidden'>\n\t\t\t\t<span class='av-structured-data'  itemprop=\"image\" itemscope=\"itemscope\" itemtype=\"https:\/\/schema.org\/ImageObject\" >\n\t\t\t\t\t\t<span itemprop='url'>https:\/\/phonomuseum.fr\/wp-content\/uploads\/2022\/10\/Invitation.jpeg<\/span>\n\t\t\t\t\t\t<span itemprop='height'>800<\/span>\n\t\t\t\t\t\t<span itemprop='width'>1000<\/span>\n\t\t\t\t<\/span>\n\t\t\t\t<span class='av-structured-data'  itemprop=\"publisher\" itemtype=\"https:\/\/schema.org\/Organization\" itemscope=\"itemscope\" >\n\t\t\t\t\t\t<span itemprop='name'>PHONO Museum Paris<\/span>\n\t\t\t\t\t\t<span itemprop='logo' itemscope itemtype='https:\/\/schema.org\/ImageObject'>\n\t\t\t\t\t\t\t<span itemprop='url'>https:\/\/phonomuseum.fr\/wp-content\/uploads\/2021\/01\/logo-couleurs-300x140.png<\/span>\n\t\t\t\t\t\t<\/span>\n\t\t\t\t<\/span><span class='av-structured-data'  itemprop=\"author\" itemscope=\"itemscope\" itemtype=\"https:\/\/schema.org\/Person\" ><span itemprop='name'>PHONO Museum Paris<\/span><\/span><span class='av-structured-data'  itemprop=\"datePublished\" datetime=\"2020-12-16T13:33:38+01:00\" >2022-10-08 11:01:57<\/span><span class='av-structured-data'  itemprop=\"dateModified\" itemtype=\"https:\/\/schema.org\/dateModified\" >2024-06-01 13:46:49<\/span><span class='av-structured-data'  itemprop=\"mainEntityOfPage\" itemtype=\"https:\/\/schema.org\/mainEntityOfPage\" ><span itemprop='name'>Centenaire de Mouloudji<\/span><\/span><\/span><\/article><article class='slide-entry flex_column  post-entry post-entry-3807 slide-entry-overview slide-loop-45 slide-parity-odd  av_one_third  real-thumbnail posttype-post post-format-standard'  itemscope=\"itemscope\" itemtype=\"https:\/\/schema.org\/CreativeWork\" ><a href='https:\/\/phonomuseum.fr\/mama-festival-2022\/' data-rel='slide-1' class='slide-image' title='MaMA Festival 2022'><img decoding=\"async\" fetchpriority=\"high\" width=\"495\" height=\"174\" src=\"https:\/\/phonomuseum.fr\/wp-content\/uploads\/2022\/10\/Capture-de\u0301cran-2022-09-30-a\u0300-10.53.32-495x174.png\" class=\"wp-image-3808 avia-img-lazy-loading-not-3808 attachment-portfolio size-portfolio wp-post-image\" alt=\"\" \/><\/a><div class=\"slide-content\"><header class=\"entry-content-header\" aria-label=\"Slide: MaMA Festival 2022\"><span class=\"blog-categories minor-meta\"><a href=\"https:\/\/phonomuseum.fr\/category\/blog\/\" rel=\"tag\">BLOG<\/a> <\/span><h3 class='slide-entry-title entry-title '  itemprop=\"headline\" ><a href='https:\/\/phonomuseum.fr\/mama-festival-2022\/' title='MaMA Festival 2022'>MaMA Festival 2022<\/a><\/h3><span class=\"av-vertical-delimiter\"><\/span><\/header><div class='slide-entry-excerpt entry-content'  itemprop=\"text\" >\r\nApr\u00e8s l'interruption due au COVID, le MaMA Music &amp; Convention est de retour. Le mus\u00e9e est heureux d'y participer les 12, 13 et 14 octobre 2022. Nous vous proposons quelques informations \u00e0 propos des artistes qui vont s'y produire pendant\u2026<\/div><\/div><footer class=\"entry-footer\"><div class=\"slide-meta\"><time class='slide-meta-time updated'  itemprop=\"datePublished\" datetime=\"2022-10-06T15:15:51+02:00\" ><\/time><\/div><\/footer><span class='hidden'>\n\t\t\t\t<span class='av-structured-data'  itemprop=\"image\" itemscope=\"itemscope\" itemtype=\"https:\/\/schema.org\/ImageObject\" >\n\t\t\t\t\t\t<span itemprop='url'>https:\/\/phonomuseum.fr\/wp-content\/uploads\/2022\/10\/Capture-de\u0301cran-2022-09-30-a\u0300-10.53.32.png<\/span>\n\t\t\t\t\t\t<span itemprop='height'>174<\/span>\n\t\t\t\t\t\t<span itemprop='width'>667<\/span>\n\t\t\t\t<\/span>\n\t\t\t\t<span class='av-structured-data'  itemprop=\"publisher\" itemtype=\"https:\/\/schema.org\/Organization\" itemscope=\"itemscope\" >\n\t\t\t\t\t\t<span itemprop='name'>PHONO Museum Paris<\/span>\n\t\t\t\t\t\t<span itemprop='logo' itemscope itemtype='https:\/\/schema.org\/ImageObject'>\n\t\t\t\t\t\t\t<span itemprop='url'>https:\/\/phonomuseum.fr\/wp-content\/uploads\/2021\/01\/logo-couleurs-300x140.png<\/span>\n\t\t\t\t\t\t<\/span>\n\t\t\t\t<\/span><span class='av-structured-data'  itemprop=\"author\" itemscope=\"itemscope\" itemtype=\"https:\/\/schema.org\/Person\" ><span itemprop='name'>PHONO Museum Paris<\/span><\/span><span class='av-structured-data'  itemprop=\"datePublished\" datetime=\"2020-12-16T13:33:38+01:00\" >2022-10-06 15:15:51<\/span><span class='av-structured-data'  itemprop=\"dateModified\" itemtype=\"https:\/\/schema.org\/dateModified\" >2024-06-01 13:47:50<\/span><span class='av-structured-data'  itemprop=\"mainEntityOfPage\" itemtype=\"https:\/\/schema.org\/mainEntityOfPage\" ><span itemprop='name'>MaMA Festival 2022<\/span><\/span><\/span><\/article><\/div><div class=\"slide-entry-wrap\"><article class='slide-entry flex_column  post-entry post-entry-3776 slide-entry-overview slide-loop-46 slide-parity-odd  av_one_third first real-thumbnail posttype-post post-format-standard'  itemscope=\"itemscope\" itemtype=\"https:\/\/schema.org\/CreativeWork\" ><a href='https:\/\/phonomuseum.fr\/le-ixe-une-histoire-parisienne\/' data-rel='slide-1' class='slide-image' title='Le IXe, une histoire parisienne'><img decoding=\"async\" fetchpriority=\"high\" width=\"495\" height=\"400\" src=\"https:\/\/phonomuseum.fr\/wp-content\/uploads\/2022\/09\/IMG_20220909_140022_edit_72830391390969-495x400.jpg\" class=\"wp-image-3780 avia-img-lazy-loading-not-3780 attachment-portfolio size-portfolio wp-post-image\" alt=\"\" srcset=\"https:\/\/phonomuseum.fr\/wp-content\/uploads\/2022\/09\/IMG_20220909_140022_edit_72830391390969-495x400.jpg 495w, https:\/\/phonomuseum.fr\/wp-content\/uploads\/2022\/09\/IMG_20220909_140022_edit_72830391390969-845x684.jpg 845w\" sizes=\"(max-width: 495px) 100vw, 495px\" \/><\/a><div class=\"slide-content\"><header class=\"entry-content-header\" aria-label=\"Slide: Le IXe, une histoire parisienne\"><span class=\"blog-categories minor-meta\"><a href=\"https:\/\/phonomuseum.fr\/category\/blog\/\" rel=\"tag\">BLOG<\/a> <\/span><h3 class='slide-entry-title entry-title '  itemprop=\"headline\" ><a href='https:\/\/phonomuseum.fr\/le-ixe-une-histoire-parisienne\/' title='Le IXe, une histoire parisienne'>Le IXe, une histoire parisienne<\/a><\/h3><span class=\"av-vertical-delimiter\"><\/span><\/header><div class='slide-entry-excerpt entry-content'  itemprop=\"text\" >\r\nAvec le concours de la mairie du IXe arrondissement de Paris (lire l'article qui lui est consacr\u00e9 sur le site de cette mairie) et de l'association 9e Histoire, les \u00e9ditions Tallandier ont eu l'heureuse id\u00e9e de publier un livre intitul\u00e9\u2026<\/div><\/div><footer class=\"entry-footer\"><div class=\"slide-meta\"><time class='slide-meta-time updated'  itemprop=\"datePublished\" datetime=\"2022-09-12T13:59:49+02:00\" ><\/time><\/div><\/footer><span class='hidden'>\n\t\t\t\t<span class='av-structured-data'  itemprop=\"image\" itemscope=\"itemscope\" itemtype=\"https:\/\/schema.org\/ImageObject\" >\n\t\t\t\t\t\t<span itemprop='url'>https:\/\/phonomuseum.fr\/wp-content\/uploads\/2022\/09\/IMG_20220909_140022_edit_72830391390969.jpg<\/span>\n\t\t\t\t\t\t<span itemprop='height'>1767<\/span>\n\t\t\t\t\t\t<span itemprop='width'>2477<\/span>\n\t\t\t\t<\/span>\n\t\t\t\t<span class='av-structured-data'  itemprop=\"publisher\" itemtype=\"https:\/\/schema.org\/Organization\" itemscope=\"itemscope\" >\n\t\t\t\t\t\t<span itemprop='name'>PHONO Museum Paris<\/span>\n\t\t\t\t\t\t<span itemprop='logo' itemscope itemtype='https:\/\/schema.org\/ImageObject'>\n\t\t\t\t\t\t\t<span itemprop='url'>https:\/\/phonomuseum.fr\/wp-content\/uploads\/2021\/01\/logo-couleurs-300x140.png<\/span>\n\t\t\t\t\t\t<\/span>\n\t\t\t\t<\/span><span class='av-structured-data'  itemprop=\"author\" itemscope=\"itemscope\" itemtype=\"https:\/\/schema.org\/Person\" ><span itemprop='name'>PHONO Museum Paris<\/span><\/span><span class='av-structured-data'  itemprop=\"datePublished\" datetime=\"2020-12-16T13:33:38+01:00\" >2022-09-12 13:59:49<\/span><span class='av-structured-data'  itemprop=\"dateModified\" itemtype=\"https:\/\/schema.org\/dateModified\" >2024-06-01 13:49:16<\/span><span class='av-structured-data'  itemprop=\"mainEntityOfPage\" itemtype=\"https:\/\/schema.org\/mainEntityOfPage\" ><span itemprop='name'>Le IXe, une histoire parisienne<\/span><\/span><\/span><\/article><article class='slide-entry flex_column  post-entry post-entry-3751 slide-entry-overview slide-loop-47 slide-parity-even  av_one_third  real-thumbnail posttype-post post-format-standard'  itemscope=\"itemscope\" itemtype=\"https:\/\/schema.org\/CreativeWork\" ><a href='https:\/\/phonomuseum.fr\/institut-de-recherche-en-musicolgie\/' data-rel='slide-1' class='slide-image' title='Institut de Recherche en Musicologie'><img decoding=\"async\" fetchpriority=\"high\" width=\"348\" height=\"400\" src=\"https:\/\/phonomuseum.fr\/wp-content\/uploads\/2022\/06\/2022-06-10-Inst-Rech-Musicologie-4-348x400.png\" class=\"wp-image-3752 avia-img-lazy-loading-not-3752 attachment-portfolio size-portfolio wp-post-image\" alt=\"\" \/><\/a><div class=\"slide-content\"><header class=\"entry-content-header\" aria-label=\"Slide: Institut de Recherche en Musicologie\"><span class=\"blog-categories minor-meta\"><a href=\"https:\/\/phonomuseum.fr\/category\/blog\/\" rel=\"tag\">BLOG<\/a> <\/span><h3 class='slide-entry-title entry-title '  itemprop=\"headline\" ><a href='https:\/\/phonomuseum.fr\/institut-de-recherche-en-musicolgie\/' title='Institut de Recherche en Musicologie'>Institut de Recherche en Musicologie<\/a><\/h3><span class=\"av-vertical-delimiter\"><\/span><\/header><div class='slide-entry-excerpt entry-content'  itemprop=\"text\" >\r\nUne visite importante a eu lieu vendredi 10 juin 2022 au mus\u00e9e : une vingtaine de professeurs et chercheurs sont venus pour une visite\/conf\u00e9rence donn\u00e9e par le conservateur du mus\u00e9e, Jalal Aro, dans le cadre \u00a0d'un s\u00e9minaire de deux jours\u2026<\/div><\/div><footer class=\"entry-footer\"><div class=\"slide-meta\"><time class='slide-meta-time updated'  itemprop=\"datePublished\" datetime=\"2022-06-13T14:01:38+02:00\" ><\/time><\/div><\/footer><span class='hidden'>\n\t\t\t\t<span class='av-structured-data'  itemprop=\"image\" itemscope=\"itemscope\" itemtype=\"https:\/\/schema.org\/ImageObject\" >\n\t\t\t\t\t\t<span itemprop='url'>https:\/\/phonomuseum.fr\/wp-content\/uploads\/2022\/06\/2022-06-10-Inst-Rech-Musicologie-4.png<\/span>\n\t\t\t\t\t\t<span itemprop='height'>480<\/span>\n\t\t\t\t\t\t<span itemprop='width'>348<\/span>\n\t\t\t\t<\/span>\n\t\t\t\t<span class='av-structured-data'  itemprop=\"publisher\" itemtype=\"https:\/\/schema.org\/Organization\" itemscope=\"itemscope\" >\n\t\t\t\t\t\t<span itemprop='name'>PHONO Museum Paris<\/span>\n\t\t\t\t\t\t<span itemprop='logo' itemscope itemtype='https:\/\/schema.org\/ImageObject'>\n\t\t\t\t\t\t\t<span itemprop='url'>https:\/\/phonomuseum.fr\/wp-content\/uploads\/2021\/01\/logo-couleurs-300x140.png<\/span>\n\t\t\t\t\t\t<\/span>\n\t\t\t\t<\/span><span class='av-structured-data'  itemprop=\"author\" itemscope=\"itemscope\" itemtype=\"https:\/\/schema.org\/Person\" ><span itemprop='name'>PHONO Museum Paris<\/span><\/span><span class='av-structured-data'  itemprop=\"datePublished\" datetime=\"2020-12-16T13:33:38+01:00\" >2022-06-13 14:01:38<\/span><span class='av-structured-data'  itemprop=\"dateModified\" itemtype=\"https:\/\/schema.org\/dateModified\" >2024-06-01 13:51:17<\/span><span class='av-structured-data'  itemprop=\"mainEntityOfPage\" itemtype=\"https:\/\/schema.org\/mainEntityOfPage\" ><span itemprop='name'>Institut de Recherche en Musicologie<\/span><\/span><\/span><\/article><article class='slide-entry flex_column  post-entry post-entry-3725 slide-entry-overview slide-loop-48 slide-parity-odd  av_one_third  real-thumbnail posttype-post post-format-standard'  itemscope=\"itemscope\" itemtype=\"https:\/\/schema.org\/CreativeWork\" ><a href='https:\/\/phonomuseum.fr\/musique-experimentale-contemporaine-au-musee-du-son-enregistre\/' data-rel='slide-1' class='slide-image' title='Musique exp\u00e9rimentale contemporaine au mus\u00e9e du son enregistr\u00e9'><img decoding=\"async\" fetchpriority=\"high\" width=\"495\" height=\"400\" src=\"https:\/\/phonomuseum.fr\/wp-content\/uploads\/2022\/05\/Dual-session-02-495x400.jpeg\" class=\"wp-image-3728 avia-img-lazy-loading-not-3728 attachment-portfolio size-portfolio wp-post-image\" alt=\"\" srcset=\"https:\/\/phonomuseum.fr\/wp-content\/uploads\/2022\/05\/Dual-session-02-495x400.jpeg 495w, https:\/\/phonomuseum.fr\/wp-content\/uploads\/2022\/05\/Dual-session-02-845x684.jpeg 845w\" sizes=\"(max-width: 495px) 100vw, 495px\" \/><\/a><div class=\"slide-content\"><header class=\"entry-content-header\" aria-label=\"Slide: Musique exp\u00e9rimentale contemporaine au mus\u00e9e du son enregistr\u00e9\"><span class=\"blog-categories minor-meta\"><a href=\"https:\/\/phonomuseum.fr\/category\/blog\/\" rel=\"tag\">BLOG<\/a> <\/span><h3 class='slide-entry-title entry-title '  itemprop=\"headline\" ><a href='https:\/\/phonomuseum.fr\/musique-experimentale-contemporaine-au-musee-du-son-enregistre\/' title='Musique exp\u00e9rimentale contemporaine au mus\u00e9e du son enregistr\u00e9'>Musique exp\u00e9rimentale contemporaine au mus\u00e9e du son enregistr\u00e9<\/a><\/h3><span class=\"av-vertical-delimiter\"><\/span><\/header><div class='slide-entry-excerpt entry-content'  itemprop=\"text\" >\r\nLe mus\u00e9e s'int\u00e9resse \u00e0 toutes les formes de musique.\r\nLe dimanche 15 mai \u00e0 15h se d\u00e9roulera au PHONO Museum Paris le \"Dual Session #02, transnational phonography Talks &amp; Performance\". Cette session sera pr\u00e9c\u00e9d\u00e9e par une autre,\u2026<\/div><\/div><footer class=\"entry-footer\"><div class=\"slide-meta\"><time class='slide-meta-time updated'  itemprop=\"datePublished\" datetime=\"2022-05-02T12:31:18+02:00\" ><\/time><\/div><\/footer><span class='hidden'>\n\t\t\t\t<span class='av-structured-data'  itemprop=\"image\" itemscope=\"itemscope\" itemtype=\"https:\/\/schema.org\/ImageObject\" >\n\t\t\t\t\t\t<span itemprop='url'>https:\/\/phonomuseum.fr\/wp-content\/uploads\/2022\/05\/Dual-session-02.jpeg<\/span>\n\t\t\t\t\t\t<span itemprop='height'>2048<\/span>\n\t\t\t\t\t\t<span itemprop='width'>1448<\/span>\n\t\t\t\t<\/span>\n\t\t\t\t<span class='av-structured-data'  itemprop=\"publisher\" itemtype=\"https:\/\/schema.org\/Organization\" itemscope=\"itemscope\" >\n\t\t\t\t\t\t<span itemprop='name'>PHONO Museum Paris<\/span>\n\t\t\t\t\t\t<span itemprop='logo' itemscope itemtype='https:\/\/schema.org\/ImageObject'>\n\t\t\t\t\t\t\t<span itemprop='url'>https:\/\/phonomuseum.fr\/wp-content\/uploads\/2021\/01\/logo-couleurs-300x140.png<\/span>\n\t\t\t\t\t\t<\/span>\n\t\t\t\t<\/span><span class='av-structured-data'  itemprop=\"author\" itemscope=\"itemscope\" itemtype=\"https:\/\/schema.org\/Person\" ><span itemprop='name'>PHONO Museum Paris<\/span><\/span><span class='av-structured-data'  itemprop=\"datePublished\" datetime=\"2020-12-16T13:33:38+01:00\" >2022-05-02 12:31:18<\/span><span class='av-structured-data'  itemprop=\"dateModified\" itemtype=\"https:\/\/schema.org\/dateModified\" >2024-06-01 13:52:57<\/span><span class='av-structured-data'  itemprop=\"mainEntityOfPage\" itemtype=\"https:\/\/schema.org\/mainEntityOfPage\" ><span itemprop='name'>Musique exp\u00e9rimentale contemporaine au mus\u00e9e du son enregistr\u00e9<\/span><\/span><\/span><\/article><\/div><div class=\"slide-entry-wrap\"><article class='slide-entry flex_column  post-entry post-entry-3687 slide-entry-overview slide-loop-49 slide-parity-odd  av_one_third first real-thumbnail posttype-post post-format-standard'  itemscope=\"itemscope\" itemtype=\"https:\/\/schema.org\/CreativeWork\" ><a href='https:\/\/phonomuseum.fr\/conference-transnational-phonography\/' data-rel='slide-1' class='slide-image' title='Conf\u00e9rence : TRANSNATIONAL PHONOGRAPHY'><img decoding=\"async\" fetchpriority=\"high\" width=\"251\" height=\"400\" src=\"https:\/\/phonomuseum.fr\/wp-content\/uploads\/2016\/02\/photo-83.jpg\" class=\"wp-image-489 avia-img-lazy-loading-not-489 attachment-portfolio size-portfolio wp-post-image\" alt=\"Phrynis Pavillon assym\u00e9trique\" srcset=\"https:\/\/phonomuseum.fr\/wp-content\/uploads\/2016\/02\/photo-83.jpg 402w, https:\/\/phonomuseum.fr\/wp-content\/uploads\/2016\/02\/photo-83-188x300.jpg 188w, https:\/\/phonomuseum.fr\/wp-content\/uploads\/2016\/02\/photo-83-94x150.jpg 94w\" sizes=\"(max-width: 251px) 100vw, 251px\" \/><\/a><div class=\"slide-content\"><header class=\"entry-content-header\" aria-label=\"Slide: Conf\u00e9rence : TRANSNATIONAL PHONOGRAPHY\"><span class=\"blog-categories minor-meta\"><a href=\"https:\/\/phonomuseum.fr\/category\/blog\/\" rel=\"tag\">BLOG<\/a>, <a href=\"https:\/\/phonomuseum.fr\/category\/conferences\/\" rel=\"tag\">Conf\u00e9rences<\/a>, <a href=\"https:\/\/phonomuseum.fr\/category\/conferences\/conferences-2022\/\" rel=\"tag\">Conf\u00e9rences 2022<\/a> <\/span><h3 class='slide-entry-title entry-title '  itemprop=\"headline\" ><a href='https:\/\/phonomuseum.fr\/conference-transnational-phonography\/' title='Conf\u00e9rence : TRANSNATIONAL PHONOGRAPHY'>Conf\u00e9rence : TRANSNATIONAL PHONOGRAPHY<\/a><\/h3><span class=\"av-vertical-delimiter\"><\/span><\/header><div class='slide-entry-excerpt entry-content'  itemprop=\"text\" >\r\nTRANSNATIONAL\u00a0PHONOGRAPHY\r\nConf\u00e9rence &amp; Concert\r\n13.05.2022\u00a0\r\n19h - Phonomuseum Sankt Georgen im Schwarzwald (Allemagne)\r\n15.05.2022\u00a0\r\n15h - PHONO Museum Paris (France)\r\navec\r\nElodie A. Roy\r\nEva Moreda Rodriguez\r\nGraham Dunning\r\nSascha\u2026<\/div><\/div><footer class=\"entry-footer\"><div class=\"slide-meta\"><time class='slide-meta-time updated'  itemprop=\"datePublished\" datetime=\"2022-04-06T14:42:43+02:00\" ><\/time><\/div><\/footer><span class='hidden'>\n\t\t\t\t<span class='av-structured-data'  itemprop=\"image\" itemscope=\"itemscope\" itemtype=\"https:\/\/schema.org\/ImageObject\" >\n\t\t\t\t\t\t<span itemprop='url'>https:\/\/phonomuseum.fr\/wp-content\/uploads\/2016\/02\/photo-83.jpg<\/span>\n\t\t\t\t\t\t<span itemprop='height'>640<\/span>\n\t\t\t\t\t\t<span itemprop='width'>402<\/span>\n\t\t\t\t<\/span>\n\t\t\t\t<span class='av-structured-data'  itemprop=\"publisher\" itemtype=\"https:\/\/schema.org\/Organization\" itemscope=\"itemscope\" >\n\t\t\t\t\t\t<span itemprop='name'>PHONO Museum Paris<\/span>\n\t\t\t\t\t\t<span itemprop='logo' itemscope itemtype='https:\/\/schema.org\/ImageObject'>\n\t\t\t\t\t\t\t<span itemprop='url'>https:\/\/phonomuseum.fr\/wp-content\/uploads\/2021\/01\/logo-couleurs-300x140.png<\/span>\n\t\t\t\t\t\t<\/span>\n\t\t\t\t<\/span><span class='av-structured-data'  itemprop=\"author\" itemscope=\"itemscope\" itemtype=\"https:\/\/schema.org\/Person\" ><span itemprop='name'>PHONO Museum Paris<\/span><\/span><span class='av-structured-data'  itemprop=\"datePublished\" datetime=\"2020-12-16T13:33:38+01:00\" >2022-04-06 14:42:43<\/span><span class='av-structured-data'  itemprop=\"dateModified\" itemtype=\"https:\/\/schema.org\/dateModified\" >2024-06-01 13:54:05<\/span><span class='av-structured-data'  itemprop=\"mainEntityOfPage\" itemtype=\"https:\/\/schema.org\/mainEntityOfPage\" ><span itemprop='name'>Conf\u00e9rence : TRANSNATIONAL PHONOGRAPHY<\/span><\/span><\/span><\/article><article class='slide-entry flex_column  post-entry post-entry-3642 slide-entry-overview slide-loop-50 slide-parity-even  av_one_third  real-thumbnail posttype-post post-format-standard'  itemscope=\"itemscope\" itemtype=\"https:\/\/schema.org\/CreativeWork\" ><a href='https:\/\/phonomuseum.fr\/concert-trio-topaze\/' data-rel='slide-1' class='slide-image' title='Concert Trio Topaze'><img decoding=\"async\" fetchpriority=\"high\" width=\"495\" height=\"400\" src=\"https:\/\/phonomuseum.fr\/wp-content\/uploads\/2019\/05\/Tri-Topaze-495x400.jpg\" class=\"wp-image-3636 avia-img-lazy-loading-not-3636 attachment-portfolio size-portfolio wp-post-image\" alt=\"\" srcset=\"https:\/\/phonomuseum.fr\/wp-content\/uploads\/2019\/05\/Tri-Topaze-495x400.jpg 495w, https:\/\/phonomuseum.fr\/wp-content\/uploads\/2019\/05\/Tri-Topaze-845x684.jpg 845w\" sizes=\"(max-width: 495px) 100vw, 495px\" \/><\/a><div class=\"slide-content\"><header class=\"entry-content-header\" aria-label=\"Slide: Concert Trio Topaze\"><span class=\"blog-categories minor-meta\"><a href=\"https:\/\/phonomuseum.fr\/category\/concerts\/concerts-2022\/\" rel=\"tag\">Concerts 2022<\/a> <\/span><h3 class='slide-entry-title entry-title '  itemprop=\"headline\" ><a href='https:\/\/phonomuseum.fr\/concert-trio-topaze\/' title='Concert Trio Topaze'>Concert Trio Topaze<\/a><\/h3><span class=\"av-vertical-delimiter\"><\/span><\/header><div class='slide-entry-excerpt entry-content'  itemprop=\"text\" >Le Trio Topaze (fl\u00fbte, alto, harpe) sera en concert au mus\u00e9e le vendredi 11 mars \u00e0 20h30. Debussy, Bonis, Rohozinsky, Bax sont au programme. R\u00e9servations via HelloAsso.\r\n<\/div><\/div><footer class=\"entry-footer\"><div class=\"slide-meta\"><time class='slide-meta-time updated'  itemprop=\"datePublished\" datetime=\"2022-02-19T13:53:44+01:00\" ><\/time><\/div><\/footer><span class='hidden'>\n\t\t\t\t<span class='av-structured-data'  itemprop=\"image\" itemscope=\"itemscope\" itemtype=\"https:\/\/schema.org\/ImageObject\" >\n\t\t\t\t\t\t<span itemprop='url'>https:\/\/phonomuseum.fr\/wp-content\/uploads\/2019\/05\/Tri-Topaze.jpg<\/span>\n\t\t\t\t\t\t<span itemprop='height'>2382<\/span>\n\t\t\t\t\t\t<span itemprop='width'>1684<\/span>\n\t\t\t\t<\/span>\n\t\t\t\t<span class='av-structured-data'  itemprop=\"publisher\" itemtype=\"https:\/\/schema.org\/Organization\" itemscope=\"itemscope\" >\n\t\t\t\t\t\t<span itemprop='name'>PHONO Museum Paris<\/span>\n\t\t\t\t\t\t<span itemprop='logo' itemscope itemtype='https:\/\/schema.org\/ImageObject'>\n\t\t\t\t\t\t\t<span itemprop='url'>https:\/\/phonomuseum.fr\/wp-content\/uploads\/2021\/01\/logo-couleurs-300x140.png<\/span>\n\t\t\t\t\t\t<\/span>\n\t\t\t\t<\/span><span class='av-structured-data'  itemprop=\"author\" itemscope=\"itemscope\" itemtype=\"https:\/\/schema.org\/Person\" ><span itemprop='name'>PHONO Museum Paris<\/span><\/span><span class='av-structured-data'  itemprop=\"datePublished\" datetime=\"2020-12-16T13:33:38+01:00\" >2022-02-19 13:53:44<\/span><span class='av-structured-data'  itemprop=\"dateModified\" itemtype=\"https:\/\/schema.org\/dateModified\" >2024-06-01 13:55:16<\/span><span class='av-structured-data'  itemprop=\"mainEntityOfPage\" itemtype=\"https:\/\/schema.org\/mainEntityOfPage\" ><span itemprop='name'>Concert Trio Topaze<\/span><\/span><\/span><\/article><article class='slide-entry flex_column  post-entry post-entry-3621 slide-entry-overview slide-loop-51 slide-parity-odd  av_one_third  real-thumbnail posttype-post post-format-standard'  itemscope=\"itemscope\" itemtype=\"https:\/\/schema.org\/CreativeWork\" ><a href='https:\/\/phonomuseum.fr\/landru-en-chanson\/' data-rel='slide-1' class='slide-image' title='Landru en chanson !'><img decoding=\"async\" fetchpriority=\"high\" width=\"346\" height=\"400\" src=\"https:\/\/phonomuseum.fr\/wp-content\/uploads\/2022\/02\/Landru-346x400.png\" class=\"wp-image-3622 avia-img-lazy-loading-not-3622 attachment-portfolio size-portfolio wp-post-image\" alt=\"\" \/><\/a><div class=\"slide-content\"><header class=\"entry-content-header\" aria-label=\"Slide: Landru en chanson !\"><span class=\"blog-categories minor-meta\"><a href=\"https:\/\/phonomuseum.fr\/category\/blog\/\" rel=\"tag\">BLOG<\/a> <\/span><h3 class='slide-entry-title entry-title '  itemprop=\"headline\" ><a href='https:\/\/phonomuseum.fr\/landru-en-chanson\/' title='Landru en chanson !'>Landru en chanson !<\/a><\/h3><span class=\"av-vertical-delimiter\"><\/span><\/header><div class='slide-entry-excerpt entry-content'  itemprop=\"text\" >Il y aura bient\u00f4t cent ans, le 25 f\u00e9vrier 1922 exactement, fut ex\u00e9cut\u00e9 l'\u00e9pouvantable Henri D\u00e9sir\u00e9 Landru.\r\n\r\n\r\nC'est bien connu, en France, tout finit par des chansons.\r\nVoici la transcription, toute fra\u00eeche, de l'une d'elles et l'audio\u2026<\/div><\/div><footer class=\"entry-footer\"><div class=\"slide-meta\"><time class='slide-meta-time updated'  itemprop=\"datePublished\" datetime=\"2022-02-05T12:47:51+01:00\" ><\/time><\/div><\/footer><span class='hidden'>\n\t\t\t\t<span class='av-structured-data'  itemprop=\"image\" itemscope=\"itemscope\" itemtype=\"https:\/\/schema.org\/ImageObject\" >\n\t\t\t\t\t\t<span itemprop='url'>https:\/\/phonomuseum.fr\/wp-content\/uploads\/2022\/02\/Landru.png<\/span>\n\t\t\t\t\t\t<span itemprop='height'>441<\/span>\n\t\t\t\t\t\t<span itemprop='width'>346<\/span>\n\t\t\t\t<\/span>\n\t\t\t\t<span class='av-structured-data'  itemprop=\"publisher\" itemtype=\"https:\/\/schema.org\/Organization\" itemscope=\"itemscope\" >\n\t\t\t\t\t\t<span itemprop='name'>PHONO Museum Paris<\/span>\n\t\t\t\t\t\t<span itemprop='logo' itemscope itemtype='https:\/\/schema.org\/ImageObject'>\n\t\t\t\t\t\t\t<span itemprop='url'>https:\/\/phonomuseum.fr\/wp-content\/uploads\/2021\/01\/logo-couleurs-300x140.png<\/span>\n\t\t\t\t\t\t<\/span>\n\t\t\t\t<\/span><span class='av-structured-data'  itemprop=\"author\" itemscope=\"itemscope\" itemtype=\"https:\/\/schema.org\/Person\" ><span itemprop='name'>PHONO Museum Paris<\/span><\/span><span class='av-structured-data'  itemprop=\"datePublished\" datetime=\"2020-12-16T13:33:38+01:00\" >2022-02-05 12:47:51<\/span><span class='av-structured-data'  itemprop=\"dateModified\" itemtype=\"https:\/\/schema.org\/dateModified\" >2024-06-01 13:57:43<\/span><span class='av-structured-data'  itemprop=\"mainEntityOfPage\" itemtype=\"https:\/\/schema.org\/mainEntityOfPage\" ><span itemprop='name'>Landru en chanson !<\/span><\/span><\/span><\/article><\/div><div class=\"slide-entry-wrap\"><article class='slide-entry flex_column  post-entry post-entry-3559 slide-entry-overview slide-loop-52 slide-parity-odd  av_one_third first real-thumbnail posttype-post post-format-standard'  itemscope=\"itemscope\" itemtype=\"https:\/\/schema.org\/CreativeWork\" ><a href='https:\/\/phonomuseum.fr\/jazz-age-centenaire-1921\/' data-rel='slide-1' class='slide-image' title='Jazz Age centenaire 1921'><img decoding=\"async\" fetchpriority=\"high\" width=\"495\" height=\"400\" src=\"https:\/\/phonomuseum.fr\/wp-content\/uploads\/2021\/10\/received_3047599768862354-495x400.jpeg\" class=\"wp-image-3532 avia-img-lazy-loading-not-3532 attachment-portfolio size-portfolio wp-post-image\" alt=\"\" srcset=\"https:\/\/phonomuseum.fr\/wp-content\/uploads\/2021\/10\/received_3047599768862354-495x400.jpeg 495w, https:\/\/phonomuseum.fr\/wp-content\/uploads\/2021\/10\/received_3047599768862354-845x684.jpeg 845w\" sizes=\"(max-width: 495px) 100vw, 495px\" \/><\/a><div class=\"slide-content\"><header class=\"entry-content-header\" aria-label=\"Slide: Jazz Age centenaire 1921\"><span class=\"blog-categories minor-meta\"><a href=\"https:\/\/phonomuseum.fr\/category\/blog\/\" rel=\"tag\">BLOG<\/a>, <a href=\"https:\/\/phonomuseum.fr\/category\/concerts\/concerts-2021\/\" rel=\"tag\">Concerts 2021<\/a> <\/span><h3 class='slide-entry-title entry-title '  itemprop=\"headline\" ><a href='https:\/\/phonomuseum.fr\/jazz-age-centenaire-1921\/' title='Jazz Age centenaire 1921'>Jazz Age centenaire 1921<\/a><\/h3><span class=\"av-vertical-delimiter\"><\/span><\/header><div class='slide-entry-excerpt entry-content'  itemprop=\"text\" >C\u00e9l\u00e9bration au mus\u00e9e du hit-parade de 1921, lundi 13 d\u00e9cembre 2021 \u00e0 20h.\r\nPour r\u00e9server, c'est ICI<\/div><\/div><footer class=\"entry-footer\"><div class=\"slide-meta\"><time class='slide-meta-time updated'  itemprop=\"datePublished\" datetime=\"2021-10-21T12:09:58+02:00\" ><\/time><\/div><\/footer><span class='hidden'>\n\t\t\t\t<span class='av-structured-data'  itemprop=\"image\" itemscope=\"itemscope\" itemtype=\"https:\/\/schema.org\/ImageObject\" >\n\t\t\t\t\t\t<span itemprop='url'>https:\/\/phonomuseum.fr\/wp-content\/uploads\/2021\/10\/received_3047599768862354.jpeg<\/span>\n\t\t\t\t\t\t<span itemprop='height'>2048<\/span>\n\t\t\t\t\t\t<span itemprop='width'>1620<\/span>\n\t\t\t\t<\/span>\n\t\t\t\t<span class='av-structured-data'  itemprop=\"publisher\" itemtype=\"https:\/\/schema.org\/Organization\" itemscope=\"itemscope\" >\n\t\t\t\t\t\t<span itemprop='name'>PHONO Museum Paris<\/span>\n\t\t\t\t\t\t<span itemprop='logo' itemscope itemtype='https:\/\/schema.org\/ImageObject'>\n\t\t\t\t\t\t\t<span itemprop='url'>https:\/\/phonomuseum.fr\/wp-content\/uploads\/2021\/01\/logo-couleurs-300x140.png<\/span>\n\t\t\t\t\t\t<\/span>\n\t\t\t\t<\/span><span class='av-structured-data'  itemprop=\"author\" itemscope=\"itemscope\" itemtype=\"https:\/\/schema.org\/Person\" ><span itemprop='name'>PHONO Museum Paris<\/span><\/span><span class='av-structured-data'  itemprop=\"datePublished\" datetime=\"2020-12-16T13:33:38+01:00\" >2021-10-21 12:09:58<\/span><span class='av-structured-data'  itemprop=\"dateModified\" itemtype=\"https:\/\/schema.org\/dateModified\" >2024-06-01 13:58:24<\/span><span class='av-structured-data'  itemprop=\"mainEntityOfPage\" itemtype=\"https:\/\/schema.org\/mainEntityOfPage\" ><span itemprop='name'>Jazz Age centenaire 1921<\/span><\/span><\/span><\/article><article class='slide-entry flex_column  post-entry post-entry-3531 slide-entry-overview slide-loop-53 slide-parity-even  av_one_third  real-thumbnail posttype-post post-format-standard'  itemscope=\"itemscope\" itemtype=\"https:\/\/schema.org\/CreativeWork\" ><a href='https:\/\/phonomuseum.fr\/jazz-age-edition-1921\/' data-rel='slide-1' class='slide-image' title='Jazz Age \u00e9dition 1921'><img decoding=\"async\" fetchpriority=\"high\" width=\"495\" height=\"400\" src=\"https:\/\/phonomuseum.fr\/wp-content\/uploads\/2021\/10\/received_3047599768862354-495x400.jpeg\" class=\"wp-image-3532 avia-img-lazy-loading-not-3532 attachment-portfolio size-portfolio wp-post-image\" alt=\"\" srcset=\"https:\/\/phonomuseum.fr\/wp-content\/uploads\/2021\/10\/received_3047599768862354-495x400.jpeg 495w, https:\/\/phonomuseum.fr\/wp-content\/uploads\/2021\/10\/received_3047599768862354-845x684.jpeg 845w\" sizes=\"(max-width: 495px) 100vw, 495px\" \/><\/a><div class=\"slide-content\"><header class=\"entry-content-header\" aria-label=\"Slide: Jazz Age \u00e9dition 1921\"><span class=\"blog-categories minor-meta\"><a href=\"https:\/\/phonomuseum.fr\/category\/concerts\/\" rel=\"tag\">Concerts<\/a>, <a href=\"https:\/\/phonomuseum.fr\/category\/concerts\/concerts-2021\/\" rel=\"tag\">Concerts 2021<\/a> <\/span><h3 class='slide-entry-title entry-title '  itemprop=\"headline\" ><a href='https:\/\/phonomuseum.fr\/jazz-age-edition-1921\/' title='Jazz Age \u00e9dition 1921'>Jazz Age \u00e9dition 1921<\/a><\/h3><span class=\"av-vertical-delimiter\"><\/span><\/header><\/div><footer class=\"entry-footer\"><div class=\"slide-meta\"><time class='slide-meta-time updated'  itemprop=\"datePublished\" datetime=\"2021-10-21T12:09:58+02:00\" ><\/time><\/div><\/footer><span class='hidden'>\n\t\t\t\t<span class='av-structured-data'  itemprop=\"image\" itemscope=\"itemscope\" itemtype=\"https:\/\/schema.org\/ImageObject\" >\n\t\t\t\t\t\t<span itemprop='url'>https:\/\/phonomuseum.fr\/wp-content\/uploads\/2021\/10\/received_3047599768862354.jpeg<\/span>\n\t\t\t\t\t\t<span itemprop='height'>2048<\/span>\n\t\t\t\t\t\t<span itemprop='width'>1620<\/span>\n\t\t\t\t<\/span>\n\t\t\t\t<span class='av-structured-data'  itemprop=\"publisher\" itemtype=\"https:\/\/schema.org\/Organization\" itemscope=\"itemscope\" >\n\t\t\t\t\t\t<span itemprop='name'>PHONO Museum Paris<\/span>\n\t\t\t\t\t\t<span itemprop='logo' itemscope itemtype='https:\/\/schema.org\/ImageObject'>\n\t\t\t\t\t\t\t<span itemprop='url'>https:\/\/phonomuseum.fr\/wp-content\/uploads\/2021\/01\/logo-couleurs-300x140.png<\/span>\n\t\t\t\t\t\t<\/span>\n\t\t\t\t<\/span><span class='av-structured-data'  itemprop=\"author\" itemscope=\"itemscope\" itemtype=\"https:\/\/schema.org\/Person\" ><span itemprop='name'>PHONO Museum Paris<\/span><\/span><span class='av-structured-data'  itemprop=\"datePublished\" datetime=\"2020-12-16T13:33:38+01:00\" >2021-10-20 15:39:34<\/span><span class='av-structured-data'  itemprop=\"dateModified\" itemtype=\"https:\/\/schema.org\/dateModified\" >2021-10-20 15:54:22<\/span><span class='av-structured-data'  itemprop=\"mainEntityOfPage\" itemtype=\"https:\/\/schema.org\/mainEntityOfPage\" ><span itemprop='name'>Jazz Age \u00e9dition 1921<\/span><\/span><\/span><\/article><article class='slide-entry flex_column  post-entry post-entry-3472 slide-entry-overview slide-loop-54 slide-parity-odd  av_one_third  real-thumbnail posttype-post post-format-standard'  itemscope=\"itemscope\" itemtype=\"https:\/\/schema.org\/CreativeWork\" ><a href='https:\/\/phonomuseum.fr\/les-createurs-et-creatrices-documentations-sonores-1901-1929\/' data-rel='slide-1' class='slide-image' title='Les cr\u00e9ateurs et cr\u00e9atrices : documentations sonores 1901-1929'><img decoding=\"async\" fetchpriority=\"high\" width=\"284\" height=\"398\" src=\"https:\/\/phonomuseum.fr\/wp-content\/uploads\/2021\/10\/Viktor-Maurel.png\" class=\"wp-image-3474 avia-img-lazy-loading-not-3474 attachment-portfolio size-portfolio wp-post-image\" alt=\"\" srcset=\"https:\/\/phonomuseum.fr\/wp-content\/uploads\/2021\/10\/Viktor-Maurel.png 284w, https:\/\/phonomuseum.fr\/wp-content\/uploads\/2021\/10\/Viktor-Maurel-214x300.png 214w\" sizes=\"(max-width: 284px) 100vw, 284px\" \/><\/a><div class=\"slide-content\"><header class=\"entry-content-header\" aria-label=\"Slide: Les cr\u00e9ateurs et cr\u00e9atrices : documentations sonores 1901-1929\"><span class=\"blog-categories minor-meta\"><a href=\"https:\/\/phonomuseum.fr\/category\/blog\/\" rel=\"tag\">BLOG<\/a>, <a href=\"https:\/\/phonomuseum.fr\/category\/conferences\/\" rel=\"tag\">Conf\u00e9rences<\/a>, <a href=\"https:\/\/phonomuseum.fr\/category\/conferences\/conferences-2021\/\" rel=\"tag\">Conf\u00e9rences 2021<\/a> <\/span><h3 class='slide-entry-title entry-title '  itemprop=\"headline\" ><a href='https:\/\/phonomuseum.fr\/les-createurs-et-creatrices-documentations-sonores-1901-1929\/' title='Les cr\u00e9ateurs et cr\u00e9atrices : documentations sonores 1901-1929'>Les cr\u00e9ateurs et cr\u00e9atrices : documentations sonores 1901-1929<\/a><\/h3><span class=\"av-vertical-delimiter\"><\/span><\/header><div class='slide-entry-excerpt entry-content'  itemprop=\"text\" >\r\nVictor Maurel dans le r\u00f4le de Iago (Otello)\r\nLe vendredi 15 octobre 2021 s'est tenu au PHONO Museum Paris une conf\u00e9rence d\u00e9di\u00e9e aux cr\u00e9ateurs et cr\u00e9atrices des r\u00f4les phares du grand r\u00e9pertoire lyrique au carrefour des XIXe et XXe si\u00e8cles.\r\n\u00c0\u2026<\/div><\/div><footer class=\"entry-footer\"><div class=\"slide-meta\"><time class='slide-meta-time updated'  itemprop=\"datePublished\" datetime=\"2021-10-04T13:20:04+02:00\" ><\/time><\/div><\/footer><span class='hidden'>\n\t\t\t\t<span class='av-structured-data'  itemprop=\"image\" itemscope=\"itemscope\" itemtype=\"https:\/\/schema.org\/ImageObject\" >\n\t\t\t\t\t\t<span itemprop='url'>https:\/\/phonomuseum.fr\/wp-content\/uploads\/2021\/10\/Viktor-Maurel.png<\/span>\n\t\t\t\t\t\t<span itemprop='height'>398<\/span>\n\t\t\t\t\t\t<span itemprop='width'>284<\/span>\n\t\t\t\t<\/span>\n\t\t\t\t<span class='av-structured-data'  itemprop=\"publisher\" itemtype=\"https:\/\/schema.org\/Organization\" itemscope=\"itemscope\" >\n\t\t\t\t\t\t<span itemprop='name'>PHONO Museum Paris<\/span>\n\t\t\t\t\t\t<span itemprop='logo' itemscope itemtype='https:\/\/schema.org\/ImageObject'>\n\t\t\t\t\t\t\t<span itemprop='url'>https:\/\/phonomuseum.fr\/wp-content\/uploads\/2021\/01\/logo-couleurs-300x140.png<\/span>\n\t\t\t\t\t\t<\/span>\n\t\t\t\t<\/span><span class='av-structured-data'  itemprop=\"author\" itemscope=\"itemscope\" itemtype=\"https:\/\/schema.org\/Person\" ><span itemprop='name'>PHONO Museum Paris<\/span><\/span><span class='av-structured-data'  itemprop=\"datePublished\" datetime=\"2020-12-16T13:33:38+01:00\" >2021-10-04 13:20:04<\/span><span class='av-structured-data'  itemprop=\"dateModified\" itemtype=\"https:\/\/schema.org\/dateModified\" >2025-05-23 22:12:53<\/span><span class='av-structured-data'  itemprop=\"mainEntityOfPage\" itemtype=\"https:\/\/schema.org\/mainEntityOfPage\" ><span itemprop='name'>Les cr\u00e9ateurs et cr\u00e9atrices : documentations sonores 1901-1929<\/span><\/span><\/span><\/article><\/div><div class=\"slide-entry-wrap\"><article class='slide-entry flex_column  post-entry post-entry-3313 slide-entry-overview slide-loop-55 slide-parity-odd  av_one_third first real-thumbnail posttype-post post-format-standard'  itemscope=\"itemscope\" itemtype=\"https:\/\/schema.org\/CreativeWork\" ><a href='https:\/\/phonomuseum.fr\/tchavolo-schmitt-ses-invites\/' data-rel='slide-1' class='slide-image' title='Tchavolo Schmitt &#038; ses invit\u00e9s'><img decoding=\"async\" fetchpriority=\"high\" width=\"495\" height=\"375\" src=\"https:\/\/phonomuseum.fr\/wp-content\/uploads\/2018\/11\/FB_IMG_14805150835361.jpg\" class=\"wp-image-1756 avia-img-lazy-loading-not-1756 attachment-portfolio size-portfolio wp-post-image\" alt=\"\" srcset=\"https:\/\/phonomuseum.fr\/wp-content\/uploads\/2018\/11\/FB_IMG_14805150835361.jpg 720w, https:\/\/phonomuseum.fr\/wp-content\/uploads\/2018\/11\/FB_IMG_14805150835361-300x227.jpg 300w, https:\/\/phonomuseum.fr\/wp-content\/uploads\/2018\/11\/FB_IMG_14805150835361-150x114.jpg 150w\" sizes=\"(max-width: 495px) 100vw, 495px\" \/><\/a><div class=\"slide-content\"><header class=\"entry-content-header\" aria-label=\"Slide: Tchavolo Schmitt &amp; ses invit\u00e9s\"><span class=\"blog-categories minor-meta\"><a href=\"https:\/\/phonomuseum.fr\/category\/concerts\/\" rel=\"tag\">Concerts<\/a>, <a href=\"https:\/\/phonomuseum.fr\/category\/concerts\/concerts-2018\/\" rel=\"tag\">Concerts 2018<\/a> <\/span><h3 class='slide-entry-title entry-title '  itemprop=\"headline\" ><a href='https:\/\/phonomuseum.fr\/tchavolo-schmitt-ses-invites\/' title='Tchavolo Schmitt &#038; ses invit\u00e9s'>Tchavolo Schmitt &#038; ses invit\u00e9s<\/a><\/h3><span class=\"av-vertical-delimiter\"><\/span><\/header><\/div><footer class=\"entry-footer\"><div class=\"slide-meta\"><time class='slide-meta-time updated'  itemprop=\"datePublished\" datetime=\"2021-10-04T13:20:04+02:00\" ><\/time><\/div><\/footer><span class='hidden'>\n\t\t\t\t<span class='av-structured-data'  itemprop=\"image\" itemscope=\"itemscope\" itemtype=\"https:\/\/schema.org\/ImageObject\" >\n\t\t\t\t\t\t<span itemprop='url'>https:\/\/phonomuseum.fr\/wp-content\/uploads\/2018\/11\/FB_IMG_14805150835361.jpg<\/span>\n\t\t\t\t\t\t<span itemprop='height'>545<\/span>\n\t\t\t\t\t\t<span itemprop='width'>720<\/span>\n\t\t\t\t<\/span>\n\t\t\t\t<span class='av-structured-data'  itemprop=\"publisher\" itemtype=\"https:\/\/schema.org\/Organization\" itemscope=\"itemscope\" >\n\t\t\t\t\t\t<span itemprop='name'>PHONO Museum Paris<\/span>\n\t\t\t\t\t\t<span itemprop='logo' itemscope itemtype='https:\/\/schema.org\/ImageObject'>\n\t\t\t\t\t\t\t<span itemprop='url'>https:\/\/phonomuseum.fr\/wp-content\/uploads\/2021\/01\/logo-couleurs-300x140.png<\/span>\n\t\t\t\t\t\t<\/span>\n\t\t\t\t<\/span><span class='av-structured-data'  itemprop=\"author\" itemscope=\"itemscope\" itemtype=\"https:\/\/schema.org\/Person\" ><span itemprop='name'>PHONO Museum Paris<\/span><\/span><span class='av-structured-data'  itemprop=\"datePublished\" datetime=\"2020-12-16T13:33:38+01:00\" >2021-01-11 14:10:40<\/span><span class='av-structured-data'  itemprop=\"dateModified\" itemtype=\"https:\/\/schema.org\/dateModified\" >2021-01-11 14:10:40<\/span><span class='av-structured-data'  itemprop=\"mainEntityOfPage\" itemtype=\"https:\/\/schema.org\/mainEntityOfPage\" ><span itemprop='name'>Tchavolo Schmitt &#038; ses invit\u00e9s<\/span><\/span><\/span><\/article><article class='slide-entry flex_column  post-entry post-entry-3310 slide-entry-overview slide-loop-56 slide-parity-even  av_one_third  real-thumbnail posttype-post post-format-standard'  itemscope=\"itemscope\" itemtype=\"https:\/\/schema.org\/CreativeWork\" ><a href='https:\/\/phonomuseum.fr\/cordes-a-bretelles-2\/' data-rel='slide-1' class='slide-image' title='Cordes \u00e0 bretelles'><img decoding=\"async\" fetchpriority=\"high\" width=\"286\" height=\"400\" src=\"https:\/\/phonomuseum.fr\/wp-content\/uploads\/2018\/01\/CAB-affiche-phobo-museum-paris-567-2018.jpg\" class=\"wp-image-1400 avia-img-lazy-loading-not-1400 attachment-portfolio size-portfolio wp-post-image\" alt=\"\" srcset=\"https:\/\/phonomuseum.fr\/wp-content\/uploads\/2018\/01\/CAB-affiche-phobo-museum-paris-567-2018.jpg 1772w, https:\/\/phonomuseum.fr\/wp-content\/uploads\/2018\/01\/CAB-affiche-phobo-museum-paris-567-2018-214x300.jpg 214w, https:\/\/phonomuseum.fr\/wp-content\/uploads\/2018\/01\/CAB-affiche-phobo-museum-paris-567-2018-768x1075.jpg 768w, https:\/\/phonomuseum.fr\/wp-content\/uploads\/2018\/01\/CAB-affiche-phobo-museum-paris-567-2018-731x1024.jpg 731w, https:\/\/phonomuseum.fr\/wp-content\/uploads\/2018\/01\/CAB-affiche-phobo-museum-paris-567-2018-107x150.jpg 107w\" sizes=\"(max-width: 286px) 100vw, 286px\" \/><\/a><div class=\"slide-content\"><header class=\"entry-content-header\" aria-label=\"Slide: Cordes \u00e0 bretelles\"><span class=\"blog-categories minor-meta\"><a href=\"https:\/\/phonomuseum.fr\/category\/concerts\/\" rel=\"tag\">Concerts<\/a>, <a href=\"https:\/\/phonomuseum.fr\/category\/concerts\/concerts-2018\/\" rel=\"tag\">Concerts 2018<\/a> <\/span><h3 class='slide-entry-title entry-title '  itemprop=\"headline\" ><a href='https:\/\/phonomuseum.fr\/cordes-a-bretelles-2\/' title='Cordes \u00e0 bretelles'>Cordes \u00e0 bretelles<\/a><\/h3><span class=\"av-vertical-delimiter\"><\/span><\/header><\/div><footer class=\"entry-footer\"><div class=\"slide-meta\"><time class='slide-meta-time updated'  itemprop=\"datePublished\" datetime=\"2021-10-04T13:20:04+02:00\" ><\/time><\/div><\/footer><span class='hidden'>\n\t\t\t\t<span class='av-structured-data'  itemprop=\"image\" itemscope=\"itemscope\" itemtype=\"https:\/\/schema.org\/ImageObject\" >\n\t\t\t\t\t\t<span itemprop='url'>https:\/\/phonomuseum.fr\/wp-content\/uploads\/2018\/01\/CAB-affiche-phobo-museum-paris-567-2018.jpg<\/span>\n\t\t\t\t\t\t<span itemprop='height'>2481<\/span>\n\t\t\t\t\t\t<span itemprop='width'>1772<\/span>\n\t\t\t\t<\/span>\n\t\t\t\t<span class='av-structured-data'  itemprop=\"publisher\" itemtype=\"https:\/\/schema.org\/Organization\" itemscope=\"itemscope\" >\n\t\t\t\t\t\t<span itemprop='name'>PHONO Museum Paris<\/span>\n\t\t\t\t\t\t<span itemprop='logo' itemscope itemtype='https:\/\/schema.org\/ImageObject'>\n\t\t\t\t\t\t\t<span itemprop='url'>https:\/\/phonomuseum.fr\/wp-content\/uploads\/2021\/01\/logo-couleurs-300x140.png<\/span>\n\t\t\t\t\t\t<\/span>\n\t\t\t\t<\/span><span class='av-structured-data'  itemprop=\"author\" itemscope=\"itemscope\" itemtype=\"https:\/\/schema.org\/Person\" ><span itemprop='name'>PHONO Museum Paris<\/span><\/span><span class='av-structured-data'  itemprop=\"datePublished\" datetime=\"2020-12-16T13:33:38+01:00\" >2021-01-11 14:07:46<\/span><span class='av-structured-data'  itemprop=\"dateModified\" itemtype=\"https:\/\/schema.org\/dateModified\" >2021-01-11 14:07:46<\/span><span class='av-structured-data'  itemprop=\"mainEntityOfPage\" itemtype=\"https:\/\/schema.org\/mainEntityOfPage\" ><span itemprop='name'>Cordes \u00e0 bretelles<\/span><\/span><\/span><\/article><article class='slide-entry flex_column  post-entry post-entry-3306 slide-entry-overview slide-loop-57 slide-parity-odd  av_one_third  real-thumbnail posttype-post post-format-standard'  itemscope=\"itemscope\" itemtype=\"https:\/\/schema.org\/CreativeWork\" ><a href='https:\/\/phonomuseum.fr\/delphine-joutard-et-le-cacan-orchestra\/' data-rel='slide-1' class='slide-image' title='Delphine Joutard et le Cacan Orchestra'><img decoding=\"async\" fetchpriority=\"high\" width=\"285\" height=\"400\" src=\"https:\/\/phonomuseum.fr\/wp-content\/uploads\/2017\/06\/joutard.jpg\" class=\"wp-image-1093 avia-img-lazy-loading-not-1093 attachment-portfolio size-portfolio wp-post-image\" alt=\"Delphine Joutard et le Cancan Orchestra\" srcset=\"https:\/\/phonomuseum.fr\/wp-content\/uploads\/2017\/06\/joutard.jpg 1000w, https:\/\/phonomuseum.fr\/wp-content\/uploads\/2017\/06\/joutard-214x300.jpg 214w, https:\/\/phonomuseum.fr\/wp-content\/uploads\/2017\/06\/joutard-768x1079.jpg 768w, https:\/\/phonomuseum.fr\/wp-content\/uploads\/2017\/06\/joutard-729x1024.jpg 729w, https:\/\/phonomuseum.fr\/wp-content\/uploads\/2017\/06\/joutard-107x150.jpg 107w\" sizes=\"(max-width: 285px) 100vw, 285px\" \/><\/a><div class=\"slide-content\"><header class=\"entry-content-header\" aria-label=\"Slide: Delphine Joutard et le Cacan Orchestra\"><span class=\"blog-categories minor-meta\"><a href=\"https:\/\/phonomuseum.fr\/category\/concerts\/\" rel=\"tag\">Concerts<\/a>, <a href=\"https:\/\/phonomuseum.fr\/category\/concerts\/concerts-2017\/\" rel=\"tag\">Concerts 2017<\/a> <\/span><h3 class='slide-entry-title entry-title '  itemprop=\"headline\" ><a href='https:\/\/phonomuseum.fr\/delphine-joutard-et-le-cacan-orchestra\/' title='Delphine Joutard et le Cacan Orchestra'>Delphine Joutard et le Cacan Orchestra<\/a><\/h3><span class=\"av-vertical-delimiter\"><\/span><\/header><\/div><footer class=\"entry-footer\"><div class=\"slide-meta\"><time class='slide-meta-time updated'  itemprop=\"datePublished\" datetime=\"2021-10-04T13:20:04+02:00\" ><\/time><\/div><\/footer><span class='hidden'>\n\t\t\t\t<span class='av-structured-data'  itemprop=\"image\" itemscope=\"itemscope\" itemtype=\"https:\/\/schema.org\/ImageObject\" >\n\t\t\t\t\t\t<span itemprop='url'>https:\/\/phonomuseum.fr\/wp-content\/uploads\/2017\/06\/joutard.jpg<\/span>\n\t\t\t\t\t\t<span itemprop='height'>1405<\/span>\n\t\t\t\t\t\t<span itemprop='width'>1000<\/span>\n\t\t\t\t<\/span>\n\t\t\t\t<span class='av-structured-data'  itemprop=\"publisher\" itemtype=\"https:\/\/schema.org\/Organization\" itemscope=\"itemscope\" >\n\t\t\t\t\t\t<span itemprop='name'>PHONO Museum Paris<\/span>\n\t\t\t\t\t\t<span itemprop='logo' itemscope itemtype='https:\/\/schema.org\/ImageObject'>\n\t\t\t\t\t\t\t<span itemprop='url'>https:\/\/phonomuseum.fr\/wp-content\/uploads\/2021\/01\/logo-couleurs-300x140.png<\/span>\n\t\t\t\t\t\t<\/span>\n\t\t\t\t<\/span><span class='av-structured-data'  itemprop=\"author\" itemscope=\"itemscope\" itemtype=\"https:\/\/schema.org\/Person\" ><span itemprop='name'>PHONO Museum Paris<\/span><\/span><span class='av-structured-data'  itemprop=\"datePublished\" datetime=\"2020-12-16T13:33:38+01:00\" >2021-01-11 14:03:14<\/span><span class='av-structured-data'  itemprop=\"dateModified\" itemtype=\"https:\/\/schema.org\/dateModified\" >2021-01-11 14:03:14<\/span><span class='av-structured-data'  itemprop=\"mainEntityOfPage\" itemtype=\"https:\/\/schema.org\/mainEntityOfPage\" ><span itemprop='name'>Delphine Joutard et le Cacan Orchestra<\/span><\/span><\/span><\/article><\/div><div class=\"slide-entry-wrap\"><article class='slide-entry flex_column  post-entry post-entry-3303 slide-entry-overview slide-loop-58 slide-parity-odd  av_one_third first real-thumbnail posttype-post post-format-standard'  itemscope=\"itemscope\" itemtype=\"https:\/\/schema.org\/CreativeWork\" ><a href='https:\/\/phonomuseum.fr\/melodies-francaises-marie-kobayashi-mai-fukui\/' data-rel='slide-1' class='slide-image' title='M\u00e9lodies fran\u00e7aises. Marie Kobayashi &#038; Mai Fukui'><img decoding=\"async\" fetchpriority=\"high\" width=\"285\" height=\"400\" src=\"https:\/\/phonomuseum.fr\/wp-content\/uploads\/2017\/05\/affiche3.jpeg\" class=\"wp-image-1067 avia-img-lazy-loading-not-1067 attachment-portfolio size-portfolio wp-post-image\" alt=\"Marie Kobayashi et Mai Fukui\" srcset=\"https:\/\/phonomuseum.fr\/wp-content\/uploads\/2017\/05\/affiche3.jpeg 1029w, https:\/\/phonomuseum.fr\/wp-content\/uploads\/2017\/05\/affiche3-213x300.jpeg 213w, https:\/\/phonomuseum.fr\/wp-content\/uploads\/2017\/05\/affiche3-768x1079.jpeg 768w, https:\/\/phonomuseum.fr\/wp-content\/uploads\/2017\/05\/affiche3-729x1024.jpeg 729w, https:\/\/phonomuseum.fr\/wp-content\/uploads\/2017\/05\/affiche3-107x150.jpeg 107w\" sizes=\"(max-width: 285px) 100vw, 285px\" \/><\/a><div class=\"slide-content\"><header class=\"entry-content-header\" aria-label=\"Slide: M\u00e9lodies fran\u00e7aises. Marie Kobayashi &amp; Mai Fukui\"><span class=\"blog-categories minor-meta\"><a href=\"https:\/\/phonomuseum.fr\/category\/concerts\/\" rel=\"tag\">Concerts<\/a>, <a href=\"https:\/\/phonomuseum.fr\/category\/concerts\/concerts-2017\/\" rel=\"tag\">Concerts 2017<\/a> <\/span><h3 class='slide-entry-title entry-title '  itemprop=\"headline\" ><a href='https:\/\/phonomuseum.fr\/melodies-francaises-marie-kobayashi-mai-fukui\/' title='M\u00e9lodies fran\u00e7aises. Marie Kobayashi &#038; Mai Fukui'>M\u00e9lodies fran\u00e7aises. Marie Kobayashi &#038; Mai Fukui<\/a><\/h3><span class=\"av-vertical-delimiter\"><\/span><\/header><\/div><footer class=\"entry-footer\"><div class=\"slide-meta\"><time class='slide-meta-time updated'  itemprop=\"datePublished\" datetime=\"2021-10-04T13:20:04+02:00\" ><\/time><\/div><\/footer><span class='hidden'>\n\t\t\t\t<span class='av-structured-data'  itemprop=\"image\" itemscope=\"itemscope\" itemtype=\"https:\/\/schema.org\/ImageObject\" >\n\t\t\t\t\t\t<span itemprop='url'>https:\/\/phonomuseum.fr\/wp-content\/uploads\/2017\/05\/affiche3.jpeg<\/span>\n\t\t\t\t\t\t<span itemprop='height'>1446<\/span>\n\t\t\t\t\t\t<span itemprop='width'>1029<\/span>\n\t\t\t\t<\/span>\n\t\t\t\t<span class='av-structured-data'  itemprop=\"publisher\" itemtype=\"https:\/\/schema.org\/Organization\" itemscope=\"itemscope\" >\n\t\t\t\t\t\t<span itemprop='name'>PHONO Museum Paris<\/span>\n\t\t\t\t\t\t<span itemprop='logo' itemscope itemtype='https:\/\/schema.org\/ImageObject'>\n\t\t\t\t\t\t\t<span itemprop='url'>https:\/\/phonomuseum.fr\/wp-content\/uploads\/2021\/01\/logo-couleurs-300x140.png<\/span>\n\t\t\t\t\t\t<\/span>\n\t\t\t\t<\/span><span class='av-structured-data'  itemprop=\"author\" itemscope=\"itemscope\" itemtype=\"https:\/\/schema.org\/Person\" ><span itemprop='name'>PHONO Museum Paris<\/span><\/span><span class='av-structured-data'  itemprop=\"datePublished\" datetime=\"2020-12-16T13:33:38+01:00\" >2021-01-11 14:01:11<\/span><span class='av-structured-data'  itemprop=\"dateModified\" itemtype=\"https:\/\/schema.org\/dateModified\" >2021-01-11 14:01:11<\/span><span class='av-structured-data'  itemprop=\"mainEntityOfPage\" itemtype=\"https:\/\/schema.org\/mainEntityOfPage\" ><span itemprop='name'>M\u00e9lodies fran\u00e7aises. Marie Kobayashi &#038; Mai Fukui<\/span><\/span><\/span><\/article><article class='slide-entry flex_column  post-entry post-entry-3299 slide-entry-overview slide-loop-59 slide-parity-even  av_one_third  real-thumbnail posttype-post post-format-standard'  itemscope=\"itemscope\" itemtype=\"https:\/\/schema.org\/CreativeWork\" ><a href='https:\/\/phonomuseum.fr\/isabelle-servol-est-ce-ainsi-que-les-femmes-vivent\/' data-rel='slide-1' class='slide-image' title='Isabelle Servol &#8211; Est-ce ainsi que les femmes vivent'><img decoding=\"async\" fetchpriority=\"high\" width=\"277\" height=\"400\" src=\"https:\/\/phonomuseum.fr\/wp-content\/uploads\/2018\/02\/affiche2-web-e1519827566713.jpg\" class=\"wp-image-1563 avia-img-lazy-loading-not-1563 attachment-portfolio size-portfolio wp-post-image\" alt=\"Isabelle Servol\" \/><\/a><div class=\"slide-content\"><header class=\"entry-content-header\" aria-label=\"Slide: Isabelle Servol - Est-ce ainsi que les femmes vivent\"><span class=\"blog-categories minor-meta\"><a href=\"https:\/\/phonomuseum.fr\/category\/concerts\/\" rel=\"tag\">Concerts<\/a>, <a href=\"https:\/\/phonomuseum.fr\/category\/concerts\/concerts-2017\/\" rel=\"tag\">Concerts 2017<\/a> <\/span><h3 class='slide-entry-title entry-title '  itemprop=\"headline\" ><a href='https:\/\/phonomuseum.fr\/isabelle-servol-est-ce-ainsi-que-les-femmes-vivent\/' title='Isabelle Servol &#8211; Est-ce ainsi que les femmes vivent'>Isabelle Servol &#8211; Est-ce ainsi que les femmes vivent<\/a><\/h3><span class=\"av-vertical-delimiter\"><\/span><\/header><\/div><footer class=\"entry-footer\"><div class=\"slide-meta\"><time class='slide-meta-time updated'  itemprop=\"datePublished\" datetime=\"2021-10-04T13:20:04+02:00\" ><\/time><\/div><\/footer><span class='hidden'>\n\t\t\t\t<span class='av-structured-data'  itemprop=\"image\" itemscope=\"itemscope\" itemtype=\"https:\/\/schema.org\/ImageObject\" >\n\t\t\t\t\t\t<span itemprop='url'>https:\/\/phonomuseum.fr\/wp-content\/uploads\/2018\/02\/affiche2-web-e1519827566713.jpg<\/span>\n\t\t\t\t\t\t<span itemprop='height'>1405<\/span>\n\t\t\t\t\t\t<span itemprop='width'>972<\/span>\n\t\t\t\t<\/span>\n\t\t\t\t<span class='av-structured-data'  itemprop=\"publisher\" itemtype=\"https:\/\/schema.org\/Organization\" itemscope=\"itemscope\" >\n\t\t\t\t\t\t<span itemprop='name'>PHONO Museum Paris<\/span>\n\t\t\t\t\t\t<span itemprop='logo' itemscope itemtype='https:\/\/schema.org\/ImageObject'>\n\t\t\t\t\t\t\t<span itemprop='url'>https:\/\/phonomuseum.fr\/wp-content\/uploads\/2021\/01\/logo-couleurs-300x140.png<\/span>\n\t\t\t\t\t\t<\/span>\n\t\t\t\t<\/span><span class='av-structured-data'  itemprop=\"author\" itemscope=\"itemscope\" itemtype=\"https:\/\/schema.org\/Person\" ><span itemprop='name'>PHONO Museum Paris<\/span><\/span><span class='av-structured-data'  itemprop=\"datePublished\" datetime=\"2020-12-16T13:33:38+01:00\" >2021-01-11 13:57:25<\/span><span class='av-structured-data'  itemprop=\"dateModified\" itemtype=\"https:\/\/schema.org\/dateModified\" >2021-01-11 13:57:25<\/span><span class='av-structured-data'  itemprop=\"mainEntityOfPage\" itemtype=\"https:\/\/schema.org\/mainEntityOfPage\" ><span itemprop='name'>Isabelle Servol &#8211; Est-ce ainsi que les femmes vivent<\/span><\/span><\/span><\/article><article class='slide-entry flex_column  post-entry post-entry-3296 slide-entry-overview slide-loop-60 slide-parity-odd  av_one_third  real-thumbnail posttype-post post-format-standard'  itemscope=\"itemscope\" itemtype=\"https:\/\/schema.org\/CreativeWork\" ><a href='https:\/\/phonomuseum.fr\/alba-novella-le-jardin-damour-a-anvers-du-temps-de-rubens\/' data-rel='slide-1' class='slide-image' title='Alba Novella &#8211; Le jardin d&rsquo;amour \u00e0 Anvers du temps de Rubens'><img decoding=\"async\" fetchpriority=\"high\" width=\"285\" height=\"400\" src=\"https:\/\/phonomuseum.fr\/wp-content\/uploads\/2018\/02\/affiche-web.jpg\" class=\"wp-image-1564 avia-img-lazy-loading-not-1564 attachment-portfolio size-portfolio wp-post-image\" alt=\"\" srcset=\"https:\/\/phonomuseum.fr\/wp-content\/uploads\/2018\/02\/affiche-web.jpg 900w, https:\/\/phonomuseum.fr\/wp-content\/uploads\/2018\/02\/affiche-web-213x300.jpg 213w, https:\/\/phonomuseum.fr\/wp-content\/uploads\/2018\/02\/affiche-web-768x1079.jpg 768w, https:\/\/phonomuseum.fr\/wp-content\/uploads\/2018\/02\/affiche-web-729x1024.jpg 729w, https:\/\/phonomuseum.fr\/wp-content\/uploads\/2018\/02\/affiche-web-107x150.jpg 107w\" sizes=\"(max-width: 285px) 100vw, 285px\" \/><\/a><div class=\"slide-content\"><header class=\"entry-content-header\" aria-label=\"Slide: Alba Novella - Le jardin d&#039;amour \u00e0 Anvers du temps de Rubens\"><span class=\"blog-categories minor-meta\"><a href=\"https:\/\/phonomuseum.fr\/category\/concerts\/\" rel=\"tag\">Concerts<\/a>, <a href=\"https:\/\/phonomuseum.fr\/category\/concerts\/concerts-2017\/\" rel=\"tag\">Concerts 2017<\/a> <\/span><h3 class='slide-entry-title entry-title '  itemprop=\"headline\" ><a href='https:\/\/phonomuseum.fr\/alba-novella-le-jardin-damour-a-anvers-du-temps-de-rubens\/' title='Alba Novella &#8211; Le jardin d&rsquo;amour \u00e0 Anvers du temps de Rubens'>Alba Novella &#8211; Le jardin d&rsquo;amour \u00e0 Anvers du temps de Rubens<\/a><\/h3><span class=\"av-vertical-delimiter\"><\/span><\/header><\/div><footer class=\"entry-footer\"><div class=\"slide-meta\"><time class='slide-meta-time updated'  itemprop=\"datePublished\" datetime=\"2021-10-04T13:20:04+02:00\" ><\/time><\/div><\/footer><span class='hidden'>\n\t\t\t\t<span class='av-structured-data'  itemprop=\"image\" itemscope=\"itemscope\" itemtype=\"https:\/\/schema.org\/ImageObject\" >\n\t\t\t\t\t\t<span itemprop='url'>https:\/\/phonomuseum.fr\/wp-content\/uploads\/2018\/02\/affiche-web.jpg<\/span>\n\t\t\t\t\t\t<span itemprop='height'>1265<\/span>\n\t\t\t\t\t\t<span itemprop='width'>900<\/span>\n\t\t\t\t<\/span>\n\t\t\t\t<span class='av-structured-data'  itemprop=\"publisher\" itemtype=\"https:\/\/schema.org\/Organization\" itemscope=\"itemscope\" >\n\t\t\t\t\t\t<span itemprop='name'>PHONO Museum Paris<\/span>\n\t\t\t\t\t\t<span itemprop='logo' itemscope itemtype='https:\/\/schema.org\/ImageObject'>\n\t\t\t\t\t\t\t<span itemprop='url'>https:\/\/phonomuseum.fr\/wp-content\/uploads\/2021\/01\/logo-couleurs-300x140.png<\/span>\n\t\t\t\t\t\t<\/span>\n\t\t\t\t<\/span><span class='av-structured-data'  itemprop=\"author\" itemscope=\"itemscope\" itemtype=\"https:\/\/schema.org\/Person\" ><span itemprop='name'>PHONO Museum Paris<\/span><\/span><span class='av-structured-data'  itemprop=\"datePublished\" datetime=\"2020-12-16T13:33:38+01:00\" >2021-01-11 13:55:13<\/span><span class='av-structured-data'  itemprop=\"dateModified\" itemtype=\"https:\/\/schema.org\/dateModified\" >2021-01-11 13:55:13<\/span><span class='av-structured-data'  itemprop=\"mainEntityOfPage\" itemtype=\"https:\/\/schema.org\/mainEntityOfPage\" ><span itemprop='name'>Alba Novella &#8211; Le jardin d&rsquo;amour \u00e0 Anvers du temps de Rubens<\/span><\/span><\/span><\/article><\/div><div class=\"slide-entry-wrap\"><article class='slide-entry flex_column  post-entry post-entry-3293 slide-entry-overview slide-loop-61 slide-parity-odd  av_one_third first real-thumbnail posttype-post post-format-standard'  itemscope=\"itemscope\" itemtype=\"https:\/\/schema.org\/CreativeWork\" ><a href='https:\/\/phonomuseum.fr\/vanessa-fodil-mezzo-monteverdi-purcell\/' data-rel='slide-1' class='slide-image' title='Vanessa Fodil, mezzo. Monteverdi &#038; Purcell'><img decoding=\"async\" fetchpriority=\"high\" width=\"285\" height=\"400\" src=\"https:\/\/phonomuseum.fr\/wp-content\/uploads\/2016\/12\/vanessa2.jpg\" class=\"wp-image-909 avia-img-lazy-loading-not-909 attachment-portfolio size-portfolio wp-post-image\" alt=\"Vanessa Fodil\" srcset=\"https:\/\/phonomuseum.fr\/wp-content\/uploads\/2016\/12\/vanessa2.jpg 1000w, https:\/\/phonomuseum.fr\/wp-content\/uploads\/2016\/12\/vanessa2-214x300.jpg 214w, https:\/\/phonomuseum.fr\/wp-content\/uploads\/2016\/12\/vanessa2-768x1079.jpg 768w, https:\/\/phonomuseum.fr\/wp-content\/uploads\/2016\/12\/vanessa2-729x1024.jpg 729w, https:\/\/phonomuseum.fr\/wp-content\/uploads\/2016\/12\/vanessa2-107x150.jpg 107w\" sizes=\"(max-width: 285px) 100vw, 285px\" \/><\/a><div class=\"slide-content\"><header class=\"entry-content-header\" aria-label=\"Slide: Vanessa Fodil, mezzo. Monteverdi &amp; Purcell\"><span class=\"blog-categories minor-meta\"><a href=\"https:\/\/phonomuseum.fr\/category\/concerts\/\" rel=\"tag\">Concerts<\/a>, <a href=\"https:\/\/phonomuseum.fr\/category\/concerts\/concerts-2017\/\" rel=\"tag\">Concerts 2017<\/a> <\/span><h3 class='slide-entry-title entry-title '  itemprop=\"headline\" ><a href='https:\/\/phonomuseum.fr\/vanessa-fodil-mezzo-monteverdi-purcell\/' title='Vanessa Fodil, mezzo. Monteverdi &#038; Purcell'>Vanessa Fodil, mezzo. Monteverdi &#038; Purcell<\/a><\/h3><span class=\"av-vertical-delimiter\"><\/span><\/header><\/div><footer class=\"entry-footer\"><div class=\"slide-meta\"><time class='slide-meta-time updated'  itemprop=\"datePublished\" datetime=\"2021-10-04T13:20:04+02:00\" ><\/time><\/div><\/footer><span class='hidden'>\n\t\t\t\t<span class='av-structured-data'  itemprop=\"image\" itemscope=\"itemscope\" itemtype=\"https:\/\/schema.org\/ImageObject\" >\n\t\t\t\t\t\t<span itemprop='url'>https:\/\/phonomuseum.fr\/wp-content\/uploads\/2016\/12\/vanessa2.jpg<\/span>\n\t\t\t\t\t\t<span itemprop='height'>1405<\/span>\n\t\t\t\t\t\t<span itemprop='width'>1000<\/span>\n\t\t\t\t<\/span>\n\t\t\t\t<span class='av-structured-data'  itemprop=\"publisher\" itemtype=\"https:\/\/schema.org\/Organization\" itemscope=\"itemscope\" >\n\t\t\t\t\t\t<span itemprop='name'>PHONO Museum Paris<\/span>\n\t\t\t\t\t\t<span itemprop='logo' itemscope itemtype='https:\/\/schema.org\/ImageObject'>\n\t\t\t\t\t\t\t<span itemprop='url'>https:\/\/phonomuseum.fr\/wp-content\/uploads\/2021\/01\/logo-couleurs-300x140.png<\/span>\n\t\t\t\t\t\t<\/span>\n\t\t\t\t<\/span><span class='av-structured-data'  itemprop=\"author\" itemscope=\"itemscope\" itemtype=\"https:\/\/schema.org\/Person\" ><span itemprop='name'>PHONO Museum Paris<\/span><\/span><span class='av-structured-data'  itemprop=\"datePublished\" datetime=\"2020-12-16T13:33:38+01:00\" >2021-01-11 13:52:05<\/span><span class='av-structured-data'  itemprop=\"dateModified\" itemtype=\"https:\/\/schema.org\/dateModified\" >2021-01-11 13:52:05<\/span><span class='av-structured-data'  itemprop=\"mainEntityOfPage\" itemtype=\"https:\/\/schema.org\/mainEntityOfPage\" ><span itemprop='name'>Vanessa Fodil, mezzo. Monteverdi &#038; Purcell<\/span><\/span><\/span><\/article><article class='slide-entry flex_column  post-entry post-entry-3287 slide-entry-overview slide-loop-62 slide-parity-even  av_one_third  real-thumbnail posttype-post post-format-standard'  itemscope=\"itemscope\" itemtype=\"https:\/\/schema.org\/CreativeWork\" ><a href='https:\/\/phonomuseum.fr\/jean-jacques-debout-et-ses-invites\/' data-rel='slide-1' class='slide-image' title='Jean-Jacques Debout et ses invit\u00e9s'><img decoding=\"async\" fetchpriority=\"high\" width=\"495\" height=\"371\" src=\"https:\/\/phonomuseum.fr\/wp-content\/uploads\/2018\/01\/J.J-Debout.jpg\" class=\"wp-image-1411 avia-img-lazy-loading-not-1411 attachment-portfolio size-portfolio wp-post-image\" alt=\"Jean Jacques Debout au Phono Museum Paris\" srcset=\"https:\/\/phonomuseum.fr\/wp-content\/uploads\/2018\/01\/J.J-Debout.jpg 640w, https:\/\/phonomuseum.fr\/wp-content\/uploads\/2018\/01\/J.J-Debout-300x225.jpg 300w, https:\/\/phonomuseum.fr\/wp-content\/uploads\/2018\/01\/J.J-Debout-150x113.jpg 150w\" sizes=\"(max-width: 495px) 100vw, 495px\" \/><\/a><div class=\"slide-content\"><header class=\"entry-content-header\" aria-label=\"Slide: Jean-Jacques Debout et ses invit\u00e9s\"><span class=\"blog-categories minor-meta\"><a href=\"https:\/\/phonomuseum.fr\/category\/concerts\/\" rel=\"tag\">Concerts<\/a>, <a href=\"https:\/\/phonomuseum.fr\/category\/concerts\/concerts-2019\/\" rel=\"tag\">Concerts 2019<\/a> <\/span><h3 class='slide-entry-title entry-title '  itemprop=\"headline\" ><a href='https:\/\/phonomuseum.fr\/jean-jacques-debout-et-ses-invites\/' title='Jean-Jacques Debout et ses invit\u00e9s'>Jean-Jacques Debout et ses invit\u00e9s<\/a><\/h3><span class=\"av-vertical-delimiter\"><\/span><\/header><\/div><footer class=\"entry-footer\"><div class=\"slide-meta\"><time class='slide-meta-time updated'  itemprop=\"datePublished\" datetime=\"2021-10-04T13:20:04+02:00\" ><\/time><\/div><\/footer><span class='hidden'>\n\t\t\t\t<span class='av-structured-data'  itemprop=\"image\" itemscope=\"itemscope\" itemtype=\"https:\/\/schema.org\/ImageObject\" >\n\t\t\t\t\t\t<span itemprop='url'>https:\/\/phonomuseum.fr\/wp-content\/uploads\/2018\/01\/J.J-Debout.jpg<\/span>\n\t\t\t\t\t\t<span itemprop='height'>480<\/span>\n\t\t\t\t\t\t<span itemprop='width'>640<\/span>\n\t\t\t\t<\/span>\n\t\t\t\t<span class='av-structured-data'  itemprop=\"publisher\" itemtype=\"https:\/\/schema.org\/Organization\" itemscope=\"itemscope\" >\n\t\t\t\t\t\t<span itemprop='name'>PHONO Museum Paris<\/span>\n\t\t\t\t\t\t<span itemprop='logo' itemscope itemtype='https:\/\/schema.org\/ImageObject'>\n\t\t\t\t\t\t\t<span itemprop='url'>https:\/\/phonomuseum.fr\/wp-content\/uploads\/2021\/01\/logo-couleurs-300x140.png<\/span>\n\t\t\t\t\t\t<\/span>\n\t\t\t\t<\/span><span class='av-structured-data'  itemprop=\"author\" itemscope=\"itemscope\" itemtype=\"https:\/\/schema.org\/Person\" ><span itemprop='name'>PHONO Museum Paris<\/span><\/span><span class='av-structured-data'  itemprop=\"datePublished\" datetime=\"2020-12-16T13:33:38+01:00\" >2021-01-10 15:15:37<\/span><span class='av-structured-data'  itemprop=\"dateModified\" itemtype=\"https:\/\/schema.org\/dateModified\" >2021-01-10 15:15:37<\/span><span class='av-structured-data'  itemprop=\"mainEntityOfPage\" itemtype=\"https:\/\/schema.org\/mainEntityOfPage\" ><span itemprop='name'>Jean-Jacques Debout et ses invit\u00e9s<\/span><\/span><\/span><\/article><article class='slide-entry flex_column  post-entry post-entry-3284 slide-entry-overview slide-loop-63 slide-parity-odd  av_one_third  real-thumbnail posttype-post post-format-standard'  itemscope=\"itemscope\" itemtype=\"https:\/\/schema.org\/CreativeWork\" ><a href='https:\/\/phonomuseum.fr\/alaa-abou-diab\/' data-rel='slide-1' class='slide-image' title='Alaa Abou Diab'><img decoding=\"async\" fetchpriority=\"high\" width=\"495\" height=\"328\" src=\"https:\/\/phonomuseum.fr\/wp-content\/uploads\/2019\/03\/Publication1.jpg\" class=\"wp-image-1947 avia-img-lazy-loading-not-1947 attachment-portfolio size-portfolio wp-post-image\" alt=\"\" srcset=\"https:\/\/phonomuseum.fr\/wp-content\/uploads\/2019\/03\/Publication1.jpg 1650w, https:\/\/phonomuseum.fr\/wp-content\/uploads\/2019\/03\/Publication1-300x199.jpg 300w, https:\/\/phonomuseum.fr\/wp-content\/uploads\/2019\/03\/Publication1-768x508.jpg 768w, https:\/\/phonomuseum.fr\/wp-content\/uploads\/2019\/03\/Publication1-1024x678.jpg 1024w, https:\/\/phonomuseum.fr\/wp-content\/uploads\/2019\/03\/Publication1-150x99.jpg 150w\" sizes=\"(max-width: 495px) 100vw, 495px\" \/><\/a><div class=\"slide-content\"><header class=\"entry-content-header\" aria-label=\"Slide: Alaa Abou Diab\"><span class=\"blog-categories minor-meta\"><a href=\"https:\/\/phonomuseum.fr\/category\/concerts\/\" rel=\"tag\">Concerts<\/a>, <a href=\"https:\/\/phonomuseum.fr\/category\/concerts\/concerts-2019\/\" rel=\"tag\">Concerts 2019<\/a> <\/span><h3 class='slide-entry-title entry-title '  itemprop=\"headline\" ><a href='https:\/\/phonomuseum.fr\/alaa-abou-diab\/' title='Alaa Abou Diab'>Alaa Abou Diab<\/a><\/h3><span class=\"av-vertical-delimiter\"><\/span><\/header><\/div><footer class=\"entry-footer\"><div class=\"slide-meta\"><time class='slide-meta-time updated'  itemprop=\"datePublished\" datetime=\"2021-10-04T13:20:04+02:00\" ><\/time><\/div><\/footer><span class='hidden'>\n\t\t\t\t<span class='av-structured-data'  itemprop=\"image\" itemscope=\"itemscope\" itemtype=\"https:\/\/schema.org\/ImageObject\" >\n\t\t\t\t\t\t<span itemprop='url'>https:\/\/phonomuseum.fr\/wp-content\/uploads\/2019\/03\/Publication1.jpg<\/span>\n\t\t\t\t\t\t<span itemprop='height'>1092<\/span>\n\t\t\t\t\t\t<span itemprop='width'>1650<\/span>\n\t\t\t\t<\/span>\n\t\t\t\t<span class='av-structured-data'  itemprop=\"publisher\" itemtype=\"https:\/\/schema.org\/Organization\" itemscope=\"itemscope\" >\n\t\t\t\t\t\t<span itemprop='name'>PHONO Museum Paris<\/span>\n\t\t\t\t\t\t<span itemprop='logo' itemscope itemtype='https:\/\/schema.org\/ImageObject'>\n\t\t\t\t\t\t\t<span itemprop='url'>https:\/\/phonomuseum.fr\/wp-content\/uploads\/2021\/01\/logo-couleurs-300x140.png<\/span>\n\t\t\t\t\t\t<\/span>\n\t\t\t\t<\/span><span class='av-structured-data'  itemprop=\"author\" itemscope=\"itemscope\" itemtype=\"https:\/\/schema.org\/Person\" ><span itemprop='name'>PHONO Museum Paris<\/span><\/span><span class='av-structured-data'  itemprop=\"datePublished\" datetime=\"2020-12-16T13:33:38+01:00\" >2021-01-10 15:12:35<\/span><span class='av-structured-data'  itemprop=\"dateModified\" itemtype=\"https:\/\/schema.org\/dateModified\" >2021-01-10 15:12:35<\/span><span class='av-structured-data'  itemprop=\"mainEntityOfPage\" itemtype=\"https:\/\/schema.org\/mainEntityOfPage\" ><span itemprop='name'>Alaa Abou Diab<\/span><\/span><\/span><\/article><\/div><div class=\"slide-entry-wrap\"><article class='slide-entry flex_column  post-entry post-entry-3281 slide-entry-overview slide-loop-64 slide-parity-odd  av_one_third first real-thumbnail posttype-post post-format-standard'  itemscope=\"itemscope\" itemtype=\"https:\/\/schema.org\/CreativeWork\" ><a href='https:\/\/phonomuseum.fr\/francoise-fognini\/' data-rel='slide-1' class='slide-image' title='Fran\u00e7oise Fognini'><img decoding=\"async\" fetchpriority=\"high\" width=\"285\" height=\"400\" src=\"https:\/\/phonomuseum.fr\/wp-content\/uploads\/2018\/03\/affiche-v2-web.jpg\" class=\"wp-image-1565 avia-img-lazy-loading-not-1565 attachment-portfolio size-portfolio wp-post-image\" alt=\"\" srcset=\"https:\/\/phonomuseum.fr\/wp-content\/uploads\/2018\/03\/affiche-v2-web.jpg 1000w, https:\/\/phonomuseum.fr\/wp-content\/uploads\/2018\/03\/affiche-v2-web-214x300.jpg 214w, https:\/\/phonomuseum.fr\/wp-content\/uploads\/2018\/03\/affiche-v2-web-768x1079.jpg 768w, https:\/\/phonomuseum.fr\/wp-content\/uploads\/2018\/03\/affiche-v2-web-729x1024.jpg 729w, https:\/\/phonomuseum.fr\/wp-content\/uploads\/2018\/03\/affiche-v2-web-107x150.jpg 107w\" sizes=\"(max-width: 285px) 100vw, 285px\" \/><\/a><div class=\"slide-content\"><header class=\"entry-content-header\" aria-label=\"Slide: Fran\u00e7oise Fognini\"><span class=\"blog-categories minor-meta\"><a href=\"https:\/\/phonomuseum.fr\/category\/concerts\/\" rel=\"tag\">Concerts<\/a>, <a href=\"https:\/\/phonomuseum.fr\/category\/concerts\/concerts-2016\/\" rel=\"tag\">Concerts 2016<\/a> <\/span><h3 class='slide-entry-title entry-title '  itemprop=\"headline\" ><a href='https:\/\/phonomuseum.fr\/francoise-fognini\/' title='Fran\u00e7oise Fognini'>Fran\u00e7oise Fognini<\/a><\/h3><span class=\"av-vertical-delimiter\"><\/span><\/header><\/div><footer class=\"entry-footer\"><div class=\"slide-meta\"><time class='slide-meta-time updated'  itemprop=\"datePublished\" datetime=\"2021-10-04T13:20:04+02:00\" ><\/time><\/div><\/footer><span class='hidden'>\n\t\t\t\t<span class='av-structured-data'  itemprop=\"image\" itemscope=\"itemscope\" itemtype=\"https:\/\/schema.org\/ImageObject\" >\n\t\t\t\t\t\t<span itemprop='url'>https:\/\/phonomuseum.fr\/wp-content\/uploads\/2018\/03\/affiche-v2-web.jpg<\/span>\n\t\t\t\t\t\t<span itemprop='height'>1405<\/span>\n\t\t\t\t\t\t<span itemprop='width'>1000<\/span>\n\t\t\t\t<\/span>\n\t\t\t\t<span class='av-structured-data'  itemprop=\"publisher\" itemtype=\"https:\/\/schema.org\/Organization\" itemscope=\"itemscope\" >\n\t\t\t\t\t\t<span itemprop='name'>PHONO Museum Paris<\/span>\n\t\t\t\t\t\t<span itemprop='logo' itemscope itemtype='https:\/\/schema.org\/ImageObject'>\n\t\t\t\t\t\t\t<span itemprop='url'>https:\/\/phonomuseum.fr\/wp-content\/uploads\/2021\/01\/logo-couleurs-300x140.png<\/span>\n\t\t\t\t\t\t<\/span>\n\t\t\t\t<\/span><span class='av-structured-data'  itemprop=\"author\" itemscope=\"itemscope\" itemtype=\"https:\/\/schema.org\/Person\" ><span itemprop='name'>PHONO Museum Paris<\/span><\/span><span class='av-structured-data'  itemprop=\"datePublished\" datetime=\"2020-12-16T13:33:38+01:00\" >2021-01-10 15:10:21<\/span><span class='av-structured-data'  itemprop=\"dateModified\" itemtype=\"https:\/\/schema.org\/dateModified\" >2021-01-10 15:10:21<\/span><span class='av-structured-data'  itemprop=\"mainEntityOfPage\" itemtype=\"https:\/\/schema.org\/mainEntityOfPage\" ><span itemprop='name'>Fran\u00e7oise Fognini<\/span><\/span><\/span><\/article><article class='slide-entry flex_column  post-entry post-entry-3278 slide-entry-overview slide-loop-65 slide-parity-even  av_one_third  real-thumbnail posttype-post post-format-standard'  itemscope=\"itemscope\" itemtype=\"https:\/\/schema.org\/CreativeWork\" ><a href='https:\/\/phonomuseum.fr\/cordes-a-bretelles\/' data-rel='slide-1' class='slide-image' title='Cordes \u00e0 bretelles'><img decoding=\"async\" fetchpriority=\"high\" width=\"285\" height=\"400\" src=\"https:\/\/phonomuseum.fr\/wp-content\/uploads\/2016\/10\/affiche-web.jpg\" class=\"wp-image-747 avia-img-lazy-loading-not-747 attachment-portfolio size-portfolio wp-post-image\" alt=\"\" srcset=\"https:\/\/phonomuseum.fr\/wp-content\/uploads\/2016\/10\/affiche-web.jpg 1000w, https:\/\/phonomuseum.fr\/wp-content\/uploads\/2016\/10\/affiche-web-214x300.jpg 214w, https:\/\/phonomuseum.fr\/wp-content\/uploads\/2016\/10\/affiche-web-768x1079.jpg 768w, https:\/\/phonomuseum.fr\/wp-content\/uploads\/2016\/10\/affiche-web-729x1024.jpg 729w, https:\/\/phonomuseum.fr\/wp-content\/uploads\/2016\/10\/affiche-web-107x150.jpg 107w\" sizes=\"(max-width: 285px) 100vw, 285px\" \/><\/a><div class=\"slide-content\"><header class=\"entry-content-header\" aria-label=\"Slide: Cordes \u00e0 bretelles\"><span class=\"blog-categories minor-meta\"><a href=\"https:\/\/phonomuseum.fr\/category\/concerts\/\" rel=\"tag\">Concerts<\/a>, <a href=\"https:\/\/phonomuseum.fr\/category\/concerts\/concerts-2016\/\" rel=\"tag\">Concerts 2016<\/a> <\/span><h3 class='slide-entry-title entry-title '  itemprop=\"headline\" ><a href='https:\/\/phonomuseum.fr\/cordes-a-bretelles\/' title='Cordes \u00e0 bretelles'>Cordes \u00e0 bretelles<\/a><\/h3><span class=\"av-vertical-delimiter\"><\/span><\/header><\/div><footer class=\"entry-footer\"><div class=\"slide-meta\"><time class='slide-meta-time updated'  itemprop=\"datePublished\" datetime=\"2021-10-04T13:20:04+02:00\" ><\/time><\/div><\/footer><span class='hidden'>\n\t\t\t\t<span class='av-structured-data'  itemprop=\"image\" itemscope=\"itemscope\" itemtype=\"https:\/\/schema.org\/ImageObject\" >\n\t\t\t\t\t\t<span itemprop='url'>https:\/\/phonomuseum.fr\/wp-content\/uploads\/2016\/10\/affiche-web.jpg<\/span>\n\t\t\t\t\t\t<span itemprop='height'>1405<\/span>\n\t\t\t\t\t\t<span itemprop='width'>1000<\/span>\n\t\t\t\t<\/span>\n\t\t\t\t<span class='av-structured-data'  itemprop=\"publisher\" itemtype=\"https:\/\/schema.org\/Organization\" itemscope=\"itemscope\" >\n\t\t\t\t\t\t<span itemprop='name'>PHONO Museum Paris<\/span>\n\t\t\t\t\t\t<span itemprop='logo' itemscope itemtype='https:\/\/schema.org\/ImageObject'>\n\t\t\t\t\t\t\t<span itemprop='url'>https:\/\/phonomuseum.fr\/wp-content\/uploads\/2021\/01\/logo-couleurs-300x140.png<\/span>\n\t\t\t\t\t\t<\/span>\n\t\t\t\t<\/span><span class='av-structured-data'  itemprop=\"author\" itemscope=\"itemscope\" itemtype=\"https:\/\/schema.org\/Person\" ><span itemprop='name'>PHONO Museum Paris<\/span><\/span><span class='av-structured-data'  itemprop=\"datePublished\" datetime=\"2020-12-16T13:33:38+01:00\" >2021-01-10 15:08:36<\/span><span class='av-structured-data'  itemprop=\"dateModified\" itemtype=\"https:\/\/schema.org\/dateModified\" >2021-01-10 15:08:36<\/span><span class='av-structured-data'  itemprop=\"mainEntityOfPage\" itemtype=\"https:\/\/schema.org\/mainEntityOfPage\" ><span itemprop='name'>Cordes \u00e0 bretelles<\/span><\/span><\/span><\/article><article class='slide-entry flex_column  post-entry post-entry-3275 slide-entry-overview slide-loop-66 slide-parity-odd  av_one_third  real-thumbnail posttype-post post-format-standard'  itemscope=\"itemscope\" itemtype=\"https:\/\/schema.org\/CreativeWork\" ><a href='https:\/\/phonomuseum.fr\/du-castrat-a-la-diva-catherine-authier-contralto\/' data-rel='slide-1' class='slide-image' title='Du Castrat \u00e0 la Diva &#8211; Catherine Authier, contralto'><img decoding=\"async\" fetchpriority=\"high\" width=\"285\" height=\"400\" src=\"https:\/\/phonomuseum.fr\/wp-content\/uploads\/2016\/09\/affiche-web.jpg\" class=\"wp-image-693 avia-img-lazy-loading-not-693 attachment-portfolio size-portfolio wp-post-image\" alt=\"\" srcset=\"https:\/\/phonomuseum.fr\/wp-content\/uploads\/2016\/09\/affiche-web.jpg 1000w, https:\/\/phonomuseum.fr\/wp-content\/uploads\/2016\/09\/affiche-web-214x300.jpg 214w, https:\/\/phonomuseum.fr\/wp-content\/uploads\/2016\/09\/affiche-web-768x1079.jpg 768w, https:\/\/phonomuseum.fr\/wp-content\/uploads\/2016\/09\/affiche-web-729x1024.jpg 729w, https:\/\/phonomuseum.fr\/wp-content\/uploads\/2016\/09\/affiche-web-107x150.jpg 107w\" sizes=\"(max-width: 285px) 100vw, 285px\" \/><\/a><div class=\"slide-content\"><header class=\"entry-content-header\" aria-label=\"Slide: Du Castrat \u00e0 la Diva - Catherine Authier, contralto\"><span class=\"blog-categories minor-meta\"><a href=\"https:\/\/phonomuseum.fr\/category\/concerts\/\" rel=\"tag\">Concerts<\/a>, <a href=\"https:\/\/phonomuseum.fr\/category\/concerts\/concerts-2016\/\" rel=\"tag\">Concerts 2016<\/a> <\/span><h3 class='slide-entry-title entry-title '  itemprop=\"headline\" ><a href='https:\/\/phonomuseum.fr\/du-castrat-a-la-diva-catherine-authier-contralto\/' title='Du Castrat \u00e0 la Diva &#8211; Catherine Authier, contralto'>Du Castrat \u00e0 la Diva &#8211; Catherine Authier, contralto<\/a><\/h3><span class=\"av-vertical-delimiter\"><\/span><\/header><\/div><footer class=\"entry-footer\"><div class=\"slide-meta\"><time class='slide-meta-time updated'  itemprop=\"datePublished\" datetime=\"2021-10-04T13:20:04+02:00\" ><\/time><\/div><\/footer><span class='hidden'>\n\t\t\t\t<span class='av-structured-data'  itemprop=\"image\" itemscope=\"itemscope\" itemtype=\"https:\/\/schema.org\/ImageObject\" >\n\t\t\t\t\t\t<span itemprop='url'>https:\/\/phonomuseum.fr\/wp-content\/uploads\/2016\/09\/affiche-web.jpg<\/span>\n\t\t\t\t\t\t<span itemprop='height'>1405<\/span>\n\t\t\t\t\t\t<span itemprop='width'>1000<\/span>\n\t\t\t\t<\/span>\n\t\t\t\t<span class='av-structured-data'  itemprop=\"publisher\" itemtype=\"https:\/\/schema.org\/Organization\" itemscope=\"itemscope\" >\n\t\t\t\t\t\t<span itemprop='name'>PHONO Museum Paris<\/span>\n\t\t\t\t\t\t<span itemprop='logo' itemscope itemtype='https:\/\/schema.org\/ImageObject'>\n\t\t\t\t\t\t\t<span itemprop='url'>https:\/\/phonomuseum.fr\/wp-content\/uploads\/2021\/01\/logo-couleurs-300x140.png<\/span>\n\t\t\t\t\t\t<\/span>\n\t\t\t\t<\/span><span class='av-structured-data'  itemprop=\"author\" itemscope=\"itemscope\" itemtype=\"https:\/\/schema.org\/Person\" ><span itemprop='name'>PHONO Museum Paris<\/span><\/span><span class='av-structured-data'  itemprop=\"datePublished\" datetime=\"2020-12-16T13:33:38+01:00\" >2021-01-10 15:05:35<\/span><span class='av-structured-data'  itemprop=\"dateModified\" itemtype=\"https:\/\/schema.org\/dateModified\" >2021-01-10 15:05:35<\/span><span class='av-structured-data'  itemprop=\"mainEntityOfPage\" itemtype=\"https:\/\/schema.org\/mainEntityOfPage\" ><span itemprop='name'>Du Castrat \u00e0 la Diva &#8211; Catherine Authier, contralto<\/span><\/span><\/span><\/article><\/div><div class=\"slide-entry-wrap\"><article class='slide-entry flex_column  post-entry post-entry-3272 slide-entry-overview slide-loop-67 slide-parity-odd  av_one_third first real-thumbnail posttype-post post-format-standard'  itemscope=\"itemscope\" itemtype=\"https:\/\/schema.org\/CreativeWork\" ><a href='https:\/\/phonomuseum.fr\/mosalini-teruggi-cuarteto\/' data-rel='slide-1' class='slide-image' title='Mosalini Teruggi cuarteto'><img decoding=\"async\" fetchpriority=\"high\" width=\"285\" height=\"400\" src=\"https:\/\/phonomuseum.fr\/wp-content\/uploads\/2016\/09\/concert18.jpg\" class=\"wp-image-616 avia-img-lazy-loading-not-616 attachment-portfolio size-portfolio wp-post-image\" alt=\"concert18\" srcset=\"https:\/\/phonomuseum.fr\/wp-content\/uploads\/2016\/09\/concert18.jpg 1029w, https:\/\/phonomuseum.fr\/wp-content\/uploads\/2016\/09\/concert18-213x300.jpg 213w, https:\/\/phonomuseum.fr\/wp-content\/uploads\/2016\/09\/concert18-768x1079.jpg 768w, https:\/\/phonomuseum.fr\/wp-content\/uploads\/2016\/09\/concert18-729x1024.jpg 729w, https:\/\/phonomuseum.fr\/wp-content\/uploads\/2016\/09\/concert18-107x150.jpg 107w\" sizes=\"(max-width: 285px) 100vw, 285px\" \/><\/a><div class=\"slide-content\"><header class=\"entry-content-header\" aria-label=\"Slide: Mosalini Teruggi cuarteto\"><span class=\"blog-categories minor-meta\"><a href=\"https:\/\/phonomuseum.fr\/category\/concerts\/\" rel=\"tag\">Concerts<\/a>, <a href=\"https:\/\/phonomuseum.fr\/category\/concerts\/concerts-2016\/\" rel=\"tag\">Concerts 2016<\/a> <\/span><h3 class='slide-entry-title entry-title '  itemprop=\"headline\" ><a href='https:\/\/phonomuseum.fr\/mosalini-teruggi-cuarteto\/' title='Mosalini Teruggi cuarteto'>Mosalini Teruggi cuarteto<\/a><\/h3><span class=\"av-vertical-delimiter\"><\/span><\/header><\/div><footer class=\"entry-footer\"><div class=\"slide-meta\"><time class='slide-meta-time updated'  itemprop=\"datePublished\" datetime=\"2021-10-04T13:20:04+02:00\" ><\/time><\/div><\/footer><span class='hidden'>\n\t\t\t\t<span class='av-structured-data'  itemprop=\"image\" itemscope=\"itemscope\" itemtype=\"https:\/\/schema.org\/ImageObject\" >\n\t\t\t\t\t\t<span itemprop='url'>https:\/\/phonomuseum.fr\/wp-content\/uploads\/2016\/09\/concert18.jpg<\/span>\n\t\t\t\t\t\t<span itemprop='height'>1446<\/span>\n\t\t\t\t\t\t<span itemprop='width'>1029<\/span>\n\t\t\t\t<\/span>\n\t\t\t\t<span class='av-structured-data'  itemprop=\"publisher\" itemtype=\"https:\/\/schema.org\/Organization\" itemscope=\"itemscope\" >\n\t\t\t\t\t\t<span itemprop='name'>PHONO Museum Paris<\/span>\n\t\t\t\t\t\t<span itemprop='logo' itemscope itemtype='https:\/\/schema.org\/ImageObject'>\n\t\t\t\t\t\t\t<span itemprop='url'>https:\/\/phonomuseum.fr\/wp-content\/uploads\/2021\/01\/logo-couleurs-300x140.png<\/span>\n\t\t\t\t\t\t<\/span>\n\t\t\t\t<\/span><span class='av-structured-data'  itemprop=\"author\" itemscope=\"itemscope\" itemtype=\"https:\/\/schema.org\/Person\" ><span itemprop='name'>PHONO Museum Paris<\/span><\/span><span class='av-structured-data'  itemprop=\"datePublished\" datetime=\"2020-12-16T13:33:38+01:00\" >2021-01-10 14:39:34<\/span><span class='av-structured-data'  itemprop=\"dateModified\" itemtype=\"https:\/\/schema.org\/dateModified\" >2021-01-10 14:39:34<\/span><span class='av-structured-data'  itemprop=\"mainEntityOfPage\" itemtype=\"https:\/\/schema.org\/mainEntityOfPage\" ><span itemprop='name'>Mosalini Teruggi cuarteto<\/span><\/span><\/span><\/article><article class='slide-entry flex_column  post-entry post-entry-3269 slide-entry-overview slide-loop-68 slide-parity-even  av_one_third  real-thumbnail posttype-post post-format-standard'  itemscope=\"itemscope\" itemtype=\"https:\/\/schema.org\/CreativeWork\" ><a href='https:\/\/phonomuseum.fr\/yousef-liouane\/' data-rel='slide-1' class='slide-image' title='Yousef Liouane'><img decoding=\"async\" fetchpriority=\"high\" width=\"300\" height=\"400\" src=\"https:\/\/phonomuseum.fr\/wp-content\/uploads\/2016\/06\/Yousef-louane.jpg\" class=\"wp-image-595 avia-img-lazy-loading-not-595 attachment-portfolio size-portfolio wp-post-image\" alt=\"Yousef louane\" srcset=\"https:\/\/phonomuseum.fr\/wp-content\/uploads\/2016\/06\/Yousef-louane.jpg 960w, https:\/\/phonomuseum.fr\/wp-content\/uploads\/2016\/06\/Yousef-louane-225x300.jpg 225w, https:\/\/phonomuseum.fr\/wp-content\/uploads\/2016\/06\/Yousef-louane-768x1024.jpg 768w, https:\/\/phonomuseum.fr\/wp-content\/uploads\/2016\/06\/Yousef-louane-113x150.jpg 113w\" sizes=\"(max-width: 300px) 100vw, 300px\" \/><\/a><div class=\"slide-content\"><header class=\"entry-content-header\" aria-label=\"Slide: Yousef Liouane\"><span class=\"blog-categories minor-meta\"><a href=\"https:\/\/phonomuseum.fr\/category\/concerts\/\" rel=\"tag\">Concerts<\/a>, <a href=\"https:\/\/phonomuseum.fr\/category\/concerts\/concerts-2016\/\" rel=\"tag\">Concerts 2016<\/a> <\/span><h3 class='slide-entry-title entry-title '  itemprop=\"headline\" ><a href='https:\/\/phonomuseum.fr\/yousef-liouane\/' title='Yousef Liouane'>Yousef Liouane<\/a><\/h3><span class=\"av-vertical-delimiter\"><\/span><\/header><\/div><footer class=\"entry-footer\"><div class=\"slide-meta\"><time class='slide-meta-time updated'  itemprop=\"datePublished\" datetime=\"2021-10-04T13:20:04+02:00\" ><\/time><\/div><\/footer><span class='hidden'>\n\t\t\t\t<span class='av-structured-data'  itemprop=\"image\" itemscope=\"itemscope\" itemtype=\"https:\/\/schema.org\/ImageObject\" >\n\t\t\t\t\t\t<span itemprop='url'>https:\/\/phonomuseum.fr\/wp-content\/uploads\/2016\/06\/Yousef-louane.jpg<\/span>\n\t\t\t\t\t\t<span itemprop='height'>1280<\/span>\n\t\t\t\t\t\t<span itemprop='width'>960<\/span>\n\t\t\t\t<\/span>\n\t\t\t\t<span class='av-structured-data'  itemprop=\"publisher\" itemtype=\"https:\/\/schema.org\/Organization\" itemscope=\"itemscope\" >\n\t\t\t\t\t\t<span itemprop='name'>PHONO Museum Paris<\/span>\n\t\t\t\t\t\t<span itemprop='logo' itemscope itemtype='https:\/\/schema.org\/ImageObject'>\n\t\t\t\t\t\t\t<span itemprop='url'>https:\/\/phonomuseum.fr\/wp-content\/uploads\/2021\/01\/logo-couleurs-300x140.png<\/span>\n\t\t\t\t\t\t<\/span>\n\t\t\t\t<\/span><span class='av-structured-data'  itemprop=\"author\" itemscope=\"itemscope\" itemtype=\"https:\/\/schema.org\/Person\" ><span itemprop='name'>PHONO Museum Paris<\/span><\/span><span class='av-structured-data'  itemprop=\"datePublished\" datetime=\"2020-12-16T13:33:38+01:00\" >2021-01-10 14:37:18<\/span><span class='av-structured-data'  itemprop=\"dateModified\" itemtype=\"https:\/\/schema.org\/dateModified\" >2021-01-10 14:37:27<\/span><span class='av-structured-data'  itemprop=\"mainEntityOfPage\" itemtype=\"https:\/\/schema.org\/mainEntityOfPage\" ><span itemprop='name'>Yousef Liouane<\/span><\/span><\/span><\/article><article class='slide-entry flex_column  post-entry post-entry-3266 slide-entry-overview slide-loop-69 slide-parity-odd  av_one_third  real-thumbnail posttype-post post-format-standard'  itemscope=\"itemscope\" itemtype=\"https:\/\/schema.org\/CreativeWork\" ><a href='https:\/\/phonomuseum.fr\/bernardeta-midzialek-guitare\/' data-rel='slide-1' class='slide-image' title='Bernardeta Midzialek, guitare'><img decoding=\"async\" fetchpriority=\"high\" width=\"288\" height=\"400\" src=\"https:\/\/phonomuseum.fr\/wp-content\/uploads\/2016\/05\/midzialek.jpg\" class=\"wp-image-585 avia-img-lazy-loading-not-585 attachment-portfolio size-portfolio wp-post-image\" alt=\"midzialek\" srcset=\"https:\/\/phonomuseum.fr\/wp-content\/uploads\/2016\/05\/midzialek.jpg 900w, https:\/\/phonomuseum.fr\/wp-content\/uploads\/2016\/05\/midzialek-216x300.jpg 216w, https:\/\/phonomuseum.fr\/wp-content\/uploads\/2016\/05\/midzialek-768x1066.jpg 768w, https:\/\/phonomuseum.fr\/wp-content\/uploads\/2016\/05\/midzialek-738x1024.jpg 738w, https:\/\/phonomuseum.fr\/wp-content\/uploads\/2016\/05\/midzialek-108x150.jpg 108w\" sizes=\"(max-width: 288px) 100vw, 288px\" \/><\/a><div class=\"slide-content\"><header class=\"entry-content-header\" aria-label=\"Slide: Bernardeta Midzialek, guitare\"><span class=\"blog-categories minor-meta\"><a href=\"https:\/\/phonomuseum.fr\/category\/concerts\/\" rel=\"tag\">Concerts<\/a>, <a href=\"https:\/\/phonomuseum.fr\/category\/concerts\/concerts-2016\/\" rel=\"tag\">Concerts 2016<\/a> <\/span><h3 class='slide-entry-title entry-title '  itemprop=\"headline\" ><a href='https:\/\/phonomuseum.fr\/bernardeta-midzialek-guitare\/' title='Bernardeta Midzialek, guitare'>Bernardeta Midzialek, guitare<\/a><\/h3><span class=\"av-vertical-delimiter\"><\/span><\/header><\/div><footer class=\"entry-footer\"><div class=\"slide-meta\"><time class='slide-meta-time updated'  itemprop=\"datePublished\" datetime=\"2021-10-04T13:20:04+02:00\" ><\/time><\/div><\/footer><span class='hidden'>\n\t\t\t\t<span class='av-structured-data'  itemprop=\"image\" itemscope=\"itemscope\" itemtype=\"https:\/\/schema.org\/ImageObject\" >\n\t\t\t\t\t\t<span itemprop='url'>https:\/\/phonomuseum.fr\/wp-content\/uploads\/2016\/05\/midzialek.jpg<\/span>\n\t\t\t\t\t\t<span itemprop='height'>1249<\/span>\n\t\t\t\t\t\t<span itemprop='width'>900<\/span>\n\t\t\t\t<\/span>\n\t\t\t\t<span class='av-structured-data'  itemprop=\"publisher\" itemtype=\"https:\/\/schema.org\/Organization\" itemscope=\"itemscope\" >\n\t\t\t\t\t\t<span itemprop='name'>PHONO Museum Paris<\/span>\n\t\t\t\t\t\t<span itemprop='logo' itemscope itemtype='https:\/\/schema.org\/ImageObject'>\n\t\t\t\t\t\t\t<span itemprop='url'>https:\/\/phonomuseum.fr\/wp-content\/uploads\/2021\/01\/logo-couleurs-300x140.png<\/span>\n\t\t\t\t\t\t<\/span>\n\t\t\t\t<\/span><span class='av-structured-data'  itemprop=\"author\" itemscope=\"itemscope\" itemtype=\"https:\/\/schema.org\/Person\" ><span itemprop='name'>PHONO Museum Paris<\/span><\/span><span class='av-structured-data'  itemprop=\"datePublished\" datetime=\"2020-12-16T13:33:38+01:00\" >2021-01-10 14:33:41<\/span><span class='av-structured-data'  itemprop=\"dateModified\" itemtype=\"https:\/\/schema.org\/dateModified\" >2021-01-10 14:33:41<\/span><span class='av-structured-data'  itemprop=\"mainEntityOfPage\" itemtype=\"https:\/\/schema.org\/mainEntityOfPage\" ><span itemprop='name'>Bernardeta Midzialek, guitare<\/span><\/span><\/span><\/article><\/div><div class=\"slide-entry-wrap\"><article class='slide-entry flex_column  post-entry post-entry-3234 slide-entry-overview slide-loop-70 slide-parity-odd  av_one_third first real-thumbnail posttype-post post-format-standard'  itemscope=\"itemscope\" itemtype=\"https:\/\/schema.org\/CreativeWork\" ><a href='https:\/\/phonomuseum.fr\/croisements-contes-et-contrebasse\/' data-rel='slide-1' class='slide-image' title='Croisements, contes et contrebasse'><img decoding=\"async\" fetchpriority=\"high\" width=\"300\" height=\"284\" src=\"https:\/\/phonomuseum.fr\/wp-content\/uploads\/2016\/04\/concert15-300.jpg\" class=\"wp-image-575 avia-img-lazy-loading-not-575 attachment-portfolio size-portfolio wp-post-image\" alt=\"\" srcset=\"https:\/\/phonomuseum.fr\/wp-content\/uploads\/2016\/04\/concert15-300.jpg 300w, https:\/\/phonomuseum.fr\/wp-content\/uploads\/2016\/04\/concert15-300-158x150.jpg 158w, https:\/\/phonomuseum.fr\/wp-content\/uploads\/2016\/04\/concert15-300-150x142.jpg 150w\" sizes=\"(max-width: 300px) 100vw, 300px\" \/><\/a><div class=\"slide-content\"><header class=\"entry-content-header\" aria-label=\"Slide: Croisements, contes et contrebasse\"><span class=\"blog-categories minor-meta\"><a href=\"https:\/\/phonomuseum.fr\/category\/concerts\/\" rel=\"tag\">Concerts<\/a>, <a href=\"https:\/\/phonomuseum.fr\/category\/concerts\/concerts-2016\/\" rel=\"tag\">Concerts 2016<\/a> <\/span><h3 class='slide-entry-title entry-title '  itemprop=\"headline\" ><a href='https:\/\/phonomuseum.fr\/croisements-contes-et-contrebasse\/' title='Croisements, contes et contrebasse'>Croisements, contes et contrebasse<\/a><\/h3><span class=\"av-vertical-delimiter\"><\/span><\/header><\/div><footer class=\"entry-footer\"><div class=\"slide-meta\"><time class='slide-meta-time updated'  itemprop=\"datePublished\" datetime=\"2021-10-04T13:20:04+02:00\" ><\/time><\/div><\/footer><span class='hidden'>\n\t\t\t\t<span class='av-structured-data'  itemprop=\"image\" itemscope=\"itemscope\" itemtype=\"https:\/\/schema.org\/ImageObject\" >\n\t\t\t\t\t\t<span itemprop='url'>https:\/\/phonomuseum.fr\/wp-content\/uploads\/2016\/04\/concert15-300.jpg<\/span>\n\t\t\t\t\t\t<span itemprop='height'>284<\/span>\n\t\t\t\t\t\t<span itemprop='width'>300<\/span>\n\t\t\t\t<\/span>\n\t\t\t\t<span class='av-structured-data'  itemprop=\"publisher\" itemtype=\"https:\/\/schema.org\/Organization\" itemscope=\"itemscope\" >\n\t\t\t\t\t\t<span itemprop='name'>PHONO Museum Paris<\/span>\n\t\t\t\t\t\t<span itemprop='logo' itemscope itemtype='https:\/\/schema.org\/ImageObject'>\n\t\t\t\t\t\t\t<span itemprop='url'>https:\/\/phonomuseum.fr\/wp-content\/uploads\/2021\/01\/logo-couleurs-300x140.png<\/span>\n\t\t\t\t\t\t<\/span>\n\t\t\t\t<\/span><span class='av-structured-data'  itemprop=\"author\" itemscope=\"itemscope\" itemtype=\"https:\/\/schema.org\/Person\" ><span itemprop='name'>PHONO Museum Paris<\/span><\/span><span class='av-structured-data'  itemprop=\"datePublished\" datetime=\"2020-12-16T13:33:38+01:00\" >2021-01-09 17:41:10<\/span><span class='av-structured-data'  itemprop=\"dateModified\" itemtype=\"https:\/\/schema.org\/dateModified\" >2021-01-09 17:41:10<\/span><span class='av-structured-data'  itemprop=\"mainEntityOfPage\" itemtype=\"https:\/\/schema.org\/mainEntityOfPage\" ><span itemprop='name'>Croisements, contes et contrebasse<\/span><\/span><\/span><\/article><article class='slide-entry flex_column  post-entry post-entry-3231 slide-entry-overview slide-loop-71 slide-parity-even  av_one_third  real-thumbnail posttype-post post-format-standard'  itemscope=\"itemscope\" itemtype=\"https:\/\/schema.org\/CreativeWork\" ><a href='https:\/\/phonomuseum.fr\/les-bagotts-quatuor-de-bassons\/' data-rel='slide-1' class='slide-image' title='Les Bagotts, quatuor de bassons'><img decoding=\"async\" fetchpriority=\"high\" width=\"285\" height=\"400\" src=\"https:\/\/phonomuseum.fr\/wp-content\/uploads\/2016\/03\/affiche-web.jpg\" class=\"wp-image-553 avia-img-lazy-loading-not-553 attachment-portfolio size-portfolio wp-post-image\" alt=\"affiche-web\" srcset=\"https:\/\/phonomuseum.fr\/wp-content\/uploads\/2016\/03\/affiche-web.jpg 1029w, https:\/\/phonomuseum.fr\/wp-content\/uploads\/2016\/03\/affiche-web-213x300.jpg 213w, https:\/\/phonomuseum.fr\/wp-content\/uploads\/2016\/03\/affiche-web-768x1079.jpg 768w, https:\/\/phonomuseum.fr\/wp-content\/uploads\/2016\/03\/affiche-web-729x1024.jpg 729w, https:\/\/phonomuseum.fr\/wp-content\/uploads\/2016\/03\/affiche-web-107x150.jpg 107w\" sizes=\"(max-width: 285px) 100vw, 285px\" \/><\/a><div class=\"slide-content\"><header class=\"entry-content-header\" aria-label=\"Slide: Les Bagotts, quatuor de bassons\"><span class=\"blog-categories minor-meta\"><a href=\"https:\/\/phonomuseum.fr\/category\/concerts\/\" rel=\"tag\">Concerts<\/a>, <a href=\"https:\/\/phonomuseum.fr\/category\/concerts\/concerts-2016\/\" rel=\"tag\">Concerts 2016<\/a> <\/span><h3 class='slide-entry-title entry-title '  itemprop=\"headline\" ><a href='https:\/\/phonomuseum.fr\/les-bagotts-quatuor-de-bassons\/' title='Les Bagotts, quatuor de bassons'>Les Bagotts, quatuor de bassons<\/a><\/h3><span class=\"av-vertical-delimiter\"><\/span><\/header><\/div><footer class=\"entry-footer\"><div class=\"slide-meta\"><time class='slide-meta-time updated'  itemprop=\"datePublished\" datetime=\"2021-10-04T13:20:04+02:00\" ><\/time><\/div><\/footer><span class='hidden'>\n\t\t\t\t<span class='av-structured-data'  itemprop=\"image\" itemscope=\"itemscope\" itemtype=\"https:\/\/schema.org\/ImageObject\" >\n\t\t\t\t\t\t<span itemprop='url'>https:\/\/phonomuseum.fr\/wp-content\/uploads\/2016\/03\/affiche-web.jpg<\/span>\n\t\t\t\t\t\t<span itemprop='height'>1446<\/span>\n\t\t\t\t\t\t<span itemprop='width'>1029<\/span>\n\t\t\t\t<\/span>\n\t\t\t\t<span class='av-structured-data'  itemprop=\"publisher\" itemtype=\"https:\/\/schema.org\/Organization\" itemscope=\"itemscope\" >\n\t\t\t\t\t\t<span itemprop='name'>PHONO Museum Paris<\/span>\n\t\t\t\t\t\t<span itemprop='logo' itemscope itemtype='https:\/\/schema.org\/ImageObject'>\n\t\t\t\t\t\t\t<span itemprop='url'>https:\/\/phonomuseum.fr\/wp-content\/uploads\/2021\/01\/logo-couleurs-300x140.png<\/span>\n\t\t\t\t\t\t<\/span>\n\t\t\t\t<\/span><span class='av-structured-data'  itemprop=\"author\" itemscope=\"itemscope\" itemtype=\"https:\/\/schema.org\/Person\" ><span itemprop='name'>PHONO Museum Paris<\/span><\/span><span class='av-structured-data'  itemprop=\"datePublished\" datetime=\"2020-12-16T13:33:38+01:00\" >2021-01-09 17:39:07<\/span><span class='av-structured-data'  itemprop=\"dateModified\" itemtype=\"https:\/\/schema.org\/dateModified\" >2021-01-09 17:39:07<\/span><span class='av-structured-data'  itemprop=\"mainEntityOfPage\" itemtype=\"https:\/\/schema.org\/mainEntityOfPage\" ><span itemprop='name'>Les Bagotts, quatuor de bassons<\/span><\/span><\/span><\/article><article class='slide-entry flex_column  post-entry post-entry-3228 slide-entry-overview slide-loop-72 slide-parity-odd  av_one_third  real-thumbnail posttype-post post-format-standard'  itemscope=\"itemscope\" itemtype=\"https:\/\/schema.org\/CreativeWork\" ><a href='https:\/\/phonomuseum.fr\/avenue-henry-cheron\/' data-rel='slide-1' class='slide-image' title='Avenue Henry Cheron'><img decoding=\"async\" fetchpriority=\"high\" width=\"288\" height=\"400\" src=\"https:\/\/phonomuseum.fr\/wp-content\/uploads\/2016\/02\/concert9.jpeg\" class=\"wp-image-270 avia-img-lazy-loading-not-270 attachment-portfolio size-portfolio wp-post-image\" alt=\"\" srcset=\"https:\/\/phonomuseum.fr\/wp-content\/uploads\/2016\/02\/concert9.jpeg 800w, https:\/\/phonomuseum.fr\/wp-content\/uploads\/2016\/02\/concert9-216x300.jpeg 216w, https:\/\/phonomuseum.fr\/wp-content\/uploads\/2016\/02\/concert9-768x1066.jpeg 768w, https:\/\/phonomuseum.fr\/wp-content\/uploads\/2016\/02\/concert9-738x1024.jpeg 738w, https:\/\/phonomuseum.fr\/wp-content\/uploads\/2016\/02\/concert9-108x150.jpeg 108w\" sizes=\"(max-width: 288px) 100vw, 288px\" \/><\/a><div class=\"slide-content\"><header class=\"entry-content-header\" aria-label=\"Slide: Avenue Henry Cheron\"><span class=\"blog-categories minor-meta\"><a href=\"https:\/\/phonomuseum.fr\/category\/concerts\/concerts-2015\/\" rel=\"tag\">Concerts 2015<\/a> <\/span><h3 class='slide-entry-title entry-title '  itemprop=\"headline\" ><a href='https:\/\/phonomuseum.fr\/avenue-henry-cheron\/' title='Avenue Henry Cheron'>Avenue Henry Cheron<\/a><\/h3><span class=\"av-vertical-delimiter\"><\/span><\/header><\/div><footer class=\"entry-footer\"><div class=\"slide-meta\"><time class='slide-meta-time updated'  itemprop=\"datePublished\" datetime=\"2021-10-04T13:20:04+02:00\" ><\/time><\/div><\/footer><span class='hidden'>\n\t\t\t\t<span class='av-structured-data'  itemprop=\"image\" itemscope=\"itemscope\" itemtype=\"https:\/\/schema.org\/ImageObject\" >\n\t\t\t\t\t\t<span itemprop='url'>https:\/\/phonomuseum.fr\/wp-content\/uploads\/2016\/02\/concert9.jpeg<\/span>\n\t\t\t\t\t\t<span itemprop='height'>1110<\/span>\n\t\t\t\t\t\t<span itemprop='width'>800<\/span>\n\t\t\t\t<\/span>\n\t\t\t\t<span class='av-structured-data'  itemprop=\"publisher\" itemtype=\"https:\/\/schema.org\/Organization\" itemscope=\"itemscope\" >\n\t\t\t\t\t\t<span itemprop='name'>PHONO Museum Paris<\/span>\n\t\t\t\t\t\t<span itemprop='logo' itemscope itemtype='https:\/\/schema.org\/ImageObject'>\n\t\t\t\t\t\t\t<span itemprop='url'>https:\/\/phonomuseum.fr\/wp-content\/uploads\/2021\/01\/logo-couleurs-300x140.png<\/span>\n\t\t\t\t\t\t<\/span>\n\t\t\t\t<\/span><span class='av-structured-data'  itemprop=\"author\" itemscope=\"itemscope\" itemtype=\"https:\/\/schema.org\/Person\" ><span itemprop='name'>PHONO Museum Paris<\/span><\/span><span class='av-structured-data'  itemprop=\"datePublished\" datetime=\"2020-12-16T13:33:38+01:00\" >2021-01-09 17:35:53<\/span><span class='av-structured-data'  itemprop=\"dateModified\" itemtype=\"https:\/\/schema.org\/dateModified\" >2022-02-23 13:35:53<\/span><span class='av-structured-data'  itemprop=\"mainEntityOfPage\" itemtype=\"https:\/\/schema.org\/mainEntityOfPage\" ><span itemprop='name'>Avenue Henry Cheron<\/span><\/span><\/span><\/article><\/div><div class=\"slide-entry-wrap\"><article class='slide-entry flex_column  post-entry post-entry-3225 slide-entry-overview slide-loop-73 slide-parity-odd  av_one_third first real-thumbnail posttype-post post-format-standard'  itemscope=\"itemscope\" itemtype=\"https:\/\/schema.org\/CreativeWork\" ><a href='https:\/\/phonomuseum.fr\/musique-baroque-anglaise-du-xviie-siecle\/' data-rel='slide-1' class='slide-image' title='Musique baroque anglaise du XVIIe si\u00e8cle'><img decoding=\"async\" fetchpriority=\"high\" width=\"282\" height=\"400\" src=\"https:\/\/phonomuseum.fr\/wp-content\/uploads\/2016\/02\/concert2.jpg\" class=\"wp-image-263 avia-img-lazy-loading-not-263 attachment-portfolio size-portfolio wp-post-image\" alt=\"\" srcset=\"https:\/\/phonomuseum.fr\/wp-content\/uploads\/2016\/02\/concert2.jpg 800w, https:\/\/phonomuseum.fr\/wp-content\/uploads\/2016\/02\/concert2-211x300.jpg 211w, https:\/\/phonomuseum.fr\/wp-content\/uploads\/2016\/02\/concert2-768x1090.jpg 768w, https:\/\/phonomuseum.fr\/wp-content\/uploads\/2016\/02\/concert2-722x1024.jpg 722w, https:\/\/phonomuseum.fr\/wp-content\/uploads\/2016\/02\/concert2-106x150.jpg 106w\" sizes=\"(max-width: 282px) 100vw, 282px\" \/><\/a><div class=\"slide-content\"><header class=\"entry-content-header\" aria-label=\"Slide: Musique baroque anglaise du XVIIe si\u00e8cle\"><span class=\"blog-categories minor-meta\"><a href=\"https:\/\/phonomuseum.fr\/category\/concerts\/\" rel=\"tag\">Concerts<\/a>, <a href=\"https:\/\/phonomuseum.fr\/category\/concerts\/concerts-2015\/\" rel=\"tag\">Concerts 2015<\/a> <\/span><h3 class='slide-entry-title entry-title '  itemprop=\"headline\" ><a href='https:\/\/phonomuseum.fr\/musique-baroque-anglaise-du-xviie-siecle\/' title='Musique baroque anglaise du XVIIe si\u00e8cle'>Musique baroque anglaise du XVIIe si\u00e8cle<\/a><\/h3><span class=\"av-vertical-delimiter\"><\/span><\/header><\/div><footer class=\"entry-footer\"><div class=\"slide-meta\"><time class='slide-meta-time updated'  itemprop=\"datePublished\" datetime=\"2021-10-04T13:20:04+02:00\" ><\/time><\/div><\/footer><span class='hidden'>\n\t\t\t\t<span class='av-structured-data'  itemprop=\"image\" itemscope=\"itemscope\" itemtype=\"https:\/\/schema.org\/ImageObject\" >\n\t\t\t\t\t\t<span itemprop='url'>https:\/\/phonomuseum.fr\/wp-content\/uploads\/2016\/02\/concert2.jpg<\/span>\n\t\t\t\t\t\t<span itemprop='height'>1135<\/span>\n\t\t\t\t\t\t<span itemprop='width'>800<\/span>\n\t\t\t\t<\/span>\n\t\t\t\t<span class='av-structured-data'  itemprop=\"publisher\" itemtype=\"https:\/\/schema.org\/Organization\" itemscope=\"itemscope\" >\n\t\t\t\t\t\t<span itemprop='name'>PHONO Museum Paris<\/span>\n\t\t\t\t\t\t<span itemprop='logo' itemscope itemtype='https:\/\/schema.org\/ImageObject'>\n\t\t\t\t\t\t\t<span itemprop='url'>https:\/\/phonomuseum.fr\/wp-content\/uploads\/2021\/01\/logo-couleurs-300x140.png<\/span>\n\t\t\t\t\t\t<\/span>\n\t\t\t\t<\/span><span class='av-structured-data'  itemprop=\"author\" itemscope=\"itemscope\" itemtype=\"https:\/\/schema.org\/Person\" ><span itemprop='name'>PHONO Museum Paris<\/span><\/span><span class='av-structured-data'  itemprop=\"datePublished\" datetime=\"2020-12-16T13:33:38+01:00\" >2021-01-09 17:33:33<\/span><span class='av-structured-data'  itemprop=\"dateModified\" itemtype=\"https:\/\/schema.org\/dateModified\" >2021-01-09 17:33:33<\/span><span class='av-structured-data'  itemprop=\"mainEntityOfPage\" itemtype=\"https:\/\/schema.org\/mainEntityOfPage\" ><span itemprop='name'>Musique baroque anglaise du XVIIe si\u00e8cle<\/span><\/span><\/span><\/article><article class='slide-entry flex_column  post-entry post-entry-3222 slide-entry-overview slide-loop-74 slide-parity-even  av_one_third  real-thumbnail posttype-post post-format-standard'  itemscope=\"itemscope\" itemtype=\"https:\/\/schema.org\/CreativeWork\" ><a href='https:\/\/phonomuseum.fr\/parfums-de-france-et-despagne\/' data-rel='slide-1' class='slide-image' title='Parfums de France et d&rsquo;Espagne'><img decoding=\"async\" fetchpriority=\"high\" width=\"495\" height=\"280\" src=\"https:\/\/phonomuseum.fr\/wp-content\/uploads\/2016\/02\/IMAG8136_1.jpg\" class=\"wp-image-308 avia-img-lazy-loading-not-308 attachment-portfolio size-portfolio wp-post-image\" alt=\"\" srcset=\"https:\/\/phonomuseum.fr\/wp-content\/uploads\/2016\/02\/IMAG8136_1.jpg 2688w, https:\/\/phonomuseum.fr\/wp-content\/uploads\/2016\/02\/IMAG8136_1-300x170.jpg 300w, https:\/\/phonomuseum.fr\/wp-content\/uploads\/2016\/02\/IMAG8136_1-768x434.jpg 768w, https:\/\/phonomuseum.fr\/wp-content\/uploads\/2016\/02\/IMAG8136_1-1024x579.jpg 1024w, https:\/\/phonomuseum.fr\/wp-content\/uploads\/2016\/02\/IMAG8136_1-250x141.jpg 250w, https:\/\/phonomuseum.fr\/wp-content\/uploads\/2016\/02\/IMAG8136_1-150x85.jpg 150w\" sizes=\"(max-width: 495px) 100vw, 495px\" \/><\/a><div class=\"slide-content\"><header class=\"entry-content-header\" aria-label=\"Slide: Parfums de France et d&#039;Espagne\"><span class=\"blog-categories minor-meta\"><a href=\"https:\/\/phonomuseum.fr\/category\/concerts\/\" rel=\"tag\">Concerts<\/a>, <a href=\"https:\/\/phonomuseum.fr\/category\/concerts\/concerts-2016\/\" rel=\"tag\">Concerts 2016<\/a> <\/span><h3 class='slide-entry-title entry-title '  itemprop=\"headline\" ><a href='https:\/\/phonomuseum.fr\/parfums-de-france-et-despagne\/' title='Parfums de France et d&rsquo;Espagne'>Parfums de France et d&rsquo;Espagne<\/a><\/h3><span class=\"av-vertical-delimiter\"><\/span><\/header><\/div><footer class=\"entry-footer\"><div class=\"slide-meta\"><time class='slide-meta-time updated'  itemprop=\"datePublished\" datetime=\"2021-10-04T13:20:04+02:00\" ><\/time><\/div><\/footer><span class='hidden'>\n\t\t\t\t<span class='av-structured-data'  itemprop=\"image\" itemscope=\"itemscope\" itemtype=\"https:\/\/schema.org\/ImageObject\" >\n\t\t\t\t\t\t<span itemprop='url'>https:\/\/phonomuseum.fr\/wp-content\/uploads\/2016\/02\/IMAG8136_1.jpg<\/span>\n\t\t\t\t\t\t<span itemprop='height'>1520<\/span>\n\t\t\t\t\t\t<span itemprop='width'>2688<\/span>\n\t\t\t\t<\/span>\n\t\t\t\t<span class='av-structured-data'  itemprop=\"publisher\" itemtype=\"https:\/\/schema.org\/Organization\" itemscope=\"itemscope\" >\n\t\t\t\t\t\t<span itemprop='name'>PHONO Museum Paris<\/span>\n\t\t\t\t\t\t<span itemprop='logo' itemscope itemtype='https:\/\/schema.org\/ImageObject'>\n\t\t\t\t\t\t\t<span itemprop='url'>https:\/\/phonomuseum.fr\/wp-content\/uploads\/2021\/01\/logo-couleurs-300x140.png<\/span>\n\t\t\t\t\t\t<\/span>\n\t\t\t\t<\/span><span class='av-structured-data'  itemprop=\"author\" itemscope=\"itemscope\" itemtype=\"https:\/\/schema.org\/Person\" ><span itemprop='name'>PHONO Museum Paris<\/span><\/span><span class='av-structured-data'  itemprop=\"datePublished\" datetime=\"2020-12-16T13:33:38+01:00\" >2021-01-09 15:11:32<\/span><span class='av-structured-data'  itemprop=\"dateModified\" itemtype=\"https:\/\/schema.org\/dateModified\" >2021-01-09 15:11:32<\/span><span class='av-structured-data'  itemprop=\"mainEntityOfPage\" itemtype=\"https:\/\/schema.org\/mainEntityOfPage\" ><span itemprop='name'>Parfums de France et d&rsquo;Espagne<\/span><\/span><\/span><\/article><article class='slide-entry flex_column  post-entry post-entry-3218 slide-entry-overview slide-loop-75 slide-parity-odd  av_one_third  real-thumbnail posttype-post post-format-standard'  itemscope=\"itemscope\" itemtype=\"https:\/\/schema.org\/CreativeWork\" ><a href='https:\/\/phonomuseum.fr\/concerts-2020\/' data-rel='slide-1' class='slide-image' title='Concerts 2020'><img decoding=\"async\" fetchpriority=\"high\" width=\"495\" height=\"323\" src=\"https:\/\/phonomuseum.fr\/wp-content\/uploads\/2016\/02\/edison-1877.jpg\" class=\"wp-image-250 avia-img-lazy-loading-not-250 attachment-portfolio size-portfolio wp-post-image\" alt=\"edison 1877\" srcset=\"https:\/\/phonomuseum.fr\/wp-content\/uploads\/2016\/02\/edison-1877.jpg 639w, https:\/\/phonomuseum.fr\/wp-content\/uploads\/2016\/02\/edison-1877-300x196.jpg 300w, https:\/\/phonomuseum.fr\/wp-content\/uploads\/2016\/02\/edison-1877-230x150.jpg 230w, https:\/\/phonomuseum.fr\/wp-content\/uploads\/2016\/02\/edison-1877-150x98.jpg 150w\" sizes=\"(max-width: 495px) 100vw, 495px\" \/><\/a><div class=\"slide-content\"><header class=\"entry-content-header\" aria-label=\"Slide: Concerts 2020\"><span class=\"blog-categories minor-meta\"><a href=\"https:\/\/phonomuseum.fr\/category\/concerts\/\" rel=\"tag\">Concerts<\/a>, <a href=\"https:\/\/phonomuseum.fr\/category\/concerts\/concerts-2020\/\" rel=\"tag\">Concerts 2020<\/a> <\/span><h3 class='slide-entry-title entry-title '  itemprop=\"headline\" ><a href='https:\/\/phonomuseum.fr\/concerts-2020\/' title='Concerts 2020'>Concerts 2020<\/a><\/h3><span class=\"av-vertical-delimiter\"><\/span><\/header><div class='slide-entry-excerpt entry-content'  itemprop=\"text\" >Le mus\u00e9e ayant \u00e9t\u00e9 ferm\u00e9 plusieurs mois, il n'y a pas eu de concerts en 2020<\/div><\/div><footer class=\"entry-footer\"><div class=\"slide-meta\"><time class='slide-meta-time updated'  itemprop=\"datePublished\" datetime=\"2021-01-09T14:49:20+01:00\" ><\/time><\/div><\/footer><span class='hidden'>\n\t\t\t\t<span class='av-structured-data'  itemprop=\"image\" itemscope=\"itemscope\" itemtype=\"https:\/\/schema.org\/ImageObject\" >\n\t\t\t\t\t\t<span itemprop='url'>https:\/\/phonomuseum.fr\/wp-content\/uploads\/2016\/02\/edison-1877.jpg<\/span>\n\t\t\t\t\t\t<span itemprop='height'>417<\/span>\n\t\t\t\t\t\t<span itemprop='width'>639<\/span>\n\t\t\t\t<\/span>\n\t\t\t\t<span class='av-structured-data'  itemprop=\"publisher\" itemtype=\"https:\/\/schema.org\/Organization\" itemscope=\"itemscope\" >\n\t\t\t\t\t\t<span itemprop='name'>PHONO Museum Paris<\/span>\n\t\t\t\t\t\t<span itemprop='logo' itemscope itemtype='https:\/\/schema.org\/ImageObject'>\n\t\t\t\t\t\t\t<span itemprop='url'>https:\/\/phonomuseum.fr\/wp-content\/uploads\/2021\/01\/logo-couleurs-300x140.png<\/span>\n\t\t\t\t\t\t<\/span>\n\t\t\t\t<\/span><span class='av-structured-data'  itemprop=\"author\" itemscope=\"itemscope\" itemtype=\"https:\/\/schema.org\/Person\" ><span itemprop='name'>PHONO Museum Paris<\/span><\/span><span class='av-structured-data'  itemprop=\"datePublished\" datetime=\"2020-12-16T13:33:38+01:00\" >2021-01-09 14:49:20<\/span><span class='av-structured-data'  itemprop=\"dateModified\" itemtype=\"https:\/\/schema.org\/dateModified\" >2021-01-09 14:49:20<\/span><span class='av-structured-data'  itemprop=\"mainEntityOfPage\" itemtype=\"https:\/\/schema.org\/mainEntityOfPage\" ><span itemprop='name'>Concerts 2020<\/span><\/span><\/span><\/article><\/div><div class=\"slide-entry-wrap\"><article class='slide-entry flex_column  post-entry post-entry-2389 slide-entry-overview slide-loop-76 slide-parity-odd  av_one_third first real-thumbnail posttype-post post-format-standard'  itemscope=\"itemscope\" itemtype=\"https:\/\/schema.org\/CreativeWork\" ><a href='https:\/\/phonomuseum.fr\/vente-de-solidarite\/' data-rel='slide-1' class='slide-image' title='Vente de solidarit\u00e9'><img decoding=\"async\" fetchpriority=\"high\" width=\"495\" height=\"400\" src=\"https:\/\/phonomuseum.fr\/wp-content\/uploads\/2021\/01\/20180907_164918-495x400.jpg\" class=\"wp-image-2953 avia-img-lazy-loading-not-2953 attachment-portfolio size-portfolio wp-post-image\" alt=\"\" srcset=\"https:\/\/phonomuseum.fr\/wp-content\/uploads\/2021\/01\/20180907_164918-495x400.jpg 495w, https:\/\/phonomuseum.fr\/wp-content\/uploads\/2021\/01\/20180907_164918-845x684.jpg 845w\" sizes=\"(max-width: 495px) 100vw, 495px\" \/><\/a><div class=\"slide-content\"><header class=\"entry-content-header\" aria-label=\"Slide: Vente de solidarit\u00e9\"><span class=\"blog-categories minor-meta\"><a href=\"https:\/\/phonomuseum.fr\/category\/blog\/\" rel=\"tag\">BLOG<\/a> <\/span><h3 class='slide-entry-title entry-title '  itemprop=\"headline\" ><a href='https:\/\/phonomuseum.fr\/vente-de-solidarite\/' title='Vente de solidarit\u00e9'>Vente de solidarit\u00e9<\/a><\/h3><span class=\"av-vertical-delimiter\"><\/span><\/header><div class='slide-entry-excerpt entry-content'  itemprop=\"text\" >\r\nLe mus\u00e9e a particip\u00e9 jeudi 23 janvier 2020 \u00e0 une vente aux ench\u00e8res \u00e0 l'H\u00f4tel Drouot. Il s'agissait de la vente de disques d'or appartenant \u00e0 Max Guazzini, le tr\u00e8s m\u00e9diatique ancien directeur de la radio NRJ.\r\n\r\n\r\n\r\nLe but de cette\u2026<\/div><\/div><footer class=\"entry-footer\"><div class=\"slide-meta\"><time class='slide-meta-time updated'  itemprop=\"datePublished\" datetime=\"2020-01-29T11:20:01+01:00\" ><\/time><\/div><\/footer><span class='hidden'>\n\t\t\t\t<span class='av-structured-data'  itemprop=\"image\" itemscope=\"itemscope\" itemtype=\"https:\/\/schema.org\/ImageObject\" >\n\t\t\t\t\t\t<span itemprop='url'>https:\/\/phonomuseum.fr\/wp-content\/uploads\/2021\/01\/20180907_164918-scaled.jpg<\/span>\n\t\t\t\t\t\t<span itemprop='height'>1440<\/span>\n\t\t\t\t\t\t<span itemprop='width'>2560<\/span>\n\t\t\t\t<\/span>\n\t\t\t\t<span class='av-structured-data'  itemprop=\"publisher\" itemtype=\"https:\/\/schema.org\/Organization\" itemscope=\"itemscope\" >\n\t\t\t\t\t\t<span itemprop='name'>PHONO Museum Paris<\/span>\n\t\t\t\t\t\t<span itemprop='logo' itemscope itemtype='https:\/\/schema.org\/ImageObject'>\n\t\t\t\t\t\t\t<span itemprop='url'>https:\/\/phonomuseum.fr\/wp-content\/uploads\/2021\/01\/logo-couleurs-300x140.png<\/span>\n\t\t\t\t\t\t<\/span>\n\t\t\t\t<\/span><span class='av-structured-data'  itemprop=\"author\" itemscope=\"itemscope\" itemtype=\"https:\/\/schema.org\/Person\" ><span itemprop='name'>PHONO Museum Paris<\/span><\/span><span class='av-structured-data'  itemprop=\"datePublished\" datetime=\"2020-12-16T13:33:38+01:00\" >2020-01-29 11:20:01<\/span><span class='av-structured-data'  itemprop=\"dateModified\" itemtype=\"https:\/\/schema.org\/dateModified\" >2024-06-01 14:23:35<\/span><span class='av-structured-data'  itemprop=\"mainEntityOfPage\" itemtype=\"https:\/\/schema.org\/mainEntityOfPage\" ><span itemprop='name'>Vente de solidarit\u00e9<\/span><\/span><\/span><\/article><article class='slide-entry flex_column  post-entry post-entry-2358 slide-entry-overview slide-loop-77 slide-parity-even  av_one_third  real-thumbnail posttype-post post-format-standard'  itemscope=\"itemscope\" itemtype=\"https:\/\/schema.org\/CreativeWork\" ><a href='https:\/\/phonomuseum.fr\/la-semaine-du-bizarre\/' data-rel='slide-1' class='slide-image' title='La semaine du bizarre'><img decoding=\"async\" fetchpriority=\"high\" width=\"495\" height=\"371\" src=\"https:\/\/phonomuseum.fr\/wp-content\/uploads\/2019\/12\/79202300_768056966994952_1185440042034659328_n.jpg\" class=\"wp-image-2365 avia-img-lazy-loading-not-2365 attachment-portfolio size-portfolio wp-post-image\" alt=\"\" srcset=\"https:\/\/phonomuseum.fr\/wp-content\/uploads\/2019\/12\/79202300_768056966994952_1185440042034659328_n.jpg 1824w, https:\/\/phonomuseum.fr\/wp-content\/uploads\/2019\/12\/79202300_768056966994952_1185440042034659328_n-300x225.jpg 300w, https:\/\/phonomuseum.fr\/wp-content\/uploads\/2019\/12\/79202300_768056966994952_1185440042034659328_n-768x576.jpg 768w, https:\/\/phonomuseum.fr\/wp-content\/uploads\/2019\/12\/79202300_768056966994952_1185440042034659328_n-1024x768.jpg 1024w, https:\/\/phonomuseum.fr\/wp-content\/uploads\/2019\/12\/79202300_768056966994952_1185440042034659328_n-600x450.jpg 600w, https:\/\/phonomuseum.fr\/wp-content\/uploads\/2019\/12\/79202300_768056966994952_1185440042034659328_n-150x113.jpg 150w\" sizes=\"(max-width: 495px) 100vw, 495px\" \/><\/a><div class=\"slide-content\"><header class=\"entry-content-header\" aria-label=\"Slide: La semaine du bizarre\"><span class=\"blog-categories minor-meta\"><a href=\"https:\/\/phonomuseum.fr\/category\/blog\/\" rel=\"tag\">BLOG<\/a> <\/span><h3 class='slide-entry-title entry-title '  itemprop=\"headline\" ><a href='https:\/\/phonomuseum.fr\/la-semaine-du-bizarre\/' title='La semaine du bizarre'>La semaine du bizarre<\/a><\/h3><span class=\"av-vertical-delimiter\"><\/span><\/header><div class='slide-entry-excerpt entry-content'  itemprop=\"text\" >\r\n\r\n\r\n\r\n\r\n\r\n\r\nLe mus\u00e9e a particip\u00e9 \u00e0 la semaine du bizarre qui se tenait du 1er au 13 d\u00e9cembre 2020 au th\u00e9\u00e2tre municipal Berthelot-Jean-Guerin \u00e0 Montreuil.\r\n\r\n\r\n\r\nIl s'agit d'une suite de conf\u00e9rences, expositions, films, concerts, ...\r\n\r\n\r\n\r\nLe\u2026<\/div><\/div><footer class=\"entry-footer\"><div class=\"slide-meta\"><time class='slide-meta-time updated'  itemprop=\"datePublished\" datetime=\"2019-12-14T12:41:31+01:00\" ><\/time><\/div><\/footer><span class='hidden'>\n\t\t\t\t<span class='av-structured-data'  itemprop=\"image\" itemscope=\"itemscope\" itemtype=\"https:\/\/schema.org\/ImageObject\" >\n\t\t\t\t\t\t<span itemprop='url'>https:\/\/phonomuseum.fr\/wp-content\/uploads\/2019\/12\/79202300_768056966994952_1185440042034659328_n.jpg<\/span>\n\t\t\t\t\t\t<span itemprop='height'>1368<\/span>\n\t\t\t\t\t\t<span itemprop='width'>1824<\/span>\n\t\t\t\t<\/span>\n\t\t\t\t<span class='av-structured-data'  itemprop=\"publisher\" itemtype=\"https:\/\/schema.org\/Organization\" itemscope=\"itemscope\" >\n\t\t\t\t\t\t<span itemprop='name'>PHONO Museum Paris<\/span>\n\t\t\t\t\t\t<span itemprop='logo' itemscope itemtype='https:\/\/schema.org\/ImageObject'>\n\t\t\t\t\t\t\t<span itemprop='url'>https:\/\/phonomuseum.fr\/wp-content\/uploads\/2021\/01\/logo-couleurs-300x140.png<\/span>\n\t\t\t\t\t\t<\/span>\n\t\t\t\t<\/span><span class='av-structured-data'  itemprop=\"author\" itemscope=\"itemscope\" itemtype=\"https:\/\/schema.org\/Person\" ><span itemprop='name'>PHONO Museum Paris<\/span><\/span><span class='av-structured-data'  itemprop=\"datePublished\" datetime=\"2020-12-16T13:33:38+01:00\" >2019-12-14 12:41:31<\/span><span class='av-structured-data'  itemprop=\"dateModified\" itemtype=\"https:\/\/schema.org\/dateModified\" >2024-06-01 14:25:36<\/span><span class='av-structured-data'  itemprop=\"mainEntityOfPage\" itemtype=\"https:\/\/schema.org\/mainEntityOfPage\" ><span itemprop='name'>La semaine du bizarre<\/span><\/span><\/span><\/article><article class='slide-entry flex_column  post-entry post-entry-2345 slide-entry-overview slide-loop-78 slide-parity-odd  av_one_third  real-thumbnail posttype-post post-format-standard'  itemscope=\"itemscope\" itemtype=\"https:\/\/schema.org\/CreativeWork\" ><a href='https:\/\/phonomuseum.fr\/le-fonds-du-musee-senrichit\/' data-rel='slide-1' class='slide-image' title='Le fonds du mus\u00e9e s&rsquo;enrichit'><img decoding=\"async\" fetchpriority=\"high\" width=\"495\" height=\"278\" src=\"https:\/\/phonomuseum.fr\/wp-content\/uploads\/2019\/11\/20191124_115326.jpg\" class=\"wp-image-2346 avia-img-lazy-loading-not-2346 attachment-portfolio size-portfolio wp-post-image\" alt=\"\" srcset=\"https:\/\/phonomuseum.fr\/wp-content\/uploads\/2019\/11\/20191124_115326.jpg 5312w, https:\/\/phonomuseum.fr\/wp-content\/uploads\/2019\/11\/20191124_115326-300x169.jpg 300w, https:\/\/phonomuseum.fr\/wp-content\/uploads\/2019\/11\/20191124_115326-768x432.jpg 768w, https:\/\/phonomuseum.fr\/wp-content\/uploads\/2019\/11\/20191124_115326-1024x576.jpg 1024w, https:\/\/phonomuseum.fr\/wp-content\/uploads\/2019\/11\/20191124_115326-600x338.jpg 600w, https:\/\/phonomuseum.fr\/wp-content\/uploads\/2019\/11\/20191124_115326-150x84.jpg 150w\" sizes=\"(max-width: 495px) 100vw, 495px\" \/><\/a><div class=\"slide-content\"><header class=\"entry-content-header\" aria-label=\"Slide: Le fonds du mus\u00e9e s&#039;enrichit\"><span class=\"blog-categories minor-meta\"><a href=\"https:\/\/phonomuseum.fr\/category\/blog\/\" rel=\"tag\">BLOG<\/a> <\/span><h3 class='slide-entry-title entry-title '  itemprop=\"headline\" ><a href='https:\/\/phonomuseum.fr\/le-fonds-du-musee-senrichit\/' title='Le fonds du mus\u00e9e s&rsquo;enrichit'>Le fonds du mus\u00e9e s&rsquo;enrichit<\/a><\/h3><span class=\"av-vertical-delimiter\"><\/span><\/header><div class='slide-entry-excerpt entry-content'  itemprop=\"text\" >\r\n\r\n\r\n\r\n\r\nUn nouvel entrant dans la collection du mus\u00e9e, et pas des moindres : un appareil britannique de la marque EMG et plus pr\u00e9cis\u00e9ment un E.M.G. XB oversize (Ellis Michael Glinn). Le slogan de la marque \u00e9tait \"hand made gramophone\".\u2026<\/div><\/div><footer class=\"entry-footer\"><div class=\"slide-meta\"><time class='slide-meta-time updated'  itemprop=\"datePublished\" datetime=\"2019-11-29T11:52:46+01:00\" ><\/time><\/div><\/footer><span class='hidden'>\n\t\t\t\t<span class='av-structured-data'  itemprop=\"image\" itemscope=\"itemscope\" itemtype=\"https:\/\/schema.org\/ImageObject\" >\n\t\t\t\t\t\t<span itemprop='url'>https:\/\/phonomuseum.fr\/wp-content\/uploads\/2019\/11\/20191124_115326.jpg<\/span>\n\t\t\t\t\t\t<span itemprop='height'>2988<\/span>\n\t\t\t\t\t\t<span itemprop='width'>5312<\/span>\n\t\t\t\t<\/span>\n\t\t\t\t<span class='av-structured-data'  itemprop=\"publisher\" itemtype=\"https:\/\/schema.org\/Organization\" itemscope=\"itemscope\" >\n\t\t\t\t\t\t<span itemprop='name'>PHONO Museum Paris<\/span>\n\t\t\t\t\t\t<span itemprop='logo' itemscope itemtype='https:\/\/schema.org\/ImageObject'>\n\t\t\t\t\t\t\t<span itemprop='url'>https:\/\/phonomuseum.fr\/wp-content\/uploads\/2021\/01\/logo-couleurs-300x140.png<\/span>\n\t\t\t\t\t\t<\/span>\n\t\t\t\t<\/span><span class='av-structured-data'  itemprop=\"author\" itemscope=\"itemscope\" itemtype=\"https:\/\/schema.org\/Person\" ><span itemprop='name'>PHONO Museum Paris<\/span><\/span><span class='av-structured-data'  itemprop=\"datePublished\" datetime=\"2020-12-16T13:33:38+01:00\" >2019-11-29 11:52:46<\/span><span class='av-structured-data'  itemprop=\"dateModified\" itemtype=\"https:\/\/schema.org\/dateModified\" >2024-06-01 14:27:31<\/span><span class='av-structured-data'  itemprop=\"mainEntityOfPage\" itemtype=\"https:\/\/schema.org\/mainEntityOfPage\" ><span itemprop='name'>Le fonds du mus\u00e9e s&rsquo;enrichit<\/span><\/span><\/span><\/article><\/div><div class=\"slide-entry-wrap\"><article class='slide-entry flex_column  post-entry post-entry-2324 slide-entry-overview slide-loop-79 slide-parity-odd  av_one_third first real-thumbnail posttype-post post-format-standard'  itemscope=\"itemscope\" itemtype=\"https:\/\/schema.org\/CreativeWork\" ><a href='https:\/\/phonomuseum.fr\/nipper-1920-nipper-2019\/' data-rel='slide-1' class='slide-image' title='Nipper 1920 &#8211; Nipper 2019'><img decoding=\"async\" fetchpriority=\"high\" width=\"320\" height=\"229\" src=\"https:\/\/phonomuseum.fr\/wp-content\/uploads\/2016\/02\/His_Masters_Voice-320.jpg\" class=\"wp-image-243 avia-img-lazy-loading-not-243 attachment-portfolio size-portfolio wp-post-image\" alt=\"His_Master&#039;s_Voice-320\" srcset=\"https:\/\/phonomuseum.fr\/wp-content\/uploads\/2016\/02\/His_Masters_Voice-320.jpg 320w, https:\/\/phonomuseum.fr\/wp-content\/uploads\/2016\/02\/His_Masters_Voice-320-300x215.jpg 300w, https:\/\/phonomuseum.fr\/wp-content\/uploads\/2016\/02\/His_Masters_Voice-320-210x150.jpg 210w, https:\/\/phonomuseum.fr\/wp-content\/uploads\/2016\/02\/His_Masters_Voice-320-150x107.jpg 150w\" sizes=\"(max-width: 320px) 100vw, 320px\" \/><\/a><div class=\"slide-content\"><header class=\"entry-content-header\" aria-label=\"Slide: Nipper 1920 - Nipper 2019\"><span class=\"blog-categories minor-meta\"><a href=\"https:\/\/phonomuseum.fr\/category\/blog\/\" rel=\"tag\">BLOG<\/a> <\/span><h3 class='slide-entry-title entry-title '  itemprop=\"headline\" ><a href='https:\/\/phonomuseum.fr\/nipper-1920-nipper-2019\/' title='Nipper 1920 &#8211; Nipper 2019'>Nipper 1920 &#8211; Nipper 2019<\/a><\/h3><span class=\"av-vertical-delimiter\"><\/span><\/header><div class='slide-entry-excerpt entry-content'  itemprop=\"text\" >\r\n\r\n\r\n\r\n\r\n\r\n\r\nDans le cadre de l'\u00e9mission \"A Mus\u00e9e Vous, A Mus\u00e9e Moi\" la chaine de t\u00e9l\u00e9vision ARTE a produit trois petites vid\u00e9os bien sympathiques. On s'y amuse avec le chien Nipper. Cette vid\u00e9o a \u00e9t\u00e9 faite avec le concours du mus\u00e9e\u2026<\/div><\/div><footer class=\"entry-footer\"><div class=\"slide-meta\"><time class='slide-meta-time updated'  itemprop=\"datePublished\" datetime=\"2019-11-23T10:00:44+01:00\" ><\/time><\/div><\/footer><span class='hidden'>\n\t\t\t\t<span class='av-structured-data'  itemprop=\"image\" itemscope=\"itemscope\" itemtype=\"https:\/\/schema.org\/ImageObject\" >\n\t\t\t\t\t\t<span itemprop='url'>https:\/\/phonomuseum.fr\/wp-content\/uploads\/2016\/02\/His_Masters_Voice-320.jpg<\/span>\n\t\t\t\t\t\t<span itemprop='height'>229<\/span>\n\t\t\t\t\t\t<span itemprop='width'>320<\/span>\n\t\t\t\t<\/span>\n\t\t\t\t<span class='av-structured-data'  itemprop=\"publisher\" itemtype=\"https:\/\/schema.org\/Organization\" itemscope=\"itemscope\" >\n\t\t\t\t\t\t<span itemprop='name'>PHONO Museum Paris<\/span>\n\t\t\t\t\t\t<span itemprop='logo' itemscope itemtype='https:\/\/schema.org\/ImageObject'>\n\t\t\t\t\t\t\t<span itemprop='url'>https:\/\/phonomuseum.fr\/wp-content\/uploads\/2021\/01\/logo-couleurs-300x140.png<\/span>\n\t\t\t\t\t\t<\/span>\n\t\t\t\t<\/span><span class='av-structured-data'  itemprop=\"author\" itemscope=\"itemscope\" itemtype=\"https:\/\/schema.org\/Person\" ><span itemprop='name'>PHONO Museum Paris<\/span><\/span><span class='av-structured-data'  itemprop=\"datePublished\" datetime=\"2020-12-16T13:33:38+01:00\" >2019-11-23 10:00:44<\/span><span class='av-structured-data'  itemprop=\"dateModified\" itemtype=\"https:\/\/schema.org\/dateModified\" >2024-06-01 14:32:22<\/span><span class='av-structured-data'  itemprop=\"mainEntityOfPage\" itemtype=\"https:\/\/schema.org\/mainEntityOfPage\" ><span itemprop='name'>Nipper 1920 &#8211; Nipper 2019<\/span><\/span><\/span><\/article><article class='slide-entry flex_column  post-entry post-entry-2309 slide-entry-overview slide-loop-80 slide-parity-even  av_one_third  real-thumbnail posttype-post post-format-standard'  itemscope=\"itemscope\" itemtype=\"https:\/\/schema.org\/CreativeWork\" ><a href='https:\/\/phonomuseum.fr\/retour-sur-le-mama-festival-2019-3eme-partie\/' data-rel='slide-1' class='slide-image' title='Retour sur le MaMA Festival 2019 : 3\u00e8me partie'><img decoding=\"async\" fetchpriority=\"high\" width=\"428\" height=\"195\" src=\"https:\/\/phonomuseum.fr\/wp-content\/uploads\/2019\/09\/image008.png\" class=\"wp-image-2229 avia-img-lazy-loading-not-2229 attachment-portfolio size-portfolio wp-post-image\" alt=\"\" srcset=\"https:\/\/phonomuseum.fr\/wp-content\/uploads\/2019\/09\/image008.png 428w, https:\/\/phonomuseum.fr\/wp-content\/uploads\/2019\/09\/image008-300x137.png 300w, https:\/\/phonomuseum.fr\/wp-content\/uploads\/2019\/09\/image008-150x68.png 150w\" sizes=\"(max-width: 428px) 100vw, 428px\" \/><\/a><div class=\"slide-content\"><header class=\"entry-content-header\" aria-label=\"Slide: Retour sur le MaMA Festival 2019 : 3\u00e8me partie\"><span class=\"blog-categories minor-meta\"><a href=\"https:\/\/phonomuseum.fr\/category\/blog\/\" rel=\"tag\">BLOG<\/a> <\/span><h3 class='slide-entry-title entry-title '  itemprop=\"headline\" ><a href='https:\/\/phonomuseum.fr\/retour-sur-le-mama-festival-2019-3eme-partie\/' title='Retour sur le MaMA Festival 2019 : 3\u00e8me partie'>Retour sur le MaMA Festival 2019 : 3\u00e8me partie<\/a><\/h3><span class=\"av-vertical-delimiter\"><\/span><\/header><div class='slide-entry-excerpt entry-content'  itemprop=\"text\" >\r\n\r\n\r\n\r\n\r\n\r\n\r\nLe mus\u00e9e faisait partie des 10 salles s\u00e9lectionn\u00e9es par le\u00a0MaMA Festival pour les concerts des 16, 17 &amp; 18 octobre 2019. Ce fut un grand succ\u00e8s et un r\u00e9el plaisir pour nous.\r\n\r\n\r\n\r\nNous avons fait quelques petites vid\u00e9os\u2026<\/div><\/div><footer class=\"entry-footer\"><div class=\"slide-meta\"><time class='slide-meta-time updated'  itemprop=\"datePublished\" datetime=\"2019-11-22T10:00:32+01:00\" ><\/time><\/div><\/footer><span class='hidden'>\n\t\t\t\t<span class='av-structured-data'  itemprop=\"image\" itemscope=\"itemscope\" itemtype=\"https:\/\/schema.org\/ImageObject\" >\n\t\t\t\t\t\t<span itemprop='url'>https:\/\/phonomuseum.fr\/wp-content\/uploads\/2019\/09\/image008.png<\/span>\n\t\t\t\t\t\t<span itemprop='height'>195<\/span>\n\t\t\t\t\t\t<span itemprop='width'>428<\/span>\n\t\t\t\t<\/span>\n\t\t\t\t<span class='av-structured-data'  itemprop=\"publisher\" itemtype=\"https:\/\/schema.org\/Organization\" itemscope=\"itemscope\" >\n\t\t\t\t\t\t<span itemprop='name'>PHONO Museum Paris<\/span>\n\t\t\t\t\t\t<span itemprop='logo' itemscope itemtype='https:\/\/schema.org\/ImageObject'>\n\t\t\t\t\t\t\t<span itemprop='url'>https:\/\/phonomuseum.fr\/wp-content\/uploads\/2021\/01\/logo-couleurs-300x140.png<\/span>\n\t\t\t\t\t\t<\/span>\n\t\t\t\t<\/span><span class='av-structured-data'  itemprop=\"author\" itemscope=\"itemscope\" itemtype=\"https:\/\/schema.org\/Person\" ><span itemprop='name'>PHONO Museum Paris<\/span><\/span><span class='av-structured-data'  itemprop=\"datePublished\" datetime=\"2020-12-16T13:33:38+01:00\" >2019-11-22 10:00:32<\/span><span class='av-structured-data'  itemprop=\"dateModified\" itemtype=\"https:\/\/schema.org\/dateModified\" >2024-06-01 14:30:56<\/span><span class='av-structured-data'  itemprop=\"mainEntityOfPage\" itemtype=\"https:\/\/schema.org\/mainEntityOfPage\" ><span itemprop='name'>Retour sur le MaMA Festival 2019 : 3\u00e8me partie<\/span><\/span><\/span><\/article><article class='slide-entry flex_column  post-entry post-entry-2299 slide-entry-overview slide-loop-81 slide-parity-odd  av_one_third  real-thumbnail posttype-post post-format-standard'  itemscope=\"itemscope\" itemtype=\"https:\/\/schema.org\/CreativeWork\" ><a href='https:\/\/phonomuseum.fr\/retour-sur-le-mama-festival-2019-2eme-partie\/' data-rel='slide-1' class='slide-image' title='Retour sur le MaMA Festival 2019 : 2\u00e8me partie'><img decoding=\"async\" fetchpriority=\"high\" width=\"428\" height=\"195\" src=\"https:\/\/phonomuseum.fr\/wp-content\/uploads\/2019\/09\/image008.png\" class=\"wp-image-2229 avia-img-lazy-loading-not-2229 attachment-portfolio size-portfolio wp-post-image\" alt=\"\" srcset=\"https:\/\/phonomuseum.fr\/wp-content\/uploads\/2019\/09\/image008.png 428w, https:\/\/phonomuseum.fr\/wp-content\/uploads\/2019\/09\/image008-300x137.png 300w, https:\/\/phonomuseum.fr\/wp-content\/uploads\/2019\/09\/image008-150x68.png 150w\" sizes=\"(max-width: 428px) 100vw, 428px\" \/><\/a><div class=\"slide-content\"><header class=\"entry-content-header\" aria-label=\"Slide: Retour sur le MaMA Festival 2019 : 2\u00e8me partie\"><span class=\"blog-categories minor-meta\"><a href=\"https:\/\/phonomuseum.fr\/category\/blog\/\" rel=\"tag\">BLOG<\/a> <\/span><h3 class='slide-entry-title entry-title '  itemprop=\"headline\" ><a href='https:\/\/phonomuseum.fr\/retour-sur-le-mama-festival-2019-2eme-partie\/' title='Retour sur le MaMA Festival 2019 : 2\u00e8me partie'>Retour sur le MaMA Festival 2019 : 2\u00e8me partie<\/a><\/h3><span class=\"av-vertical-delimiter\"><\/span><\/header><div class='slide-entry-excerpt entry-content'  itemprop=\"text\" >\r\n\r\n\r\n\r\n\r\n\r\n\r\nLe mus\u00e9e faisait partie des 10 salles s\u00e9lectionn\u00e9es par le\u00a0MaMA Festival pour les concerts des 16, 17 &amp; 18 octobre 2019. Ce fut un grand succ\u00e8s et un r\u00e9el plaisir pour nous.\r\n\r\n\r\n\r\nNous avons fait quelques petites vid\u00e9os\u2026<\/div><\/div><footer class=\"entry-footer\"><div class=\"slide-meta\"><time class='slide-meta-time updated'  itemprop=\"datePublished\" datetime=\"2019-11-15T13:42:03+01:00\" ><\/time><\/div><\/footer><span class='hidden'>\n\t\t\t\t<span class='av-structured-data'  itemprop=\"image\" itemscope=\"itemscope\" itemtype=\"https:\/\/schema.org\/ImageObject\" >\n\t\t\t\t\t\t<span itemprop='url'>https:\/\/phonomuseum.fr\/wp-content\/uploads\/2019\/09\/image008.png<\/span>\n\t\t\t\t\t\t<span itemprop='height'>195<\/span>\n\t\t\t\t\t\t<span itemprop='width'>428<\/span>\n\t\t\t\t<\/span>\n\t\t\t\t<span class='av-structured-data'  itemprop=\"publisher\" itemtype=\"https:\/\/schema.org\/Organization\" itemscope=\"itemscope\" >\n\t\t\t\t\t\t<span itemprop='name'>PHONO Museum Paris<\/span>\n\t\t\t\t\t\t<span itemprop='logo' itemscope itemtype='https:\/\/schema.org\/ImageObject'>\n\t\t\t\t\t\t\t<span itemprop='url'>https:\/\/phonomuseum.fr\/wp-content\/uploads\/2021\/01\/logo-couleurs-300x140.png<\/span>\n\t\t\t\t\t\t<\/span>\n\t\t\t\t<\/span><span class='av-structured-data'  itemprop=\"author\" itemscope=\"itemscope\" itemtype=\"https:\/\/schema.org\/Person\" ><span itemprop='name'>PHONO Museum Paris<\/span><\/span><span class='av-structured-data'  itemprop=\"datePublished\" datetime=\"2020-12-16T13:33:38+01:00\" >2019-11-15 13:42:03<\/span><span class='av-structured-data'  itemprop=\"dateModified\" itemtype=\"https:\/\/schema.org\/dateModified\" >2024-06-01 14:33:59<\/span><span class='av-structured-data'  itemprop=\"mainEntityOfPage\" itemtype=\"https:\/\/schema.org\/mainEntityOfPage\" ><span itemprop='name'>Retour sur le MaMA Festival 2019 : 2\u00e8me partie<\/span><\/span><\/span><\/article><\/div><div class=\"slide-entry-wrap\"><article class='slide-entry flex_column  post-entry post-entry-2280 slide-entry-overview slide-loop-82 slide-parity-odd  av_one_third first real-thumbnail posttype-post post-format-standard'  itemscope=\"itemscope\" itemtype=\"https:\/\/schema.org\/CreativeWork\" ><a href='https:\/\/phonomuseum.fr\/retour-sur-le-mama-festival-2019-1ere-partie\/' data-rel='slide-1' class='slide-image' title='Retour sur le MaMA Festival 2019 : 1\u00e8re partie'><img decoding=\"async\" fetchpriority=\"high\" width=\"428\" height=\"195\" src=\"https:\/\/phonomuseum.fr\/wp-content\/uploads\/2019\/09\/image008.png\" class=\"wp-image-2229 avia-img-lazy-loading-not-2229 attachment-portfolio size-portfolio wp-post-image\" alt=\"\" srcset=\"https:\/\/phonomuseum.fr\/wp-content\/uploads\/2019\/09\/image008.png 428w, https:\/\/phonomuseum.fr\/wp-content\/uploads\/2019\/09\/image008-300x137.png 300w, https:\/\/phonomuseum.fr\/wp-content\/uploads\/2019\/09\/image008-150x68.png 150w\" sizes=\"(max-width: 428px) 100vw, 428px\" \/><\/a><div class=\"slide-content\"><header class=\"entry-content-header\" aria-label=\"Slide: Retour sur le MaMA Festival 2019 : 1\u00e8re partie\"><span class=\"blog-categories minor-meta\"><a href=\"https:\/\/phonomuseum.fr\/category\/blog\/\" rel=\"tag\">BLOG<\/a> <\/span><h3 class='slide-entry-title entry-title '  itemprop=\"headline\" ><a href='https:\/\/phonomuseum.fr\/retour-sur-le-mama-festival-2019-1ere-partie\/' title='Retour sur le MaMA Festival 2019 : 1\u00e8re partie'>Retour sur le MaMA Festival 2019 : 1\u00e8re partie<\/a><\/h3><span class=\"av-vertical-delimiter\"><\/span><\/header><div class='slide-entry-excerpt entry-content'  itemprop=\"text\" >\r\n\r\n\r\n\r\n\r\nLe mus\u00e9e faisait partie des 10 salles s\u00e9lectionn\u00e9es par le MaMA Festival pour les concerts des 16, 17 &amp; 18 octobre 2019. Ce fut un grand succ\u00e8s et un r\u00e9el plaisir pour nous.\r\n\r\n\r\n\r\nNous avons fait quelques petites vid\u00e9os\u2026<\/div><\/div><footer class=\"entry-footer\"><div class=\"slide-meta\"><time class='slide-meta-time updated'  itemprop=\"datePublished\" datetime=\"2019-11-12T13:05:52+01:00\" ><\/time><\/div><\/footer><span class='hidden'>\n\t\t\t\t<span class='av-structured-data'  itemprop=\"image\" itemscope=\"itemscope\" itemtype=\"https:\/\/schema.org\/ImageObject\" >\n\t\t\t\t\t\t<span itemprop='url'>https:\/\/phonomuseum.fr\/wp-content\/uploads\/2019\/09\/image008.png<\/span>\n\t\t\t\t\t\t<span itemprop='height'>195<\/span>\n\t\t\t\t\t\t<span itemprop='width'>428<\/span>\n\t\t\t\t<\/span>\n\t\t\t\t<span class='av-structured-data'  itemprop=\"publisher\" itemtype=\"https:\/\/schema.org\/Organization\" itemscope=\"itemscope\" >\n\t\t\t\t\t\t<span itemprop='name'>PHONO Museum Paris<\/span>\n\t\t\t\t\t\t<span itemprop='logo' itemscope itemtype='https:\/\/schema.org\/ImageObject'>\n\t\t\t\t\t\t\t<span itemprop='url'>https:\/\/phonomuseum.fr\/wp-content\/uploads\/2021\/01\/logo-couleurs-300x140.png<\/span>\n\t\t\t\t\t\t<\/span>\n\t\t\t\t<\/span><span class='av-structured-data'  itemprop=\"author\" itemscope=\"itemscope\" itemtype=\"https:\/\/schema.org\/Person\" ><span itemprop='name'>PHONO Museum Paris<\/span><\/span><span class='av-structured-data'  itemprop=\"datePublished\" datetime=\"2020-12-16T13:33:38+01:00\" >2019-11-12 13:05:52<\/span><span class='av-structured-data'  itemprop=\"dateModified\" itemtype=\"https:\/\/schema.org\/dateModified\" >2024-06-01 14:35:14<\/span><span class='av-structured-data'  itemprop=\"mainEntityOfPage\" itemtype=\"https:\/\/schema.org\/mainEntityOfPage\" ><span itemprop='name'>Retour sur le MaMA Festival 2019 : 1\u00e8re partie<\/span><\/span><\/span><\/article><article class='slide-entry flex_column  post-entry post-entry-2240 slide-entry-overview slide-loop-83 slide-parity-even  av_one_third  real-thumbnail posttype-post post-format-standard'  itemscope=\"itemscope\" itemtype=\"https:\/\/schema.org\/CreativeWork\" ><a href='https:\/\/phonomuseum.fr\/mama-festival-2019\/' data-rel='slide-1' class='slide-image' title='MaMA Festival 2019'><img decoding=\"async\" fetchpriority=\"high\" width=\"428\" height=\"195\" src=\"https:\/\/phonomuseum.fr\/wp-content\/uploads\/2019\/09\/image008.png\" class=\"wp-image-2229 avia-img-lazy-loading-not-2229 attachment-portfolio size-portfolio wp-post-image\" alt=\"\" srcset=\"https:\/\/phonomuseum.fr\/wp-content\/uploads\/2019\/09\/image008.png 428w, https:\/\/phonomuseum.fr\/wp-content\/uploads\/2019\/09\/image008-300x137.png 300w, https:\/\/phonomuseum.fr\/wp-content\/uploads\/2019\/09\/image008-150x68.png 150w\" sizes=\"(max-width: 428px) 100vw, 428px\" \/><\/a><div class=\"slide-content\"><header class=\"entry-content-header\" aria-label=\"Slide: MaMA Festival 2019\"><span class=\"blog-categories minor-meta\"><a href=\"https:\/\/phonomuseum.fr\/category\/blog\/\" rel=\"tag\">BLOG<\/a> <\/span><h3 class='slide-entry-title entry-title '  itemprop=\"headline\" ><a href='https:\/\/phonomuseum.fr\/mama-festival-2019\/' title='MaMA Festival 2019'>MaMA Festival 2019<\/a><\/h3><span class=\"av-vertical-delimiter\"><\/span><\/header><div class='slide-entry-excerpt entry-content'  itemprop=\"text\" >\r\nLe mus\u00e9e participe les 16, 17 &amp; 18 octobre 2019 au MaMA Festival. Nous vous proposons quelques informations \u00e0 propos des artistes qui vont s'y produire pendant ces trois jours.\r\n\r\n\r\n\r\nVoici le programme complet du festival et toutes\u2026<\/div><\/div><footer class=\"entry-footer\"><div class=\"slide-meta\"><time class='slide-meta-time updated'  itemprop=\"datePublished\" datetime=\"2019-10-04T15:01:00+02:00\" ><\/time><\/div><\/footer><span class='hidden'>\n\t\t\t\t<span class='av-structured-data'  itemprop=\"image\" itemscope=\"itemscope\" itemtype=\"https:\/\/schema.org\/ImageObject\" >\n\t\t\t\t\t\t<span itemprop='url'>https:\/\/phonomuseum.fr\/wp-content\/uploads\/2019\/09\/image008.png<\/span>\n\t\t\t\t\t\t<span itemprop='height'>195<\/span>\n\t\t\t\t\t\t<span itemprop='width'>428<\/span>\n\t\t\t\t<\/span>\n\t\t\t\t<span class='av-structured-data'  itemprop=\"publisher\" itemtype=\"https:\/\/schema.org\/Organization\" itemscope=\"itemscope\" >\n\t\t\t\t\t\t<span itemprop='name'>PHONO Museum Paris<\/span>\n\t\t\t\t\t\t<span itemprop='logo' itemscope itemtype='https:\/\/schema.org\/ImageObject'>\n\t\t\t\t\t\t\t<span itemprop='url'>https:\/\/phonomuseum.fr\/wp-content\/uploads\/2021\/01\/logo-couleurs-300x140.png<\/span>\n\t\t\t\t\t\t<\/span>\n\t\t\t\t<\/span><span class='av-structured-data'  itemprop=\"author\" itemscope=\"itemscope\" itemtype=\"https:\/\/schema.org\/Person\" ><span itemprop='name'>PHONO Museum Paris<\/span><\/span><span class='av-structured-data'  itemprop=\"datePublished\" datetime=\"2020-12-16T13:33:38+01:00\" >2019-10-04 15:01:00<\/span><span class='av-structured-data'  itemprop=\"dateModified\" itemtype=\"https:\/\/schema.org\/dateModified\" >2024-06-01 14:37:40<\/span><span class='av-structured-data'  itemprop=\"mainEntityOfPage\" itemtype=\"https:\/\/schema.org\/mainEntityOfPage\" ><span itemprop='name'>MaMA Festival 2019<\/span><\/span><\/span><\/article><article class='slide-entry flex_column  post-entry post-entry-2233 slide-entry-overview slide-loop-84 slide-parity-odd  av_one_third  real-thumbnail posttype-post post-format-standard'  itemscope=\"itemscope\" itemtype=\"https:\/\/schema.org\/CreativeWork\" ><a href='https:\/\/phonomuseum.fr\/ce-que-les-premiers-enregistrements-disent-de-linterpretation-romantique\/' data-rel='slide-1' class='slide-image' title='Ce que les premiers enregistrements disent de l&rsquo;interpr\u00e9tation romantique'><img decoding=\"async\" fetchpriority=\"high\" width=\"495\" height=\"314\" src=\"https:\/\/phonomuseum.fr\/wp-content\/uploads\/2019\/03\/IMG_20190310_211321_resized_20190310_091447446.jpg\" class=\"wp-image-1931 avia-img-lazy-loading-not-1931 attachment-portfolio size-portfolio wp-post-image\" alt=\"\" srcset=\"https:\/\/phonomuseum.fr\/wp-content\/uploads\/2019\/03\/IMG_20190310_211321_resized_20190310_091447446.jpg 813w, https:\/\/phonomuseum.fr\/wp-content\/uploads\/2019\/03\/IMG_20190310_211321_resized_20190310_091447446-300x190.jpg 300w, https:\/\/phonomuseum.fr\/wp-content\/uploads\/2019\/03\/IMG_20190310_211321_resized_20190310_091447446-768x487.jpg 768w, https:\/\/phonomuseum.fr\/wp-content\/uploads\/2019\/03\/IMG_20190310_211321_resized_20190310_091447446-150x95.jpg 150w\" sizes=\"(max-width: 495px) 100vw, 495px\" \/><\/a><div class=\"slide-content\"><header class=\"entry-content-header\" aria-label=\"Slide: Ce que les premiers enregistrements disent de l&#039;interpr\u00e9tation romantique\"><span class=\"blog-categories minor-meta\"><a href=\"https:\/\/phonomuseum.fr\/category\/blog\/\" rel=\"tag\">BLOG<\/a> <\/span><h3 class='slide-entry-title entry-title '  itemprop=\"headline\" ><a href='https:\/\/phonomuseum.fr\/ce-que-les-premiers-enregistrements-disent-de-linterpretation-romantique\/' title='Ce que les premiers enregistrements disent de l&rsquo;interpr\u00e9tation romantique'>Ce que les premiers enregistrements disent de l&rsquo;interpr\u00e9tation romantique<\/a><\/h3><span class=\"av-vertical-delimiter\"><\/span><\/header><div class='slide-entry-excerpt entry-content'  itemprop=\"text\" >\r\nLe PHONO Museum Paris participera activement \u00e0 cette conf\u00e9rence donn\u00e9e le mardi 1er octobre 2019 \u00e0 19h. Voici la pr\u00e9sentation de l'\u00e9v\u00e9nement par les organisateurs.\r\n\r\n\r\n\r\n\r\n\r\n\r\n\r\nApr\u00e8s la journ\u00e9e Schumann \u00e0 Royaumont, retrouvez les\u2026<\/div><\/div><footer class=\"entry-footer\"><div class=\"slide-meta\"><time class='slide-meta-time updated'  itemprop=\"datePublished\" datetime=\"2019-09-28T15:03:43+02:00\" ><\/time><\/div><\/footer><span class='hidden'>\n\t\t\t\t<span class='av-structured-data'  itemprop=\"image\" itemscope=\"itemscope\" itemtype=\"https:\/\/schema.org\/ImageObject\" >\n\t\t\t\t\t\t<span itemprop='url'>https:\/\/phonomuseum.fr\/wp-content\/uploads\/2019\/03\/IMG_20190310_211321_resized_20190310_091447446.jpg<\/span>\n\t\t\t\t\t\t<span itemprop='height'>516<\/span>\n\t\t\t\t\t\t<span itemprop='width'>813<\/span>\n\t\t\t\t<\/span>\n\t\t\t\t<span class='av-structured-data'  itemprop=\"publisher\" itemtype=\"https:\/\/schema.org\/Organization\" itemscope=\"itemscope\" >\n\t\t\t\t\t\t<span itemprop='name'>PHONO Museum Paris<\/span>\n\t\t\t\t\t\t<span itemprop='logo' itemscope itemtype='https:\/\/schema.org\/ImageObject'>\n\t\t\t\t\t\t\t<span itemprop='url'>https:\/\/phonomuseum.fr\/wp-content\/uploads\/2021\/01\/logo-couleurs-300x140.png<\/span>\n\t\t\t\t\t\t<\/span>\n\t\t\t\t<\/span><span class='av-structured-data'  itemprop=\"author\" itemscope=\"itemscope\" itemtype=\"https:\/\/schema.org\/Person\" ><span itemprop='name'>PHONO Museum Paris<\/span><\/span><span class='av-structured-data'  itemprop=\"datePublished\" datetime=\"2020-12-16T13:33:38+01:00\" >2019-09-28 15:03:43<\/span><span class='av-structured-data'  itemprop=\"dateModified\" itemtype=\"https:\/\/schema.org\/dateModified\" >2024-06-01 14:39:49<\/span><span class='av-structured-data'  itemprop=\"mainEntityOfPage\" itemtype=\"https:\/\/schema.org\/mainEntityOfPage\" ><span itemprop='name'>Ce que les premiers enregistrements disent de l&rsquo;interpr\u00e9tation romantique<\/span><\/span><\/span><\/article><\/div><div class=\"slide-entry-wrap\"><article class='slide-entry flex_column  post-entry post-entry-2214 slide-entry-overview slide-loop-85 slide-parity-odd  av_one_third first real-thumbnail posttype-post post-format-standard'  itemscope=\"itemscope\" itemtype=\"https:\/\/schema.org\/CreativeWork\" ><a href='https:\/\/phonomuseum.fr\/rencontre-autour-des-groupes-vocaux-francais-dhier-et-daujourdhui\/' data-rel='slide-1' class='slide-image' title='Rencontre autour des groupes vocaux fran\u00e7ais d&rsquo;hier et d\u2019aujourd&rsquo;hui'><img decoding=\"async\" fetchpriority=\"high\" width=\"391\" height=\"400\" src=\"https:\/\/phonomuseum.fr\/wp-content\/uploads\/2019\/09\/fre\u0300res-jacques.jpg\" class=\"wp-image-2217 avia-img-lazy-loading-not-2217 attachment-portfolio size-portfolio wp-post-image\" alt=\"\" srcset=\"https:\/\/phonomuseum.fr\/wp-content\/uploads\/2019\/09\/fre\u0300res-jacques.jpg 600w, https:\/\/phonomuseum.fr\/wp-content\/uploads\/2019\/09\/fre\u0300res-jacques-293x300.jpg 293w, https:\/\/phonomuseum.fr\/wp-content\/uploads\/2019\/09\/fre\u0300res-jacques-147x150.jpg 147w\" sizes=\"(max-width: 391px) 100vw, 391px\" \/><\/a><div class=\"slide-content\"><header class=\"entry-content-header\" aria-label=\"Slide: Rencontre autour des groupes vocaux fran\u00e7ais d&#039;hier et d\u2019aujourd&#039;hui\"><span class=\"blog-categories minor-meta\"><a href=\"https:\/\/phonomuseum.fr\/category\/blog\/\" rel=\"tag\">BLOG<\/a>, <a href=\"https:\/\/phonomuseum.fr\/category\/conferences\/\" rel=\"tag\">Conf\u00e9rences<\/a>, <a href=\"https:\/\/phonomuseum.fr\/category\/conferences\/conferences-2019\/\" rel=\"tag\">Conf\u00e9rences 2019<\/a> <\/span><h3 class='slide-entry-title entry-title '  itemprop=\"headline\" ><a href='https:\/\/phonomuseum.fr\/rencontre-autour-des-groupes-vocaux-francais-dhier-et-daujourdhui\/' title='Rencontre autour des groupes vocaux fran\u00e7ais d&rsquo;hier et d\u2019aujourd&rsquo;hui'>Rencontre autour des groupes vocaux fran\u00e7ais d&rsquo;hier et d\u2019aujourd&rsquo;hui<\/a><\/h3><span class=\"av-vertical-delimiter\"><\/span><\/header><div class='slide-entry-excerpt entry-content'  itemprop=\"text\" >\r\nUne nouvelle conf\u00e9rence au mus\u00e9e le samedi 12 octobre 2019 \u00e0 16h.\r\n\r\n\r\n\r\nDes Fr\u00e8res Jacques aux Cinq de C\u0153ur, de Pow woW \u00e0 Opus Jam, des Double Six aux Voice Messengers, des Blue Stars \u00e0 Souingue, des Parisiennes aux Coquettes, des\u2026<\/div><\/div><footer class=\"entry-footer\"><div class=\"slide-meta\"><time class='slide-meta-time updated'  itemprop=\"datePublished\" datetime=\"2019-09-26T15:01:30+02:00\" ><\/time><\/div><\/footer><span class='hidden'>\n\t\t\t\t<span class='av-structured-data'  itemprop=\"image\" itemscope=\"itemscope\" itemtype=\"https:\/\/schema.org\/ImageObject\" >\n\t\t\t\t\t\t<span itemprop='url'>https:\/\/phonomuseum.fr\/wp-content\/uploads\/2019\/09\/fre\u0300res-jacques.jpg<\/span>\n\t\t\t\t\t\t<span itemprop='height'>614<\/span>\n\t\t\t\t\t\t<span itemprop='width'>600<\/span>\n\t\t\t\t<\/span>\n\t\t\t\t<span class='av-structured-data'  itemprop=\"publisher\" itemtype=\"https:\/\/schema.org\/Organization\" itemscope=\"itemscope\" >\n\t\t\t\t\t\t<span itemprop='name'>PHONO Museum Paris<\/span>\n\t\t\t\t\t\t<span itemprop='logo' itemscope itemtype='https:\/\/schema.org\/ImageObject'>\n\t\t\t\t\t\t\t<span itemprop='url'>https:\/\/phonomuseum.fr\/wp-content\/uploads\/2021\/01\/logo-couleurs-300x140.png<\/span>\n\t\t\t\t\t\t<\/span>\n\t\t\t\t<\/span><span class='av-structured-data'  itemprop=\"author\" itemscope=\"itemscope\" itemtype=\"https:\/\/schema.org\/Person\" ><span itemprop='name'>PHONO Museum Paris<\/span><\/span><span class='av-structured-data'  itemprop=\"datePublished\" datetime=\"2020-12-16T13:33:38+01:00\" >2019-09-26 15:01:30<\/span><span class='av-structured-data'  itemprop=\"dateModified\" itemtype=\"https:\/\/schema.org\/dateModified\" >2024-06-01 14:42:27<\/span><span class='av-structured-data'  itemprop=\"mainEntityOfPage\" itemtype=\"https:\/\/schema.org\/mainEntityOfPage\" ><span itemprop='name'>Rencontre autour des groupes vocaux fran\u00e7ais d&rsquo;hier et d\u2019aujourd&rsquo;hui<\/span><\/span><\/span><\/article><article class='slide-entry flex_column  post-entry post-entry-2195 slide-entry-overview slide-loop-86 slide-parity-even  av_one_third  real-thumbnail posttype-post post-format-standard'  itemscope=\"itemscope\" itemtype=\"https:\/\/schema.org\/CreativeWork\" ><a href='https:\/\/phonomuseum.fr\/chanson-francaise-realiste-aristide-bruant\/' data-rel='slide-1' class='slide-image' title='Chanson fran\u00e7aise r\u00e9aliste : Aristide Bruant'><img decoding=\"async\" fetchpriority=\"high\" width=\"404\" height=\"400\" src=\"https:\/\/phonomuseum.fr\/wp-content\/uploads\/2019\/09\/IMG_20190830_201728_resized_20190901_095626455.jpg\" class=\"wp-image-2197 avia-img-lazy-loading-not-2197 attachment-portfolio size-portfolio wp-post-image\" alt=\"\" srcset=\"https:\/\/phonomuseum.fr\/wp-content\/uploads\/2019\/09\/IMG_20190830_201728_resized_20190901_095626455.jpg 604w, https:\/\/phonomuseum.fr\/wp-content\/uploads\/2019\/09\/IMG_20190830_201728_resized_20190901_095626455-150x150.jpg 150w, https:\/\/phonomuseum.fr\/wp-content\/uploads\/2019\/09\/IMG_20190830_201728_resized_20190901_095626455-300x297.jpg 300w, https:\/\/phonomuseum.fr\/wp-content\/uploads\/2019\/09\/IMG_20190830_201728_resized_20190901_095626455-600x594.jpg 600w\" sizes=\"(max-width: 404px) 100vw, 404px\" \/><\/a><div class=\"slide-content\"><header class=\"entry-content-header\" aria-label=\"Slide: Chanson fran\u00e7aise r\u00e9aliste : Aristide Bruant\"><span class=\"blog-categories minor-meta\"><a href=\"https:\/\/phonomuseum.fr\/category\/blog\/\" rel=\"tag\">BLOG<\/a> <\/span><h3 class='slide-entry-title entry-title '  itemprop=\"headline\" ><a href='https:\/\/phonomuseum.fr\/chanson-francaise-realiste-aristide-bruant\/' title='Chanson fran\u00e7aise r\u00e9aliste : Aristide Bruant'>Chanson fran\u00e7aise r\u00e9aliste : Aristide Bruant<\/a><\/h3><span class=\"av-vertical-delimiter\"><\/span><\/header><div class='slide-entry-excerpt entry-content'  itemprop=\"text\" >\r\nEst-il n\u00e9cessaire de vous pr\u00e9senter Aristide Bruant ? Sa fiche Wikip\u00e9dia est tr\u00e8s compl\u00e8te, aussi nous vous incitons \u00e0 la consulter directement.\r\n\r\n\r\n\r\nDans le cadre d'une s\u00e9rie documentaire actuellement en cours de pr\u00e9paration par\u2026<\/div><\/div><footer class=\"entry-footer\"><div class=\"slide-meta\"><time class='slide-meta-time updated'  itemprop=\"datePublished\" datetime=\"2019-09-10T13:52:48+02:00\" ><\/time><\/div><\/footer><span class='hidden'>\n\t\t\t\t<span class='av-structured-data'  itemprop=\"image\" itemscope=\"itemscope\" itemtype=\"https:\/\/schema.org\/ImageObject\" >\n\t\t\t\t\t\t<span itemprop='url'>https:\/\/phonomuseum.fr\/wp-content\/uploads\/2019\/09\/IMG_20190830_201728_resized_20190901_095626455.jpg<\/span>\n\t\t\t\t\t\t<span itemprop='height'>598<\/span>\n\t\t\t\t\t\t<span itemprop='width'>604<\/span>\n\t\t\t\t<\/span>\n\t\t\t\t<span class='av-structured-data'  itemprop=\"publisher\" itemtype=\"https:\/\/schema.org\/Organization\" itemscope=\"itemscope\" >\n\t\t\t\t\t\t<span itemprop='name'>PHONO Museum Paris<\/span>\n\t\t\t\t\t\t<span itemprop='logo' itemscope itemtype='https:\/\/schema.org\/ImageObject'>\n\t\t\t\t\t\t\t<span itemprop='url'>https:\/\/phonomuseum.fr\/wp-content\/uploads\/2021\/01\/logo-couleurs-300x140.png<\/span>\n\t\t\t\t\t\t<\/span>\n\t\t\t\t<\/span><span class='av-structured-data'  itemprop=\"author\" itemscope=\"itemscope\" itemtype=\"https:\/\/schema.org\/Person\" ><span itemprop='name'>PHONO Museum Paris<\/span><\/span><span class='av-structured-data'  itemprop=\"datePublished\" datetime=\"2020-12-16T13:33:38+01:00\" >2019-09-10 13:52:48<\/span><span class='av-structured-data'  itemprop=\"dateModified\" itemtype=\"https:\/\/schema.org\/dateModified\" >2024-06-01 14:43:55<\/span><span class='av-structured-data'  itemprop=\"mainEntityOfPage\" itemtype=\"https:\/\/schema.org\/mainEntityOfPage\" ><span itemprop='name'>Chanson fran\u00e7aise r\u00e9aliste : Aristide Bruant<\/span><\/span><\/span><\/article><article class='slide-entry flex_column  post-entry post-entry-2166 slide-entry-overview slide-loop-87 slide-parity-odd  av_one_third  real-thumbnail posttype-post post-format-standard'  itemscope=\"itemscope\" itemtype=\"https:\/\/schema.org\/CreativeWork\" ><a href='https:\/\/phonomuseum.fr\/phono-museum-paris-medaille\/' data-rel='slide-1' class='slide-image' title='PHONO Museum Paris m\u00e9daill\u00e9 !'><img decoding=\"async\" fetchpriority=\"high\" width=\"300\" height=\"400\" src=\"https:\/\/phonomuseum.fr\/wp-content\/uploads\/2019\/07\/IMG_20190716_175525_resized_20190716_055616025.jpg\" class=\"wp-image-2172 avia-img-lazy-loading-not-2172 attachment-portfolio size-portfolio wp-post-image\" alt=\"\" srcset=\"https:\/\/phonomuseum.fr\/wp-content\/uploads\/2019\/07\/IMG_20190716_175525_resized_20190716_055616025.jpg 684w, https:\/\/phonomuseum.fr\/wp-content\/uploads\/2019\/07\/IMG_20190716_175525_resized_20190716_055616025-225x300.jpg 225w, https:\/\/phonomuseum.fr\/wp-content\/uploads\/2019\/07\/IMG_20190716_175525_resized_20190716_055616025-600x800.jpg 600w, https:\/\/phonomuseum.fr\/wp-content\/uploads\/2019\/07\/IMG_20190716_175525_resized_20190716_055616025-113x150.jpg 113w\" sizes=\"(max-width: 300px) 100vw, 300px\" \/><\/a><div class=\"slide-content\"><header class=\"entry-content-header\" aria-label=\"Slide: PHONO Museum Paris m\u00e9daill\u00e9 !\"><span class=\"blog-categories minor-meta\"><a href=\"https:\/\/phonomuseum.fr\/category\/blog\/\" rel=\"tag\">BLOG<\/a> <\/span><h3 class='slide-entry-title entry-title '  itemprop=\"headline\" ><a href='https:\/\/phonomuseum.fr\/phono-museum-paris-medaille\/' title='PHONO Museum Paris m\u00e9daill\u00e9 !'>PHONO Museum Paris m\u00e9daill\u00e9 !<\/a><\/h3><span class=\"av-vertical-delimiter\"><\/span><\/header><div class='slide-entry-excerpt entry-content'  itemprop=\"text\" >\r\n\r\n\r\n\r\n\r\n\r\n\r\nComme vous le savez d\u00e9j\u00e0, ou ne le savez pas encore, le PHONO Museum Paris est g\u00e9r\u00e9 par l'association Phonoplan\u00e8te, la grande aventure du son enregistr\u00e9. C'est avec grand plaisir et beaucoup de modestie que notre association\u2026<\/div><\/div><footer class=\"entry-footer\"><div class=\"slide-meta\"><time class='slide-meta-time updated'  itemprop=\"datePublished\" datetime=\"2019-07-17T10:28:16+02:00\" ><\/time><div class=\"slide-meta-del\">\/<\/div><div class=\"slide-meta-comments\"><a href='https:\/\/phonomuseum.fr\/phono-museum-paris-medaille\/#comments'>1 Commentaire<\/a><\/div><\/div><\/footer><span class='hidden'>\n\t\t\t\t<span class='av-structured-data'  itemprop=\"image\" itemscope=\"itemscope\" itemtype=\"https:\/\/schema.org\/ImageObject\" >\n\t\t\t\t\t\t<span itemprop='url'>https:\/\/phonomuseum.fr\/wp-content\/uploads\/2019\/07\/IMG_20190716_175525_resized_20190716_055616025.jpg<\/span>\n\t\t\t\t\t\t<span itemprop='height'>912<\/span>\n\t\t\t\t\t\t<span itemprop='width'>684<\/span>\n\t\t\t\t<\/span>\n\t\t\t\t<span class='av-structured-data'  itemprop=\"publisher\" itemtype=\"https:\/\/schema.org\/Organization\" itemscope=\"itemscope\" >\n\t\t\t\t\t\t<span itemprop='name'>PHONO Museum Paris<\/span>\n\t\t\t\t\t\t<span itemprop='logo' itemscope itemtype='https:\/\/schema.org\/ImageObject'>\n\t\t\t\t\t\t\t<span itemprop='url'>https:\/\/phonomuseum.fr\/wp-content\/uploads\/2021\/01\/logo-couleurs-300x140.png<\/span>\n\t\t\t\t\t\t<\/span>\n\t\t\t\t<\/span><span class='av-structured-data'  itemprop=\"author\" itemscope=\"itemscope\" itemtype=\"https:\/\/schema.org\/Person\" ><span itemprop='name'>PHONO Museum Paris<\/span><\/span><span class='av-structured-data'  itemprop=\"datePublished\" datetime=\"2020-12-16T13:33:38+01:00\" >2019-07-17 10:28:16<\/span><span class='av-structured-data'  itemprop=\"dateModified\" itemtype=\"https:\/\/schema.org\/dateModified\" >2024-06-01 14:47:38<\/span><span class='av-structured-data'  itemprop=\"mainEntityOfPage\" itemtype=\"https:\/\/schema.org\/mainEntityOfPage\" ><span itemprop='name'>PHONO Museum Paris m\u00e9daill\u00e9 !<\/span><\/span><\/span><\/article><\/div><div class=\"slide-entry-wrap\"><article class='slide-entry flex_column  post-entry post-entry-2122 slide-entry-overview slide-loop-88 slide-parity-odd  av_one_third first real-thumbnail posttype-post post-format-standard'  itemscope=\"itemscope\" itemtype=\"https:\/\/schema.org\/CreativeWork\" ><a href='https:\/\/phonomuseum.fr\/hommage-a-josephine-baker\/' data-rel='slide-1' class='slide-image' title='Hommage \u00e0 Jos\u00e9phine Baker'><img decoding=\"async\" fetchpriority=\"high\" width=\"495\" height=\"390\" src=\"https:\/\/phonomuseum.fr\/wp-content\/uploads\/2019\/06\/Jose\u0301phie-Baker-1.png\" class=\"wp-image-2131 avia-img-lazy-loading-not-2131 attachment-portfolio size-portfolio wp-post-image\" alt=\"\" srcset=\"https:\/\/phonomuseum.fr\/wp-content\/uploads\/2019\/06\/Jose\u0301phie-Baker-1.png 635w, https:\/\/phonomuseum.fr\/wp-content\/uploads\/2019\/06\/Jose\u0301phie-Baker-1-300x236.png 300w, https:\/\/phonomuseum.fr\/wp-content\/uploads\/2019\/06\/Jose\u0301phie-Baker-1-600x472.png 600w, https:\/\/phonomuseum.fr\/wp-content\/uploads\/2019\/06\/Jose\u0301phie-Baker-1-150x118.png 150w\" sizes=\"(max-width: 495px) 100vw, 495px\" \/><\/a><div class=\"slide-content\"><header class=\"entry-content-header\" aria-label=\"Slide: Hommage \u00e0 Jos\u00e9phine Baker\"><span class=\"blog-categories minor-meta\"><a href=\"https:\/\/phonomuseum.fr\/category\/blog\/\" rel=\"tag\">BLOG<\/a> <\/span><h3 class='slide-entry-title entry-title '  itemprop=\"headline\" ><a href='https:\/\/phonomuseum.fr\/hommage-a-josephine-baker\/' title='Hommage \u00e0 Jos\u00e9phine Baker'>Hommage \u00e0 Jos\u00e9phine Baker<\/a><\/h3><span class=\"av-vertical-delimiter\"><\/span><\/header><\/div><footer class=\"entry-footer\"><div class=\"slide-meta\"><time class='slide-meta-time updated'  itemprop=\"datePublished\" datetime=\"2019-07-17T10:28:16+02:00\" ><\/time><div class=\"slide-meta-del\">\/<\/div><div class=\"slide-meta-comments\"><a href='https:\/\/phonomuseum.fr\/phono-museum-paris-medaille\/#comments'>1 Commentaire<\/a><\/div><\/div><\/footer><span class='hidden'>\n\t\t\t\t<span class='av-structured-data'  itemprop=\"image\" itemscope=\"itemscope\" itemtype=\"https:\/\/schema.org\/ImageObject\" >\n\t\t\t\t\t\t<span itemprop='url'>https:\/\/phonomuseum.fr\/wp-content\/uploads\/2019\/06\/Jose\u0301phie-Baker-1.png<\/span>\n\t\t\t\t\t\t<span itemprop='height'>500<\/span>\n\t\t\t\t\t\t<span itemprop='width'>635<\/span>\n\t\t\t\t<\/span>\n\t\t\t\t<span class='av-structured-data'  itemprop=\"publisher\" itemtype=\"https:\/\/schema.org\/Organization\" itemscope=\"itemscope\" >\n\t\t\t\t\t\t<span itemprop='name'>PHONO Museum Paris<\/span>\n\t\t\t\t\t\t<span itemprop='logo' itemscope itemtype='https:\/\/schema.org\/ImageObject'>\n\t\t\t\t\t\t\t<span itemprop='url'>https:\/\/phonomuseum.fr\/wp-content\/uploads\/2021\/01\/logo-couleurs-300x140.png<\/span>\n\t\t\t\t\t\t<\/span>\n\t\t\t\t<\/span><span class='av-structured-data'  itemprop=\"author\" itemscope=\"itemscope\" itemtype=\"https:\/\/schema.org\/Person\" ><span itemprop='name'>PHONO Museum Paris<\/span><\/span><span class='av-structured-data'  itemprop=\"datePublished\" datetime=\"2020-12-16T13:33:38+01:00\" >2019-06-04 15:22:04<\/span><span class='av-structured-data'  itemprop=\"dateModified\" itemtype=\"https:\/\/schema.org\/dateModified\" >2024-06-01 14:50:44<\/span><span class='av-structured-data'  itemprop=\"mainEntityOfPage\" itemtype=\"https:\/\/schema.org\/mainEntityOfPage\" ><span itemprop='name'>Hommage \u00e0 Jos\u00e9phine Baker<\/span><\/span><\/span><\/article><article class='slide-entry flex_column  post-entry post-entry-1926 slide-entry-overview slide-loop-89 slide-parity-even  av_one_third  real-thumbnail posttype-post post-format-standard'  itemscope=\"itemscope\" itemtype=\"https:\/\/schema.org\/CreativeWork\" ><a href='https:\/\/phonomuseum.fr\/a-lecoute-du-passe\/' data-rel='slide-1' class='slide-image' title='A l&rsquo;\u00e9coute du pass\u00e9'><img decoding=\"async\" fetchpriority=\"high\" width=\"495\" height=\"278\" src=\"https:\/\/phonomuseum.fr\/wp-content\/uploads\/2019\/05\/20190310_201938-web.jpg\" class=\"wp-image-2418 avia-img-lazy-loading-not-2418 attachment-portfolio size-portfolio wp-post-image\" alt=\"\" srcset=\"https:\/\/phonomuseum.fr\/wp-content\/uploads\/2019\/05\/20190310_201938-web.jpg 5312w, https:\/\/phonomuseum.fr\/wp-content\/uploads\/2019\/05\/20190310_201938-web-300x169.jpg 300w, https:\/\/phonomuseum.fr\/wp-content\/uploads\/2019\/05\/20190310_201938-web-768x432.jpg 768w, https:\/\/phonomuseum.fr\/wp-content\/uploads\/2019\/05\/20190310_201938-web-1024x576.jpg 1024w, https:\/\/phonomuseum.fr\/wp-content\/uploads\/2019\/05\/20190310_201938-web-600x338.jpg 600w, https:\/\/phonomuseum.fr\/wp-content\/uploads\/2019\/05\/20190310_201938-web-150x84.jpg 150w\" sizes=\"(max-width: 495px) 100vw, 495px\" \/><\/a><div class=\"slide-content\"><header class=\"entry-content-header\" aria-label=\"Slide: A l&#039;\u00e9coute du pass\u00e9\"><span class=\"blog-categories minor-meta\"><a href=\"https:\/\/phonomuseum.fr\/category\/blog\/\" rel=\"tag\">BLOG<\/a>, <a href=\"https:\/\/phonomuseum.fr\/category\/conferences\/\" rel=\"tag\">Conf\u00e9rences<\/a>, <a href=\"https:\/\/phonomuseum.fr\/category\/conferences\/conferences-2019\/\" rel=\"tag\">Conf\u00e9rences 2019<\/a> <\/span><h3 class='slide-entry-title entry-title '  itemprop=\"headline\" ><a href='https:\/\/phonomuseum.fr\/a-lecoute-du-passe\/' title='A l&rsquo;\u00e9coute du pass\u00e9'>A l&rsquo;\u00e9coute du pass\u00e9<\/a><\/h3><span class=\"av-vertical-delimiter\"><\/span><\/header><div class='slide-entry-excerpt entry-content'  itemprop=\"text\" >\r\n\u00catre un mus\u00e9e vivant, tel est un des objectifs du PHONO Museum Paris. Mais un mus\u00e9e vivant, qu'est-ce-que cela veut dire ? Beaucoup de choses dans la gestion du fonds du mus\u00e9e, bien s\u00fbr, mais au del\u00e0, permettre aux visiteurs autre chose\u2026<\/div><\/div><footer class=\"entry-footer\"><div class=\"slide-meta\"><time class='slide-meta-time updated'  itemprop=\"datePublished\" datetime=\"2019-03-12T15:59:53+01:00\" ><\/time><\/div><\/footer><span class='hidden'>\n\t\t\t\t<span class='av-structured-data'  itemprop=\"image\" itemscope=\"itemscope\" itemtype=\"https:\/\/schema.org\/ImageObject\" >\n\t\t\t\t\t\t<span itemprop='url'>https:\/\/phonomuseum.fr\/wp-content\/uploads\/2019\/05\/20190310_201938-web.jpg<\/span>\n\t\t\t\t\t\t<span itemprop='height'>2988<\/span>\n\t\t\t\t\t\t<span itemprop='width'>5312<\/span>\n\t\t\t\t<\/span>\n\t\t\t\t<span class='av-structured-data'  itemprop=\"publisher\" itemtype=\"https:\/\/schema.org\/Organization\" itemscope=\"itemscope\" >\n\t\t\t\t\t\t<span itemprop='name'>PHONO Museum Paris<\/span>\n\t\t\t\t\t\t<span itemprop='logo' itemscope itemtype='https:\/\/schema.org\/ImageObject'>\n\t\t\t\t\t\t\t<span itemprop='url'>https:\/\/phonomuseum.fr\/wp-content\/uploads\/2021\/01\/logo-couleurs-300x140.png<\/span>\n\t\t\t\t\t\t<\/span>\n\t\t\t\t<\/span><span class='av-structured-data'  itemprop=\"author\" itemscope=\"itemscope\" itemtype=\"https:\/\/schema.org\/Person\" ><span itemprop='name'>PHONO Museum Paris<\/span><\/span><span class='av-structured-data'  itemprop=\"datePublished\" datetime=\"2020-12-16T13:33:38+01:00\" >2019-03-12 15:59:53<\/span><span class='av-structured-data'  itemprop=\"dateModified\" itemtype=\"https:\/\/schema.org\/dateModified\" >2024-06-01 14:58:16<\/span><span class='av-structured-data'  itemprop=\"mainEntityOfPage\" itemtype=\"https:\/\/schema.org\/mainEntityOfPage\" ><span itemprop='name'>A l&rsquo;\u00e9coute du pass\u00e9<\/span><\/span><\/span><\/article><article class='slide-entry flex_column  post-entry post-entry-1901 slide-entry-overview slide-loop-90 slide-parity-odd  av_one_third  real-thumbnail posttype-post post-format-standard'  itemscope=\"itemscope\" itemtype=\"https:\/\/schema.org\/CreativeWork\" ><a href='https:\/\/phonomuseum.fr\/paris-londres-music-migrations-1962-1989\/' data-rel='slide-1' class='slide-image' title='Paris-Londres &#8211; Music Migrations (1962-1989)'><img decoding=\"async\" fetchpriority=\"high\" width=\"495\" height=\"374\" src=\"https:\/\/phonomuseum.fr\/wp-content\/uploads\/2019\/03\/Paris-londres-horizontale.jpg\" class=\"wp-image-1902 avia-img-lazy-loading-not-1902 attachment-portfolio size-portfolio wp-post-image\" alt=\"\" srcset=\"https:\/\/phonomuseum.fr\/wp-content\/uploads\/2019\/03\/Paris-londres-horizontale.jpg 1240w, https:\/\/phonomuseum.fr\/wp-content\/uploads\/2019\/03\/Paris-londres-horizontale-300x226.jpg 300w, https:\/\/phonomuseum.fr\/wp-content\/uploads\/2019\/03\/Paris-londres-horizontale-768x580.jpg 768w, https:\/\/phonomuseum.fr\/wp-content\/uploads\/2019\/03\/Paris-londres-horizontale-1024x773.jpg 1024w, https:\/\/phonomuseum.fr\/wp-content\/uploads\/2019\/03\/Paris-londres-horizontale-150x113.jpg 150w\" sizes=\"(max-width: 495px) 100vw, 495px\" \/><\/a><div class=\"slide-content\"><header class=\"entry-content-header\" aria-label=\"Slide: Paris-Londres - Music Migrations (1962-1989)\"><span class=\"blog-categories minor-meta\"><a href=\"https:\/\/phonomuseum.fr\/category\/blog\/\" rel=\"tag\">BLOG<\/a>, <a href=\"https:\/\/phonomuseum.fr\/category\/conferences\/\" rel=\"tag\">Conf\u00e9rences<\/a>, <a href=\"https:\/\/phonomuseum.fr\/category\/conferences\/conferences-2019\/\" rel=\"tag\">Conf\u00e9rences 2019<\/a> <\/span><h3 class='slide-entry-title entry-title '  itemprop=\"headline\" ><a href='https:\/\/phonomuseum.fr\/paris-londres-music-migrations-1962-1989\/' title='Paris-Londres &#8211; Music Migrations (1962-1989)'>Paris-Londres &#8211; Music Migrations (1962-1989)<\/a><\/h3><span class=\"av-vertical-delimiter\"><\/span><\/header><div class='slide-entry-excerpt entry-content'  itemprop=\"text\" >\r\n\r\n\r\n\r\n\r\nDu 12 mars 2019 au 5 janvier 2020, le beau Cin\u00e9matic du mus\u00e9e sera expos\u00e9 au mus\u00e9e de l'histoire de l'immigration \u00e0 Paris dans le cadre de l'exposition Paris-Londres Music Migrations (1962-1989).\r\n\r\n\r\n\r\n\"Du d\u00e9but des ann\u00e9es\u2026<\/div><\/div><footer class=\"entry-footer\"><div class=\"slide-meta\"><time class='slide-meta-time updated'  itemprop=\"datePublished\" datetime=\"2019-03-05T13:41:38+01:00\" ><\/time><\/div><\/footer><span class='hidden'>\n\t\t\t\t<span class='av-structured-data'  itemprop=\"image\" itemscope=\"itemscope\" itemtype=\"https:\/\/schema.org\/ImageObject\" >\n\t\t\t\t\t\t<span itemprop='url'>https:\/\/phonomuseum.fr\/wp-content\/uploads\/2019\/03\/Paris-londres-horizontale.jpg<\/span>\n\t\t\t\t\t\t<span itemprop='height'>936<\/span>\n\t\t\t\t\t\t<span itemprop='width'>1240<\/span>\n\t\t\t\t<\/span>\n\t\t\t\t<span class='av-structured-data'  itemprop=\"publisher\" itemtype=\"https:\/\/schema.org\/Organization\" itemscope=\"itemscope\" >\n\t\t\t\t\t\t<span itemprop='name'>PHONO Museum Paris<\/span>\n\t\t\t\t\t\t<span itemprop='logo' itemscope itemtype='https:\/\/schema.org\/ImageObject'>\n\t\t\t\t\t\t\t<span itemprop='url'>https:\/\/phonomuseum.fr\/wp-content\/uploads\/2021\/01\/logo-couleurs-300x140.png<\/span>\n\t\t\t\t\t\t<\/span>\n\t\t\t\t<\/span><span class='av-structured-data'  itemprop=\"author\" itemscope=\"itemscope\" itemtype=\"https:\/\/schema.org\/Person\" ><span itemprop='name'>PHONO Museum Paris<\/span><\/span><span class='av-structured-data'  itemprop=\"datePublished\" datetime=\"2020-12-16T13:33:38+01:00\" >2019-03-05 13:41:38<\/span><span class='av-structured-data'  itemprop=\"dateModified\" itemtype=\"https:\/\/schema.org\/dateModified\" >2024-06-01 15:00:11<\/span><span class='av-structured-data'  itemprop=\"mainEntityOfPage\" itemtype=\"https:\/\/schema.org\/mainEntityOfPage\" ><span itemprop='name'>Paris-Londres &#8211; Music Migrations (1962-1989)<\/span><\/span><\/span><\/article><\/div><div class=\"slide-entry-wrap\"><article class='slide-entry flex_column  post-entry post-entry-1833 slide-entry-overview slide-loop-91 slide-parity-odd  av_one_third first real-thumbnail posttype-post post-format-standard'  itemscope=\"itemscope\" itemtype=\"https:\/\/schema.org\/CreativeWork\" ><a href='https:\/\/phonomuseum.fr\/les-salles-daudition\/' data-rel='slide-1' class='slide-image' title='Les salles d&rsquo;audition'><img decoding=\"async\" fetchpriority=\"high\" width=\"408\" height=\"400\" src=\"https:\/\/phonomuseum.fr\/wp-content\/uploads\/2019\/02\/IMG_20190209_205149.jpg\" class=\"wp-image-1844 avia-img-lazy-loading-not-1844 attachment-portfolio size-portfolio wp-post-image\" alt=\"\" srcset=\"https:\/\/phonomuseum.fr\/wp-content\/uploads\/2019\/02\/IMG_20190209_205149.jpg 1823w, https:\/\/phonomuseum.fr\/wp-content\/uploads\/2019\/02\/IMG_20190209_205149-300x294.jpg 300w, https:\/\/phonomuseum.fr\/wp-content\/uploads\/2019\/02\/IMG_20190209_205149-768x754.jpg 768w, https:\/\/phonomuseum.fr\/wp-content\/uploads\/2019\/02\/IMG_20190209_205149-1024x1005.jpg 1024w, https:\/\/phonomuseum.fr\/wp-content\/uploads\/2019\/02\/IMG_20190209_205149-150x147.jpg 150w\" sizes=\"(max-width: 408px) 100vw, 408px\" \/><\/a><div class=\"slide-content\"><header class=\"entry-content-header\" aria-label=\"Slide: Les salles d&#039;audition\"><span class=\"blog-categories minor-meta\"><a href=\"https:\/\/phonomuseum.fr\/category\/blog\/\" rel=\"tag\">BLOG<\/a> <\/span><h3 class='slide-entry-title entry-title '  itemprop=\"headline\" ><a href='https:\/\/phonomuseum.fr\/les-salles-daudition\/' title='Les salles d&rsquo;audition'>Les salles d&rsquo;audition<\/a><\/h3><span class=\"av-vertical-delimiter\"><\/span><\/header><\/div><footer class=\"entry-footer\"><div class=\"slide-meta\"><time class='slide-meta-time updated'  itemprop=\"datePublished\" datetime=\"2019-03-05T13:41:38+01:00\" ><\/time><\/div><\/footer><span class='hidden'>\n\t\t\t\t<span class='av-structured-data'  itemprop=\"image\" itemscope=\"itemscope\" itemtype=\"https:\/\/schema.org\/ImageObject\" >\n\t\t\t\t\t\t<span itemprop='url'>https:\/\/phonomuseum.fr\/wp-content\/uploads\/2019\/02\/IMG_20190209_205149.jpg<\/span>\n\t\t\t\t\t\t<span itemprop='height'>1789<\/span>\n\t\t\t\t\t\t<span itemprop='width'>1823<\/span>\n\t\t\t\t<\/span>\n\t\t\t\t<span class='av-structured-data'  itemprop=\"publisher\" itemtype=\"https:\/\/schema.org\/Organization\" itemscope=\"itemscope\" >\n\t\t\t\t\t\t<span itemprop='name'>PHONO Museum Paris<\/span>\n\t\t\t\t\t\t<span itemprop='logo' itemscope itemtype='https:\/\/schema.org\/ImageObject'>\n\t\t\t\t\t\t\t<span itemprop='url'>https:\/\/phonomuseum.fr\/wp-content\/uploads\/2021\/01\/logo-couleurs-300x140.png<\/span>\n\t\t\t\t\t\t<\/span>\n\t\t\t\t<\/span><span class='av-structured-data'  itemprop=\"author\" itemscope=\"itemscope\" itemtype=\"https:\/\/schema.org\/Person\" ><span itemprop='name'>PHONO Museum Paris<\/span><\/span><span class='av-structured-data'  itemprop=\"datePublished\" datetime=\"2020-12-16T13:33:38+01:00\" >2019-02-11 15:12:22<\/span><span class='av-structured-data'  itemprop=\"dateModified\" itemtype=\"https:\/\/schema.org\/dateModified\" >2024-06-01 15:11:44<\/span><span class='av-structured-data'  itemprop=\"mainEntityOfPage\" itemtype=\"https:\/\/schema.org\/mainEntityOfPage\" ><span itemprop='name'>Les salles d&rsquo;audition<\/span><\/span><\/span><\/article><article class='slide-entry flex_column  post-entry post-entry-1811 slide-entry-overview slide-loop-92 slide-parity-even  av_one_third  real-thumbnail posttype-post post-format-standard'  itemscope=\"itemscope\" itemtype=\"https:\/\/schema.org\/CreativeWork\" ><a href='https:\/\/phonomuseum.fr\/le-cinematic\/' data-rel='slide-1' class='slide-image' title='Le Cin\u00e9matic'><img decoding=\"async\" fetchpriority=\"high\" width=\"225\" height=\"400\" src=\"https:\/\/phonomuseum.fr\/wp-content\/uploads\/2019\/01\/20190131_155021-e1548950560465.jpg\" class=\"wp-image-1812 avia-img-lazy-loading-not-1812 attachment-portfolio size-portfolio wp-post-image\" alt=\"\" srcset=\"https:\/\/phonomuseum.fr\/wp-content\/uploads\/2019\/01\/20190131_155021-e1548950560465.jpg 2988w, https:\/\/phonomuseum.fr\/wp-content\/uploads\/2019\/01\/20190131_155021-e1548950560465-169x300.jpg 169w, https:\/\/phonomuseum.fr\/wp-content\/uploads\/2019\/01\/20190131_155021-e1548950560465-768x1365.jpg 768w, https:\/\/phonomuseum.fr\/wp-content\/uploads\/2019\/01\/20190131_155021-e1548950560465-576x1024.jpg 576w, https:\/\/phonomuseum.fr\/wp-content\/uploads\/2019\/01\/20190131_155021-e1548950560465-84x150.jpg 84w\" sizes=\"(max-width: 225px) 100vw, 225px\" \/><\/a><div class=\"slide-content\"><header class=\"entry-content-header\" aria-label=\"Slide: Le Cin\u00e9matic\"><span class=\"blog-categories minor-meta\"><a href=\"https:\/\/phonomuseum.fr\/category\/blog\/\" rel=\"tag\">BLOG<\/a> <\/span><h3 class='slide-entry-title entry-title '  itemprop=\"headline\" ><a href='https:\/\/phonomuseum.fr\/le-cinematic\/' title='Le Cin\u00e9matic'>Le Cin\u00e9matic<\/a><\/h3><span class=\"av-vertical-delimiter\"><\/span><\/header><\/div><footer class=\"entry-footer\"><div class=\"slide-meta\"><time class='slide-meta-time updated'  itemprop=\"datePublished\" datetime=\"2019-03-05T13:41:38+01:00\" ><\/time><\/div><\/footer><span class='hidden'>\n\t\t\t\t<span class='av-structured-data'  itemprop=\"image\" itemscope=\"itemscope\" itemtype=\"https:\/\/schema.org\/ImageObject\" >\n\t\t\t\t\t\t<span itemprop='url'>https:\/\/phonomuseum.fr\/wp-content\/uploads\/2019\/01\/20190131_155021-e1548950560465.jpg<\/span>\n\t\t\t\t\t\t<span itemprop='height'>5312<\/span>\n\t\t\t\t\t\t<span itemprop='width'>2988<\/span>\n\t\t\t\t<\/span>\n\t\t\t\t<span class='av-structured-data'  itemprop=\"publisher\" itemtype=\"https:\/\/schema.org\/Organization\" itemscope=\"itemscope\" >\n\t\t\t\t\t\t<span itemprop='name'>PHONO Museum Paris<\/span>\n\t\t\t\t\t\t<span itemprop='logo' itemscope itemtype='https:\/\/schema.org\/ImageObject'>\n\t\t\t\t\t\t\t<span itemprop='url'>https:\/\/phonomuseum.fr\/wp-content\/uploads\/2021\/01\/logo-couleurs-300x140.png<\/span>\n\t\t\t\t\t\t<\/span>\n\t\t\t\t<\/span><span class='av-structured-data'  itemprop=\"author\" itemscope=\"itemscope\" itemtype=\"https:\/\/schema.org\/Person\" ><span itemprop='name'>PHONO Museum Paris<\/span><\/span><span class='av-structured-data'  itemprop=\"datePublished\" datetime=\"2020-12-16T13:33:38+01:00\" >2019-01-31 18:10:22<\/span><span class='av-structured-data'  itemprop=\"dateModified\" itemtype=\"https:\/\/schema.org\/dateModified\" >2024-06-01 15:14:51<\/span><span class='av-structured-data'  itemprop=\"mainEntityOfPage\" itemtype=\"https:\/\/schema.org\/mainEntityOfPage\" ><span itemprop='name'>Le Cin\u00e9matic<\/span><\/span><\/span><\/article><article class='slide-entry flex_column  post-entry post-entry-1788 slide-entry-overview slide-loop-93 slide-parity-odd  av_one_third  real-thumbnail posttype-post post-format-standard'  itemscope=\"itemscope\" itemtype=\"https:\/\/schema.org\/CreativeWork\" ><a href='https:\/\/phonomuseum.fr\/la-modernite-serait-elle-chose-tres-relative\/' data-rel='slide-1' class='slide-image' title='La modernit\u00e9 serait-elle chose tr\u00e8s relative ?'><img decoding=\"async\" fetchpriority=\"high\" width=\"270\" height=\"400\" src=\"https:\/\/phonomuseum.fr\/wp-content\/uploads\/2019\/01\/154-affiche-Nico-phono.jpg\" class=\"wp-image-1789 avia-img-lazy-loading-not-1789 attachment-portfolio size-portfolio wp-post-image\" alt=\"\" srcset=\"https:\/\/phonomuseum.fr\/wp-content\/uploads\/2019\/01\/154-affiche-Nico-phono.jpg 998w, https:\/\/phonomuseum.fr\/wp-content\/uploads\/2019\/01\/154-affiche-Nico-phono-203x300.jpg 203w, https:\/\/phonomuseum.fr\/wp-content\/uploads\/2019\/01\/154-affiche-Nico-phono-768x1136.jpg 768w, https:\/\/phonomuseum.fr\/wp-content\/uploads\/2019\/01\/154-affiche-Nico-phono-692x1024.jpg 692w, https:\/\/phonomuseum.fr\/wp-content\/uploads\/2019\/01\/154-affiche-Nico-phono-101x150.jpg 101w\" sizes=\"(max-width: 270px) 100vw, 270px\" \/><\/a><div class=\"slide-content\"><header class=\"entry-content-header\" aria-label=\"Slide: La modernit\u00e9 serait-elle chose tr\u00e8s relative ?\"><span class=\"blog-categories minor-meta\"><a href=\"https:\/\/phonomuseum.fr\/category\/blog\/\" rel=\"tag\">BLOG<\/a> <\/span><h3 class='slide-entry-title entry-title '  itemprop=\"headline\" ><a href='https:\/\/phonomuseum.fr\/la-modernite-serait-elle-chose-tres-relative\/' title='La modernit\u00e9 serait-elle chose tr\u00e8s relative ?'>La modernit\u00e9 serait-elle chose tr\u00e8s relative ?<\/a><\/h3><span class=\"av-vertical-delimiter\"><\/span><\/header><\/div><footer class=\"entry-footer\"><div class=\"slide-meta\"><time class='slide-meta-time updated'  itemprop=\"datePublished\" datetime=\"2019-03-05T13:41:38+01:00\" ><\/time><\/div><\/footer><span class='hidden'>\n\t\t\t\t<span class='av-structured-data'  itemprop=\"image\" itemscope=\"itemscope\" itemtype=\"https:\/\/schema.org\/ImageObject\" >\n\t\t\t\t\t\t<span itemprop='url'>https:\/\/phonomuseum.fr\/wp-content\/uploads\/2019\/01\/154-affiche-Nico-phono.jpg<\/span>\n\t\t\t\t\t\t<span itemprop='height'>1476<\/span>\n\t\t\t\t\t\t<span itemprop='width'>998<\/span>\n\t\t\t\t<\/span>\n\t\t\t\t<span class='av-structured-data'  itemprop=\"publisher\" itemtype=\"https:\/\/schema.org\/Organization\" itemscope=\"itemscope\" >\n\t\t\t\t\t\t<span itemprop='name'>PHONO Museum Paris<\/span>\n\t\t\t\t\t\t<span itemprop='logo' itemscope itemtype='https:\/\/schema.org\/ImageObject'>\n\t\t\t\t\t\t\t<span itemprop='url'>https:\/\/phonomuseum.fr\/wp-content\/uploads\/2021\/01\/logo-couleurs-300x140.png<\/span>\n\t\t\t\t\t\t<\/span>\n\t\t\t\t<\/span><span class='av-structured-data'  itemprop=\"author\" itemscope=\"itemscope\" itemtype=\"https:\/\/schema.org\/Person\" ><span itemprop='name'>PHONO Museum Paris<\/span><\/span><span class='av-structured-data'  itemprop=\"datePublished\" datetime=\"2020-12-16T13:33:38+01:00\" >2019-01-11 14:12:19<\/span><span class='av-structured-data'  itemprop=\"dateModified\" itemtype=\"https:\/\/schema.org\/dateModified\" >2024-06-01 15:16:31<\/span><span class='av-structured-data'  itemprop=\"mainEntityOfPage\" itemtype=\"https:\/\/schema.org\/mainEntityOfPage\" ><span itemprop='name'>La modernit\u00e9 serait-elle chose tr\u00e8s relative ?<\/span><\/span><\/span><\/article><\/div><div class=\"slide-entry-wrap\"><article class='slide-entry flex_column  post-entry post-entry-1768 slide-entry-overview slide-loop-94 slide-parity-odd  av_one_third first real-thumbnail posttype-post post-format-standard'  itemscope=\"itemscope\" itemtype=\"https:\/\/schema.org\/CreativeWork\" ><a href='https:\/\/phonomuseum.fr\/80-ans-de-collecte-phonographique-a-la-bnf\/' data-rel='slide-1' class='slide-image' title='80 ans de collecte de l&rsquo;\u00e9dition phonographique \u00e0 la BnF'><img decoding=\"async\" fetchpriority=\"high\" width=\"225\" height=\"400\" src=\"https:\/\/phonomuseum.fr\/wp-content\/uploads\/2018\/12\/20181205_115617-e1544195520258.jpg\" class=\"wp-image-1771 avia-img-lazy-loading-not-1771 attachment-portfolio size-portfolio wp-post-image\" alt=\"\" srcset=\"https:\/\/phonomuseum.fr\/wp-content\/uploads\/2018\/12\/20181205_115617-e1544195520258.jpg 2988w, https:\/\/phonomuseum.fr\/wp-content\/uploads\/2018\/12\/20181205_115617-e1544195520258-169x300.jpg 169w, https:\/\/phonomuseum.fr\/wp-content\/uploads\/2018\/12\/20181205_115617-e1544195520258-768x1365.jpg 768w, https:\/\/phonomuseum.fr\/wp-content\/uploads\/2018\/12\/20181205_115617-e1544195520258-576x1024.jpg 576w, https:\/\/phonomuseum.fr\/wp-content\/uploads\/2018\/12\/20181205_115617-e1544195520258-84x150.jpg 84w\" sizes=\"(max-width: 225px) 100vw, 225px\" \/><\/a><div class=\"slide-content\"><header class=\"entry-content-header\" aria-label=\"Slide: 80 ans de collecte de l&#039;\u00e9dition phonographique \u00e0 la BnF\"><span class=\"blog-categories minor-meta\"><a href=\"https:\/\/phonomuseum.fr\/category\/blog\/\" rel=\"tag\">BLOG<\/a> <\/span><h3 class='slide-entry-title entry-title '  itemprop=\"headline\" ><a href='https:\/\/phonomuseum.fr\/80-ans-de-collecte-phonographique-a-la-bnf\/' title='80 ans de collecte de l&rsquo;\u00e9dition phonographique \u00e0 la BnF'>80 ans de collecte de l&rsquo;\u00e9dition phonographique \u00e0 la BnF<\/a><\/h3><span class=\"av-vertical-delimiter\"><\/span><\/header><\/div><footer class=\"entry-footer\"><div class=\"slide-meta\"><time class='slide-meta-time updated'  itemprop=\"datePublished\" datetime=\"2019-03-05T13:41:38+01:00\" ><\/time><\/div><\/footer><span class='hidden'>\n\t\t\t\t<span class='av-structured-data'  itemprop=\"image\" itemscope=\"itemscope\" itemtype=\"https:\/\/schema.org\/ImageObject\" >\n\t\t\t\t\t\t<span itemprop='url'>https:\/\/phonomuseum.fr\/wp-content\/uploads\/2018\/12\/20181205_115617-e1544195520258.jpg<\/span>\n\t\t\t\t\t\t<span itemprop='height'>5312<\/span>\n\t\t\t\t\t\t<span itemprop='width'>2988<\/span>\n\t\t\t\t<\/span>\n\t\t\t\t<span class='av-structured-data'  itemprop=\"publisher\" itemtype=\"https:\/\/schema.org\/Organization\" itemscope=\"itemscope\" >\n\t\t\t\t\t\t<span itemprop='name'>PHONO Museum Paris<\/span>\n\t\t\t\t\t\t<span itemprop='logo' itemscope itemtype='https:\/\/schema.org\/ImageObject'>\n\t\t\t\t\t\t\t<span itemprop='url'>https:\/\/phonomuseum.fr\/wp-content\/uploads\/2021\/01\/logo-couleurs-300x140.png<\/span>\n\t\t\t\t\t\t<\/span>\n\t\t\t\t<\/span><span class='av-structured-data'  itemprop=\"author\" itemscope=\"itemscope\" itemtype=\"https:\/\/schema.org\/Person\" ><span itemprop='name'>PHONO Museum Paris<\/span><\/span><span class='av-structured-data'  itemprop=\"datePublished\" datetime=\"2020-12-16T13:33:38+01:00\" >2018-12-07 16:27:13<\/span><span class='av-structured-data'  itemprop=\"dateModified\" itemtype=\"https:\/\/schema.org\/dateModified\" >2024-06-01 15:20:10<\/span><span class='av-structured-data'  itemprop=\"mainEntityOfPage\" itemtype=\"https:\/\/schema.org\/mainEntityOfPage\" ><span itemprop='name'>80 ans de collecte de l&rsquo;\u00e9dition phonographique \u00e0 la BnF<\/span><\/span><\/span><\/article><article class='slide-entry flex_column  post-entry post-entry-1759 slide-entry-overview slide-loop-95 slide-parity-even  av_one_third  fake-thumbnail posttype-post post-format-standard'  itemscope=\"itemscope\" itemtype=\"https:\/\/schema.org\/CreativeWork\" ><a href='https:\/\/phonomuseum.fr\/les-revues-de-la-semaine-du-bizarre\/' data-rel='slide-1' class='slide-image' title='Les revues phonographiques de la semaine du bizarre'><span class='fallback-post-type-icon avia-svg-icon avia-font-svg_entypo-fontello' data-av_svg_icon='pencil' data-av_iconset='svg_entypo-fontello'><svg version=\"1.1\" xmlns=\"http:\/\/www.w3.org\/2000\/svg\" width=\"25\" height=\"32\" viewBox=\"0 0 25 32\" preserveAspectRatio=\"xMidYMid meet\" role=\"graphics-symbol\" aria-hidden=\"true\">\n<path d=\"M22.976 5.44q1.024 1.024 1.504 2.048t0.48 1.536v0.512l-8.064 8.064-9.28 9.216-7.616 1.664 1.6-7.68 9.28-9.216 8.064-8.064q1.728-0.384 4.032 1.92zM7.168 25.92l0.768-0.768q-0.064-1.408-1.664-3.008-0.704-0.704-1.44-1.12t-1.12-0.416l-0.448-0.064-0.704 0.768-0.576 2.56q0.896 0.512 1.472 1.088 0.768 0.768 1.152 1.536z\"><\/path>\n<\/svg><\/span><span class='slider-fallback-image'><img decoding=\"async\" fetchpriority=\"high\" width=\"282\" height=\"400\" src=\"https:\/\/phonomuseum.fr\/wp-content\/uploads\/2016\/02\/concert1.jpg\" class=\"wp-image-262 avia-img-lazy-loading-not-262 attachment-portfolio size-portfolio wp-post-image\" alt=\"Musique d&#039;Alep\" srcset=\"https:\/\/phonomuseum.fr\/wp-content\/uploads\/2016\/02\/concert1.jpg 338w, https:\/\/phonomuseum.fr\/wp-content\/uploads\/2016\/02\/concert1-211x300.jpg 211w, https:\/\/phonomuseum.fr\/wp-content\/uploads\/2016\/02\/concert1-106x150.jpg 106w\" sizes=\"(max-width: 282px) 100vw, 282px\" \/><\/span><\/a><div class=\"slide-content\"><header class=\"entry-content-header\" aria-label=\"Slide: Les revues phonographiques de la semaine du bizarre\"><span class=\"blog-categories minor-meta\"><a href=\"https:\/\/phonomuseum.fr\/category\/blog\/\" rel=\"tag\">BLOG<\/a> <\/span><h3 class='slide-entry-title entry-title '  itemprop=\"headline\" ><a href='https:\/\/phonomuseum.fr\/les-revues-de-la-semaine-du-bizarre\/' title='Les revues phonographiques de la semaine du bizarre'>Les revues phonographiques de la semaine du bizarre<\/a><\/h3><span class=\"av-vertical-delimiter\"><\/span><\/header><\/div><footer class=\"entry-footer\"><div class=\"slide-meta\"><time class='slide-meta-time updated'  itemprop=\"datePublished\" datetime=\"2019-03-05T13:41:38+01:00\" ><\/time><\/div><\/footer><span class='hidden'>\n\t\t\t\t<span class='av-structured-data'  itemprop=\"image\" itemscope=\"itemscope\" itemtype=\"https:\/\/schema.org\/ImageObject\" >\n\t\t\t\t\t\t<span itemprop='url'>https:\/\/phonomuseum.fr\/wp-content\/uploads\/2021\/01\/logo-couleurs-300x140.png<\/span>\n\t\t\t\t\t\t<span itemprop='height'>0<\/span>\n\t\t\t\t\t\t<span itemprop='width'>0<\/span>\n\t\t\t\t<\/span>\n\t\t\t\t<span class='av-structured-data'  itemprop=\"publisher\" itemtype=\"https:\/\/schema.org\/Organization\" itemscope=\"itemscope\" >\n\t\t\t\t\t\t<span itemprop='name'>PHONO Museum Paris<\/span>\n\t\t\t\t\t\t<span itemprop='logo' itemscope itemtype='https:\/\/schema.org\/ImageObject'>\n\t\t\t\t\t\t\t<span itemprop='url'>https:\/\/phonomuseum.fr\/wp-content\/uploads\/2021\/01\/logo-couleurs-300x140.png<\/span>\n\t\t\t\t\t\t<\/span>\n\t\t\t\t<\/span><span class='av-structured-data'  itemprop=\"author\" itemscope=\"itemscope\" itemtype=\"https:\/\/schema.org\/Person\" ><span itemprop='name'>PHONO Museum Paris<\/span><\/span><span class='av-structured-data'  itemprop=\"datePublished\" datetime=\"2020-12-16T13:33:38+01:00\" >2018-11-29 13:37:52<\/span><span class='av-structured-data'  itemprop=\"dateModified\" itemtype=\"https:\/\/schema.org\/dateModified\" >2024-06-01 15:21:09<\/span><span class='av-structured-data'  itemprop=\"mainEntityOfPage\" itemtype=\"https:\/\/schema.org\/mainEntityOfPage\" ><span itemprop='name'>Les revues phonographiques de la semaine du bizarre<\/span><\/span><\/span><\/article><article class='slide-entry flex_column  post-entry post-entry-1728 slide-entry-overview slide-loop-96 slide-parity-odd  av_one_third  real-thumbnail posttype-post post-format-standard'  itemscope=\"itemscope\" itemtype=\"https:\/\/schema.org\/CreativeWork\" ><a href='https:\/\/phonomuseum.fr\/du-vinyle-a-linternet\/' data-rel='slide-1' class='slide-image' title='Du vinyle \u00e0 l&rsquo;Internet'><img decoding=\"async\" fetchpriority=\"high\" width=\"404\" height=\"400\" src=\"https:\/\/phonomuseum.fr\/wp-content\/uploads\/2018\/01\/DSCN9130.jpg\" class=\"wp-image-1433 avia-img-lazy-loading-not-1433 attachment-portfolio size-portfolio wp-post-image\" alt=\"Disque vinyle\" srcset=\"https:\/\/phonomuseum.fr\/wp-content\/uploads\/2018\/01\/DSCN9130.jpg 639w, https:\/\/phonomuseum.fr\/wp-content\/uploads\/2018\/01\/DSCN9130-150x148.jpg 150w, https:\/\/phonomuseum.fr\/wp-content\/uploads\/2018\/01\/DSCN9130-300x297.jpg 300w\" sizes=\"(max-width: 404px) 100vw, 404px\" \/><\/a><div class=\"slide-content\"><header class=\"entry-content-header\" aria-label=\"Slide: Du vinyle \u00e0 l&#039;Internet\"><span class=\"blog-categories minor-meta\"><a href=\"https:\/\/phonomuseum.fr\/category\/blog\/\" rel=\"tag\">BLOG<\/a> <\/span><h3 class='slide-entry-title entry-title '  itemprop=\"headline\" ><a href='https:\/\/phonomuseum.fr\/du-vinyle-a-linternet\/' title='Du vinyle \u00e0 l&rsquo;Internet'>Du vinyle \u00e0 l&rsquo;Internet<\/a><\/h3><span class=\"av-vertical-delimiter\"><\/span><\/header><\/div><footer class=\"entry-footer\"><div class=\"slide-meta\"><time class='slide-meta-time updated'  itemprop=\"datePublished\" datetime=\"2019-03-05T13:41:38+01:00\" ><\/time><\/div><\/footer><span class='hidden'>\n\t\t\t\t<span class='av-structured-data'  itemprop=\"image\" itemscope=\"itemscope\" itemtype=\"https:\/\/schema.org\/ImageObject\" >\n\t\t\t\t\t\t<span itemprop='url'>https:\/\/phonomuseum.fr\/wp-content\/uploads\/2018\/01\/DSCN9130.jpg<\/span>\n\t\t\t\t\t\t<span itemprop='height'>632<\/span>\n\t\t\t\t\t\t<span itemprop='width'>639<\/span>\n\t\t\t\t<\/span>\n\t\t\t\t<span class='av-structured-data'  itemprop=\"publisher\" itemtype=\"https:\/\/schema.org\/Organization\" itemscope=\"itemscope\" >\n\t\t\t\t\t\t<span itemprop='name'>PHONO Museum Paris<\/span>\n\t\t\t\t\t\t<span itemprop='logo' itemscope itemtype='https:\/\/schema.org\/ImageObject'>\n\t\t\t\t\t\t\t<span itemprop='url'>https:\/\/phonomuseum.fr\/wp-content\/uploads\/2021\/01\/logo-couleurs-300x140.png<\/span>\n\t\t\t\t\t\t<\/span>\n\t\t\t\t<\/span><span class='av-structured-data'  itemprop=\"author\" itemscope=\"itemscope\" itemtype=\"https:\/\/schema.org\/Person\" ><span itemprop='name'>PHONO Museum Paris<\/span><\/span><span class='av-structured-data'  itemprop=\"datePublished\" datetime=\"2020-12-16T13:33:38+01:00\" >2018-11-01 19:54:29<\/span><span class='av-structured-data'  itemprop=\"dateModified\" itemtype=\"https:\/\/schema.org\/dateModified\" >2024-06-01 15:23:14<\/span><span class='av-structured-data'  itemprop=\"mainEntityOfPage\" itemtype=\"https:\/\/schema.org\/mainEntityOfPage\" ><span itemprop='name'>Du vinyle \u00e0 l&rsquo;Internet<\/span><\/span><\/span><\/article><\/div><div class=\"slide-entry-wrap\"><article class='slide-entry flex_column  post-entry post-entry-1698 slide-entry-overview slide-loop-97 slide-parity-odd  av_one_third first real-thumbnail posttype-post post-format-standard'  itemscope=\"itemscope\" itemtype=\"https:\/\/schema.org\/CreativeWork\" ><a href='https:\/\/phonomuseum.fr\/mama-festival-2018-suite\/' data-rel='slide-1' class='slide-image' title='MaMA Festival 2018 (suite)'><img decoding=\"async\" fetchpriority=\"high\" width=\"276\" height=\"400\" src=\"https:\/\/phonomuseum.fr\/wp-content\/uploads\/2018\/09\/MA18_Visuel-GC\u0327nC\u0327rique_Festival_1.png\" class=\"wp-image-1678 avia-img-lazy-loading-not-1678 attachment-portfolio size-portfolio wp-post-image\" alt=\"\" srcset=\"https:\/\/phonomuseum.fr\/wp-content\/uploads\/2018\/09\/MA18_Visuel-GC\u0327nC\u0327rique_Festival_1.png 2480w, https:\/\/phonomuseum.fr\/wp-content\/uploads\/2018\/09\/MA18_Visuel-GC\u0327nC\u0327rique_Festival_1-207x300.png 207w, https:\/\/phonomuseum.fr\/wp-content\/uploads\/2018\/09\/MA18_Visuel-GC\u0327nC\u0327rique_Festival_1-768x1113.png 768w, https:\/\/phonomuseum.fr\/wp-content\/uploads\/2018\/09\/MA18_Visuel-GC\u0327nC\u0327rique_Festival_1-706x1024.png 706w, https:\/\/phonomuseum.fr\/wp-content\/uploads\/2018\/09\/MA18_Visuel-GC\u0327nC\u0327rique_Festival_1-103x150.png 103w\" sizes=\"(max-width: 276px) 100vw, 276px\" \/><\/a><div class=\"slide-content\"><header class=\"entry-content-header\" aria-label=\"Slide: MaMA Festival 2018 (suite)\"><span class=\"blog-categories minor-meta\"><a href=\"https:\/\/phonomuseum.fr\/category\/blog\/\" rel=\"tag\">BLOG<\/a> <\/span><h3 class='slide-entry-title entry-title '  itemprop=\"headline\" ><a href='https:\/\/phonomuseum.fr\/mama-festival-2018-suite\/' title='MaMA Festival 2018 (suite)'>MaMA Festival 2018 (suite)<\/a><\/h3><span class=\"av-vertical-delimiter\"><\/span><\/header><\/div><footer class=\"entry-footer\"><div class=\"slide-meta\"><time class='slide-meta-time updated'  itemprop=\"datePublished\" datetime=\"2019-03-05T13:41:38+01:00\" ><\/time><\/div><\/footer><span class='hidden'>\n\t\t\t\t<span class='av-structured-data'  itemprop=\"image\" itemscope=\"itemscope\" itemtype=\"https:\/\/schema.org\/ImageObject\" >\n\t\t\t\t\t\t<span itemprop='url'>https:\/\/phonomuseum.fr\/wp-content\/uploads\/2018\/09\/MA18_Visuel-GC\u0327nC\u0327rique_Festival_1.png<\/span>\n\t\t\t\t\t\t<span itemprop='height'>3595<\/span>\n\t\t\t\t\t\t<span itemprop='width'>2480<\/span>\n\t\t\t\t<\/span>\n\t\t\t\t<span class='av-structured-data'  itemprop=\"publisher\" itemtype=\"https:\/\/schema.org\/Organization\" itemscope=\"itemscope\" >\n\t\t\t\t\t\t<span itemprop='name'>PHONO Museum Paris<\/span>\n\t\t\t\t\t\t<span itemprop='logo' itemscope itemtype='https:\/\/schema.org\/ImageObject'>\n\t\t\t\t\t\t\t<span itemprop='url'>https:\/\/phonomuseum.fr\/wp-content\/uploads\/2021\/01\/logo-couleurs-300x140.png<\/span>\n\t\t\t\t\t\t<\/span>\n\t\t\t\t<\/span><span class='av-structured-data'  itemprop=\"author\" itemscope=\"itemscope\" itemtype=\"https:\/\/schema.org\/Person\" ><span itemprop='name'>PHONO Museum Paris<\/span><\/span><span class='av-structured-data'  itemprop=\"datePublished\" datetime=\"2020-12-16T13:33:38+01:00\" >2018-10-01 14:05:18<\/span><span class='av-structured-data'  itemprop=\"dateModified\" itemtype=\"https:\/\/schema.org\/dateModified\" >2024-06-01 15:24:37<\/span><span class='av-structured-data'  itemprop=\"mainEntityOfPage\" itemtype=\"https:\/\/schema.org\/mainEntityOfPage\" ><span itemprop='name'>MaMA Festival 2018 (suite)<\/span><\/span><\/span><\/article><article class='slide-entry flex_column  post-entry post-entry-1690 slide-entry-overview slide-loop-98 slide-parity-even  av_one_third  real-thumbnail posttype-post post-format-standard'  itemscope=\"itemscope\" itemtype=\"https:\/\/schema.org\/CreativeWork\" ><a href='https:\/\/phonomuseum.fr\/numerisation-de-lenregistrement-du-proces-de-nelson-mandela\/' data-rel='slide-1' class='slide-image' title='Num\u00e9risation de l&rsquo;enregistrement du proc\u00e8s de Nelson Mandela'><img decoding=\"async\" fetchpriority=\"high\" width=\"495\" height=\"379\" src=\"https:\/\/phonomuseum.fr\/wp-content\/uploads\/2018\/09\/Capture-d\u2019e\u0301cran-2018-09-27-a\u0300-10.40.55.png\" class=\"wp-image-1694 avia-img-lazy-loading-not-1694 attachment-portfolio size-portfolio wp-post-image\" alt=\"\" srcset=\"https:\/\/phonomuseum.fr\/wp-content\/uploads\/2018\/09\/Capture-d\u2019e\u0301cran-2018-09-27-a\u0300-10.40.55.png 609w, https:\/\/phonomuseum.fr\/wp-content\/uploads\/2018\/09\/Capture-d\u2019e\u0301cran-2018-09-27-a\u0300-10.40.55-300x230.png 300w, https:\/\/phonomuseum.fr\/wp-content\/uploads\/2018\/09\/Capture-d\u2019e\u0301cran-2018-09-27-a\u0300-10.40.55-150x115.png 150w\" sizes=\"(max-width: 495px) 100vw, 495px\" \/><\/a><div class=\"slide-content\"><header class=\"entry-content-header\" aria-label=\"Slide: Num\u00e9risation de l&#039;enregistrement du proc\u00e8s de Nelson Mandela\"><span class=\"blog-categories minor-meta\"><a href=\"https:\/\/phonomuseum.fr\/category\/blog\/\" rel=\"tag\">BLOG<\/a> <\/span><h3 class='slide-entry-title entry-title '  itemprop=\"headline\" ><a href='https:\/\/phonomuseum.fr\/numerisation-de-lenregistrement-du-proces-de-nelson-mandela\/' title='Num\u00e9risation de l&rsquo;enregistrement du proc\u00e8s de Nelson Mandela'>Num\u00e9risation de l&rsquo;enregistrement du proc\u00e8s de Nelson Mandela<\/a><\/h3><span class=\"av-vertical-delimiter\"><\/span><\/header><\/div><footer class=\"entry-footer\"><div class=\"slide-meta\"><time class='slide-meta-time updated'  itemprop=\"datePublished\" datetime=\"2019-03-05T13:41:38+01:00\" ><\/time><\/div><\/footer><span class='hidden'>\n\t\t\t\t<span class='av-structured-data'  itemprop=\"image\" itemscope=\"itemscope\" itemtype=\"https:\/\/schema.org\/ImageObject\" >\n\t\t\t\t\t\t<span itemprop='url'>https:\/\/phonomuseum.fr\/wp-content\/uploads\/2018\/09\/Capture-d\u2019e\u0301cran-2018-09-27-a\u0300-10.40.55.png<\/span>\n\t\t\t\t\t\t<span itemprop='height'>466<\/span>\n\t\t\t\t\t\t<span itemprop='width'>609<\/span>\n\t\t\t\t<\/span>\n\t\t\t\t<span class='av-structured-data'  itemprop=\"publisher\" itemtype=\"https:\/\/schema.org\/Organization\" itemscope=\"itemscope\" >\n\t\t\t\t\t\t<span itemprop='name'>PHONO Museum Paris<\/span>\n\t\t\t\t\t\t<span itemprop='logo' itemscope itemtype='https:\/\/schema.org\/ImageObject'>\n\t\t\t\t\t\t\t<span itemprop='url'>https:\/\/phonomuseum.fr\/wp-content\/uploads\/2021\/01\/logo-couleurs-300x140.png<\/span>\n\t\t\t\t\t\t<\/span>\n\t\t\t\t<\/span><span class='av-structured-data'  itemprop=\"author\" itemscope=\"itemscope\" itemtype=\"https:\/\/schema.org\/Person\" ><span itemprop='name'>PHONO Museum Paris<\/span><\/span><span class='av-structured-data'  itemprop=\"datePublished\" datetime=\"2020-12-16T13:33:38+01:00\" >2018-09-27 10:48:29<\/span><span class='av-structured-data'  itemprop=\"dateModified\" itemtype=\"https:\/\/schema.org\/dateModified\" >2024-06-01 15:25:58<\/span><span class='av-structured-data'  itemprop=\"mainEntityOfPage\" itemtype=\"https:\/\/schema.org\/mainEntityOfPage\" ><span itemprop='name'>Num\u00e9risation de l&rsquo;enregistrement du proc\u00e8s de Nelson Mandela<\/span><\/span><\/span><\/article><article class='slide-entry flex_column  post-entry post-entry-1674 slide-entry-overview slide-loop-99 slide-parity-odd  av_one_third  real-thumbnail posttype-post post-format-standard'  itemscope=\"itemscope\" itemtype=\"https:\/\/schema.org\/CreativeWork\" ><a href='https:\/\/phonomuseum.fr\/mama-festival-2018\/' data-rel='slide-1' class='slide-image' title='MaMA Festival 2018'><img decoding=\"async\" fetchpriority=\"high\" width=\"276\" height=\"400\" src=\"https:\/\/phonomuseum.fr\/wp-content\/uploads\/2018\/09\/MA18_Visuel-GC\u0327nC\u0327rique_Festival_1.png\" class=\"wp-image-1678 avia-img-lazy-loading-not-1678 attachment-portfolio size-portfolio wp-post-image\" alt=\"\" srcset=\"https:\/\/phonomuseum.fr\/wp-content\/uploads\/2018\/09\/MA18_Visuel-GC\u0327nC\u0327rique_Festival_1.png 2480w, https:\/\/phonomuseum.fr\/wp-content\/uploads\/2018\/09\/MA18_Visuel-GC\u0327nC\u0327rique_Festival_1-207x300.png 207w, https:\/\/phonomuseum.fr\/wp-content\/uploads\/2018\/09\/MA18_Visuel-GC\u0327nC\u0327rique_Festival_1-768x1113.png 768w, https:\/\/phonomuseum.fr\/wp-content\/uploads\/2018\/09\/MA18_Visuel-GC\u0327nC\u0327rique_Festival_1-706x1024.png 706w, https:\/\/phonomuseum.fr\/wp-content\/uploads\/2018\/09\/MA18_Visuel-GC\u0327nC\u0327rique_Festival_1-103x150.png 103w\" sizes=\"(max-width: 276px) 100vw, 276px\" \/><\/a><div class=\"slide-content\"><header class=\"entry-content-header\" aria-label=\"Slide: MaMA Festival 2018\"><span class=\"blog-categories minor-meta\"><a href=\"https:\/\/phonomuseum.fr\/category\/blog\/\" rel=\"tag\">BLOG<\/a> <\/span><h3 class='slide-entry-title entry-title '  itemprop=\"headline\" ><a href='https:\/\/phonomuseum.fr\/mama-festival-2018\/' title='MaMA Festival 2018'>MaMA Festival 2018<\/a><\/h3><span class=\"av-vertical-delimiter\"><\/span><\/header><\/div><footer class=\"entry-footer\"><div class=\"slide-meta\"><time class='slide-meta-time updated'  itemprop=\"datePublished\" datetime=\"2019-03-05T13:41:38+01:00\" ><\/time><\/div><\/footer><span class='hidden'>\n\t\t\t\t<span class='av-structured-data'  itemprop=\"image\" itemscope=\"itemscope\" itemtype=\"https:\/\/schema.org\/ImageObject\" >\n\t\t\t\t\t\t<span itemprop='url'>https:\/\/phonomuseum.fr\/wp-content\/uploads\/2018\/09\/MA18_Visuel-GC\u0327nC\u0327rique_Festival_1.png<\/span>\n\t\t\t\t\t\t<span itemprop='height'>3595<\/span>\n\t\t\t\t\t\t<span itemprop='width'>2480<\/span>\n\t\t\t\t<\/span>\n\t\t\t\t<span class='av-structured-data'  itemprop=\"publisher\" itemtype=\"https:\/\/schema.org\/Organization\" itemscope=\"itemscope\" >\n\t\t\t\t\t\t<span itemprop='name'>PHONO Museum Paris<\/span>\n\t\t\t\t\t\t<span itemprop='logo' itemscope itemtype='https:\/\/schema.org\/ImageObject'>\n\t\t\t\t\t\t\t<span itemprop='url'>https:\/\/phonomuseum.fr\/wp-content\/uploads\/2021\/01\/logo-couleurs-300x140.png<\/span>\n\t\t\t\t\t\t<\/span>\n\t\t\t\t<\/span><span class='av-structured-data'  itemprop=\"author\" itemscope=\"itemscope\" itemtype=\"https:\/\/schema.org\/Person\" ><span itemprop='name'>PHONO Museum Paris<\/span><\/span><span class='av-structured-data'  itemprop=\"datePublished\" datetime=\"2020-12-16T13:33:38+01:00\" >2018-09-19 13:55:07<\/span><span class='av-structured-data'  itemprop=\"dateModified\" itemtype=\"https:\/\/schema.org\/dateModified\" >2024-06-01 15:31:14<\/span><span class='av-structured-data'  itemprop=\"mainEntityOfPage\" itemtype=\"https:\/\/schema.org\/mainEntityOfPage\" ><span itemprop='name'>MaMA Festival 2018<\/span><\/span><\/span><\/article><\/div><div class=\"slide-entry-wrap\"><article class='slide-entry flex_column  post-entry post-entry-1662 slide-entry-overview slide-loop-100 slide-parity-odd  av_one_third first real-thumbnail posttype-post post-format-standard'  itemscope=\"itemscope\" itemtype=\"https:\/\/schema.org\/CreativeWork\" ><a href='https:\/\/phonomuseum.fr\/maurice-chevalier-130-ans-deja\/' data-rel='slide-1' class='slide-image' title='Maurice Chevalier, 130 ans d\u00e9j\u00e0 !'><img decoding=\"async\" fetchpriority=\"high\" width=\"292\" height=\"400\" src=\"https:\/\/phonomuseum.fr\/wp-content\/uploads\/2018\/09\/DSCN1632.jpg\" class=\"wp-image-1664 avia-img-lazy-loading-not-1664 attachment-portfolio size-portfolio wp-post-image\" alt=\"\" srcset=\"https:\/\/phonomuseum.fr\/wp-content\/uploads\/2018\/09\/DSCN1632.jpg 467w, https:\/\/phonomuseum.fr\/wp-content\/uploads\/2018\/09\/DSCN1632-219x300.jpg 219w, https:\/\/phonomuseum.fr\/wp-content\/uploads\/2018\/09\/DSCN1632-110x150.jpg 110w\" sizes=\"(max-width: 292px) 100vw, 292px\" \/><\/a><div class=\"slide-content\"><header class=\"entry-content-header\" aria-label=\"Slide: Maurice Chevalier, 130 ans d\u00e9j\u00e0 !\"><span class=\"blog-categories minor-meta\"><a href=\"https:\/\/phonomuseum.fr\/category\/blog\/\" rel=\"tag\">BLOG<\/a> <\/span><h3 class='slide-entry-title entry-title '  itemprop=\"headline\" ><a href='https:\/\/phonomuseum.fr\/maurice-chevalier-130-ans-deja\/' title='Maurice Chevalier, 130 ans d\u00e9j\u00e0 !'>Maurice Chevalier, 130 ans d\u00e9j\u00e0 !<\/a><\/h3><span class=\"av-vertical-delimiter\"><\/span><\/header><div class='slide-entry-excerpt entry-content'  itemprop=\"text\" >Cette semaine, nous avons c\u00e9l\u00e9br\u00e9 le jour anniversaire de Maurice Chevalier, soit le 12 septembre 1888. 130 ans ! Outre que le mus\u00e9e expose son magnifique meuble appel\u00e9 chambre de musique (voir photo ci-dessous) qui sonorisait sa maison\u2026<\/div><\/div><footer class=\"entry-footer\"><div class=\"slide-meta\"><time class='slide-meta-time updated'  itemprop=\"datePublished\" datetime=\"2018-09-15T14:07:55+02:00\" ><\/time><\/div><\/footer><span class='hidden'>\n\t\t\t\t<span class='av-structured-data'  itemprop=\"image\" itemscope=\"itemscope\" itemtype=\"https:\/\/schema.org\/ImageObject\" >\n\t\t\t\t\t\t<span itemprop='url'>https:\/\/phonomuseum.fr\/wp-content\/uploads\/2018\/09\/DSCN1632.jpg<\/span>\n\t\t\t\t\t\t<span itemprop='height'>639<\/span>\n\t\t\t\t\t\t<span itemprop='width'>467<\/span>\n\t\t\t\t<\/span>\n\t\t\t\t<span class='av-structured-data'  itemprop=\"publisher\" itemtype=\"https:\/\/schema.org\/Organization\" itemscope=\"itemscope\" >\n\t\t\t\t\t\t<span itemprop='name'>PHONO Museum Paris<\/span>\n\t\t\t\t\t\t<span itemprop='logo' itemscope itemtype='https:\/\/schema.org\/ImageObject'>\n\t\t\t\t\t\t\t<span itemprop='url'>https:\/\/phonomuseum.fr\/wp-content\/uploads\/2021\/01\/logo-couleurs-300x140.png<\/span>\n\t\t\t\t\t\t<\/span>\n\t\t\t\t<\/span><span class='av-structured-data'  itemprop=\"author\" itemscope=\"itemscope\" itemtype=\"https:\/\/schema.org\/Person\" ><span itemprop='name'>PHONO Museum Paris<\/span><\/span><span class='av-structured-data'  itemprop=\"datePublished\" datetime=\"2020-12-16T13:33:38+01:00\" >2018-09-15 14:07:55<\/span><span class='av-structured-data'  itemprop=\"dateModified\" itemtype=\"https:\/\/schema.org\/dateModified\" >2024-06-01 17:13:11<\/span><span class='av-structured-data'  itemprop=\"mainEntityOfPage\" itemtype=\"https:\/\/schema.org\/mainEntityOfPage\" ><span itemprop='name'>Maurice Chevalier, 130 ans d\u00e9j\u00e0 !<\/span><\/span><\/span><\/article><article class='slide-entry flex_column  post-entry post-entry-1646 slide-entry-overview slide-loop-101 slide-parity-even  av_one_third  fake-thumbnail posttype-post post-format-standard'  itemscope=\"itemscope\" itemtype=\"https:\/\/schema.org\/CreativeWork\" ><a href='https:\/\/phonomuseum.fr\/son-et-sante\/' data-rel='slide-1' class='slide-image' title='Son et sant\u00e9'><span class='fallback-post-type-icon avia-svg-icon avia-font-svg_entypo-fontello' data-av_svg_icon='pencil' data-av_iconset='svg_entypo-fontello'><svg version=\"1.1\" xmlns=\"http:\/\/www.w3.org\/2000\/svg\" width=\"25\" height=\"32\" viewBox=\"0 0 25 32\" preserveAspectRatio=\"xMidYMid meet\" role=\"graphics-symbol\" aria-hidden=\"true\">\n<path d=\"M22.976 5.44q1.024 1.024 1.504 2.048t0.48 1.536v0.512l-8.064 8.064-9.28 9.216-7.616 1.664 1.6-7.68 9.28-9.216 8.064-8.064q1.728-0.384 4.032 1.92zM7.168 25.92l0.768-0.768q-0.064-1.408-1.664-3.008-0.704-0.704-1.44-1.12t-1.12-0.416l-0.448-0.064-0.704 0.768-0.576 2.56q0.896 0.512 1.472 1.088 0.768 0.768 1.152 1.536z\"><\/path>\n<\/svg><\/span><span class='slider-fallback-image'><img decoding=\"async\" fetchpriority=\"high\" width=\"282\" height=\"400\" src=\"https:\/\/phonomuseum.fr\/wp-content\/uploads\/2016\/02\/concert1.jpg\" class=\"wp-image-262 avia-img-lazy-loading-not-262 attachment-portfolio size-portfolio wp-post-image\" alt=\"Musique d&#039;Alep\" srcset=\"https:\/\/phonomuseum.fr\/wp-content\/uploads\/2016\/02\/concert1.jpg 338w, https:\/\/phonomuseum.fr\/wp-content\/uploads\/2016\/02\/concert1-211x300.jpg 211w, https:\/\/phonomuseum.fr\/wp-content\/uploads\/2016\/02\/concert1-106x150.jpg 106w\" sizes=\"(max-width: 282px) 100vw, 282px\" \/><\/span><\/a><div class=\"slide-content\"><header class=\"entry-content-header\" aria-label=\"Slide: Son et sant\u00e9\"><span class=\"blog-categories minor-meta\"><a href=\"https:\/\/phonomuseum.fr\/category\/blog\/\" rel=\"tag\">BLOG<\/a> <\/span><h3 class='slide-entry-title entry-title '  itemprop=\"headline\" ><a href='https:\/\/phonomuseum.fr\/son-et-sante\/' title='Son et sant\u00e9'>Son et sant\u00e9<\/a><\/h3><span class=\"av-vertical-delimiter\"><\/span><\/header><div class='slide-entry-excerpt entry-content'  itemprop=\"text\" >Le laboratoire de correction auditive Audition Sant\u00e9 publie r\u00e9guli\u00e8rement un magazine D-Cibel d\u00e9di\u00e9 \u00e0 l'audition. Dans sa derni\u00e8re \u00e9dition, il y pr\u00e9sente le mus\u00e9e et nous le partageons avec vous.\r\nPhono Museum<\/div><\/div><footer class=\"entry-footer\"><div class=\"slide-meta\"><time class='slide-meta-time updated'  itemprop=\"datePublished\" datetime=\"2018-07-16T14:01:36+02:00\" ><\/time><\/div><\/footer><span class='hidden'>\n\t\t\t\t<span class='av-structured-data'  itemprop=\"image\" itemscope=\"itemscope\" itemtype=\"https:\/\/schema.org\/ImageObject\" >\n\t\t\t\t\t\t<span itemprop='url'>https:\/\/phonomuseum.fr\/wp-content\/uploads\/2021\/01\/logo-couleurs-300x140.png<\/span>\n\t\t\t\t\t\t<span itemprop='height'>0<\/span>\n\t\t\t\t\t\t<span itemprop='width'>0<\/span>\n\t\t\t\t<\/span>\n\t\t\t\t<span class='av-structured-data'  itemprop=\"publisher\" itemtype=\"https:\/\/schema.org\/Organization\" itemscope=\"itemscope\" >\n\t\t\t\t\t\t<span itemprop='name'>PHONO Museum Paris<\/span>\n\t\t\t\t\t\t<span itemprop='logo' itemscope itemtype='https:\/\/schema.org\/ImageObject'>\n\t\t\t\t\t\t\t<span itemprop='url'>https:\/\/phonomuseum.fr\/wp-content\/uploads\/2021\/01\/logo-couleurs-300x140.png<\/span>\n\t\t\t\t\t\t<\/span>\n\t\t\t\t<\/span><span class='av-structured-data'  itemprop=\"author\" itemscope=\"itemscope\" itemtype=\"https:\/\/schema.org\/Person\" ><span itemprop='name'>PHONO Museum Paris<\/span><\/span><span class='av-structured-data'  itemprop=\"datePublished\" datetime=\"2020-12-16T13:33:38+01:00\" >2018-07-16 14:01:36<\/span><span class='av-structured-data'  itemprop=\"dateModified\" itemtype=\"https:\/\/schema.org\/dateModified\" >2024-06-01 17:18:22<\/span><span class='av-structured-data'  itemprop=\"mainEntityOfPage\" itemtype=\"https:\/\/schema.org\/mainEntityOfPage\" ><span itemprop='name'>Son et sant\u00e9<\/span><\/span><\/span><\/article><article class='slide-entry flex_column  post-entry post-entry-1634 slide-entry-overview slide-loop-102 slide-parity-odd  av_one_third  real-thumbnail posttype-post post-format-standard'  itemscope=\"itemscope\" itemtype=\"https:\/\/schema.org\/CreativeWork\" ><a href='https:\/\/phonomuseum.fr\/lancement-du-musee-virtuel-sacem\/' data-rel='slide-1' class='slide-image' title='Lancement du mus\u00e9e virtuel Sacem'><img decoding=\"async\" fetchpriority=\"high\" width=\"368\" height=\"171\" src=\"https:\/\/phonomuseum.fr\/wp-content\/uploads\/2021\/01\/SACEM.png\" class=\"wp-image-2944 avia-img-lazy-loading-not-2944 attachment-portfolio size-portfolio wp-post-image\" alt=\"\" srcset=\"https:\/\/phonomuseum.fr\/wp-content\/uploads\/2021\/01\/SACEM.png 368w, https:\/\/phonomuseum.fr\/wp-content\/uploads\/2021\/01\/SACEM-300x139.png 300w\" sizes=\"(max-width: 368px) 100vw, 368px\" \/><\/a><div class=\"slide-content\"><header class=\"entry-content-header\" aria-label=\"Slide: Lancement du mus\u00e9e virtuel Sacem\"><span class=\"blog-categories minor-meta\"><a href=\"https:\/\/phonomuseum.fr\/category\/blog\/\" rel=\"tag\">BLOG<\/a> <\/span><h3 class='slide-entry-title entry-title '  itemprop=\"headline\" ><a href='https:\/\/phonomuseum.fr\/lancement-du-musee-virtuel-sacem\/' title='Lancement du mus\u00e9e virtuel Sacem'>Lancement du mus\u00e9e virtuel Sacem<\/a><\/h3><span class=\"av-vertical-delimiter\"><\/span><\/header><div class='slide-entry-excerpt entry-content'  itemprop=\"text\" >Nous sommes heureux d'annoncer le lancement du mus\u00e9e en ligne SACEM dont PHONO Museum Paris est l'un des partenaires.\r\n\r\nCliquer sur l'image pour acc\u00e9der au site\r\nPHONO Museum Paris est \u00e0 la fois tr\u00e8s fier et tr\u00e8s honor\u00e9 d'avoir \u00e9t\u00e9\u2026<\/div><\/div><footer class=\"entry-footer\"><div class=\"slide-meta\"><time class='slide-meta-time updated'  itemprop=\"datePublished\" datetime=\"2018-06-12T09:25:47+02:00\" ><\/time><\/div><\/footer><span class='hidden'>\n\t\t\t\t<span class='av-structured-data'  itemprop=\"image\" itemscope=\"itemscope\" itemtype=\"https:\/\/schema.org\/ImageObject\" >\n\t\t\t\t\t\t<span itemprop='url'>https:\/\/phonomuseum.fr\/wp-content\/uploads\/2021\/01\/SACEM.png<\/span>\n\t\t\t\t\t\t<span itemprop='height'>171<\/span>\n\t\t\t\t\t\t<span itemprop='width'>368<\/span>\n\t\t\t\t<\/span>\n\t\t\t\t<span class='av-structured-data'  itemprop=\"publisher\" itemtype=\"https:\/\/schema.org\/Organization\" itemscope=\"itemscope\" >\n\t\t\t\t\t\t<span itemprop='name'>PHONO Museum Paris<\/span>\n\t\t\t\t\t\t<span itemprop='logo' itemscope itemtype='https:\/\/schema.org\/ImageObject'>\n\t\t\t\t\t\t\t<span itemprop='url'>https:\/\/phonomuseum.fr\/wp-content\/uploads\/2021\/01\/logo-couleurs-300x140.png<\/span>\n\t\t\t\t\t\t<\/span>\n\t\t\t\t<\/span><span class='av-structured-data'  itemprop=\"author\" itemscope=\"itemscope\" itemtype=\"https:\/\/schema.org\/Person\" ><span itemprop='name'>PHONO Museum Paris<\/span><\/span><span class='av-structured-data'  itemprop=\"datePublished\" datetime=\"2020-12-16T13:33:38+01:00\" >2018-06-12 09:25:47<\/span><span class='av-structured-data'  itemprop=\"dateModified\" itemtype=\"https:\/\/schema.org\/dateModified\" >2024-06-01 17:19:29<\/span><span class='av-structured-data'  itemprop=\"mainEntityOfPage\" itemtype=\"https:\/\/schema.org\/mainEntityOfPage\" ><span itemprop='name'>Lancement du mus\u00e9e virtuel Sacem<\/span><\/span><\/span><\/article><\/div><div class=\"slide-entry-wrap\"><article class='slide-entry flex_column  post-entry post-entry-1593 slide-entry-overview slide-loop-103 slide-parity-odd  av_one_third first real-thumbnail posttype-post post-format-standard'  itemscope=\"itemscope\" itemtype=\"https:\/\/schema.org\/CreativeWork\" ><a href='https:\/\/phonomuseum.fr\/avec-les-enfants\/' data-rel='slide-1' class='slide-image' title='Avec les enfants'><img decoding=\"async\" fetchpriority=\"high\" width=\"495\" height=\"371\" src=\"https:\/\/phonomuseum.fr\/wp-content\/uploads\/2018\/03\/16-mars-2018-2.jpg\" class=\"wp-image-1596 avia-img-lazy-loading-not-1596 attachment-portfolio size-portfolio wp-post-image\" alt=\"\" srcset=\"https:\/\/phonomuseum.fr\/wp-content\/uploads\/2018\/03\/16-mars-2018-2.jpg 1632w, https:\/\/phonomuseum.fr\/wp-content\/uploads\/2018\/03\/16-mars-2018-2-300x225.jpg 300w, https:\/\/phonomuseum.fr\/wp-content\/uploads\/2018\/03\/16-mars-2018-2-768x576.jpg 768w, https:\/\/phonomuseum.fr\/wp-content\/uploads\/2018\/03\/16-mars-2018-2-1024x768.jpg 1024w, https:\/\/phonomuseum.fr\/wp-content\/uploads\/2018\/03\/16-mars-2018-2-150x113.jpg 150w\" sizes=\"(max-width: 495px) 100vw, 495px\" \/><\/a><div class=\"slide-content\"><header class=\"entry-content-header\" aria-label=\"Slide: Avec les enfants\"><span class=\"blog-categories minor-meta\"><a href=\"https:\/\/phonomuseum.fr\/category\/blog\/\" rel=\"tag\">BLOG<\/a> <\/span><h3 class='slide-entry-title entry-title '  itemprop=\"headline\" ><a href='https:\/\/phonomuseum.fr\/avec-les-enfants\/' title='Avec les enfants'>Avec les enfants<\/a><\/h3><span class=\"av-vertical-delimiter\"><\/span><\/header><\/div><footer class=\"entry-footer\"><div class=\"slide-meta\"><time class='slide-meta-time updated'  itemprop=\"datePublished\" datetime=\"2018-06-12T09:25:47+02:00\" ><\/time><\/div><\/footer><span class='hidden'>\n\t\t\t\t<span class='av-structured-data'  itemprop=\"image\" itemscope=\"itemscope\" itemtype=\"https:\/\/schema.org\/ImageObject\" >\n\t\t\t\t\t\t<span itemprop='url'>https:\/\/phonomuseum.fr\/wp-content\/uploads\/2018\/03\/16-mars-2018-2.jpg<\/span>\n\t\t\t\t\t\t<span itemprop='height'>1224<\/span>\n\t\t\t\t\t\t<span itemprop='width'>1632<\/span>\n\t\t\t\t<\/span>\n\t\t\t\t<span class='av-structured-data'  itemprop=\"publisher\" itemtype=\"https:\/\/schema.org\/Organization\" itemscope=\"itemscope\" >\n\t\t\t\t\t\t<span itemprop='name'>PHONO Museum Paris<\/span>\n\t\t\t\t\t\t<span itemprop='logo' itemscope itemtype='https:\/\/schema.org\/ImageObject'>\n\t\t\t\t\t\t\t<span itemprop='url'>https:\/\/phonomuseum.fr\/wp-content\/uploads\/2021\/01\/logo-couleurs-300x140.png<\/span>\n\t\t\t\t\t\t<\/span>\n\t\t\t\t<\/span><span class='av-structured-data'  itemprop=\"author\" itemscope=\"itemscope\" itemtype=\"https:\/\/schema.org\/Person\" ><span itemprop='name'>PHONO Museum Paris<\/span><\/span><span class='av-structured-data'  itemprop=\"datePublished\" datetime=\"2020-12-16T13:33:38+01:00\" >2018-03-16 17:50:14<\/span><span class='av-structured-data'  itemprop=\"dateModified\" itemtype=\"https:\/\/schema.org\/dateModified\" >2024-06-01 17:21:12<\/span><span class='av-structured-data'  itemprop=\"mainEntityOfPage\" itemtype=\"https:\/\/schema.org\/mainEntityOfPage\" ><span itemprop='name'>Avec les enfants<\/span><\/span><\/span><\/article><article class='slide-entry flex_column  post-entry post-entry-1574 slide-entry-overview slide-loop-104 slide-parity-even  av_one_third  real-thumbnail posttype-post post-format-standard'  itemscope=\"itemscope\" itemtype=\"https:\/\/schema.org\/CreativeWork\" ><a href='https:\/\/phonomuseum.fr\/carte-blanche-a-thomas-boissy\/' data-rel='slide-1' class='slide-image' title='Carte blanche \u00e0 Thomas Boissy'><img decoding=\"async\" fetchpriority=\"high\" width=\"495\" height=\"310\" src=\"https:\/\/phonomuseum.fr\/wp-content\/uploads\/2018\/03\/Capture-d\u2019e\u0301cran-2018-03-12-a\u0300-11.26.23.png\" class=\"wp-image-1581 avia-img-lazy-loading-not-1581 attachment-portfolio size-portfolio wp-post-image\" alt=\"Thomas Boissy\" srcset=\"https:\/\/phonomuseum.fr\/wp-content\/uploads\/2018\/03\/Capture-d\u2019e\u0301cran-2018-03-12-a\u0300-11.26.23.png 907w, https:\/\/phonomuseum.fr\/wp-content\/uploads\/2018\/03\/Capture-d\u2019e\u0301cran-2018-03-12-a\u0300-11.26.23-300x188.png 300w, https:\/\/phonomuseum.fr\/wp-content\/uploads\/2018\/03\/Capture-d\u2019e\u0301cran-2018-03-12-a\u0300-11.26.23-768x481.png 768w, https:\/\/phonomuseum.fr\/wp-content\/uploads\/2018\/03\/Capture-d\u2019e\u0301cran-2018-03-12-a\u0300-11.26.23-150x94.png 150w\" sizes=\"(max-width: 495px) 100vw, 495px\" \/><\/a><div class=\"slide-content\"><header class=\"entry-content-header\" aria-label=\"Slide: Carte blanche \u00e0 Thomas Boissy\"><span class=\"blog-categories minor-meta\"><a href=\"https:\/\/phonomuseum.fr\/category\/blog\/\" rel=\"tag\">BLOG<\/a>, <a href=\"https:\/\/phonomuseum.fr\/category\/concerts\/\" rel=\"tag\">Concerts<\/a>, <a href=\"https:\/\/phonomuseum.fr\/category\/concerts\/concerts-2018\/\" rel=\"tag\">Concerts 2018<\/a> <\/span><h3 class='slide-entry-title entry-title '  itemprop=\"headline\" ><a href='https:\/\/phonomuseum.fr\/carte-blanche-a-thomas-boissy\/' title='Carte blanche \u00e0 Thomas Boissy'>Carte blanche \u00e0 Thomas Boissy<\/a><\/h3><span class=\"av-vertical-delimiter\"><\/span><\/header><div class='slide-entry-excerpt entry-content'  itemprop=\"text\" >\r\n\r\nUn concert exceptionnel de plus ! Le Vendredi 6 Avril 2018 \u00e0 20h, ce sera :\r\n\"Carte blanche\" \u00e0 Thomas Boissy\r\nThomas Boissy est \"un chanteur et com\u00e9dien fran\u00e7ais\" nous dit sa fiche Wikip\u00e9dia. Avec une voix chaleureuse et un dynamisme\u2026<\/div><\/div><footer class=\"entry-footer\"><div class=\"slide-meta\"><time class='slide-meta-time updated'  itemprop=\"datePublished\" datetime=\"2018-03-12T11:32:31+01:00\" ><\/time><\/div><\/footer><span class='hidden'>\n\t\t\t\t<span class='av-structured-data'  itemprop=\"image\" itemscope=\"itemscope\" itemtype=\"https:\/\/schema.org\/ImageObject\" >\n\t\t\t\t\t\t<span itemprop='url'>https:\/\/phonomuseum.fr\/wp-content\/uploads\/2018\/03\/Capture-d\u2019e\u0301cran-2018-03-12-a\u0300-11.26.23.png<\/span>\n\t\t\t\t\t\t<span itemprop='height'>568<\/span>\n\t\t\t\t\t\t<span itemprop='width'>907<\/span>\n\t\t\t\t<\/span>\n\t\t\t\t<span class='av-structured-data'  itemprop=\"publisher\" itemtype=\"https:\/\/schema.org\/Organization\" itemscope=\"itemscope\" >\n\t\t\t\t\t\t<span itemprop='name'>PHONO Museum Paris<\/span>\n\t\t\t\t\t\t<span itemprop='logo' itemscope itemtype='https:\/\/schema.org\/ImageObject'>\n\t\t\t\t\t\t\t<span itemprop='url'>https:\/\/phonomuseum.fr\/wp-content\/uploads\/2021\/01\/logo-couleurs-300x140.png<\/span>\n\t\t\t\t\t\t<\/span>\n\t\t\t\t<\/span><span class='av-structured-data'  itemprop=\"author\" itemscope=\"itemscope\" itemtype=\"https:\/\/schema.org\/Person\" ><span itemprop='name'>PHONO Museum Paris<\/span><\/span><span class='av-structured-data'  itemprop=\"datePublished\" datetime=\"2020-12-16T13:33:38+01:00\" >2018-03-12 11:32:31<\/span><span class='av-structured-data'  itemprop=\"dateModified\" itemtype=\"https:\/\/schema.org\/dateModified\" >2024-06-01 17:22:52<\/span><span class='av-structured-data'  itemprop=\"mainEntityOfPage\" itemtype=\"https:\/\/schema.org\/mainEntityOfPage\" ><span itemprop='name'>Carte blanche \u00e0 Thomas Boissy<\/span><\/span><\/span><\/article><article class='slide-entry flex_column  post-entry post-entry-1536 slide-entry-overview slide-loop-105 slide-parity-odd  av_one_third  real-thumbnail posttype-post post-format-standard'  itemscope=\"itemscope\" itemtype=\"https:\/\/schema.org\/CreativeWork\" ><a href='https:\/\/phonomuseum.fr\/concert-de-pavel-fakhrtdinov\/' data-rel='slide-1' class='slide-image' title='Concert de Pavel Fakhrtdinov'><img decoding=\"async\" fetchpriority=\"high\" width=\"283\" height=\"400\" src=\"https:\/\/phonomuseum.fr\/wp-content\/uploads\/2018\/02\/\u041f\u0430\u0424\u0430_\u0410\u0444\u0438\u0448\u0430_1.jpg\" class=\"wp-image-1529 avia-img-lazy-loading-not-1529 attachment-portfolio size-portfolio wp-post-image\" alt=\"Pavel Fakhrtdinov\" srcset=\"https:\/\/phonomuseum.fr\/wp-content\/uploads\/2018\/02\/\u041f\u0430\u0424\u0430_\u0410\u0444\u0438\u0448\u0430_1.jpg 452w, https:\/\/phonomuseum.fr\/wp-content\/uploads\/2018\/02\/\u041f\u0430\u0424\u0430_\u0410\u0444\u0438\u0448\u0430_1-212x300.jpg 212w, https:\/\/phonomuseum.fr\/wp-content\/uploads\/2018\/02\/\u041f\u0430\u0424\u0430_\u0410\u0444\u0438\u0448\u0430_1-106x150.jpg 106w\" sizes=\"(max-width: 283px) 100vw, 283px\" \/><\/a><div class=\"slide-content\"><header class=\"entry-content-header\" aria-label=\"Slide: Concert de Pavel Fakhrtdinov\"><span class=\"blog-categories minor-meta\"><a href=\"https:\/\/phonomuseum.fr\/category\/blog\/\" rel=\"tag\">BLOG<\/a>, <a href=\"https:\/\/phonomuseum.fr\/category\/concerts\/\" rel=\"tag\">Concerts<\/a>, <a href=\"https:\/\/phonomuseum.fr\/category\/concerts\/concerts-2018\/\" rel=\"tag\">Concerts 2018<\/a> <\/span><h3 class='slide-entry-title entry-title '  itemprop=\"headline\" ><a href='https:\/\/phonomuseum.fr\/concert-de-pavel-fakhrtdinov\/' title='Concert de Pavel Fakhrtdinov'>Concert de Pavel Fakhrtdinov<\/a><\/h3><span class=\"av-vertical-delimiter\"><\/span><\/header><div class='slide-entry-excerpt entry-content'  itemprop=\"text\" >\r\n\r\nPavel Fakhrtdinov donnera un concert au mus\u00e9e le samedi 17 mars 2018 \u00e0 19h.\r\nAuteur-interpr\u00e8te de Moscou (Russie), l'homme exceptionnel avec cinq consonnes \u00e0 la suite dans son nom, que de plus en plus de gens apprennent volontiers partout\u2026<\/div><\/div><footer class=\"entry-footer\"><div class=\"slide-meta\"><time class='slide-meta-time updated'  itemprop=\"datePublished\" datetime=\"2018-02-24T13:02:01+01:00\" ><\/time><\/div><\/footer><span class='hidden'>\n\t\t\t\t<span class='av-structured-data'  itemprop=\"image\" itemscope=\"itemscope\" itemtype=\"https:\/\/schema.org\/ImageObject\" >\n\t\t\t\t\t\t<span itemprop='url'>https:\/\/phonomuseum.fr\/wp-content\/uploads\/2018\/02\/\u041f\u0430\u0424\u0430_\u0410\u0444\u0438\u0448\u0430_1.jpg<\/span>\n\t\t\t\t\t\t<span itemprop='height'>640<\/span>\n\t\t\t\t\t\t<span itemprop='width'>452<\/span>\n\t\t\t\t<\/span>\n\t\t\t\t<span class='av-structured-data'  itemprop=\"publisher\" itemtype=\"https:\/\/schema.org\/Organization\" itemscope=\"itemscope\" >\n\t\t\t\t\t\t<span itemprop='name'>PHONO Museum Paris<\/span>\n\t\t\t\t\t\t<span itemprop='logo' itemscope itemtype='https:\/\/schema.org\/ImageObject'>\n\t\t\t\t\t\t\t<span itemprop='url'>https:\/\/phonomuseum.fr\/wp-content\/uploads\/2021\/01\/logo-couleurs-300x140.png<\/span>\n\t\t\t\t\t\t<\/span>\n\t\t\t\t<\/span><span class='av-structured-data'  itemprop=\"author\" itemscope=\"itemscope\" itemtype=\"https:\/\/schema.org\/Person\" ><span itemprop='name'>PHONO Museum Paris<\/span><\/span><span class='av-structured-data'  itemprop=\"datePublished\" datetime=\"2020-12-16T13:33:38+01:00\" >2018-02-24 13:02:01<\/span><span class='av-structured-data'  itemprop=\"dateModified\" itemtype=\"https:\/\/schema.org\/dateModified\" >2024-06-01 17:24:41<\/span><span class='av-structured-data'  itemprop=\"mainEntityOfPage\" itemtype=\"https:\/\/schema.org\/mainEntityOfPage\" ><span itemprop='name'>Concert de Pavel Fakhrtdinov<\/span><\/span><\/span><\/article><\/div><div class=\"slide-entry-wrap\"><article class='slide-entry flex_column  post-entry post-entry-1495 slide-entry-overview slide-loop-106 slide-parity-odd  av_one_third first real-thumbnail posttype-post post-format-standard'  itemscope=\"itemscope\" itemtype=\"https:\/\/schema.org\/CreativeWork\" ><a href='https:\/\/phonomuseum.fr\/concert-exceptionnel-de-soutien-jean-jacques-debout\/' data-rel='slide-1' class='slide-image' title='Concert exceptionnel de soutien : Jean-Jacques Debout'><img decoding=\"async\" fetchpriority=\"high\" width=\"495\" height=\"371\" src=\"https:\/\/phonomuseum.fr\/wp-content\/uploads\/2018\/01\/J.J-Debout.jpg\" class=\"wp-image-1411 avia-img-lazy-loading-not-1411 attachment-portfolio size-portfolio wp-post-image\" alt=\"Jean Jacques Debout au Phono Museum Paris\" srcset=\"https:\/\/phonomuseum.fr\/wp-content\/uploads\/2018\/01\/J.J-Debout.jpg 640w, https:\/\/phonomuseum.fr\/wp-content\/uploads\/2018\/01\/J.J-Debout-300x225.jpg 300w, https:\/\/phonomuseum.fr\/wp-content\/uploads\/2018\/01\/J.J-Debout-150x113.jpg 150w\" sizes=\"(max-width: 495px) 100vw, 495px\" \/><\/a><div class=\"slide-content\"><header class=\"entry-content-header\" aria-label=\"Slide: Concert exceptionnel de soutien : Jean-Jacques Debout\"><span class=\"blog-categories minor-meta\"><a href=\"https:\/\/phonomuseum.fr\/category\/blog\/\" rel=\"tag\">BLOG<\/a>, <a href=\"https:\/\/phonomuseum.fr\/category\/concerts\/\" rel=\"tag\">Concerts<\/a>, <a href=\"https:\/\/phonomuseum.fr\/category\/concerts\/concerts-2018\/\" rel=\"tag\">Concerts 2018<\/a> <\/span><h3 class='slide-entry-title entry-title '  itemprop=\"headline\" ><a href='https:\/\/phonomuseum.fr\/concert-exceptionnel-de-soutien-jean-jacques-debout\/' title='Concert exceptionnel de soutien : Jean-Jacques Debout'>Concert exceptionnel de soutien : Jean-Jacques Debout<\/a><\/h3><span class=\"av-vertical-delimiter\"><\/span><\/header><div class='slide-entry-excerpt entry-content'  itemprop=\"text\" >\r\nNous sommes heureux d'annoncer qu'\u00e0 l'occasion de son anniversaire,\u00a0\u00a0Jean-Jacques Debout donnera un concert exceptionnel de soutien \u00e0 PHONO Museum Paris le :\r\n&nbsp;\r\nJeudi 8 mars 2018 \u00e0 20h\r\n&nbsp;\r\n\r\nEst-il utile de pr\u00e9senter Jean-Jacques\u2026<\/div><\/div><footer class=\"entry-footer\"><div class=\"slide-meta\"><time class='slide-meta-time updated'  itemprop=\"datePublished\" datetime=\"2018-02-20T13:55:38+01:00\" ><\/time><\/div><\/footer><span class='hidden'>\n\t\t\t\t<span class='av-structured-data'  itemprop=\"image\" itemscope=\"itemscope\" itemtype=\"https:\/\/schema.org\/ImageObject\" >\n\t\t\t\t\t\t<span itemprop='url'>https:\/\/phonomuseum.fr\/wp-content\/uploads\/2018\/01\/J.J-Debout.jpg<\/span>\n\t\t\t\t\t\t<span itemprop='height'>480<\/span>\n\t\t\t\t\t\t<span itemprop='width'>640<\/span>\n\t\t\t\t<\/span>\n\t\t\t\t<span class='av-structured-data'  itemprop=\"publisher\" itemtype=\"https:\/\/schema.org\/Organization\" itemscope=\"itemscope\" >\n\t\t\t\t\t\t<span itemprop='name'>PHONO Museum Paris<\/span>\n\t\t\t\t\t\t<span itemprop='logo' itemscope itemtype='https:\/\/schema.org\/ImageObject'>\n\t\t\t\t\t\t\t<span itemprop='url'>https:\/\/phonomuseum.fr\/wp-content\/uploads\/2021\/01\/logo-couleurs-300x140.png<\/span>\n\t\t\t\t\t\t<\/span>\n\t\t\t\t<\/span><span class='av-structured-data'  itemprop=\"author\" itemscope=\"itemscope\" itemtype=\"https:\/\/schema.org\/Person\" ><span itemprop='name'>PHONO Museum Paris<\/span><\/span><span class='av-structured-data'  itemprop=\"datePublished\" datetime=\"2020-12-16T13:33:38+01:00\" >2018-02-20 13:55:38<\/span><span class='av-structured-data'  itemprop=\"dateModified\" itemtype=\"https:\/\/schema.org\/dateModified\" >2024-06-01 17:28:04<\/span><span class='av-structured-data'  itemprop=\"mainEntityOfPage\" itemtype=\"https:\/\/schema.org\/mainEntityOfPage\" ><span itemprop='name'>Concert exceptionnel de soutien : Jean-Jacques Debout<\/span><\/span><\/span><\/article><article class='slide-entry flex_column  post-entry post-entry-1414 slide-entry-overview slide-loop-107 slide-parity-even  av_one_third  real-thumbnail posttype-post post-format-standard'  itemscope=\"itemscope\" itemtype=\"https:\/\/schema.org\/CreativeWork\" ><a href='https:\/\/phonomuseum.fr\/disques-vinyles-soumis-controle-qualite\/' data-rel='slide-1' class='slide-image' title='Les disques vinyles soumis au contr\u00f4le qualit\u00e9'><img decoding=\"async\" fetchpriority=\"high\" width=\"404\" height=\"400\" src=\"https:\/\/phonomuseum.fr\/wp-content\/uploads\/2018\/01\/DSCN9130.jpg\" class=\"wp-image-1433 avia-img-lazy-loading-not-1433 attachment-portfolio size-portfolio wp-post-image\" alt=\"Disque vinyle\" srcset=\"https:\/\/phonomuseum.fr\/wp-content\/uploads\/2018\/01\/DSCN9130.jpg 639w, https:\/\/phonomuseum.fr\/wp-content\/uploads\/2018\/01\/DSCN9130-150x148.jpg 150w, https:\/\/phonomuseum.fr\/wp-content\/uploads\/2018\/01\/DSCN9130-300x297.jpg 300w\" sizes=\"(max-width: 404px) 100vw, 404px\" \/><\/a><div class=\"slide-content\"><header class=\"entry-content-header\" aria-label=\"Slide: Les disques vinyles soumis au contr\u00f4le qualit\u00e9\"><span class=\"blog-categories minor-meta\"><a href=\"https:\/\/phonomuseum.fr\/category\/blog\/\" rel=\"tag\">BLOG<\/a> <\/span><h3 class='slide-entry-title entry-title '  itemprop=\"headline\" ><a href='https:\/\/phonomuseum.fr\/disques-vinyles-soumis-controle-qualite\/' title='Les disques vinyles soumis au contr\u00f4le qualit\u00e9'>Les disques vinyles soumis au contr\u00f4le qualit\u00e9<\/a><\/h3><span class=\"av-vertical-delimiter\"><\/span><\/header><\/div><footer class=\"entry-footer\"><div class=\"slide-meta\"><time class='slide-meta-time updated'  itemprop=\"datePublished\" datetime=\"2018-02-20T13:55:38+01:00\" ><\/time><\/div><\/footer><span class='hidden'>\n\t\t\t\t<span class='av-structured-data'  itemprop=\"image\" itemscope=\"itemscope\" itemtype=\"https:\/\/schema.org\/ImageObject\" >\n\t\t\t\t\t\t<span itemprop='url'>https:\/\/phonomuseum.fr\/wp-content\/uploads\/2018\/01\/DSCN9130.jpg<\/span>\n\t\t\t\t\t\t<span itemprop='height'>632<\/span>\n\t\t\t\t\t\t<span itemprop='width'>639<\/span>\n\t\t\t\t<\/span>\n\t\t\t\t<span class='av-structured-data'  itemprop=\"publisher\" itemtype=\"https:\/\/schema.org\/Organization\" itemscope=\"itemscope\" >\n\t\t\t\t\t\t<span itemprop='name'>PHONO Museum Paris<\/span>\n\t\t\t\t\t\t<span itemprop='logo' itemscope itemtype='https:\/\/schema.org\/ImageObject'>\n\t\t\t\t\t\t\t<span itemprop='url'>https:\/\/phonomuseum.fr\/wp-content\/uploads\/2021\/01\/logo-couleurs-300x140.png<\/span>\n\t\t\t\t\t\t<\/span>\n\t\t\t\t<\/span><span class='av-structured-data'  itemprop=\"author\" itemscope=\"itemscope\" itemtype=\"https:\/\/schema.org\/Person\" ><span itemprop='name'>PHONO Museum Paris<\/span><\/span><span class='av-structured-data'  itemprop=\"datePublished\" datetime=\"2020-12-16T13:33:38+01:00\" >2018-01-23 14:19:32<\/span><span class='av-structured-data'  itemprop=\"dateModified\" itemtype=\"https:\/\/schema.org\/dateModified\" >2024-06-01 17:32:17<\/span><span class='av-structured-data'  itemprop=\"mainEntityOfPage\" itemtype=\"https:\/\/schema.org\/mainEntityOfPage\" ><span itemprop='name'>Les disques vinyles soumis au contr\u00f4le qualit\u00e9<\/span><\/span><\/span><\/article><article class='slide-entry flex_column  post-entry post-entry-1352 slide-entry-overview slide-loop-108 slide-parity-odd  av_one_third  real-thumbnail posttype-post post-format-standard'  itemscope=\"itemscope\" itemtype=\"https:\/\/schema.org\/CreativeWork\" ><a href='https:\/\/phonomuseum.fr\/concert-exceptionnel-de-soutien-jacky-terrasson\/' data-rel='slide-1' class='slide-image' title='Concert exceptionnel de soutien : Jacky Terrasson'><img decoding=\"async\" fetchpriority=\"high\" width=\"283\" height=\"400\" src=\"https:\/\/phonomuseum.fr\/wp-content\/uploads\/2018\/01\/affiche-jacky-Terrasson-01.jpg\" class=\"wp-image-1353 avia-img-lazy-loading-not-1353 attachment-portfolio size-portfolio wp-post-image\" alt=\"concert de soutien Jacky Terrasson\" srcset=\"https:\/\/phonomuseum.fr\/wp-content\/uploads\/2018\/01\/affiche-jacky-Terrasson-01.jpg 2481w, https:\/\/phonomuseum.fr\/wp-content\/uploads\/2018\/01\/affiche-jacky-Terrasson-01-212x300.jpg 212w, https:\/\/phonomuseum.fr\/wp-content\/uploads\/2018\/01\/affiche-jacky-Terrasson-01-768x1086.jpg 768w, https:\/\/phonomuseum.fr\/wp-content\/uploads\/2018\/01\/affiche-jacky-Terrasson-01-724x1024.jpg 724w, https:\/\/phonomuseum.fr\/wp-content\/uploads\/2018\/01\/affiche-jacky-Terrasson-01-106x150.jpg 106w\" sizes=\"(max-width: 283px) 100vw, 283px\" \/><\/a><div class=\"slide-content\"><header class=\"entry-content-header\" aria-label=\"Slide: Concert exceptionnel de soutien : Jacky Terrasson\"><span class=\"blog-categories minor-meta\"><a href=\"https:\/\/phonomuseum.fr\/category\/blog\/\" rel=\"tag\">BLOG<\/a>, <a href=\"https:\/\/phonomuseum.fr\/category\/concerts\/\" rel=\"tag\">Concerts<\/a>, <a href=\"https:\/\/phonomuseum.fr\/category\/concerts\/concerts-2018\/\" rel=\"tag\">Concerts 2018<\/a> <\/span><h3 class='slide-entry-title entry-title '  itemprop=\"headline\" ><a href='https:\/\/phonomuseum.fr\/concert-exceptionnel-de-soutien-jacky-terrasson\/' title='Concert exceptionnel de soutien : Jacky Terrasson'>Concert exceptionnel de soutien : Jacky Terrasson<\/a><\/h3><span class=\"av-vertical-delimiter\"><\/span><\/header><div class='slide-entry-excerpt entry-content'  itemprop=\"text\" >https:\/\/youtu.be\/mNlw1zv3rgo\r\n\r\n&nbsp;\r\n\r\n&nbsp;\r\nConcert complet\r\nNous sommes heureux d'annoncer que le c\u00e9l\u00e8bre pianiste de jazz Jacky Terrasson donnera un concert exceptionnel de soutien \u00e0 PHONO Museum Paris le :\r\njeudi 22 f\u00e9vrier 2018\u2026<\/div><\/div><footer class=\"entry-footer\"><div class=\"slide-meta\"><time class='slide-meta-time updated'  itemprop=\"datePublished\" datetime=\"2018-01-17T18:41:44+01:00\" ><\/time><div class=\"slide-meta-del\">\/<\/div><div class=\"slide-meta-comments\"><a href='https:\/\/phonomuseum.fr\/concert-exceptionnel-de-soutien-jacky-terrasson\/#comments'>2 Commentaires<\/a><\/div><\/div><\/footer><span class='hidden'>\n\t\t\t\t<span class='av-structured-data'  itemprop=\"image\" itemscope=\"itemscope\" itemtype=\"https:\/\/schema.org\/ImageObject\" >\n\t\t\t\t\t\t<span itemprop='url'>https:\/\/phonomuseum.fr\/wp-content\/uploads\/2018\/01\/affiche-jacky-Terrasson-01.jpg<\/span>\n\t\t\t\t\t\t<span itemprop='height'>3508<\/span>\n\t\t\t\t\t\t<span itemprop='width'>2481<\/span>\n\t\t\t\t<\/span>\n\t\t\t\t<span class='av-structured-data'  itemprop=\"publisher\" itemtype=\"https:\/\/schema.org\/Organization\" itemscope=\"itemscope\" >\n\t\t\t\t\t\t<span itemprop='name'>PHONO Museum Paris<\/span>\n\t\t\t\t\t\t<span itemprop='logo' itemscope itemtype='https:\/\/schema.org\/ImageObject'>\n\t\t\t\t\t\t\t<span itemprop='url'>https:\/\/phonomuseum.fr\/wp-content\/uploads\/2021\/01\/logo-couleurs-300x140.png<\/span>\n\t\t\t\t\t\t<\/span>\n\t\t\t\t<\/span><span class='av-structured-data'  itemprop=\"author\" itemscope=\"itemscope\" itemtype=\"https:\/\/schema.org\/Person\" ><span itemprop='name'>PHONO Museum Paris<\/span><\/span><span class='av-structured-data'  itemprop=\"datePublished\" datetime=\"2020-12-16T13:33:38+01:00\" >2018-01-17 18:41:44<\/span><span class='av-structured-data'  itemprop=\"dateModified\" itemtype=\"https:\/\/schema.org\/dateModified\" >2024-06-01 17:33:35<\/span><span class='av-structured-data'  itemprop=\"mainEntityOfPage\" itemtype=\"https:\/\/schema.org\/mainEntityOfPage\" ><span itemprop='name'>Concert exceptionnel de soutien : Jacky Terrasson<\/span><\/span><\/span><\/article><\/div><div class=\"slide-entry-wrap\"><article class='slide-entry flex_column  post-entry post-entry-1318 slide-entry-overview slide-loop-109 slide-parity-odd  av_one_third first real-thumbnail posttype-post post-format-standard'  itemscope=\"itemscope\" itemtype=\"https:\/\/schema.org\/CreativeWork\" ><a href='https:\/\/phonomuseum.fr\/quand-le-passe-rejoint-le-present\/' data-rel='slide-1' class='slide-image' title='Quand le pass\u00e9 rejoint le pr\u00e9sent'><img decoding=\"async\" fetchpriority=\"high\" width=\"300\" height=\"400\" src=\"https:\/\/phonomuseum.fr\/wp-content\/uploads\/2018\/01\/IMG_6181.jpg\" class=\"wp-image-1320 avia-img-lazy-loading-not-1320 attachment-portfolio size-portfolio wp-post-image\" alt=\"\" srcset=\"https:\/\/phonomuseum.fr\/wp-content\/uploads\/2018\/01\/IMG_6181.jpg 1184w, https:\/\/phonomuseum.fr\/wp-content\/uploads\/2018\/01\/IMG_6181-225x300.jpg 225w, https:\/\/phonomuseum.fr\/wp-content\/uploads\/2018\/01\/IMG_6181-768x1025.jpg 768w, https:\/\/phonomuseum.fr\/wp-content\/uploads\/2018\/01\/IMG_6181-767x1024.jpg 767w, https:\/\/phonomuseum.fr\/wp-content\/uploads\/2018\/01\/IMG_6181-112x150.jpg 112w\" sizes=\"(max-width: 300px) 100vw, 300px\" \/><\/a><div class=\"slide-content\"><header class=\"entry-content-header\" aria-label=\"Slide: Quand le pass\u00e9 rejoint le pr\u00e9sent\"><span class=\"blog-categories minor-meta\"><a href=\"https:\/\/phonomuseum.fr\/category\/blog\/\" rel=\"tag\">BLOG<\/a> <\/span><h3 class='slide-entry-title entry-title '  itemprop=\"headline\" ><a href='https:\/\/phonomuseum.fr\/quand-le-passe-rejoint-le-present\/' title='Quand le pass\u00e9 rejoint le pr\u00e9sent'>Quand le pass\u00e9 rejoint le pr\u00e9sent<\/a><\/h3><span class=\"av-vertical-delimiter\"><\/span><\/header><\/div><footer class=\"entry-footer\"><div class=\"slide-meta\"><time class='slide-meta-time updated'  itemprop=\"datePublished\" datetime=\"2018-01-17T18:41:44+01:00\" ><\/time><div class=\"slide-meta-del\">\/<\/div><div class=\"slide-meta-comments\"><a href='https:\/\/phonomuseum.fr\/concert-exceptionnel-de-soutien-jacky-terrasson\/#comments'>2 Commentaires<\/a><\/div><\/div><\/footer><span class='hidden'>\n\t\t\t\t<span class='av-structured-data'  itemprop=\"image\" itemscope=\"itemscope\" itemtype=\"https:\/\/schema.org\/ImageObject\" >\n\t\t\t\t\t\t<span itemprop='url'>https:\/\/phonomuseum.fr\/wp-content\/uploads\/2018\/01\/IMG_6181.jpg<\/span>\n\t\t\t\t\t\t<span itemprop='height'>1580<\/span>\n\t\t\t\t\t\t<span itemprop='width'>1184<\/span>\n\t\t\t\t<\/span>\n\t\t\t\t<span class='av-structured-data'  itemprop=\"publisher\" itemtype=\"https:\/\/schema.org\/Organization\" itemscope=\"itemscope\" >\n\t\t\t\t\t\t<span itemprop='name'>PHONO Museum Paris<\/span>\n\t\t\t\t\t\t<span itemprop='logo' itemscope itemtype='https:\/\/schema.org\/ImageObject'>\n\t\t\t\t\t\t\t<span itemprop='url'>https:\/\/phonomuseum.fr\/wp-content\/uploads\/2021\/01\/logo-couleurs-300x140.png<\/span>\n\t\t\t\t\t\t<\/span>\n\t\t\t\t<\/span><span class='av-structured-data'  itemprop=\"author\" itemscope=\"itemscope\" itemtype=\"https:\/\/schema.org\/Person\" ><span itemprop='name'>PHONO Museum Paris<\/span><\/span><span class='av-structured-data'  itemprop=\"datePublished\" datetime=\"2020-12-16T13:33:38+01:00\" >2018-01-13 17:59:53<\/span><span class='av-structured-data'  itemprop=\"dateModified\" itemtype=\"https:\/\/schema.org\/dateModified\" >2024-06-01 17:35:33<\/span><span class='av-structured-data'  itemprop=\"mainEntityOfPage\" itemtype=\"https:\/\/schema.org\/mainEntityOfPage\" ><span itemprop='name'>Quand le pass\u00e9 rejoint le pr\u00e9sent<\/span><\/span><\/span><\/article><article class='slide-entry flex_column  post-entry post-entry-1303 slide-entry-overview slide-loop-110 slide-parity-even  av_one_third  fake-thumbnail posttype-post post-format-standard'  itemscope=\"itemscope\" itemtype=\"https:\/\/schema.org\/CreativeWork\" ><a href='https:\/\/phonomuseum.fr\/le-phono-museum-dans-musikzen\/' data-rel='slide-1' class='slide-image' title='Le PHONO Museum dans Musikzen'><span class='fallback-post-type-icon avia-svg-icon avia-font-svg_entypo-fontello' data-av_svg_icon='pencil' data-av_iconset='svg_entypo-fontello'><svg version=\"1.1\" xmlns=\"http:\/\/www.w3.org\/2000\/svg\" width=\"25\" height=\"32\" viewBox=\"0 0 25 32\" preserveAspectRatio=\"xMidYMid meet\" role=\"graphics-symbol\" aria-hidden=\"true\">\n<path d=\"M22.976 5.44q1.024 1.024 1.504 2.048t0.48 1.536v0.512l-8.064 8.064-9.28 9.216-7.616 1.664 1.6-7.68 9.28-9.216 8.064-8.064q1.728-0.384 4.032 1.92zM7.168 25.92l0.768-0.768q-0.064-1.408-1.664-3.008-0.704-0.704-1.44-1.12t-1.12-0.416l-0.448-0.064-0.704 0.768-0.576 2.56q0.896 0.512 1.472 1.088 0.768 0.768 1.152 1.536z\"><\/path>\n<\/svg><\/span><span class='slider-fallback-image'><img decoding=\"async\" fetchpriority=\"high\" width=\"282\" height=\"400\" src=\"https:\/\/phonomuseum.fr\/wp-content\/uploads\/2016\/02\/concert1.jpg\" class=\"wp-image-262 avia-img-lazy-loading-not-262 attachment-portfolio size-portfolio wp-post-image\" alt=\"Musique d&#039;Alep\" srcset=\"https:\/\/phonomuseum.fr\/wp-content\/uploads\/2016\/02\/concert1.jpg 338w, https:\/\/phonomuseum.fr\/wp-content\/uploads\/2016\/02\/concert1-211x300.jpg 211w, https:\/\/phonomuseum.fr\/wp-content\/uploads\/2016\/02\/concert1-106x150.jpg 106w\" sizes=\"(max-width: 282px) 100vw, 282px\" \/><\/span><\/a><div class=\"slide-content\"><header class=\"entry-content-header\" aria-label=\"Slide: Le PHONO Museum dans Musikzen\"><span class=\"blog-categories minor-meta\"><a href=\"https:\/\/phonomuseum.fr\/category\/blog\/\" rel=\"tag\">BLOG<\/a> <\/span><h3 class='slide-entry-title entry-title '  itemprop=\"headline\" ><a href='https:\/\/phonomuseum.fr\/le-phono-museum-dans-musikzen\/' title='Le PHONO Museum dans Musikzen'>Le PHONO Museum dans Musikzen<\/a><\/h3><span class=\"av-vertical-delimiter\"><\/span><\/header><div class='slide-entry-excerpt entry-content'  itemprop=\"text\" >Nous devons \u00e0 la v\u00e9rit\u00e9 de dire que l'article paru sur le site Musikzen d\u00e9di\u00e9 \u00e0 la musique comme son nom l'indique et dat\u00e9 de 2016 nous a \u00e9chapp\u00e9. Nous r\u00e9parons cet oubli aujourd'hui, d'autant que l'article est \u00e9logieux.\r\nhttp:\/\/www.musikzen.fr\/blog\/2\/sujet\/les-aventuriers-du-son-perdu\/1214\r\n&nbsp;<\/div><\/div><footer class=\"entry-footer\"><div class=\"slide-meta\"><time class='slide-meta-time updated'  itemprop=\"datePublished\" datetime=\"2018-01-06T14:55:26+01:00\" ><\/time><\/div><\/footer><span class='hidden'>\n\t\t\t\t<span class='av-structured-data'  itemprop=\"image\" itemscope=\"itemscope\" itemtype=\"https:\/\/schema.org\/ImageObject\" >\n\t\t\t\t\t\t<span itemprop='url'>https:\/\/phonomuseum.fr\/wp-content\/uploads\/2021\/01\/logo-couleurs-300x140.png<\/span>\n\t\t\t\t\t\t<span itemprop='height'>0<\/span>\n\t\t\t\t\t\t<span itemprop='width'>0<\/span>\n\t\t\t\t<\/span>\n\t\t\t\t<span class='av-structured-data'  itemprop=\"publisher\" itemtype=\"https:\/\/schema.org\/Organization\" itemscope=\"itemscope\" >\n\t\t\t\t\t\t<span itemprop='name'>phonogal<\/span>\n\t\t\t\t\t\t<span itemprop='logo' itemscope itemtype='https:\/\/schema.org\/ImageObject'>\n\t\t\t\t\t\t\t<span itemprop='url'>https:\/\/phonomuseum.fr\/wp-content\/uploads\/2021\/01\/logo-couleurs-300x140.png<\/span>\n\t\t\t\t\t\t<\/span>\n\t\t\t\t<\/span><span class='av-structured-data'  itemprop=\"author\" itemscope=\"itemscope\" itemtype=\"https:\/\/schema.org\/Person\" ><span itemprop='name'>phonogal<\/span><\/span><span class='av-structured-data'  itemprop=\"datePublished\" datetime=\"2020-12-16T13:33:38+01:00\" >2018-01-06 14:55:26<\/span><span class='av-structured-data'  itemprop=\"dateModified\" itemtype=\"https:\/\/schema.org\/dateModified\" >2018-01-06 14:55:26<\/span><span class='av-structured-data'  itemprop=\"mainEntityOfPage\" itemtype=\"https:\/\/schema.org\/mainEntityOfPage\" ><span itemprop='name'>Le PHONO Museum dans Musikzen<\/span><\/span><\/span><\/article><article class='slide-entry flex_column  post-entry post-entry-1187 slide-entry-overview slide-loop-111 slide-parity-odd  av_one_third  fake-thumbnail posttype-post post-format-standard'  itemscope=\"itemscope\" itemtype=\"https:\/\/schema.org\/CreativeWork\" ><a href='https:\/\/phonomuseum.fr\/le-gramophone-gallica-studio-et-le-phonomuseum\/' data-rel='slide-1' class='slide-image' title='Le Gramophone, Gallica Studio et le Phonomuseum'><span class='fallback-post-type-icon avia-svg-icon avia-font-svg_entypo-fontello' data-av_svg_icon='pencil' data-av_iconset='svg_entypo-fontello'><svg version=\"1.1\" xmlns=\"http:\/\/www.w3.org\/2000\/svg\" width=\"25\" height=\"32\" viewBox=\"0 0 25 32\" preserveAspectRatio=\"xMidYMid meet\" role=\"graphics-symbol\" aria-hidden=\"true\">\n<path d=\"M22.976 5.44q1.024 1.024 1.504 2.048t0.48 1.536v0.512l-8.064 8.064-9.28 9.216-7.616 1.664 1.6-7.68 9.28-9.216 8.064-8.064q1.728-0.384 4.032 1.92zM7.168 25.92l0.768-0.768q-0.064-1.408-1.664-3.008-0.704-0.704-1.44-1.12t-1.12-0.416l-0.448-0.064-0.704 0.768-0.576 2.56q0.896 0.512 1.472 1.088 0.768 0.768 1.152 1.536z\"><\/path>\n<\/svg><\/span><span class='slider-fallback-image'><img decoding=\"async\" fetchpriority=\"high\" width=\"282\" height=\"400\" src=\"https:\/\/phonomuseum.fr\/wp-content\/uploads\/2016\/02\/concert1.jpg\" class=\"wp-image-262 avia-img-lazy-loading-not-262 attachment-portfolio size-portfolio wp-post-image\" alt=\"Musique d&#039;Alep\" srcset=\"https:\/\/phonomuseum.fr\/wp-content\/uploads\/2016\/02\/concert1.jpg 338w, https:\/\/phonomuseum.fr\/wp-content\/uploads\/2016\/02\/concert1-211x300.jpg 211w, https:\/\/phonomuseum.fr\/wp-content\/uploads\/2016\/02\/concert1-106x150.jpg 106w\" sizes=\"(max-width: 282px) 100vw, 282px\" \/><\/span><\/a><div class=\"slide-content\"><header class=\"entry-content-header\" aria-label=\"Slide: Le Gramophone, Gallica Studio et le Phonomuseum\"><span class=\"blog-categories minor-meta\"><a href=\"https:\/\/phonomuseum.fr\/category\/blog\/\" rel=\"tag\">BLOG<\/a> <\/span><h3 class='slide-entry-title entry-title '  itemprop=\"headline\" ><a href='https:\/\/phonomuseum.fr\/le-gramophone-gallica-studio-et-le-phonomuseum\/' title='Le Gramophone, Gallica Studio et le Phonomuseum'>Le Gramophone, Gallica Studio et le Phonomuseum<\/a><\/h3><span class=\"av-vertical-delimiter\"><\/span><\/header><div class='slide-entry-excerpt entry-content'  itemprop=\"text\" >Chacun conna\u00eet le site Gallica, ou devrait le conna\u00eetre, c'est \"la biblioth\u00e8que num\u00e9rique de la Biblioth\u00e8que Nationale de France (BnF) et de ses partenaires\" comme il se d\u00e9finit lui-m\u00eame. C'est une mine.\r\n\u00c0 l'occasion de son hackathon\u2026<\/div><\/div><footer class=\"entry-footer\"><div class=\"slide-meta\"><time class='slide-meta-time updated'  itemprop=\"datePublished\" datetime=\"2017-11-25T11:22:53+01:00\" ><\/time><\/div><\/footer><span class='hidden'>\n\t\t\t\t<span class='av-structured-data'  itemprop=\"image\" itemscope=\"itemscope\" itemtype=\"https:\/\/schema.org\/ImageObject\" >\n\t\t\t\t\t\t<span itemprop='url'>https:\/\/phonomuseum.fr\/wp-content\/uploads\/2021\/01\/logo-couleurs-300x140.png<\/span>\n\t\t\t\t\t\t<span itemprop='height'>0<\/span>\n\t\t\t\t\t\t<span itemprop='width'>0<\/span>\n\t\t\t\t<\/span>\n\t\t\t\t<span class='av-structured-data'  itemprop=\"publisher\" itemtype=\"https:\/\/schema.org\/Organization\" itemscope=\"itemscope\" >\n\t\t\t\t\t\t<span itemprop='name'>phonogal<\/span>\n\t\t\t\t\t\t<span itemprop='logo' itemscope itemtype='https:\/\/schema.org\/ImageObject'>\n\t\t\t\t\t\t\t<span itemprop='url'>https:\/\/phonomuseum.fr\/wp-content\/uploads\/2021\/01\/logo-couleurs-300x140.png<\/span>\n\t\t\t\t\t\t<\/span>\n\t\t\t\t<\/span><span class='av-structured-data'  itemprop=\"author\" itemscope=\"itemscope\" itemtype=\"https:\/\/schema.org\/Person\" ><span itemprop='name'>phonogal<\/span><\/span><span class='av-structured-data'  itemprop=\"datePublished\" datetime=\"2020-12-16T13:33:38+01:00\" >2017-11-25 11:22:53<\/span><span class='av-structured-data'  itemprop=\"dateModified\" itemtype=\"https:\/\/schema.org\/dateModified\" >2024-06-01 17:38:10<\/span><span class='av-structured-data'  itemprop=\"mainEntityOfPage\" itemtype=\"https:\/\/schema.org\/mainEntityOfPage\" ><span itemprop='name'>Le Gramophone, Gallica Studio et le Phonomuseum<\/span><\/span><\/span><\/article><\/div><div class=\"slide-entry-wrap\"><article class='slide-entry flex_column  post-entry post-entry-1183 slide-entry-overview slide-loop-112 slide-parity-odd  av_one_third first fake-thumbnail posttype-post post-format-standard'  itemscope=\"itemscope\" itemtype=\"https:\/\/schema.org\/CreativeWork\" ><a href='https:\/\/phonomuseum.fr\/on-parle-du-musee-en-grande-bretagne\/' data-rel='slide-1' class='slide-image' title='On parle du mus\u00e9e en Grande Bretagne'><span class='fallback-post-type-icon avia-svg-icon avia-font-svg_entypo-fontello' data-av_svg_icon='pencil' data-av_iconset='svg_entypo-fontello'><svg version=\"1.1\" xmlns=\"http:\/\/www.w3.org\/2000\/svg\" width=\"25\" height=\"32\" viewBox=\"0 0 25 32\" preserveAspectRatio=\"xMidYMid meet\" role=\"graphics-symbol\" aria-hidden=\"true\">\n<path d=\"M22.976 5.44q1.024 1.024 1.504 2.048t0.48 1.536v0.512l-8.064 8.064-9.28 9.216-7.616 1.664 1.6-7.68 9.28-9.216 8.064-8.064q1.728-0.384 4.032 1.92zM7.168 25.92l0.768-0.768q-0.064-1.408-1.664-3.008-0.704-0.704-1.44-1.12t-1.12-0.416l-0.448-0.064-0.704 0.768-0.576 2.56q0.896 0.512 1.472 1.088 0.768 0.768 1.152 1.536z\"><\/path>\n<\/svg><\/span><span class='slider-fallback-image'><img decoding=\"async\" fetchpriority=\"high\" width=\"282\" height=\"400\" src=\"https:\/\/phonomuseum.fr\/wp-content\/uploads\/2016\/02\/concert1.jpg\" class=\"wp-image-262 avia-img-lazy-loading-not-262 attachment-portfolio size-portfolio wp-post-image\" alt=\"Musique d&#039;Alep\" srcset=\"https:\/\/phonomuseum.fr\/wp-content\/uploads\/2016\/02\/concert1.jpg 338w, https:\/\/phonomuseum.fr\/wp-content\/uploads\/2016\/02\/concert1-211x300.jpg 211w, https:\/\/phonomuseum.fr\/wp-content\/uploads\/2016\/02\/concert1-106x150.jpg 106w\" sizes=\"(max-width: 282px) 100vw, 282px\" \/><\/span><\/a><div class=\"slide-content\"><header class=\"entry-content-header\" aria-label=\"Slide: On parle du mus\u00e9e en Grande Bretagne\"><span class=\"blog-categories minor-meta\"><a href=\"https:\/\/phonomuseum.fr\/category\/blog\/\" rel=\"tag\">BLOG<\/a> <\/span><h3 class='slide-entry-title entry-title '  itemprop=\"headline\" ><a href='https:\/\/phonomuseum.fr\/on-parle-du-musee-en-grande-bretagne\/' title='On parle du mus\u00e9e en Grande Bretagne'>On parle du mus\u00e9e en Grande Bretagne<\/a><\/h3><span class=\"av-vertical-delimiter\"><\/span><\/header><div class='slide-entry-excerpt entry-content'  itemprop=\"text\" >Wire est un magazine mensuel britannique qui parle de musique. Des reporters sont venus visiter le mus\u00e9e en 2017 et voici leur article : Bell Labs : Phonomuseum<\/div><\/div><footer class=\"entry-footer\"><div class=\"slide-meta\"><time class='slide-meta-time updated'  itemprop=\"datePublished\" datetime=\"2017-11-23T14:39:28+01:00\" ><\/time><\/div><\/footer><span class='hidden'>\n\t\t\t\t<span class='av-structured-data'  itemprop=\"image\" itemscope=\"itemscope\" itemtype=\"https:\/\/schema.org\/ImageObject\" >\n\t\t\t\t\t\t<span itemprop='url'>https:\/\/phonomuseum.fr\/wp-content\/uploads\/2021\/01\/logo-couleurs-300x140.png<\/span>\n\t\t\t\t\t\t<span itemprop='height'>0<\/span>\n\t\t\t\t\t\t<span itemprop='width'>0<\/span>\n\t\t\t\t<\/span>\n\t\t\t\t<span class='av-structured-data'  itemprop=\"publisher\" itemtype=\"https:\/\/schema.org\/Organization\" itemscope=\"itemscope\" >\n\t\t\t\t\t\t<span itemprop='name'>phonogal<\/span>\n\t\t\t\t\t\t<span itemprop='logo' itemscope itemtype='https:\/\/schema.org\/ImageObject'>\n\t\t\t\t\t\t\t<span itemprop='url'>https:\/\/phonomuseum.fr\/wp-content\/uploads\/2021\/01\/logo-couleurs-300x140.png<\/span>\n\t\t\t\t\t\t<\/span>\n\t\t\t\t<\/span><span class='av-structured-data'  itemprop=\"author\" itemscope=\"itemscope\" itemtype=\"https:\/\/schema.org\/Person\" ><span itemprop='name'>phonogal<\/span><\/span><span class='av-structured-data'  itemprop=\"datePublished\" datetime=\"2020-12-16T13:33:38+01:00\" >2017-11-23 14:39:28<\/span><span class='av-structured-data'  itemprop=\"dateModified\" itemtype=\"https:\/\/schema.org\/dateModified\" >2024-06-01 17:38:48<\/span><span class='av-structured-data'  itemprop=\"mainEntityOfPage\" itemtype=\"https:\/\/schema.org\/mainEntityOfPage\" ><span itemprop='name'>On parle du mus\u00e9e en Grande Bretagne<\/span><\/span><\/span><\/article><article class='slide-entry flex_column  post-entry post-entry-1174 slide-entry-overview slide-loop-113 slide-parity-even  av_one_third  fake-thumbnail posttype-post post-format-standard'  itemscope=\"itemscope\" itemtype=\"https:\/\/schema.org\/CreativeWork\" ><a href='https:\/\/phonomuseum.fr\/tournage\/' data-rel='slide-1' class='slide-image' title='Tournage  \u00ab\u00a0Adonis, Abed Azri\u00e9, deux esprits libres\u00a0\u00bb'><span class='fallback-post-type-icon avia-svg-icon avia-font-svg_entypo-fontello' data-av_svg_icon='pencil' data-av_iconset='svg_entypo-fontello'><svg version=\"1.1\" xmlns=\"http:\/\/www.w3.org\/2000\/svg\" width=\"25\" height=\"32\" viewBox=\"0 0 25 32\" preserveAspectRatio=\"xMidYMid meet\" role=\"graphics-symbol\" aria-hidden=\"true\">\n<path d=\"M22.976 5.44q1.024 1.024 1.504 2.048t0.48 1.536v0.512l-8.064 8.064-9.28 9.216-7.616 1.664 1.6-7.68 9.28-9.216 8.064-8.064q1.728-0.384 4.032 1.92zM7.168 25.92l0.768-0.768q-0.064-1.408-1.664-3.008-0.704-0.704-1.44-1.12t-1.12-0.416l-0.448-0.064-0.704 0.768-0.576 2.56q0.896 0.512 1.472 1.088 0.768 0.768 1.152 1.536z\"><\/path>\n<\/svg><\/span><span class='slider-fallback-image'><img decoding=\"async\" fetchpriority=\"high\" width=\"282\" height=\"400\" src=\"https:\/\/phonomuseum.fr\/wp-content\/uploads\/2016\/02\/concert1.jpg\" class=\"wp-image-262 avia-img-lazy-loading-not-262 attachment-portfolio size-portfolio wp-post-image\" alt=\"Musique d&#039;Alep\" srcset=\"https:\/\/phonomuseum.fr\/wp-content\/uploads\/2016\/02\/concert1.jpg 338w, https:\/\/phonomuseum.fr\/wp-content\/uploads\/2016\/02\/concert1-211x300.jpg 211w, https:\/\/phonomuseum.fr\/wp-content\/uploads\/2016\/02\/concert1-106x150.jpg 106w\" sizes=\"(max-width: 282px) 100vw, 282px\" \/><\/span><\/a><div class=\"slide-content\"><header class=\"entry-content-header\" aria-label=\"Slide: Tournage  &quot;Adonis, Abed Azri\u00e9, deux esprits libres&quot;\"><span class=\"blog-categories minor-meta\"><a href=\"https:\/\/phonomuseum.fr\/category\/blog\/\" rel=\"tag\">BLOG<\/a> <\/span><h3 class='slide-entry-title entry-title '  itemprop=\"headline\" ><a href='https:\/\/phonomuseum.fr\/tournage\/' title='Tournage  \u00ab\u00a0Adonis, Abed Azri\u00e9, deux esprits libres\u00a0\u00bb'>Tournage  \u00ab\u00a0Adonis, Abed Azri\u00e9, deux esprits libres\u00a0\u00bb<\/a><\/h3><span class=\"av-vertical-delimiter\"><\/span><\/header><div class='slide-entry-excerpt entry-content'  itemprop=\"text\" >\r\n\r\n \r\n \r\n\r\n<\/div><\/div><footer class=\"entry-footer\"><div class=\"slide-meta\"><time class='slide-meta-time updated'  itemprop=\"datePublished\" datetime=\"2017-09-26T16:01:53+02:00\" ><\/time><\/div><\/footer><span class='hidden'>\n\t\t\t\t<span class='av-structured-data'  itemprop=\"image\" itemscope=\"itemscope\" itemtype=\"https:\/\/schema.org\/ImageObject\" >\n\t\t\t\t\t\t<span itemprop='url'>https:\/\/phonomuseum.fr\/wp-content\/uploads\/2021\/01\/logo-couleurs-300x140.png<\/span>\n\t\t\t\t\t\t<span itemprop='height'>0<\/span>\n\t\t\t\t\t\t<span itemprop='width'>0<\/span>\n\t\t\t\t<\/span>\n\t\t\t\t<span class='av-structured-data'  itemprop=\"publisher\" itemtype=\"https:\/\/schema.org\/Organization\" itemscope=\"itemscope\" >\n\t\t\t\t\t\t<span itemprop='name'>phonogal<\/span>\n\t\t\t\t\t\t<span itemprop='logo' itemscope itemtype='https:\/\/schema.org\/ImageObject'>\n\t\t\t\t\t\t\t<span itemprop='url'>https:\/\/phonomuseum.fr\/wp-content\/uploads\/2021\/01\/logo-couleurs-300x140.png<\/span>\n\t\t\t\t\t\t<\/span>\n\t\t\t\t<\/span><span class='av-structured-data'  itemprop=\"author\" itemscope=\"itemscope\" itemtype=\"https:\/\/schema.org\/Person\" ><span itemprop='name'>phonogal<\/span><\/span><span class='av-structured-data'  itemprop=\"datePublished\" datetime=\"2020-12-16T13:33:38+01:00\" >2017-09-26 16:01:53<\/span><span class='av-structured-data'  itemprop=\"dateModified\" itemtype=\"https:\/\/schema.org\/dateModified\" >2017-09-26 16:06:39<\/span><span class='av-structured-data'  itemprop=\"mainEntityOfPage\" itemtype=\"https:\/\/schema.org\/mainEntityOfPage\" ><span itemprop='name'>Tournage  \u00ab\u00a0Adonis, Abed Azri\u00e9, deux esprits libres\u00a0\u00bb<\/span><\/span><\/span><\/article><article class='slide-entry flex_column  post-entry post-entry-1113 slide-entry-overview slide-loop-114 slide-parity-odd  av_one_third  real-thumbnail posttype-post post-format-standard'  itemscope=\"itemscope\" itemtype=\"https:\/\/schema.org\/CreativeWork\" ><a href='https:\/\/phonomuseum.fr\/exposition-hommage-a-jean-sablon\/' data-rel='slide-1' class='slide-image' title='Exposition hommage \u00e0 Jean Sablon'><img decoding=\"async\" fetchpriority=\"high\" width=\"300\" height=\"400\" src=\"https:\/\/phonomuseum.fr\/wp-content\/uploads\/2017\/06\/FullSizeRender-4.jpg\" class=\"wp-image-1117 avia-img-lazy-loading-not-1117 attachment-portfolio size-portfolio wp-post-image\" alt=\"Exposition hommage \u00e0 Jean Sablon\" srcset=\"https:\/\/phonomuseum.fr\/wp-content\/uploads\/2017\/06\/FullSizeRender-4.jpg 480w, https:\/\/phonomuseum.fr\/wp-content\/uploads\/2017\/06\/FullSizeRender-4-225x300.jpg 225w, https:\/\/phonomuseum.fr\/wp-content\/uploads\/2017\/06\/FullSizeRender-4-113x150.jpg 113w\" sizes=\"(max-width: 300px) 100vw, 300px\" \/><\/a><div class=\"slide-content\"><header class=\"entry-content-header\" aria-label=\"Slide: Exposition hommage \u00e0 Jean Sablon\"><span class=\"blog-categories minor-meta\"><a href=\"https:\/\/phonomuseum.fr\/category\/blog\/\" rel=\"tag\">BLOG<\/a> <\/span><h3 class='slide-entry-title entry-title '  itemprop=\"headline\" ><a href='https:\/\/phonomuseum.fr\/exposition-hommage-a-jean-sablon\/' title='Exposition hommage \u00e0 Jean Sablon'>Exposition hommage \u00e0 Jean Sablon<\/a><\/h3><span class=\"av-vertical-delimiter\"><\/span><\/header><\/div><footer class=\"entry-footer\"><div class=\"slide-meta\"><time class='slide-meta-time updated'  itemprop=\"datePublished\" datetime=\"2017-09-26T16:01:53+02:00\" ><\/time><\/div><\/footer><span class='hidden'>\n\t\t\t\t<span class='av-structured-data'  itemprop=\"image\" itemscope=\"itemscope\" itemtype=\"https:\/\/schema.org\/ImageObject\" >\n\t\t\t\t\t\t<span itemprop='url'>https:\/\/phonomuseum.fr\/wp-content\/uploads\/2017\/06\/FullSizeRender-4.jpg<\/span>\n\t\t\t\t\t\t<span itemprop='height'>640<\/span>\n\t\t\t\t\t\t<span itemprop='width'>480<\/span>\n\t\t\t\t<\/span>\n\t\t\t\t<span class='av-structured-data'  itemprop=\"publisher\" itemtype=\"https:\/\/schema.org\/Organization\" itemscope=\"itemscope\" >\n\t\t\t\t\t\t<span itemprop='name'>phonogal<\/span>\n\t\t\t\t\t\t<span itemprop='logo' itemscope itemtype='https:\/\/schema.org\/ImageObject'>\n\t\t\t\t\t\t\t<span itemprop='url'>https:\/\/phonomuseum.fr\/wp-content\/uploads\/2021\/01\/logo-couleurs-300x140.png<\/span>\n\t\t\t\t\t\t<\/span>\n\t\t\t\t<\/span><span class='av-structured-data'  itemprop=\"author\" itemscope=\"itemscope\" itemtype=\"https:\/\/schema.org\/Person\" ><span itemprop='name'>phonogal<\/span><\/span><span class='av-structured-data'  itemprop=\"datePublished\" datetime=\"2020-12-16T13:33:38+01:00\" >2017-06-20 13:31:20<\/span><span class='av-structured-data'  itemprop=\"dateModified\" itemtype=\"https:\/\/schema.org\/dateModified\" >2024-06-01 17:41:26<\/span><span class='av-structured-data'  itemprop=\"mainEntityOfPage\" itemtype=\"https:\/\/schema.org\/mainEntityOfPage\" ><span itemprop='name'>Exposition hommage \u00e0 Jean Sablon<\/span><\/span><\/span><\/article><\/div><div class=\"slide-entry-wrap\"><article class='slide-entry flex_column  post-entry post-entry-1084 slide-entry-overview slide-loop-115 slide-parity-odd  av_one_third first real-thumbnail posttype-post post-format-standard'  itemscope=\"itemscope\" itemtype=\"https:\/\/schema.org\/CreativeWork\" ><a href='https:\/\/phonomuseum.fr\/concert-exceptionnel-de-sadeem-le-27-juin\/' data-rel='slide-1' class='slide-image' title='Concert exceptionnel de Sadeem le 27 juin'><img decoding=\"async\" fetchpriority=\"high\" width=\"495\" height=\"349\" src=\"https:\/\/phonomuseum.fr\/wp-content\/uploads\/2017\/06\/Layale-concerts-phonomuseum.jpg\" class=\"wp-image-1106 avia-img-lazy-loading-not-1106 attachment-portfolio size-portfolio wp-post-image\" alt=\"Ev\u00e9nement culturel\" srcset=\"https:\/\/phonomuseum.fr\/wp-content\/uploads\/2017\/06\/Layale-concerts-phonomuseum.jpg 640w, https:\/\/phonomuseum.fr\/wp-content\/uploads\/2017\/06\/Layale-concerts-phonomuseum-300x211.jpg 300w, https:\/\/phonomuseum.fr\/wp-content\/uploads\/2017\/06\/Layale-concerts-phonomuseum-213x150.jpg 213w, https:\/\/phonomuseum.fr\/wp-content\/uploads\/2017\/06\/Layale-concerts-phonomuseum-150x106.jpg 150w\" sizes=\"(max-width: 495px) 100vw, 495px\" \/><\/a><div class=\"slide-content\"><header class=\"entry-content-header\" aria-label=\"Slide: Concert exceptionnel de Sadeem le 27 juin\"><span class=\"blog-categories minor-meta\"><a href=\"https:\/\/phonomuseum.fr\/category\/blog\/\" rel=\"tag\">BLOG<\/a>, <a href=\"https:\/\/phonomuseum.fr\/category\/concerts\/\" rel=\"tag\">Concerts<\/a>, <a href=\"https:\/\/phonomuseum.fr\/category\/concerts\/concerts-2017\/\" rel=\"tag\">Concerts 2017<\/a> <\/span><h3 class='slide-entry-title entry-title '  itemprop=\"headline\" ><a href='https:\/\/phonomuseum.fr\/concert-exceptionnel-de-sadeem-le-27-juin\/' title='Concert exceptionnel de Sadeem le 27 juin'>Concert exceptionnel de Sadeem le 27 juin<\/a><\/h3><span class=\"av-vertical-delimiter\"><\/span><\/header><div class='slide-entry-excerpt entry-content'  itemprop=\"text\" >\r\nDans le cadre de la Global Week for Syria\u00a0le duo Sadeem - Lavale Chaker (violon) et Christine Zayed (q\u00e2nun) - donnera un concert exceptionnel au mus\u00e9e le mardi 27 juin \u00e0 20h\r\n\r\n\r\nLe duo Sadeem est la rencontre de la violoniste libanaise\u2026<\/div><\/div><footer class=\"entry-footer\"><div class=\"slide-meta\"><time class='slide-meta-time updated'  itemprop=\"datePublished\" datetime=\"2017-06-13T11:30:14+02:00\" ><\/time><div class=\"slide-meta-del\">\/<\/div><div class=\"slide-meta-comments\"><a href='https:\/\/phonomuseum.fr\/concert-exceptionnel-de-sadeem-le-27-juin\/#comments'>1 Commentaire<\/a><\/div><\/div><\/footer><span class='hidden'>\n\t\t\t\t<span class='av-structured-data'  itemprop=\"image\" itemscope=\"itemscope\" itemtype=\"https:\/\/schema.org\/ImageObject\" >\n\t\t\t\t\t\t<span itemprop='url'>https:\/\/phonomuseum.fr\/wp-content\/uploads\/2017\/06\/Layale-concerts-phonomuseum.jpg<\/span>\n\t\t\t\t\t\t<span itemprop='height'>451<\/span>\n\t\t\t\t\t\t<span itemprop='width'>640<\/span>\n\t\t\t\t<\/span>\n\t\t\t\t<span class='av-structured-data'  itemprop=\"publisher\" itemtype=\"https:\/\/schema.org\/Organization\" itemscope=\"itemscope\" >\n\t\t\t\t\t\t<span itemprop='name'>phonogal<\/span>\n\t\t\t\t\t\t<span itemprop='logo' itemscope itemtype='https:\/\/schema.org\/ImageObject'>\n\t\t\t\t\t\t\t<span itemprop='url'>https:\/\/phonomuseum.fr\/wp-content\/uploads\/2021\/01\/logo-couleurs-300x140.png<\/span>\n\t\t\t\t\t\t<\/span>\n\t\t\t\t<\/span><span class='av-structured-data'  itemprop=\"author\" itemscope=\"itemscope\" itemtype=\"https:\/\/schema.org\/Person\" ><span itemprop='name'>phonogal<\/span><\/span><span class='av-structured-data'  itemprop=\"datePublished\" datetime=\"2020-12-16T13:33:38+01:00\" >2017-06-13 11:30:14<\/span><span class='av-structured-data'  itemprop=\"dateModified\" itemtype=\"https:\/\/schema.org\/dateModified\" >2021-01-09 14:22:58<\/span><span class='av-structured-data'  itemprop=\"mainEntityOfPage\" itemtype=\"https:\/\/schema.org\/mainEntityOfPage\" ><span itemprop='name'>Concert exceptionnel de Sadeem le 27 juin<\/span><\/span><\/span><\/article><article class='slide-entry flex_column  post-entry post-entry-1082 slide-entry-overview slide-loop-116 slide-parity-even  av_one_third  real-thumbnail posttype-post post-format-standard'  itemscope=\"itemscope\" itemtype=\"https:\/\/schema.org\/CreativeWork\" ><a href='https:\/\/phonomuseum.fr\/lassociation-9e-histoire-au-phono-museum-paris\/' data-rel='slide-1' class='slide-image' title='L&rsquo;association 9e Histoire au Phono Museum Paris'><img decoding=\"async\" fetchpriority=\"high\" width=\"246\" height=\"400\" src=\"https:\/\/phonomuseum.fr\/wp-content\/uploads\/2016\/02\/photo-85.jpg\" class=\"wp-image-491 avia-img-lazy-loading-not-491 attachment-portfolio size-portfolio wp-post-image\" alt=\"Path\u00e9phone mod\u00e8le S\" srcset=\"https:\/\/phonomuseum.fr\/wp-content\/uploads\/2016\/02\/photo-85.jpg 394w, https:\/\/phonomuseum.fr\/wp-content\/uploads\/2016\/02\/photo-85-185x300.jpg 185w, https:\/\/phonomuseum.fr\/wp-content\/uploads\/2016\/02\/photo-85-92x150.jpg 92w\" sizes=\"(max-width: 246px) 100vw, 246px\" \/><\/a><div class=\"slide-content\"><header class=\"entry-content-header\" aria-label=\"Slide: L&#039;association 9e Histoire au Phono Museum Paris\"><span class=\"blog-categories minor-meta\"><a href=\"https:\/\/phonomuseum.fr\/category\/blog\/\" rel=\"tag\">BLOG<\/a> <\/span><h3 class='slide-entry-title entry-title '  itemprop=\"headline\" ><a href='https:\/\/phonomuseum.fr\/lassociation-9e-histoire-au-phono-museum-paris\/' title='L&rsquo;association 9e Histoire au Phono Museum Paris'>L&rsquo;association 9e Histoire au Phono Museum Paris<\/a><\/h3><span class=\"av-vertical-delimiter\"><\/span><\/header><\/div><footer class=\"entry-footer\"><div class=\"slide-meta\"><time class='slide-meta-time updated'  itemprop=\"datePublished\" datetime=\"2017-06-13T11:30:14+02:00\" ><\/time><div class=\"slide-meta-del\">\/<\/div><div class=\"slide-meta-comments\"><a href='https:\/\/phonomuseum.fr\/concert-exceptionnel-de-sadeem-le-27-juin\/#comments'>1 Commentaire<\/a><\/div><\/div><\/footer><span class='hidden'>\n\t\t\t\t<span class='av-structured-data'  itemprop=\"image\" itemscope=\"itemscope\" itemtype=\"https:\/\/schema.org\/ImageObject\" >\n\t\t\t\t\t\t<span itemprop='url'>https:\/\/phonomuseum.fr\/wp-content\/uploads\/2016\/02\/photo-85.jpg<\/span>\n\t\t\t\t\t\t<span itemprop='height'>640<\/span>\n\t\t\t\t\t\t<span itemprop='width'>394<\/span>\n\t\t\t\t<\/span>\n\t\t\t\t<span class='av-structured-data'  itemprop=\"publisher\" itemtype=\"https:\/\/schema.org\/Organization\" itemscope=\"itemscope\" >\n\t\t\t\t\t\t<span itemprop='name'>phonogal<\/span>\n\t\t\t\t\t\t<span itemprop='logo' itemscope itemtype='https:\/\/schema.org\/ImageObject'>\n\t\t\t\t\t\t\t<span itemprop='url'>https:\/\/phonomuseum.fr\/wp-content\/uploads\/2021\/01\/logo-couleurs-300x140.png<\/span>\n\t\t\t\t\t\t<\/span>\n\t\t\t\t<\/span><span class='av-structured-data'  itemprop=\"author\" itemscope=\"itemscope\" itemtype=\"https:\/\/schema.org\/Person\" ><span itemprop='name'>phonogal<\/span><\/span><span class='av-structured-data'  itemprop=\"datePublished\" datetime=\"2020-12-16T13:33:38+01:00\" >2017-06-12 15:47:28<\/span><span class='av-structured-data'  itemprop=\"dateModified\" itemtype=\"https:\/\/schema.org\/dateModified\" >2024-06-01 17:43:37<\/span><span class='av-structured-data'  itemprop=\"mainEntityOfPage\" itemtype=\"https:\/\/schema.org\/mainEntityOfPage\" ><span itemprop='name'>L&rsquo;association 9e Histoire au Phono Museum Paris<\/span><\/span><\/span><\/article><article class='slide-entry flex_column  post-entry post-entry-1074 slide-entry-overview slide-loop-117 slide-parity-odd  av_one_third  real-thumbnail posttype-post post-format-standard'  itemscope=\"itemscope\" itemtype=\"https:\/\/schema.org\/CreativeWork\" ><a href='https:\/\/phonomuseum.fr\/bicentenaire-dedouard-leon-scott-de-martinville\/' data-rel='slide-1' class='slide-image' title='Bicentenaire d&rsquo;\u00c9douard-L\u00e9on Scott de Martinville'><img decoding=\"async\" fetchpriority=\"high\" width=\"292\" height=\"400\" src=\"https:\/\/phonomuseum.fr\/wp-content\/uploads\/2017\/04\/martinville-e1610542313275.jpg\" class=\"wp-image-1027 avia-img-lazy-loading-not-1027 attachment-portfolio size-portfolio wp-post-image\" alt=\"Edouard-L\u00e9on Scott de Martinville 1817-1879\" \/><\/a><div class=\"slide-content\"><header class=\"entry-content-header\" aria-label=\"Slide: Bicentenaire d&#039;\u00c9douard-L\u00e9on Scott de Martinville\"><span class=\"blog-categories minor-meta\"><a href=\"https:\/\/phonomuseum.fr\/category\/blog\/\" rel=\"tag\">BLOG<\/a> <\/span><h3 class='slide-entry-title entry-title '  itemprop=\"headline\" ><a href='https:\/\/phonomuseum.fr\/bicentenaire-dedouard-leon-scott-de-martinville\/' title='Bicentenaire d&rsquo;\u00c9douard-L\u00e9on Scott de Martinville'>Bicentenaire d&rsquo;\u00c9douard-L\u00e9on Scott de Martinville<\/a><\/h3><span class=\"av-vertical-delimiter\"><\/span><\/header><div class='slide-entry-excerpt entry-content'  itemprop=\"text\" >&nbsp;\r\n\u00c9douard-L\u00e9on Scott de Martinville Inventeur du phonotographe, premier enregistrement de voix humaine en 1857.\r\nSuite \u00e0 l'exposition organis\u00e9e pour c\u00e9l\u00e9brer le bicentenaire d'\u00c9douard-L\u00e9on Scott de Martinville en 2017, la M\u00e9diath\u00e8que\u2026<\/div><\/div><footer class=\"entry-footer\"><div class=\"slide-meta\"><time class='slide-meta-time updated'  itemprop=\"datePublished\" datetime=\"2017-06-03T15:01:50+02:00\" ><\/time><\/div><\/footer><span class='hidden'>\n\t\t\t\t<span class='av-structured-data'  itemprop=\"image\" itemscope=\"itemscope\" itemtype=\"https:\/\/schema.org\/ImageObject\" >\n\t\t\t\t\t\t<span itemprop='url'>https:\/\/phonomuseum.fr\/wp-content\/uploads\/2017\/04\/martinville-e1610542313275.jpg<\/span>\n\t\t\t\t\t\t<span itemprop='height'>588<\/span>\n\t\t\t\t\t\t<span itemprop='width'>429<\/span>\n\t\t\t\t<\/span>\n\t\t\t\t<span class='av-structured-data'  itemprop=\"publisher\" itemtype=\"https:\/\/schema.org\/Organization\" itemscope=\"itemscope\" >\n\t\t\t\t\t\t<span itemprop='name'>phonogal<\/span>\n\t\t\t\t\t\t<span itemprop='logo' itemscope itemtype='https:\/\/schema.org\/ImageObject'>\n\t\t\t\t\t\t\t<span itemprop='url'>https:\/\/phonomuseum.fr\/wp-content\/uploads\/2021\/01\/logo-couleurs-300x140.png<\/span>\n\t\t\t\t\t\t<\/span>\n\t\t\t\t<\/span><span class='av-structured-data'  itemprop=\"author\" itemscope=\"itemscope\" itemtype=\"https:\/\/schema.org\/Person\" ><span itemprop='name'>phonogal<\/span><\/span><span class='av-structured-data'  itemprop=\"datePublished\" datetime=\"2020-12-16T13:33:38+01:00\" >2017-06-03 15:01:50<\/span><span class='av-structured-data'  itemprop=\"dateModified\" itemtype=\"https:\/\/schema.org\/dateModified\" >2025-12-18 02:08:24<\/span><span class='av-structured-data'  itemprop=\"mainEntityOfPage\" itemtype=\"https:\/\/schema.org\/mainEntityOfPage\" ><span itemprop='name'>Bicentenaire d&rsquo;\u00c9douard-L\u00e9on Scott de Martinville<\/span><\/span><\/span><\/article><\/div><div class=\"slide-entry-wrap\"><article class='slide-entry flex_column  post-entry post-entry-1050 slide-entry-overview slide-loop-118 slide-parity-odd  av_one_third first real-thumbnail posttype-post post-format-standard'  itemscope=\"itemscope\" itemtype=\"https:\/\/schema.org\/CreativeWork\" ><a href='https:\/\/phonomuseum.fr\/charles-cros-moi-je-vis-la-vie-a-cote\/' data-rel='slide-1' class='slide-image' title='Charles Cros : \u00ab\u00a0Moi, je vis la vie \u00e0 c\u00f4t\u00e9\u00a0\u00bb'><img decoding=\"async\" fetchpriority=\"high\" width=\"199\" height=\"184\" src=\"https:\/\/phonomuseum.fr\/wp-content\/uploads\/2016\/10\/Capture-d\u2019e\u0301cran-2016-10-18-a\u0300-13.57.38-e1610542139310.png\" class=\"wp-image-762 avia-img-lazy-loading-not-762 attachment-portfolio size-portfolio wp-post-image\" alt=\"Charles Cros, po\u00e8te et inventeur 1842-1888\" \/><\/a><div class=\"slide-content\"><header class=\"entry-content-header\" aria-label=\"Slide: Charles Cros : &quot;Moi, je vis la vie \u00e0 c\u00f4t\u00e9&quot;\"><span class=\"blog-categories minor-meta\"><a href=\"https:\/\/phonomuseum.fr\/category\/blog\/\" rel=\"tag\">BLOG<\/a> <\/span><h3 class='slide-entry-title entry-title '  itemprop=\"headline\" ><a href='https:\/\/phonomuseum.fr\/charles-cros-moi-je-vis-la-vie-a-cote\/' title='Charles Cros : \u00ab\u00a0Moi, je vis la vie \u00e0 c\u00f4t\u00e9\u00a0\u00bb'>Charles Cros : \u00ab\u00a0Moi, je vis la vie \u00e0 c\u00f4t\u00e9\u00a0\u00bb<\/a><\/h3><span class=\"av-vertical-delimiter\"><\/span><\/header><div class='slide-entry-excerpt entry-content'  itemprop=\"text\" >\r\nInventeur et po\u00e8te, Charles Cros, g\u00e9nie prot\u00e9iforme, s\u2019inscrit dans l\u2019effervescence culturelle de la vie montmartroise\u00a0de la seconde moiti\u00e9 du XIXe si\u00e8cle. Incompris, \u00e0 l\u2019\u00e9troit dans une soci\u00e9t\u00e9 bourgeoise mercantile, pas assez\u2026<\/div><\/div><footer class=\"entry-footer\"><div class=\"slide-meta\"><time class='slide-meta-time updated'  itemprop=\"datePublished\" datetime=\"2017-05-10T16:13:36+02:00\" ><\/time><\/div><\/footer><span class='hidden'>\n\t\t\t\t<span class='av-structured-data'  itemprop=\"image\" itemscope=\"itemscope\" itemtype=\"https:\/\/schema.org\/ImageObject\" >\n\t\t\t\t\t\t<span itemprop='url'>https:\/\/phonomuseum.fr\/wp-content\/uploads\/2016\/10\/Capture-d\u2019e\u0301cran-2016-10-18-a\u0300-13.57.38-e1610542139310.png<\/span>\n\t\t\t\t\t\t<span itemprop='height'>184<\/span>\n\t\t\t\t\t\t<span itemprop='width'>199<\/span>\n\t\t\t\t<\/span>\n\t\t\t\t<span class='av-structured-data'  itemprop=\"publisher\" itemtype=\"https:\/\/schema.org\/Organization\" itemscope=\"itemscope\" >\n\t\t\t\t\t\t<span itemprop='name'>phonogal<\/span>\n\t\t\t\t\t\t<span itemprop='logo' itemscope itemtype='https:\/\/schema.org\/ImageObject'>\n\t\t\t\t\t\t\t<span itemprop='url'>https:\/\/phonomuseum.fr\/wp-content\/uploads\/2021\/01\/logo-couleurs-300x140.png<\/span>\n\t\t\t\t\t\t<\/span>\n\t\t\t\t<\/span><span class='av-structured-data'  itemprop=\"author\" itemscope=\"itemscope\" itemtype=\"https:\/\/schema.org\/Person\" ><span itemprop='name'>phonogal<\/span><\/span><span class='av-structured-data'  itemprop=\"datePublished\" datetime=\"2020-12-16T13:33:38+01:00\" >2017-05-10 16:13:36<\/span><span class='av-structured-data'  itemprop=\"dateModified\" itemtype=\"https:\/\/schema.org\/dateModified\" >2024-06-01 17:47:38<\/span><span class='av-structured-data'  itemprop=\"mainEntityOfPage\" itemtype=\"https:\/\/schema.org\/mainEntityOfPage\" ><span itemprop='name'>Charles Cros : \u00ab\u00a0Moi, je vis la vie \u00e0 c\u00f4t\u00e9\u00a0\u00bb<\/span><\/span><\/span><\/article><article class='slide-entry flex_column  post-entry post-entry-1026 slide-entry-overview slide-loop-119 slide-parity-even  av_one_third  fake-thumbnail posttype-post post-format-standard'  itemscope=\"itemscope\" itemtype=\"https:\/\/schema.org\/CreativeWork\" ><a href='https:\/\/phonomuseum.fr\/celebrons-le-bicentenaire-de-edouard-leon-scott-de-martinville\/' data-rel='slide-1' class='slide-image' title='C\u00e9l\u00e9brons le bicentenaire de Edouard-L\u00e9on Scott de Martinville'><span class='fallback-post-type-icon avia-svg-icon avia-font-svg_entypo-fontello' data-av_svg_icon='pencil' data-av_iconset='svg_entypo-fontello'><svg version=\"1.1\" xmlns=\"http:\/\/www.w3.org\/2000\/svg\" width=\"25\" height=\"32\" viewBox=\"0 0 25 32\" preserveAspectRatio=\"xMidYMid meet\" role=\"graphics-symbol\" aria-hidden=\"true\">\n<path d=\"M22.976 5.44q1.024 1.024 1.504 2.048t0.48 1.536v0.512l-8.064 8.064-9.28 9.216-7.616 1.664 1.6-7.68 9.28-9.216 8.064-8.064q1.728-0.384 4.032 1.92zM7.168 25.92l0.768-0.768q-0.064-1.408-1.664-3.008-0.704-0.704-1.44-1.12t-1.12-0.416l-0.448-0.064-0.704 0.768-0.576 2.56q0.896 0.512 1.472 1.088 0.768 0.768 1.152 1.536z\"><\/path>\n<\/svg><\/span><span class='slider-fallback-image'><img decoding=\"async\" fetchpriority=\"high\" width=\"282\" height=\"400\" src=\"https:\/\/phonomuseum.fr\/wp-content\/uploads\/2016\/02\/concert1.jpg\" class=\"wp-image-262 avia-img-lazy-loading-not-262 attachment-portfolio size-portfolio wp-post-image\" alt=\"Musique d&#039;Alep\" srcset=\"https:\/\/phonomuseum.fr\/wp-content\/uploads\/2016\/02\/concert1.jpg 338w, https:\/\/phonomuseum.fr\/wp-content\/uploads\/2016\/02\/concert1-211x300.jpg 211w, https:\/\/phonomuseum.fr\/wp-content\/uploads\/2016\/02\/concert1-106x150.jpg 106w\" sizes=\"(max-width: 282px) 100vw, 282px\" \/><\/span><\/a><div class=\"slide-content\"><header class=\"entry-content-header\" aria-label=\"Slide: C\u00e9l\u00e9brons le bicentenaire de Edouard-L\u00e9on Scott de Martinville\"><span class=\"blog-categories minor-meta\"><a href=\"https:\/\/phonomuseum.fr\/category\/blog\/\" rel=\"tag\">BLOG<\/a> <\/span><h3 class='slide-entry-title entry-title '  itemprop=\"headline\" ><a href='https:\/\/phonomuseum.fr\/celebrons-le-bicentenaire-de-edouard-leon-scott-de-martinville\/' title='C\u00e9l\u00e9brons le bicentenaire de Edouard-L\u00e9on Scott de Martinville'>C\u00e9l\u00e9brons le bicentenaire de Edouard-L\u00e9on Scott de Martinville<\/a><\/h3><span class=\"av-vertical-delimiter\"><\/span><\/header><div class='slide-entry-excerpt entry-content'  itemprop=\"text\" >\r\n\r\nEdouard-L\u00e9on Scott de Martinville (1817-1879) est celui qui a ouvert la voie \/ la voix \u00e0 l'enregistrement du son !\r\nAfin de c\u00e9l\u00e9brer le bicentenaire de la naissance de celui qui r\u00e9alisa les premiers enregistrements de la voix humaine\u2026<\/div><\/div><footer class=\"entry-footer\"><div class=\"slide-meta\"><time class='slide-meta-time updated'  itemprop=\"datePublished\" datetime=\"2017-04-06T15:04:43+02:00\" ><\/time><div class=\"slide-meta-del\">\/<\/div><div class=\"slide-meta-comments\"><a href='https:\/\/phonomuseum.fr\/celebrons-le-bicentenaire-de-edouard-leon-scott-de-martinville\/#comments'>1 Commentaire<\/a><\/div><\/div><\/footer><span class='hidden'>\n\t\t\t\t<span class='av-structured-data'  itemprop=\"image\" itemscope=\"itemscope\" itemtype=\"https:\/\/schema.org\/ImageObject\" >\n\t\t\t\t\t\t<span itemprop='url'>https:\/\/phonomuseum.fr\/wp-content\/uploads\/2021\/01\/logo-couleurs-300x140.png<\/span>\n\t\t\t\t\t\t<span itemprop='height'>0<\/span>\n\t\t\t\t\t\t<span itemprop='width'>0<\/span>\n\t\t\t\t<\/span>\n\t\t\t\t<span class='av-structured-data'  itemprop=\"publisher\" itemtype=\"https:\/\/schema.org\/Organization\" itemscope=\"itemscope\" >\n\t\t\t\t\t\t<span itemprop='name'>phonogal<\/span>\n\t\t\t\t\t\t<span itemprop='logo' itemscope itemtype='https:\/\/schema.org\/ImageObject'>\n\t\t\t\t\t\t\t<span itemprop='url'>https:\/\/phonomuseum.fr\/wp-content\/uploads\/2021\/01\/logo-couleurs-300x140.png<\/span>\n\t\t\t\t\t\t<\/span>\n\t\t\t\t<\/span><span class='av-structured-data'  itemprop=\"author\" itemscope=\"itemscope\" itemtype=\"https:\/\/schema.org\/Person\" ><span itemprop='name'>phonogal<\/span><\/span><span class='av-structured-data'  itemprop=\"datePublished\" datetime=\"2020-12-16T13:33:38+01:00\" >2017-04-06 15:04:43<\/span><span class='av-structured-data'  itemprop=\"dateModified\" itemtype=\"https:\/\/schema.org\/dateModified\" >2024-06-01 17:48:49<\/span><span class='av-structured-data'  itemprop=\"mainEntityOfPage\" itemtype=\"https:\/\/schema.org\/mainEntityOfPage\" ><span itemprop='name'>C\u00e9l\u00e9brons le bicentenaire de Edouard-L\u00e9on Scott de Martinville<\/span><\/span><\/span><\/article><article class='slide-entry flex_column  post-entry post-entry-998 slide-entry-overview slide-loop-120 slide-parity-odd  av_one_third  fake-thumbnail posttype-post post-format-standard'  itemscope=\"itemscope\" itemtype=\"https:\/\/schema.org\/CreativeWork\" ><a href='https:\/\/phonomuseum.fr\/on-parle-du-musee-sur-fr3-paris\/' data-rel='slide-1' class='slide-image' title='On parle du mus\u00e9e sur FR3 Paris'><span class='fallback-post-type-icon avia-svg-icon avia-font-svg_entypo-fontello' data-av_svg_icon='pencil' data-av_iconset='svg_entypo-fontello'><svg version=\"1.1\" xmlns=\"http:\/\/www.w3.org\/2000\/svg\" width=\"25\" height=\"32\" viewBox=\"0 0 25 32\" preserveAspectRatio=\"xMidYMid meet\" role=\"graphics-symbol\" aria-hidden=\"true\">\n<path d=\"M22.976 5.44q1.024 1.024 1.504 2.048t0.48 1.536v0.512l-8.064 8.064-9.28 9.216-7.616 1.664 1.6-7.68 9.28-9.216 8.064-8.064q1.728-0.384 4.032 1.92zM7.168 25.92l0.768-0.768q-0.064-1.408-1.664-3.008-0.704-0.704-1.44-1.12t-1.12-0.416l-0.448-0.064-0.704 0.768-0.576 2.56q0.896 0.512 1.472 1.088 0.768 0.768 1.152 1.536z\"><\/path>\n<\/svg><\/span><span class='slider-fallback-image'><img decoding=\"async\" fetchpriority=\"high\" width=\"282\" height=\"400\" src=\"https:\/\/phonomuseum.fr\/wp-content\/uploads\/2016\/02\/concert1.jpg\" class=\"wp-image-262 avia-img-lazy-loading-not-262 attachment-portfolio size-portfolio wp-post-image\" alt=\"Musique d&#039;Alep\" srcset=\"https:\/\/phonomuseum.fr\/wp-content\/uploads\/2016\/02\/concert1.jpg 338w, https:\/\/phonomuseum.fr\/wp-content\/uploads\/2016\/02\/concert1-211x300.jpg 211w, https:\/\/phonomuseum.fr\/wp-content\/uploads\/2016\/02\/concert1-106x150.jpg 106w\" sizes=\"(max-width: 282px) 100vw, 282px\" \/><\/span><\/a><div class=\"slide-content\"><header class=\"entry-content-header\" aria-label=\"Slide: On parle du mus\u00e9e sur FR3 Paris\"><span class=\"blog-categories minor-meta\"><a href=\"https:\/\/phonomuseum.fr\/category\/blog\/\" rel=\"tag\">BLOG<\/a> <\/span><h3 class='slide-entry-title entry-title '  itemprop=\"headline\" ><a href='https:\/\/phonomuseum.fr\/on-parle-du-musee-sur-fr3-paris\/' title='On parle du mus\u00e9e sur FR3 Paris'>On parle du mus\u00e9e sur FR3 Paris<\/a><\/h3><span class=\"av-vertical-delimiter\"><\/span><\/header><div class='slide-entry-excerpt entry-content'  itemprop=\"text\" >La cha\u00eene de t\u00e9l\u00e9vision France 3 Paris-\u00cele-de-France diffuse chaque dimanche l'\u00e9mission Paname qui pr\u00e9sente un quartier de Paris. Dimanche 19 mars 2017, la rue de Rochechouart et son quartier du 9e arrondissement de Paris \u00e9tait \u00e0 l'honneur.\u2026<\/div><\/div><footer class=\"entry-footer\"><div class=\"slide-meta\"><time class='slide-meta-time updated'  itemprop=\"datePublished\" datetime=\"2017-03-20T14:04:10+01:00\" ><\/time><\/div><\/footer><span class='hidden'>\n\t\t\t\t<span class='av-structured-data'  itemprop=\"image\" itemscope=\"itemscope\" itemtype=\"https:\/\/schema.org\/ImageObject\" >\n\t\t\t\t\t\t<span itemprop='url'>https:\/\/phonomuseum.fr\/wp-content\/uploads\/2021\/01\/logo-couleurs-300x140.png<\/span>\n\t\t\t\t\t\t<span itemprop='height'>0<\/span>\n\t\t\t\t\t\t<span itemprop='width'>0<\/span>\n\t\t\t\t<\/span>\n\t\t\t\t<span class='av-structured-data'  itemprop=\"publisher\" itemtype=\"https:\/\/schema.org\/Organization\" itemscope=\"itemscope\" >\n\t\t\t\t\t\t<span itemprop='name'>phonogal<\/span>\n\t\t\t\t\t\t<span itemprop='logo' itemscope itemtype='https:\/\/schema.org\/ImageObject'>\n\t\t\t\t\t\t\t<span itemprop='url'>https:\/\/phonomuseum.fr\/wp-content\/uploads\/2021\/01\/logo-couleurs-300x140.png<\/span>\n\t\t\t\t\t\t<\/span>\n\t\t\t\t<\/span><span class='av-structured-data'  itemprop=\"author\" itemscope=\"itemscope\" itemtype=\"https:\/\/schema.org\/Person\" ><span itemprop='name'>phonogal<\/span><\/span><span class='av-structured-data'  itemprop=\"datePublished\" datetime=\"2020-12-16T13:33:38+01:00\" >2017-03-20 14:04:10<\/span><span class='av-structured-data'  itemprop=\"dateModified\" itemtype=\"https:\/\/schema.org\/dateModified\" >2024-06-01 17:50:10<\/span><span class='av-structured-data'  itemprop=\"mainEntityOfPage\" itemtype=\"https:\/\/schema.org\/mainEntityOfPage\" ><span itemprop='name'>On parle du mus\u00e9e sur FR3 Paris<\/span><\/span><\/span><\/article><\/div><div class=\"slide-entry-wrap\"><article class='slide-entry flex_column  post-entry post-entry-973 slide-entry-overview slide-loop-121 slide-parity-odd  av_one_third first real-thumbnail posttype-post post-format-standard'  itemscope=\"itemscope\" itemtype=\"https:\/\/schema.org\/CreativeWork\" ><a href='https:\/\/phonomuseum.fr\/concert-de-soutien-exceptionnel\/' data-rel='slide-1' class='slide-image' title='Concert de soutien exceptionnel'><img decoding=\"async\" fetchpriority=\"high\" width=\"285\" height=\"400\" src=\"https:\/\/phonomuseum.fr\/wp-content\/uploads\/2017\/03\/Jean-Jacques-portrait.jpg\" class=\"wp-image-974 avia-img-lazy-loading-not-974 attachment-portfolio size-portfolio wp-post-image\" alt=\"Jean-Jacques Debout\" srcset=\"https:\/\/phonomuseum.fr\/wp-content\/uploads\/2017\/03\/Jean-Jacques-portrait.jpg 2371w, https:\/\/phonomuseum.fr\/wp-content\/uploads\/2017\/03\/Jean-Jacques-portrait-214x300.jpg 214w, https:\/\/phonomuseum.fr\/wp-content\/uploads\/2017\/03\/Jean-Jacques-portrait-768x1076.jpg 768w, https:\/\/phonomuseum.fr\/wp-content\/uploads\/2017\/03\/Jean-Jacques-portrait-731x1024.jpg 731w, https:\/\/phonomuseum.fr\/wp-content\/uploads\/2017\/03\/Jean-Jacques-portrait-107x150.jpg 107w\" sizes=\"(max-width: 285px) 100vw, 285px\" \/><\/a><div class=\"slide-content\"><header class=\"entry-content-header\" aria-label=\"Slide: Concert de soutien exceptionnel\"><span class=\"blog-categories minor-meta\"><a href=\"https:\/\/phonomuseum.fr\/category\/blog\/\" rel=\"tag\">BLOG<\/a>, <a href=\"https:\/\/phonomuseum.fr\/category\/concerts\/\" rel=\"tag\">Concerts<\/a>, <a href=\"https:\/\/phonomuseum.fr\/category\/concerts\/concerts-2017\/\" rel=\"tag\">Concerts 2017<\/a> <\/span><h3 class='slide-entry-title entry-title '  itemprop=\"headline\" ><a href='https:\/\/phonomuseum.fr\/concert-de-soutien-exceptionnel\/' title='Concert de soutien exceptionnel'>Concert de soutien exceptionnel<\/a><\/h3><span class=\"av-vertical-delimiter\"><\/span><\/header><div class='slide-entry-excerpt entry-content'  itemprop=\"text\" >En soutien au Phono Mus\u00e9um Paris, Jean-Jacques Debout donnera un concert exceptionnel, \r\nle vendredi 17 mars 2017, \u00e0 20 h 00.\r\nGrand ami de ce lieu unique, \u00e0 deux pas du Moulin Rouge, qui pr\u00e9sente toute l'\u00e9volution de la musique enregistr\u00e9e,\u2026<\/div><\/div><footer class=\"entry-footer\"><div class=\"slide-meta\"><time class='slide-meta-time updated'  itemprop=\"datePublished\" datetime=\"2017-03-14T13:55:22+01:00\" ><\/time><\/div><\/footer><span class='hidden'>\n\t\t\t\t<span class='av-structured-data'  itemprop=\"image\" itemscope=\"itemscope\" itemtype=\"https:\/\/schema.org\/ImageObject\" >\n\t\t\t\t\t\t<span itemprop='url'>https:\/\/phonomuseum.fr\/wp-content\/uploads\/2017\/03\/Jean-Jacques-portrait.jpg<\/span>\n\t\t\t\t\t\t<span itemprop='height'>3323<\/span>\n\t\t\t\t\t\t<span itemprop='width'>2371<\/span>\n\t\t\t\t<\/span>\n\t\t\t\t<span class='av-structured-data'  itemprop=\"publisher\" itemtype=\"https:\/\/schema.org\/Organization\" itemscope=\"itemscope\" >\n\t\t\t\t\t\t<span itemprop='name'>phonogal<\/span>\n\t\t\t\t\t\t<span itemprop='logo' itemscope itemtype='https:\/\/schema.org\/ImageObject'>\n\t\t\t\t\t\t\t<span itemprop='url'>https:\/\/phonomuseum.fr\/wp-content\/uploads\/2021\/01\/logo-couleurs-300x140.png<\/span>\n\t\t\t\t\t\t<\/span>\n\t\t\t\t<\/span><span class='av-structured-data'  itemprop=\"author\" itemscope=\"itemscope\" itemtype=\"https:\/\/schema.org\/Person\" ><span itemprop='name'>phonogal<\/span><\/span><span class='av-structured-data'  itemprop=\"datePublished\" datetime=\"2020-12-16T13:33:38+01:00\" >2017-03-14 13:55:22<\/span><span class='av-structured-data'  itemprop=\"dateModified\" itemtype=\"https:\/\/schema.org\/dateModified\" >2024-06-01 17:52:06<\/span><span class='av-structured-data'  itemprop=\"mainEntityOfPage\" itemtype=\"https:\/\/schema.org\/mainEntityOfPage\" ><span itemprop='name'>Concert de soutien exceptionnel<\/span><\/span><\/span><\/article><article class='slide-entry flex_column  post-entry post-entry-932 slide-entry-overview slide-loop-122 slide-parity-even  av_one_third  fake-thumbnail posttype-post post-format-standard'  itemscope=\"itemscope\" itemtype=\"https:\/\/schema.org\/CreativeWork\" ><a href='https:\/\/phonomuseum.fr\/faire-connaissance-de-vanessa-fodil\/' data-rel='slide-1' class='slide-image' title='Faire connaissance de Vanessa Fodil'><span class='fallback-post-type-icon avia-svg-icon avia-font-svg_entypo-fontello' data-av_svg_icon='pencil' data-av_iconset='svg_entypo-fontello'><svg version=\"1.1\" xmlns=\"http:\/\/www.w3.org\/2000\/svg\" width=\"25\" height=\"32\" viewBox=\"0 0 25 32\" preserveAspectRatio=\"xMidYMid meet\" role=\"graphics-symbol\" aria-hidden=\"true\">\n<path d=\"M22.976 5.44q1.024 1.024 1.504 2.048t0.48 1.536v0.512l-8.064 8.064-9.28 9.216-7.616 1.664 1.6-7.68 9.28-9.216 8.064-8.064q1.728-0.384 4.032 1.92zM7.168 25.92l0.768-0.768q-0.064-1.408-1.664-3.008-0.704-0.704-1.44-1.12t-1.12-0.416l-0.448-0.064-0.704 0.768-0.576 2.56q0.896 0.512 1.472 1.088 0.768 0.768 1.152 1.536z\"><\/path>\n<\/svg><\/span><span class='slider-fallback-image'><img decoding=\"async\" fetchpriority=\"high\" width=\"282\" height=\"400\" src=\"https:\/\/phonomuseum.fr\/wp-content\/uploads\/2016\/02\/concert1.jpg\" class=\"wp-image-262 avia-img-lazy-loading-not-262 attachment-portfolio size-portfolio wp-post-image\" alt=\"Musique d&#039;Alep\" srcset=\"https:\/\/phonomuseum.fr\/wp-content\/uploads\/2016\/02\/concert1.jpg 338w, https:\/\/phonomuseum.fr\/wp-content\/uploads\/2016\/02\/concert1-211x300.jpg 211w, https:\/\/phonomuseum.fr\/wp-content\/uploads\/2016\/02\/concert1-106x150.jpg 106w\" sizes=\"(max-width: 282px) 100vw, 282px\" \/><\/span><\/a><div class=\"slide-content\"><header class=\"entry-content-header\" aria-label=\"Slide: Faire connaissance de Vanessa Fodil\"><span class=\"blog-categories minor-meta\"><a href=\"https:\/\/phonomuseum.fr\/category\/blog\/\" rel=\"tag\">BLOG<\/a> <\/span><h3 class='slide-entry-title entry-title '  itemprop=\"headline\" ><a href='https:\/\/phonomuseum.fr\/faire-connaissance-de-vanessa-fodil\/' title='Faire connaissance de Vanessa Fodil'>Faire connaissance de Vanessa Fodil<\/a><\/h3><span class=\"av-vertical-delimiter\"><\/span><\/header><div class='slide-entry-excerpt entry-content'  itemprop=\"text\" >La mezzo-soprano Vanessa Fodil sera en concert au mus\u00e9e le dimanche 8 janvier 2017 \u00e0 18h30. Elle chantera Monteverdi et Purcell accompagn\u00e9e par Fran\u00e7oise Weeger \u00e0 la viole de gambe. Pour mieux conna\u00eetre Vanessa Fodil, voici une petite\u2026<\/div><\/div><footer class=\"entry-footer\"><div class=\"slide-meta\"><time class='slide-meta-time updated'  itemprop=\"datePublished\" datetime=\"2016-12-22T17:26:29+01:00\" ><\/time><\/div><\/footer><span class='hidden'>\n\t\t\t\t<span class='av-structured-data'  itemprop=\"image\" itemscope=\"itemscope\" itemtype=\"https:\/\/schema.org\/ImageObject\" >\n\t\t\t\t\t\t<span itemprop='url'>https:\/\/phonomuseum.fr\/wp-content\/uploads\/2021\/01\/logo-couleurs-300x140.png<\/span>\n\t\t\t\t\t\t<span itemprop='height'>0<\/span>\n\t\t\t\t\t\t<span itemprop='width'>0<\/span>\n\t\t\t\t<\/span>\n\t\t\t\t<span class='av-structured-data'  itemprop=\"publisher\" itemtype=\"https:\/\/schema.org\/Organization\" itemscope=\"itemscope\" >\n\t\t\t\t\t\t<span itemprop='name'>phonogal<\/span>\n\t\t\t\t\t\t<span itemprop='logo' itemscope itemtype='https:\/\/schema.org\/ImageObject'>\n\t\t\t\t\t\t\t<span itemprop='url'>https:\/\/phonomuseum.fr\/wp-content\/uploads\/2021\/01\/logo-couleurs-300x140.png<\/span>\n\t\t\t\t\t\t<\/span>\n\t\t\t\t<\/span><span class='av-structured-data'  itemprop=\"author\" itemscope=\"itemscope\" itemtype=\"https:\/\/schema.org\/Person\" ><span itemprop='name'>phonogal<\/span><\/span><span class='av-structured-data'  itemprop=\"datePublished\" datetime=\"2020-12-16T13:33:38+01:00\" >2016-12-22 17:26:29<\/span><span class='av-structured-data'  itemprop=\"dateModified\" itemtype=\"https:\/\/schema.org\/dateModified\" >2024-06-01 17:53:00<\/span><span class='av-structured-data'  itemprop=\"mainEntityOfPage\" itemtype=\"https:\/\/schema.org\/mainEntityOfPage\" ><span itemprop='name'>Faire connaissance de Vanessa Fodil<\/span><\/span><\/span><\/article><article class='slide-entry flex_column  post-entry post-entry-922 slide-entry-overview slide-loop-123 slide-parity-odd  av_one_third  fake-thumbnail posttype-post post-format-standard'  itemscope=\"itemscope\" itemtype=\"https:\/\/schema.org\/CreativeWork\" ><a href='https:\/\/phonomuseum.fr\/article-bien-sympa\/' data-rel='slide-1' class='slide-image' title='Encore un article bien sympa !'><span class='fallback-post-type-icon avia-svg-icon avia-font-svg_entypo-fontello' data-av_svg_icon='pencil' data-av_iconset='svg_entypo-fontello'><svg version=\"1.1\" xmlns=\"http:\/\/www.w3.org\/2000\/svg\" width=\"25\" height=\"32\" viewBox=\"0 0 25 32\" preserveAspectRatio=\"xMidYMid meet\" role=\"graphics-symbol\" aria-hidden=\"true\">\n<path d=\"M22.976 5.44q1.024 1.024 1.504 2.048t0.48 1.536v0.512l-8.064 8.064-9.28 9.216-7.616 1.664 1.6-7.68 9.28-9.216 8.064-8.064q1.728-0.384 4.032 1.92zM7.168 25.92l0.768-0.768q-0.064-1.408-1.664-3.008-0.704-0.704-1.44-1.12t-1.12-0.416l-0.448-0.064-0.704 0.768-0.576 2.56q0.896 0.512 1.472 1.088 0.768 0.768 1.152 1.536z\"><\/path>\n<\/svg><\/span><span class='slider-fallback-image'><img decoding=\"async\" fetchpriority=\"high\" width=\"282\" height=\"400\" src=\"https:\/\/phonomuseum.fr\/wp-content\/uploads\/2016\/02\/concert1.jpg\" class=\"wp-image-262 avia-img-lazy-loading-not-262 attachment-portfolio size-portfolio wp-post-image\" alt=\"Musique d&#039;Alep\" srcset=\"https:\/\/phonomuseum.fr\/wp-content\/uploads\/2016\/02\/concert1.jpg 338w, https:\/\/phonomuseum.fr\/wp-content\/uploads\/2016\/02\/concert1-211x300.jpg 211w, https:\/\/phonomuseum.fr\/wp-content\/uploads\/2016\/02\/concert1-106x150.jpg 106w\" sizes=\"(max-width: 282px) 100vw, 282px\" \/><\/span><\/a><div class=\"slide-content\"><header class=\"entry-content-header\" aria-label=\"Slide: Encore un article bien sympa !\"><span class=\"blog-categories minor-meta\"><a href=\"https:\/\/phonomuseum.fr\/category\/blog\/\" rel=\"tag\">BLOG<\/a> <\/span><h3 class='slide-entry-title entry-title '  itemprop=\"headline\" ><a href='https:\/\/phonomuseum.fr\/article-bien-sympa\/' title='Encore un article bien sympa !'>Encore un article bien sympa !<\/a><\/h3><span class=\"av-vertical-delimiter\"><\/span><\/header><div class='slide-entry-excerpt entry-content'  itemprop=\"text\" >Mediacom Cr\u00e9ations est une soci\u00e9t\u00e9 qui est, nous la citons, \u00a0\"un sp\u00e9cialiste de la cr\u00e9ation ou de la refonte de sites et de boutiques en ligne, du marketing internet, de la num\u00e9risation et transfert audio et vid\u00e9o\" entre autres.\r\nSur\u2026<\/div><\/div><footer class=\"entry-footer\"><div class=\"slide-meta\"><time class='slide-meta-time updated'  itemprop=\"datePublished\" datetime=\"2016-12-13T14:40:42+01:00\" ><\/time><\/div><\/footer><span class='hidden'>\n\t\t\t\t<span class='av-structured-data'  itemprop=\"image\" itemscope=\"itemscope\" itemtype=\"https:\/\/schema.org\/ImageObject\" >\n\t\t\t\t\t\t<span itemprop='url'>https:\/\/phonomuseum.fr\/wp-content\/uploads\/2021\/01\/logo-couleurs-300x140.png<\/span>\n\t\t\t\t\t\t<span itemprop='height'>0<\/span>\n\t\t\t\t\t\t<span itemprop='width'>0<\/span>\n\t\t\t\t<\/span>\n\t\t\t\t<span class='av-structured-data'  itemprop=\"publisher\" itemtype=\"https:\/\/schema.org\/Organization\" itemscope=\"itemscope\" >\n\t\t\t\t\t\t<span itemprop='name'>phonogal<\/span>\n\t\t\t\t\t\t<span itemprop='logo' itemscope itemtype='https:\/\/schema.org\/ImageObject'>\n\t\t\t\t\t\t\t<span itemprop='url'>https:\/\/phonomuseum.fr\/wp-content\/uploads\/2021\/01\/logo-couleurs-300x140.png<\/span>\n\t\t\t\t\t\t<\/span>\n\t\t\t\t<\/span><span class='av-structured-data'  itemprop=\"author\" itemscope=\"itemscope\" itemtype=\"https:\/\/schema.org\/Person\" ><span itemprop='name'>phonogal<\/span><\/span><span class='av-structured-data'  itemprop=\"datePublished\" datetime=\"2020-12-16T13:33:38+01:00\" >2016-12-13 14:40:42<\/span><span class='av-structured-data'  itemprop=\"dateModified\" itemtype=\"https:\/\/schema.org\/dateModified\" >2024-06-01 17:53:44<\/span><span class='av-structured-data'  itemprop=\"mainEntityOfPage\" itemtype=\"https:\/\/schema.org\/mainEntityOfPage\" ><span itemprop='name'>Encore un article bien sympa !<\/span><\/span><\/span><\/article><\/div><div class=\"slide-entry-wrap\"><article class='slide-entry flex_column  post-entry post-entry-918 slide-entry-overview slide-loop-124 slide-parity-odd  av_one_third first fake-thumbnail posttype-post post-format-standard'  itemscope=\"itemscope\" itemtype=\"https:\/\/schema.org\/CreativeWork\" ><a href='https:\/\/phonomuseum.fr\/france-3-ile-de-france-au-musee\/' data-rel='slide-1' class='slide-image' title='France 3 \u00cele-de-France au mus\u00e9e'><span class='fallback-post-type-icon avia-svg-icon avia-font-svg_entypo-fontello' data-av_svg_icon='pencil' data-av_iconset='svg_entypo-fontello'><svg version=\"1.1\" xmlns=\"http:\/\/www.w3.org\/2000\/svg\" width=\"25\" height=\"32\" viewBox=\"0 0 25 32\" preserveAspectRatio=\"xMidYMid meet\" role=\"graphics-symbol\" aria-hidden=\"true\">\n<path d=\"M22.976 5.44q1.024 1.024 1.504 2.048t0.48 1.536v0.512l-8.064 8.064-9.28 9.216-7.616 1.664 1.6-7.68 9.28-9.216 8.064-8.064q1.728-0.384 4.032 1.92zM7.168 25.92l0.768-0.768q-0.064-1.408-1.664-3.008-0.704-0.704-1.44-1.12t-1.12-0.416l-0.448-0.064-0.704 0.768-0.576 2.56q0.896 0.512 1.472 1.088 0.768 0.768 1.152 1.536z\"><\/path>\n<\/svg><\/span><span class='slider-fallback-image'><img decoding=\"async\" fetchpriority=\"high\" width=\"282\" height=\"400\" src=\"https:\/\/phonomuseum.fr\/wp-content\/uploads\/2016\/02\/concert1.jpg\" class=\"wp-image-262 avia-img-lazy-loading-not-262 attachment-portfolio size-portfolio wp-post-image\" alt=\"Musique d&#039;Alep\" srcset=\"https:\/\/phonomuseum.fr\/wp-content\/uploads\/2016\/02\/concert1.jpg 338w, https:\/\/phonomuseum.fr\/wp-content\/uploads\/2016\/02\/concert1-211x300.jpg 211w, https:\/\/phonomuseum.fr\/wp-content\/uploads\/2016\/02\/concert1-106x150.jpg 106w\" sizes=\"(max-width: 282px) 100vw, 282px\" \/><\/span><\/a><div class=\"slide-content\"><header class=\"entry-content-header\" aria-label=\"Slide: France 3 \u00cele-de-France au mus\u00e9e\"><span class=\"blog-categories minor-meta\"><a href=\"https:\/\/phonomuseum.fr\/category\/blog\/\" rel=\"tag\">BLOG<\/a> <\/span><h3 class='slide-entry-title entry-title '  itemprop=\"headline\" ><a href='https:\/\/phonomuseum.fr\/france-3-ile-de-france-au-musee\/' title='France 3 \u00cele-de-France au mus\u00e9e'>France 3 \u00cele-de-France au mus\u00e9e<\/a><\/h3><span class=\"av-vertical-delimiter\"><\/span><\/header><div class='slide-entry-excerpt entry-content'  itemprop=\"text\" >Une \u00e9quipe de France 3 \u00cele-de-France est venue tourner un reportage pour l'\u00e9mission Paname avec le r\u00e9alisateur Lo\u00efc Le Marchand et le pr\u00e9sentateur Yvan Hallouin. On ne conna\u00eet pas encore la date de diffusion. On vous tient au courant.\r\n\r\n\r\n&nbsp;\r\n[kad_youtube\u2026<\/div><\/div><footer class=\"entry-footer\"><div class=\"slide-meta\"><time class='slide-meta-time updated'  itemprop=\"datePublished\" datetime=\"2016-12-12T10:16:28+01:00\" ><\/time><\/div><\/footer><span class='hidden'>\n\t\t\t\t<span class='av-structured-data'  itemprop=\"image\" itemscope=\"itemscope\" itemtype=\"https:\/\/schema.org\/ImageObject\" >\n\t\t\t\t\t\t<span itemprop='url'>https:\/\/phonomuseum.fr\/wp-content\/uploads\/2021\/01\/logo-couleurs-300x140.png<\/span>\n\t\t\t\t\t\t<span itemprop='height'>0<\/span>\n\t\t\t\t\t\t<span itemprop='width'>0<\/span>\n\t\t\t\t<\/span>\n\t\t\t\t<span class='av-structured-data'  itemprop=\"publisher\" itemtype=\"https:\/\/schema.org\/Organization\" itemscope=\"itemscope\" >\n\t\t\t\t\t\t<span itemprop='name'>phonogal<\/span>\n\t\t\t\t\t\t<span itemprop='logo' itemscope itemtype='https:\/\/schema.org\/ImageObject'>\n\t\t\t\t\t\t\t<span itemprop='url'>https:\/\/phonomuseum.fr\/wp-content\/uploads\/2021\/01\/logo-couleurs-300x140.png<\/span>\n\t\t\t\t\t\t<\/span>\n\t\t\t\t<\/span><span class='av-structured-data'  itemprop=\"author\" itemscope=\"itemscope\" itemtype=\"https:\/\/schema.org\/Person\" ><span itemprop='name'>phonogal<\/span><\/span><span class='av-structured-data'  itemprop=\"datePublished\" datetime=\"2020-12-16T13:33:38+01:00\" >2016-12-12 10:16:28<\/span><span class='av-structured-data'  itemprop=\"dateModified\" itemtype=\"https:\/\/schema.org\/dateModified\" >2024-06-01 17:56:25<\/span><span class='av-structured-data'  itemprop=\"mainEntityOfPage\" itemtype=\"https:\/\/schema.org\/mainEntityOfPage\" ><span itemprop='name'>France 3 \u00cele-de-France au mus\u00e9e<\/span><\/span><\/span><\/article><article class='slide-entry flex_column  post-entry post-entry-895 slide-entry-overview slide-loop-125 slide-parity-even  av_one_third  fake-thumbnail posttype-post post-format-standard'  itemscope=\"itemscope\" itemtype=\"https:\/\/schema.org\/CreativeWork\" ><a href='https:\/\/phonomuseum.fr\/un-moment-de-grace-au-musee\/' data-rel='slide-1' class='slide-image' title='Un moment de gr\u00e2ce au mus\u00e9e !'><span class='fallback-post-type-icon avia-svg-icon avia-font-svg_entypo-fontello' data-av_svg_icon='pencil' data-av_iconset='svg_entypo-fontello'><svg version=\"1.1\" xmlns=\"http:\/\/www.w3.org\/2000\/svg\" width=\"25\" height=\"32\" viewBox=\"0 0 25 32\" preserveAspectRatio=\"xMidYMid meet\" role=\"graphics-symbol\" aria-hidden=\"true\">\n<path d=\"M22.976 5.44q1.024 1.024 1.504 2.048t0.48 1.536v0.512l-8.064 8.064-9.28 9.216-7.616 1.664 1.6-7.68 9.28-9.216 8.064-8.064q1.728-0.384 4.032 1.92zM7.168 25.92l0.768-0.768q-0.064-1.408-1.664-3.008-0.704-0.704-1.44-1.12t-1.12-0.416l-0.448-0.064-0.704 0.768-0.576 2.56q0.896 0.512 1.472 1.088 0.768 0.768 1.152 1.536z\"><\/path>\n<\/svg><\/span><span class='slider-fallback-image'><img decoding=\"async\" fetchpriority=\"high\" width=\"282\" height=\"400\" src=\"https:\/\/phonomuseum.fr\/wp-content\/uploads\/2016\/02\/concert1.jpg\" class=\"wp-image-262 avia-img-lazy-loading-not-262 attachment-portfolio size-portfolio wp-post-image\" alt=\"Musique d&#039;Alep\" srcset=\"https:\/\/phonomuseum.fr\/wp-content\/uploads\/2016\/02\/concert1.jpg 338w, https:\/\/phonomuseum.fr\/wp-content\/uploads\/2016\/02\/concert1-211x300.jpg 211w, https:\/\/phonomuseum.fr\/wp-content\/uploads\/2016\/02\/concert1-106x150.jpg 106w\" sizes=\"(max-width: 282px) 100vw, 282px\" \/><\/span><\/a><div class=\"slide-content\"><header class=\"entry-content-header\" aria-label=\"Slide: Un moment de gr\u00e2ce au mus\u00e9e !\"><span class=\"blog-categories minor-meta\"><a href=\"https:\/\/phonomuseum.fr\/category\/blog\/\" rel=\"tag\">BLOG<\/a> <\/span><h3 class='slide-entry-title entry-title '  itemprop=\"headline\" ><a href='https:\/\/phonomuseum.fr\/un-moment-de-grace-au-musee\/' title='Un moment de gr\u00e2ce au mus\u00e9e !'>Un moment de gr\u00e2ce au mus\u00e9e !<\/a><\/h3><span class=\"av-vertical-delimiter\"><\/span><\/header><div class='slide-entry-excerpt entry-content'  itemprop=\"text\" >\r\nHier soir, dimanche 4 d\u00e9cembre 2016, il y a eu un moment magique au mus\u00e9e : le r\u00e9cital de Fran\u00e7oise Fognini.\r\nFran\u00e7oise Fognini est compositrice interpr\u00e8te de chansons qu'elle cr\u00e9e \u00e0 partir de po\u00e8mes. Elle est accompagn\u00e9e, et avec\u2026<\/div><\/div><footer class=\"entry-footer\"><div class=\"slide-meta\"><time class='slide-meta-time updated'  itemprop=\"datePublished\" datetime=\"2016-12-05T10:33:41+01:00\" ><\/time><\/div><\/footer><span class='hidden'>\n\t\t\t\t<span class='av-structured-data'  itemprop=\"image\" itemscope=\"itemscope\" itemtype=\"https:\/\/schema.org\/ImageObject\" >\n\t\t\t\t\t\t<span itemprop='url'>https:\/\/phonomuseum.fr\/wp-content\/uploads\/2021\/01\/logo-couleurs-300x140.png<\/span>\n\t\t\t\t\t\t<span itemprop='height'>0<\/span>\n\t\t\t\t\t\t<span itemprop='width'>0<\/span>\n\t\t\t\t<\/span>\n\t\t\t\t<span class='av-structured-data'  itemprop=\"publisher\" itemtype=\"https:\/\/schema.org\/Organization\" itemscope=\"itemscope\" >\n\t\t\t\t\t\t<span itemprop='name'>phonogal<\/span>\n\t\t\t\t\t\t<span itemprop='logo' itemscope itemtype='https:\/\/schema.org\/ImageObject'>\n\t\t\t\t\t\t\t<span itemprop='url'>https:\/\/phonomuseum.fr\/wp-content\/uploads\/2021\/01\/logo-couleurs-300x140.png<\/span>\n\t\t\t\t\t\t<\/span>\n\t\t\t\t<\/span><span class='av-structured-data'  itemprop=\"author\" itemscope=\"itemscope\" itemtype=\"https:\/\/schema.org\/Person\" ><span itemprop='name'>phonogal<\/span><\/span><span class='av-structured-data'  itemprop=\"datePublished\" datetime=\"2020-12-16T13:33:38+01:00\" >2016-12-05 10:33:41<\/span><span class='av-structured-data'  itemprop=\"dateModified\" itemtype=\"https:\/\/schema.org\/dateModified\" >2024-06-01 18:00:45<\/span><span class='av-structured-data'  itemprop=\"mainEntityOfPage\" itemtype=\"https:\/\/schema.org\/mainEntityOfPage\" ><span itemprop='name'>Un moment de gr\u00e2ce au mus\u00e9e !<\/span><\/span><\/span><\/article><article class='slide-entry flex_column  post-entry post-entry-891 slide-entry-overview slide-loop-126 slide-parity-odd  av_one_third  fake-thumbnail posttype-post post-format-standard'  itemscope=\"itemscope\" itemtype=\"https:\/\/schema.org\/CreativeWork\" ><a href='https:\/\/phonomuseum.fr\/retour-vers-le-futur\/' data-rel='slide-1' class='slide-image' title='Retour vers le futur'><span class='fallback-post-type-icon avia-svg-icon avia-font-svg_entypo-fontello' data-av_svg_icon='pencil' data-av_iconset='svg_entypo-fontello'><svg version=\"1.1\" xmlns=\"http:\/\/www.w3.org\/2000\/svg\" width=\"25\" height=\"32\" viewBox=\"0 0 25 32\" preserveAspectRatio=\"xMidYMid meet\" role=\"graphics-symbol\" aria-hidden=\"true\">\n<path d=\"M22.976 5.44q1.024 1.024 1.504 2.048t0.48 1.536v0.512l-8.064 8.064-9.28 9.216-7.616 1.664 1.6-7.68 9.28-9.216 8.064-8.064q1.728-0.384 4.032 1.92zM7.168 25.92l0.768-0.768q-0.064-1.408-1.664-3.008-0.704-0.704-1.44-1.12t-1.12-0.416l-0.448-0.064-0.704 0.768-0.576 2.56q0.896 0.512 1.472 1.088 0.768 0.768 1.152 1.536z\"><\/path>\n<\/svg><\/span><span class='slider-fallback-image'><img decoding=\"async\" fetchpriority=\"high\" width=\"282\" height=\"400\" src=\"https:\/\/phonomuseum.fr\/wp-content\/uploads\/2016\/02\/concert1.jpg\" class=\"wp-image-262 avia-img-lazy-loading-not-262 attachment-portfolio size-portfolio wp-post-image\" alt=\"Musique d&#039;Alep\" srcset=\"https:\/\/phonomuseum.fr\/wp-content\/uploads\/2016\/02\/concert1.jpg 338w, https:\/\/phonomuseum.fr\/wp-content\/uploads\/2016\/02\/concert1-211x300.jpg 211w, https:\/\/phonomuseum.fr\/wp-content\/uploads\/2016\/02\/concert1-106x150.jpg 106w\" sizes=\"(max-width: 282px) 100vw, 282px\" \/><\/span><\/a><div class=\"slide-content\"><header class=\"entry-content-header\" aria-label=\"Slide: Retour vers le futur\"><span class=\"blog-categories minor-meta\"><a href=\"https:\/\/phonomuseum.fr\/category\/blog\/\" rel=\"tag\">BLOG<\/a> <\/span><h3 class='slide-entry-title entry-title '  itemprop=\"headline\" ><a href='https:\/\/phonomuseum.fr\/retour-vers-le-futur\/' title='Retour vers le futur'>Retour vers le futur<\/a><\/h3><span class=\"av-vertical-delimiter\"><\/span><\/header><div class='slide-entry-excerpt entry-content'  itemprop=\"text\" >En 1885 Coquelin cadet imagine des humano\u00efdes-phonographes qui discutent avec les voyageurs dans les trains du futur. Extrait de \"Le livre des convalescents\" \u00e0 lire sur l'excellent site de la Biblioth\u00e8que Nationale de France \/ Gallica\r\n<\/div><\/div><footer class=\"entry-footer\"><div class=\"slide-meta\"><time class='slide-meta-time updated'  itemprop=\"datePublished\" datetime=\"2016-11-29T12:54:27+01:00\" ><\/time><\/div><\/footer><span class='hidden'>\n\t\t\t\t<span class='av-structured-data'  itemprop=\"image\" itemscope=\"itemscope\" itemtype=\"https:\/\/schema.org\/ImageObject\" >\n\t\t\t\t\t\t<span itemprop='url'>https:\/\/phonomuseum.fr\/wp-content\/uploads\/2021\/01\/logo-couleurs-300x140.png<\/span>\n\t\t\t\t\t\t<span itemprop='height'>0<\/span>\n\t\t\t\t\t\t<span itemprop='width'>0<\/span>\n\t\t\t\t<\/span>\n\t\t\t\t<span class='av-structured-data'  itemprop=\"publisher\" itemtype=\"https:\/\/schema.org\/Organization\" itemscope=\"itemscope\" >\n\t\t\t\t\t\t<span itemprop='name'>phonogal<\/span>\n\t\t\t\t\t\t<span itemprop='logo' itemscope itemtype='https:\/\/schema.org\/ImageObject'>\n\t\t\t\t\t\t\t<span itemprop='url'>https:\/\/phonomuseum.fr\/wp-content\/uploads\/2021\/01\/logo-couleurs-300x140.png<\/span>\n\t\t\t\t\t\t<\/span>\n\t\t\t\t<\/span><span class='av-structured-data'  itemprop=\"author\" itemscope=\"itemscope\" itemtype=\"https:\/\/schema.org\/Person\" ><span itemprop='name'>phonogal<\/span><\/span><span class='av-structured-data'  itemprop=\"datePublished\" datetime=\"2020-12-16T13:33:38+01:00\" >2016-11-29 12:54:27<\/span><span class='av-structured-data'  itemprop=\"dateModified\" itemtype=\"https:\/\/schema.org\/dateModified\" >2024-06-01 18:01:29<\/span><span class='av-structured-data'  itemprop=\"mainEntityOfPage\" itemtype=\"https:\/\/schema.org\/mainEntityOfPage\" ><span itemprop='name'>Retour vers le futur<\/span><\/span><\/span><\/article><\/div><div class=\"slide-entry-wrap\"><article class='slide-entry flex_column  post-entry post-entry-885 slide-entry-overview slide-loop-127 slide-parity-odd  av_one_third first fake-thumbnail posttype-post post-format-standard'  itemscope=\"itemscope\" itemtype=\"https:\/\/schema.org\/CreativeWork\" ><a href='https:\/\/phonomuseum.fr\/la-collection-charles-cros-en-ligne\/' data-rel='slide-1' class='slide-image' title='La collection Charles Cros en ligne'><span class='fallback-post-type-icon avia-svg-icon avia-font-svg_entypo-fontello' data-av_svg_icon='pencil' data-av_iconset='svg_entypo-fontello'><svg version=\"1.1\" xmlns=\"http:\/\/www.w3.org\/2000\/svg\" width=\"25\" height=\"32\" viewBox=\"0 0 25 32\" preserveAspectRatio=\"xMidYMid meet\" role=\"graphics-symbol\" aria-hidden=\"true\">\n<path d=\"M22.976 5.44q1.024 1.024 1.504 2.048t0.48 1.536v0.512l-8.064 8.064-9.28 9.216-7.616 1.664 1.6-7.68 9.28-9.216 8.064-8.064q1.728-0.384 4.032 1.92zM7.168 25.92l0.768-0.768q-0.064-1.408-1.664-3.008-0.704-0.704-1.44-1.12t-1.12-0.416l-0.448-0.064-0.704 0.768-0.576 2.56q0.896 0.512 1.472 1.088 0.768 0.768 1.152 1.536z\"><\/path>\n<\/svg><\/span><span class='slider-fallback-image'><img decoding=\"async\" fetchpriority=\"high\" width=\"282\" height=\"400\" src=\"https:\/\/phonomuseum.fr\/wp-content\/uploads\/2016\/02\/concert1.jpg\" class=\"wp-image-262 avia-img-lazy-loading-not-262 attachment-portfolio size-portfolio wp-post-image\" alt=\"Musique d&#039;Alep\" srcset=\"https:\/\/phonomuseum.fr\/wp-content\/uploads\/2016\/02\/concert1.jpg 338w, https:\/\/phonomuseum.fr\/wp-content\/uploads\/2016\/02\/concert1-211x300.jpg 211w, https:\/\/phonomuseum.fr\/wp-content\/uploads\/2016\/02\/concert1-106x150.jpg 106w\" sizes=\"(max-width: 282px) 100vw, 282px\" \/><\/span><\/a><div class=\"slide-content\"><header class=\"entry-content-header\" aria-label=\"Slide: La collection Charles Cros en ligne\"><span class=\"blog-categories minor-meta\"><a href=\"https:\/\/phonomuseum.fr\/category\/blog\/\" rel=\"tag\">BLOG<\/a> <\/span><h3 class='slide-entry-title entry-title '  itemprop=\"headline\" ><a href='https:\/\/phonomuseum.fr\/la-collection-charles-cros-en-ligne\/' title='La collection Charles Cros en ligne'>La collection Charles Cros en ligne<\/a><\/h3><span class=\"av-vertical-delimiter\"><\/span><\/header><div class='slide-entry-excerpt entry-content'  itemprop=\"text\" >\"\r\n\r\n\"Quand la collection Charles Cros s'expose en ligne\"\r\nLa collection Charles Cros \u00e0 la Biblioth\u00e8que Nationale de France - article paru dans le bulletin de l'Association fran\u00e7aise des d\u00e9tenteurs de documents audiovisuels et sonores.<\/div><\/div><footer class=\"entry-footer\"><div class=\"slide-meta\"><time class='slide-meta-time updated'  itemprop=\"datePublished\" datetime=\"2016-11-28T17:40:49+01:00\" ><\/time><\/div><\/footer><span class='hidden'>\n\t\t\t\t<span class='av-structured-data'  itemprop=\"image\" itemscope=\"itemscope\" itemtype=\"https:\/\/schema.org\/ImageObject\" >\n\t\t\t\t\t\t<span itemprop='url'>https:\/\/phonomuseum.fr\/wp-content\/uploads\/2021\/01\/logo-couleurs-300x140.png<\/span>\n\t\t\t\t\t\t<span itemprop='height'>0<\/span>\n\t\t\t\t\t\t<span itemprop='width'>0<\/span>\n\t\t\t\t<\/span>\n\t\t\t\t<span class='av-structured-data'  itemprop=\"publisher\" itemtype=\"https:\/\/schema.org\/Organization\" itemscope=\"itemscope\" >\n\t\t\t\t\t\t<span itemprop='name'>phonogal<\/span>\n\t\t\t\t\t\t<span itemprop='logo' itemscope itemtype='https:\/\/schema.org\/ImageObject'>\n\t\t\t\t\t\t\t<span itemprop='url'>https:\/\/phonomuseum.fr\/wp-content\/uploads\/2021\/01\/logo-couleurs-300x140.png<\/span>\n\t\t\t\t\t\t<\/span>\n\t\t\t\t<\/span><span class='av-structured-data'  itemprop=\"author\" itemscope=\"itemscope\" itemtype=\"https:\/\/schema.org\/Person\" ><span itemprop='name'>phonogal<\/span><\/span><span class='av-structured-data'  itemprop=\"datePublished\" datetime=\"2020-12-16T13:33:38+01:00\" >2016-11-28 17:40:49<\/span><span class='av-structured-data'  itemprop=\"dateModified\" itemtype=\"https:\/\/schema.org\/dateModified\" >2024-06-01 18:02:08<\/span><span class='av-structured-data'  itemprop=\"mainEntityOfPage\" itemtype=\"https:\/\/schema.org\/mainEntityOfPage\" ><span itemprop='name'>La collection Charles Cros en ligne<\/span><\/span><\/span><\/article><article class='slide-entry flex_column  post-entry post-entry-868 slide-entry-overview slide-loop-128 slide-parity-even  av_one_third  fake-thumbnail posttype-post post-format-standard'  itemscope=\"itemscope\" itemtype=\"https:\/\/schema.org\/CreativeWork\" ><a href='https:\/\/phonomuseum.fr\/les-801-ans-de-la-sdrm\/' data-rel='slide-1' class='slide-image' title='Les 80+1 ans de la SDRM'><span class='fallback-post-type-icon avia-svg-icon avia-font-svg_entypo-fontello' data-av_svg_icon='pencil' data-av_iconset='svg_entypo-fontello'><svg version=\"1.1\" xmlns=\"http:\/\/www.w3.org\/2000\/svg\" width=\"25\" height=\"32\" viewBox=\"0 0 25 32\" preserveAspectRatio=\"xMidYMid meet\" role=\"graphics-symbol\" aria-hidden=\"true\">\n<path d=\"M22.976 5.44q1.024 1.024 1.504 2.048t0.48 1.536v0.512l-8.064 8.064-9.28 9.216-7.616 1.664 1.6-7.68 9.28-9.216 8.064-8.064q1.728-0.384 4.032 1.92zM7.168 25.92l0.768-0.768q-0.064-1.408-1.664-3.008-0.704-0.704-1.44-1.12t-1.12-0.416l-0.448-0.064-0.704 0.768-0.576 2.56q0.896 0.512 1.472 1.088 0.768 0.768 1.152 1.536z\"><\/path>\n<\/svg><\/span><span class='slider-fallback-image'><img decoding=\"async\" fetchpriority=\"high\" width=\"282\" height=\"400\" src=\"https:\/\/phonomuseum.fr\/wp-content\/uploads\/2016\/02\/concert1.jpg\" class=\"wp-image-262 avia-img-lazy-loading-not-262 attachment-portfolio size-portfolio wp-post-image\" alt=\"Musique d&#039;Alep\" srcset=\"https:\/\/phonomuseum.fr\/wp-content\/uploads\/2016\/02\/concert1.jpg 338w, https:\/\/phonomuseum.fr\/wp-content\/uploads\/2016\/02\/concert1-211x300.jpg 211w, https:\/\/phonomuseum.fr\/wp-content\/uploads\/2016\/02\/concert1-106x150.jpg 106w\" sizes=\"(max-width: 282px) 100vw, 282px\" \/><\/span><\/a><div class=\"slide-content\"><header class=\"entry-content-header\" aria-label=\"Slide: Les 80+1 ans de la SDRM\"><span class=\"blog-categories minor-meta\"><a href=\"https:\/\/phonomuseum.fr\/category\/blog\/\" rel=\"tag\">BLOG<\/a> <\/span><h3 class='slide-entry-title entry-title '  itemprop=\"headline\" ><a href='https:\/\/phonomuseum.fr\/les-801-ans-de-la-sdrm\/' title='Les 80+1 ans de la SDRM'>Les 80+1 ans de la SDRM<\/a><\/h3><span class=\"av-vertical-delimiter\"><\/span><\/header><div class='slide-entry-excerpt entry-content'  itemprop=\"text\" >Mais que se cache-t-il derri\u00e8re cet acronyme ? SDRM est le raccourci de Soci\u00e9t\u00e9 pour l'administration des Droits de Reproduction M\u00e9canique. C'est l'\u00e9quivalant de la mieux connue SACEM qui est la Soci\u00e9t\u00e9 des Auteurs, Compositeurs et Editeurs\u2026<\/div><\/div><footer class=\"entry-footer\"><div class=\"slide-meta\"><time class='slide-meta-time updated'  itemprop=\"datePublished\" datetime=\"2016-11-21T10:45:21+01:00\" ><\/time><\/div><\/footer><span class='hidden'>\n\t\t\t\t<span class='av-structured-data'  itemprop=\"image\" itemscope=\"itemscope\" itemtype=\"https:\/\/schema.org\/ImageObject\" >\n\t\t\t\t\t\t<span itemprop='url'>https:\/\/phonomuseum.fr\/wp-content\/uploads\/2021\/01\/logo-couleurs-300x140.png<\/span>\n\t\t\t\t\t\t<span itemprop='height'>0<\/span>\n\t\t\t\t\t\t<span itemprop='width'>0<\/span>\n\t\t\t\t<\/span>\n\t\t\t\t<span class='av-structured-data'  itemprop=\"publisher\" itemtype=\"https:\/\/schema.org\/Organization\" itemscope=\"itemscope\" >\n\t\t\t\t\t\t<span itemprop='name'>phonogal<\/span>\n\t\t\t\t\t\t<span itemprop='logo' itemscope itemtype='https:\/\/schema.org\/ImageObject'>\n\t\t\t\t\t\t\t<span itemprop='url'>https:\/\/phonomuseum.fr\/wp-content\/uploads\/2021\/01\/logo-couleurs-300x140.png<\/span>\n\t\t\t\t\t\t<\/span>\n\t\t\t\t<\/span><span class='av-structured-data'  itemprop=\"author\" itemscope=\"itemscope\" itemtype=\"https:\/\/schema.org\/Person\" ><span itemprop='name'>phonogal<\/span><\/span><span class='av-structured-data'  itemprop=\"datePublished\" datetime=\"2020-12-16T13:33:38+01:00\" >2016-11-21 10:45:21<\/span><span class='av-structured-data'  itemprop=\"dateModified\" itemtype=\"https:\/\/schema.org\/dateModified\" >2024-06-01 18:05:46<\/span><span class='av-structured-data'  itemprop=\"mainEntityOfPage\" itemtype=\"https:\/\/schema.org\/mainEntityOfPage\" ><span itemprop='name'>Les 80+1 ans de la SDRM<\/span><\/span><\/span><\/article><article class='slide-entry flex_column  post-entry post-entry-850 slide-entry-overview slide-loop-129 slide-parity-odd  av_one_third  fake-thumbnail posttype-post post-format-standard'  itemscope=\"itemscope\" itemtype=\"https:\/\/schema.org\/CreativeWork\" ><a href='https:\/\/phonomuseum.fr\/concerts-programme-de-decembre-2016-a-juillet-2017\/' data-rel='slide-1' class='slide-image' title='Concerts : programme de D\u00e9cembre 2016 \u00e0 Juillet 2017'><span class='fallback-post-type-icon avia-svg-icon avia-font-svg_entypo-fontello' data-av_svg_icon='pencil' data-av_iconset='svg_entypo-fontello'><svg version=\"1.1\" xmlns=\"http:\/\/www.w3.org\/2000\/svg\" width=\"25\" height=\"32\" viewBox=\"0 0 25 32\" preserveAspectRatio=\"xMidYMid meet\" role=\"graphics-symbol\" aria-hidden=\"true\">\n<path d=\"M22.976 5.44q1.024 1.024 1.504 2.048t0.48 1.536v0.512l-8.064 8.064-9.28 9.216-7.616 1.664 1.6-7.68 9.28-9.216 8.064-8.064q1.728-0.384 4.032 1.92zM7.168 25.92l0.768-0.768q-0.064-1.408-1.664-3.008-0.704-0.704-1.44-1.12t-1.12-0.416l-0.448-0.064-0.704 0.768-0.576 2.56q0.896 0.512 1.472 1.088 0.768 0.768 1.152 1.536z\"><\/path>\n<\/svg><\/span><span class='slider-fallback-image'><img decoding=\"async\" fetchpriority=\"high\" width=\"282\" height=\"400\" src=\"https:\/\/phonomuseum.fr\/wp-content\/uploads\/2016\/02\/concert1.jpg\" class=\"wp-image-262 avia-img-lazy-loading-not-262 attachment-portfolio size-portfolio wp-post-image\" alt=\"Musique d&#039;Alep\" srcset=\"https:\/\/phonomuseum.fr\/wp-content\/uploads\/2016\/02\/concert1.jpg 338w, https:\/\/phonomuseum.fr\/wp-content\/uploads\/2016\/02\/concert1-211x300.jpg 211w, https:\/\/phonomuseum.fr\/wp-content\/uploads\/2016\/02\/concert1-106x150.jpg 106w\" sizes=\"(max-width: 282px) 100vw, 282px\" \/><\/span><\/a><div class=\"slide-content\"><header class=\"entry-content-header\" aria-label=\"Slide: Concerts : programme de D\u00e9cembre 2016 \u00e0 Juillet 2017\"><span class=\"blog-categories minor-meta\"><a href=\"https:\/\/phonomuseum.fr\/category\/blog\/\" rel=\"tag\">BLOG<\/a> <\/span><h3 class='slide-entry-title entry-title '  itemprop=\"headline\" ><a href='https:\/\/phonomuseum.fr\/concerts-programme-de-decembre-2016-a-juillet-2017\/' title='Concerts : programme de D\u00e9cembre 2016 \u00e0 Juillet 2017'>Concerts : programme de D\u00e9cembre 2016 \u00e0 Juillet 2017<\/a><\/h3><span class=\"av-vertical-delimiter\"><\/span><\/header><div class='slide-entry-excerpt entry-content'  itemprop=\"text\" >Le programme des concerts du premier dimanche de chaque mois \u00e0 18h30 de D\u00e9cembre 2016 \u00e0 Juillet 2017 est le suivant :\r\n2016\r\n4 D\u00e9cembre : Tribu \"Modern r\u00e9cital\"\r\nFran\u00e7oise Fognini, chant &amp; compositions\r\nPaul Sta\u00efcu, Piano \r\nInvit\u00e9\u2026<\/div><\/div><footer class=\"entry-footer\"><div class=\"slide-meta\"><time class='slide-meta-time updated'  itemprop=\"datePublished\" datetime=\"2016-11-14T16:49:04+01:00\" ><\/time><\/div><\/footer><span class='hidden'>\n\t\t\t\t<span class='av-structured-data'  itemprop=\"image\" itemscope=\"itemscope\" itemtype=\"https:\/\/schema.org\/ImageObject\" >\n\t\t\t\t\t\t<span itemprop='url'>https:\/\/phonomuseum.fr\/wp-content\/uploads\/2021\/01\/logo-couleurs-300x140.png<\/span>\n\t\t\t\t\t\t<span itemprop='height'>0<\/span>\n\t\t\t\t\t\t<span itemprop='width'>0<\/span>\n\t\t\t\t<\/span>\n\t\t\t\t<span class='av-structured-data'  itemprop=\"publisher\" itemtype=\"https:\/\/schema.org\/Organization\" itemscope=\"itemscope\" >\n\t\t\t\t\t\t<span itemprop='name'>phonogal<\/span>\n\t\t\t\t\t\t<span itemprop='logo' itemscope itemtype='https:\/\/schema.org\/ImageObject'>\n\t\t\t\t\t\t\t<span itemprop='url'>https:\/\/phonomuseum.fr\/wp-content\/uploads\/2021\/01\/logo-couleurs-300x140.png<\/span>\n\t\t\t\t\t\t<\/span>\n\t\t\t\t<\/span><span class='av-structured-data'  itemprop=\"author\" itemscope=\"itemscope\" itemtype=\"https:\/\/schema.org\/Person\" ><span itemprop='name'>phonogal<\/span><\/span><span class='av-structured-data'  itemprop=\"datePublished\" datetime=\"2020-12-16T13:33:38+01:00\" >2016-11-14 16:49:04<\/span><span class='av-structured-data'  itemprop=\"dateModified\" itemtype=\"https:\/\/schema.org\/dateModified\" >2024-06-01 18:10:55<\/span><span class='av-structured-data'  itemprop=\"mainEntityOfPage\" itemtype=\"https:\/\/schema.org\/mainEntityOfPage\" ><span itemprop='name'>Concerts : programme de D\u00e9cembre 2016 \u00e0 Juillet 2017<\/span><\/span><\/span><\/article><\/div><div class=\"slide-entry-wrap\"><article class='slide-entry flex_column  post-entry post-entry-840 slide-entry-overview slide-loop-130 slide-parity-odd  av_one_third first fake-thumbnail posttype-post post-format-standard'  itemscope=\"itemscope\" itemtype=\"https:\/\/schema.org\/CreativeWork\" ><a href='https:\/\/phonomuseum.fr\/izi-travel-une-appli-de-son-temps\/' data-rel='slide-1' class='slide-image' title='izi.Travel : une appli de son temps'><span class='fallback-post-type-icon avia-svg-icon avia-font-svg_entypo-fontello' data-av_svg_icon='pencil' data-av_iconset='svg_entypo-fontello'><svg version=\"1.1\" xmlns=\"http:\/\/www.w3.org\/2000\/svg\" width=\"25\" height=\"32\" viewBox=\"0 0 25 32\" preserveAspectRatio=\"xMidYMid meet\" role=\"graphics-symbol\" aria-hidden=\"true\">\n<path d=\"M22.976 5.44q1.024 1.024 1.504 2.048t0.48 1.536v0.512l-8.064 8.064-9.28 9.216-7.616 1.664 1.6-7.68 9.28-9.216 8.064-8.064q1.728-0.384 4.032 1.92zM7.168 25.92l0.768-0.768q-0.064-1.408-1.664-3.008-0.704-0.704-1.44-1.12t-1.12-0.416l-0.448-0.064-0.704 0.768-0.576 2.56q0.896 0.512 1.472 1.088 0.768 0.768 1.152 1.536z\"><\/path>\n<\/svg><\/span><span class='slider-fallback-image'><img decoding=\"async\" fetchpriority=\"high\" width=\"282\" height=\"400\" src=\"https:\/\/phonomuseum.fr\/wp-content\/uploads\/2016\/02\/concert1.jpg\" class=\"wp-image-262 avia-img-lazy-loading-not-262 attachment-portfolio size-portfolio wp-post-image\" alt=\"Musique d&#039;Alep\" srcset=\"https:\/\/phonomuseum.fr\/wp-content\/uploads\/2016\/02\/concert1.jpg 338w, https:\/\/phonomuseum.fr\/wp-content\/uploads\/2016\/02\/concert1-211x300.jpg 211w, https:\/\/phonomuseum.fr\/wp-content\/uploads\/2016\/02\/concert1-106x150.jpg 106w\" sizes=\"(max-width: 282px) 100vw, 282px\" \/><\/span><\/a><div class=\"slide-content\"><header class=\"entry-content-header\" aria-label=\"Slide: izi.Travel : une appli de son temps\"><span class=\"blog-categories minor-meta\"><a href=\"https:\/\/phonomuseum.fr\/category\/blog\/\" rel=\"tag\">BLOG<\/a> <\/span><h3 class='slide-entry-title entry-title '  itemprop=\"headline\" ><a href='https:\/\/phonomuseum.fr\/izi-travel-une-appli-de-son-temps\/' title='izi.Travel : une appli de son temps'>izi.Travel : une appli de son temps<\/a><\/h3><span class=\"av-vertical-delimiter\"><\/span><\/header><div class='slide-entry-excerpt entry-content'  itemprop=\"text\" >\r\nAu mus\u00e9e, en g\u00e9n\u00e9ral, on regarde les \u0153uvres (chez nous au PHONO Museum Paris les machines parlantes) et puis on lit (ou pas) une fiche, souvent trop petite, qui donne quelques explications. Et bien c'est fini tout cela. Nous sommes au\u2026<\/div><\/div><footer class=\"entry-footer\"><div class=\"slide-meta\"><time class='slide-meta-time updated'  itemprop=\"datePublished\" datetime=\"2016-11-10T17:33:13+01:00\" ><\/time><\/div><\/footer><span class='hidden'>\n\t\t\t\t<span class='av-structured-data'  itemprop=\"image\" itemscope=\"itemscope\" itemtype=\"https:\/\/schema.org\/ImageObject\" >\n\t\t\t\t\t\t<span itemprop='url'>https:\/\/phonomuseum.fr\/wp-content\/uploads\/2021\/01\/logo-couleurs-300x140.png<\/span>\n\t\t\t\t\t\t<span itemprop='height'>0<\/span>\n\t\t\t\t\t\t<span itemprop='width'>0<\/span>\n\t\t\t\t<\/span>\n\t\t\t\t<span class='av-structured-data'  itemprop=\"publisher\" itemtype=\"https:\/\/schema.org\/Organization\" itemscope=\"itemscope\" >\n\t\t\t\t\t\t<span itemprop='name'>phonogal<\/span>\n\t\t\t\t\t\t<span itemprop='logo' itemscope itemtype='https:\/\/schema.org\/ImageObject'>\n\t\t\t\t\t\t\t<span itemprop='url'>https:\/\/phonomuseum.fr\/wp-content\/uploads\/2021\/01\/logo-couleurs-300x140.png<\/span>\n\t\t\t\t\t\t<\/span>\n\t\t\t\t<\/span><span class='av-structured-data'  itemprop=\"author\" itemscope=\"itemscope\" itemtype=\"https:\/\/schema.org\/Person\" ><span itemprop='name'>phonogal<\/span><\/span><span class='av-structured-data'  itemprop=\"datePublished\" datetime=\"2020-12-16T13:33:38+01:00\" >2016-11-10 17:33:13<\/span><span class='av-structured-data'  itemprop=\"dateModified\" itemtype=\"https:\/\/schema.org\/dateModified\" >2024-06-01 18:13:16<\/span><span class='av-structured-data'  itemprop=\"mainEntityOfPage\" itemtype=\"https:\/\/schema.org\/mainEntityOfPage\" ><span itemprop='name'>izi.Travel : une appli de son temps<\/span><\/span><\/span><\/article><article class='slide-entry flex_column  post-entry post-entry-831 slide-entry-overview slide-loop-131 slide-parity-even  av_one_third  real-thumbnail posttype-post post-format-standard'  itemscope=\"itemscope\" itemtype=\"https:\/\/schema.org\/CreativeWork\" ><a href='https:\/\/phonomuseum.fr\/concert-des-soeurs-papilles\/' data-rel='slide-1' class='slide-image' title='Concert des S\u0153urs Papilles'><img decoding=\"async\" fetchpriority=\"high\" width=\"285\" height=\"400\" src=\"https:\/\/phonomuseum.fr\/wp-content\/uploads\/2016\/06\/papilles.jpg\" class=\"wp-image-600 avia-img-lazy-loading-not-600 attachment-portfolio size-portfolio wp-post-image\" alt=\"papilles\" srcset=\"https:\/\/phonomuseum.fr\/wp-content\/uploads\/2016\/06\/papilles.jpg 1000w, https:\/\/phonomuseum.fr\/wp-content\/uploads\/2016\/06\/papilles-214x300.jpg 214w, https:\/\/phonomuseum.fr\/wp-content\/uploads\/2016\/06\/papilles-768x1079.jpg 768w, https:\/\/phonomuseum.fr\/wp-content\/uploads\/2016\/06\/papilles-729x1024.jpg 729w, https:\/\/phonomuseum.fr\/wp-content\/uploads\/2016\/06\/papilles-107x150.jpg 107w\" sizes=\"(max-width: 285px) 100vw, 285px\" \/><\/a><div class=\"slide-content\"><header class=\"entry-content-header\" aria-label=\"Slide: Concert des S\u0153urs Papilles\"><span class=\"blog-categories minor-meta\"><a href=\"https:\/\/phonomuseum.fr\/category\/blog\/\" rel=\"tag\">BLOG<\/a>, <a href=\"https:\/\/phonomuseum.fr\/category\/concerts\/\" rel=\"tag\">Concerts<\/a>, <a href=\"https:\/\/phonomuseum.fr\/category\/concerts\/concerts-2016\/\" rel=\"tag\">Concerts 2016<\/a> <\/span><h3 class='slide-entry-title entry-title '  itemprop=\"headline\" ><a href='https:\/\/phonomuseum.fr\/concert-des-soeurs-papilles\/' title='Concert des S\u0153urs Papilles'>Concert des S\u0153urs Papilles<\/a><\/h3><span class=\"av-vertical-delimiter\"><\/span><\/header><div class='slide-entry-excerpt entry-content'  itemprop=\"text\" >Les S\u0153urs Papilles \u00e9taient en concert au mus\u00e9e le 3 juillet 2016. Voici un extrait en vid\u00e9o r\u00e9alis\u00e9 par T\u00e9l\u00e9 Paris Montmartre\r\n<\/div><\/div><footer class=\"entry-footer\"><div class=\"slide-meta\"><time class='slide-meta-time updated'  itemprop=\"datePublished\" datetime=\"2016-11-03T18:59:23+01:00\" ><\/time><\/div><\/footer><span class='hidden'>\n\t\t\t\t<span class='av-structured-data'  itemprop=\"image\" itemscope=\"itemscope\" itemtype=\"https:\/\/schema.org\/ImageObject\" >\n\t\t\t\t\t\t<span itemprop='url'>https:\/\/phonomuseum.fr\/wp-content\/uploads\/2016\/06\/papilles.jpg<\/span>\n\t\t\t\t\t\t<span itemprop='height'>1405<\/span>\n\t\t\t\t\t\t<span itemprop='width'>1000<\/span>\n\t\t\t\t<\/span>\n\t\t\t\t<span class='av-structured-data'  itemprop=\"publisher\" itemtype=\"https:\/\/schema.org\/Organization\" itemscope=\"itemscope\" >\n\t\t\t\t\t\t<span itemprop='name'>phonogal<\/span>\n\t\t\t\t\t\t<span itemprop='logo' itemscope itemtype='https:\/\/schema.org\/ImageObject'>\n\t\t\t\t\t\t\t<span itemprop='url'>https:\/\/phonomuseum.fr\/wp-content\/uploads\/2021\/01\/logo-couleurs-300x140.png<\/span>\n\t\t\t\t\t\t<\/span>\n\t\t\t\t<\/span><span class='av-structured-data'  itemprop=\"author\" itemscope=\"itemscope\" itemtype=\"https:\/\/schema.org\/Person\" ><span itemprop='name'>phonogal<\/span><\/span><span class='av-structured-data'  itemprop=\"datePublished\" datetime=\"2020-12-16T13:33:38+01:00\" >2016-11-03 18:59:23<\/span><span class='av-structured-data'  itemprop=\"dateModified\" itemtype=\"https:\/\/schema.org\/dateModified\" >2024-06-01 18:14:12<\/span><span class='av-structured-data'  itemprop=\"mainEntityOfPage\" itemtype=\"https:\/\/schema.org\/mainEntityOfPage\" ><span itemprop='name'>Concert des S\u0153urs Papilles<\/span><\/span><\/span><\/article><article class='slide-entry flex_column  post-entry post-entry-760 slide-entry-overview slide-loop-132 slide-parity-odd  av_one_third  fake-thumbnail posttype-post post-format-standard'  itemscope=\"itemscope\" itemtype=\"https:\/\/schema.org\/CreativeWork\" ><a href='https:\/\/phonomuseum.fr\/de-charles-cros-a-la-sonde-voyager-1\/' data-rel='slide-1' class='slide-image' title='De Charles Cros \u00e0 la sonde Voyager 1'><span class='fallback-post-type-icon avia-svg-icon avia-font-svg_entypo-fontello' data-av_svg_icon='pencil' data-av_iconset='svg_entypo-fontello'><svg version=\"1.1\" xmlns=\"http:\/\/www.w3.org\/2000\/svg\" width=\"25\" height=\"32\" viewBox=\"0 0 25 32\" preserveAspectRatio=\"xMidYMid meet\" role=\"graphics-symbol\" aria-hidden=\"true\">\n<path d=\"M22.976 5.44q1.024 1.024 1.504 2.048t0.48 1.536v0.512l-8.064 8.064-9.28 9.216-7.616 1.664 1.6-7.68 9.28-9.216 8.064-8.064q1.728-0.384 4.032 1.92zM7.168 25.92l0.768-0.768q-0.064-1.408-1.664-3.008-0.704-0.704-1.44-1.12t-1.12-0.416l-0.448-0.064-0.704 0.768-0.576 2.56q0.896 0.512 1.472 1.088 0.768 0.768 1.152 1.536z\"><\/path>\n<\/svg><\/span><span class='slider-fallback-image'><img decoding=\"async\" fetchpriority=\"high\" width=\"282\" height=\"400\" src=\"https:\/\/phonomuseum.fr\/wp-content\/uploads\/2016\/02\/concert1.jpg\" class=\"wp-image-262 avia-img-lazy-loading-not-262 attachment-portfolio size-portfolio wp-post-image\" alt=\"Musique d&#039;Alep\" srcset=\"https:\/\/phonomuseum.fr\/wp-content\/uploads\/2016\/02\/concert1.jpg 338w, https:\/\/phonomuseum.fr\/wp-content\/uploads\/2016\/02\/concert1-211x300.jpg 211w, https:\/\/phonomuseum.fr\/wp-content\/uploads\/2016\/02\/concert1-106x150.jpg 106w\" sizes=\"(max-width: 282px) 100vw, 282px\" \/><\/span><\/a><div class=\"slide-content\"><header class=\"entry-content-header\" aria-label=\"Slide: De Charles Cros \u00e0 la sonde Voyager 1\"><span class=\"blog-categories minor-meta\"><a href=\"https:\/\/phonomuseum.fr\/category\/blog\/\" rel=\"tag\">BLOG<\/a> <\/span><h3 class='slide-entry-title entry-title '  itemprop=\"headline\" ><a href='https:\/\/phonomuseum.fr\/de-charles-cros-a-la-sonde-voyager-1\/' title='De Charles Cros \u00e0 la sonde Voyager 1'>De Charles Cros \u00e0 la sonde Voyager 1<\/a><\/h3><span class=\"av-vertical-delimiter\"><\/span><\/header><div class='slide-entry-excerpt entry-content'  itemprop=\"text\" >\r\nQuelque part dans l'univers, \u00e0 ce jour il est \u00e0 15 milliards de km de nous (15 heures-lumi\u00e8re)... le disque de Voyager 1. C'est un 16 tours\/minute. Il contient pas mal de sons, de Bach \u00e0 Chuck Berry, et aussi une centaines d'images. Il\u2026<\/div><\/div><footer class=\"entry-footer\"><div class=\"slide-meta\"><time class='slide-meta-time updated'  itemprop=\"datePublished\" datetime=\"2016-10-18T14:01:04+02:00\" ><\/time><\/div><\/footer><span class='hidden'>\n\t\t\t\t<span class='av-structured-data'  itemprop=\"image\" itemscope=\"itemscope\" itemtype=\"https:\/\/schema.org\/ImageObject\" >\n\t\t\t\t\t\t<span itemprop='url'>https:\/\/phonomuseum.fr\/wp-content\/uploads\/2021\/01\/logo-couleurs-300x140.png<\/span>\n\t\t\t\t\t\t<span itemprop='height'>0<\/span>\n\t\t\t\t\t\t<span itemprop='width'>0<\/span>\n\t\t\t\t<\/span>\n\t\t\t\t<span class='av-structured-data'  itemprop=\"publisher\" itemtype=\"https:\/\/schema.org\/Organization\" itemscope=\"itemscope\" >\n\t\t\t\t\t\t<span itemprop='name'>phonogal<\/span>\n\t\t\t\t\t\t<span itemprop='logo' itemscope itemtype='https:\/\/schema.org\/ImageObject'>\n\t\t\t\t\t\t\t<span itemprop='url'>https:\/\/phonomuseum.fr\/wp-content\/uploads\/2021\/01\/logo-couleurs-300x140.png<\/span>\n\t\t\t\t\t\t<\/span>\n\t\t\t\t<\/span><span class='av-structured-data'  itemprop=\"author\" itemscope=\"itemscope\" itemtype=\"https:\/\/schema.org\/Person\" ><span itemprop='name'>phonogal<\/span><\/span><span class='av-structured-data'  itemprop=\"datePublished\" datetime=\"2020-12-16T13:33:38+01:00\" >2016-10-18 14:01:04<\/span><span class='av-structured-data'  itemprop=\"dateModified\" itemtype=\"https:\/\/schema.org\/dateModified\" >2024-06-01 18:15:42<\/span><span class='av-structured-data'  itemprop=\"mainEntityOfPage\" itemtype=\"https:\/\/schema.org\/mainEntityOfPage\" ><span itemprop='name'>De Charles Cros \u00e0 la sonde Voyager 1<\/span><\/span><\/span><\/article><\/div><div class=\"slide-entry-wrap\"><article class='slide-entry flex_column  post-entry post-entry-749 slide-entry-overview slide-loop-133 slide-parity-odd  av_one_third first fake-thumbnail posttype-post post-format-standard'  itemscope=\"itemscope\" itemtype=\"https:\/\/schema.org\/CreativeWork\" ><a href='https:\/\/phonomuseum.fr\/le-son-enregistre-continue-dinteresser\/' data-rel='slide-1' class='slide-image' title='Le son enregistr\u00e9 continue d&rsquo;int\u00e9resser'><span class='fallback-post-type-icon avia-svg-icon avia-font-svg_entypo-fontello' data-av_svg_icon='pencil' data-av_iconset='svg_entypo-fontello'><svg version=\"1.1\" xmlns=\"http:\/\/www.w3.org\/2000\/svg\" width=\"25\" height=\"32\" viewBox=\"0 0 25 32\" preserveAspectRatio=\"xMidYMid meet\" role=\"graphics-symbol\" aria-hidden=\"true\">\n<path d=\"M22.976 5.44q1.024 1.024 1.504 2.048t0.48 1.536v0.512l-8.064 8.064-9.28 9.216-7.616 1.664 1.6-7.68 9.28-9.216 8.064-8.064q1.728-0.384 4.032 1.92zM7.168 25.92l0.768-0.768q-0.064-1.408-1.664-3.008-0.704-0.704-1.44-1.12t-1.12-0.416l-0.448-0.064-0.704 0.768-0.576 2.56q0.896 0.512 1.472 1.088 0.768 0.768 1.152 1.536z\"><\/path>\n<\/svg><\/span><span class='slider-fallback-image'><img decoding=\"async\" fetchpriority=\"high\" width=\"282\" height=\"400\" src=\"https:\/\/phonomuseum.fr\/wp-content\/uploads\/2016\/02\/concert1.jpg\" class=\"wp-image-262 avia-img-lazy-loading-not-262 attachment-portfolio size-portfolio wp-post-image\" alt=\"Musique d&#039;Alep\" srcset=\"https:\/\/phonomuseum.fr\/wp-content\/uploads\/2016\/02\/concert1.jpg 338w, https:\/\/phonomuseum.fr\/wp-content\/uploads\/2016\/02\/concert1-211x300.jpg 211w, https:\/\/phonomuseum.fr\/wp-content\/uploads\/2016\/02\/concert1-106x150.jpg 106w\" sizes=\"(max-width: 282px) 100vw, 282px\" \/><\/span><\/a><div class=\"slide-content\"><header class=\"entry-content-header\" aria-label=\"Slide: Le son enregistr\u00e9 continue d&#039;int\u00e9resser\"><span class=\"blog-categories minor-meta\"><a href=\"https:\/\/phonomuseum.fr\/category\/blog\/\" rel=\"tag\">BLOG<\/a> <\/span><h3 class='slide-entry-title entry-title '  itemprop=\"headline\" ><a href='https:\/\/phonomuseum.fr\/le-son-enregistre-continue-dinteresser\/' title='Le son enregistr\u00e9 continue d&rsquo;int\u00e9resser'>Le son enregistr\u00e9 continue d&rsquo;int\u00e9resser<\/a><\/h3><span class=\"av-vertical-delimiter\"><\/span><\/header><div class='slide-entry-excerpt entry-content'  itemprop=\"text\" >Le Laboratoire d'Acoustique de l'Universit\u00e9 du Maine a organis\u00e9 une exposition dans les locaux de la m\u00e9diath\u00e8que de la Ville du Mans. L'appareil Edison qui sert \u00e0 enregistrer le son et le reproduire sur cylindre comme on le voit dans cette\u2026<\/div><\/div><footer class=\"entry-footer\"><div class=\"slide-meta\"><time class='slide-meta-time updated'  itemprop=\"datePublished\" datetime=\"2016-10-17T17:05:02+02:00\" ><\/time><\/div><\/footer><span class='hidden'>\n\t\t\t\t<span class='av-structured-data'  itemprop=\"image\" itemscope=\"itemscope\" itemtype=\"https:\/\/schema.org\/ImageObject\" >\n\t\t\t\t\t\t<span itemprop='url'>https:\/\/phonomuseum.fr\/wp-content\/uploads\/2021\/01\/logo-couleurs-300x140.png<\/span>\n\t\t\t\t\t\t<span itemprop='height'>0<\/span>\n\t\t\t\t\t\t<span itemprop='width'>0<\/span>\n\t\t\t\t<\/span>\n\t\t\t\t<span class='av-structured-data'  itemprop=\"publisher\" itemtype=\"https:\/\/schema.org\/Organization\" itemscope=\"itemscope\" >\n\t\t\t\t\t\t<span itemprop='name'>phonogal<\/span>\n\t\t\t\t\t\t<span itemprop='logo' itemscope itemtype='https:\/\/schema.org\/ImageObject'>\n\t\t\t\t\t\t\t<span itemprop='url'>https:\/\/phonomuseum.fr\/wp-content\/uploads\/2021\/01\/logo-couleurs-300x140.png<\/span>\n\t\t\t\t\t\t<\/span>\n\t\t\t\t<\/span><span class='av-structured-data'  itemprop=\"author\" itemscope=\"itemscope\" itemtype=\"https:\/\/schema.org\/Person\" ><span itemprop='name'>phonogal<\/span><\/span><span class='av-structured-data'  itemprop=\"datePublished\" datetime=\"2020-12-16T13:33:38+01:00\" >2016-10-17 17:05:02<\/span><span class='av-structured-data'  itemprop=\"dateModified\" itemtype=\"https:\/\/schema.org\/dateModified\" >2024-06-01 18:17:05<\/span><span class='av-structured-data'  itemprop=\"mainEntityOfPage\" itemtype=\"https:\/\/schema.org\/mainEntityOfPage\" ><span itemprop='name'>Le son enregistr\u00e9 continue d&rsquo;int\u00e9resser<\/span><\/span><\/span><\/article><article class='slide-entry flex_column  post-entry post-entry-727 slide-entry-overview slide-loop-134 slide-parity-even  av_one_third  fake-thumbnail posttype-post post-format-standard'  itemscope=\"itemscope\" itemtype=\"https:\/\/schema.org\/CreativeWork\" ><a href='https:\/\/phonomuseum.fr\/une-exposition-a-moulins\/' data-rel='slide-1' class='slide-image' title='Une exposition \u00e0 Moulins'><span class='fallback-post-type-icon avia-svg-icon avia-font-svg_entypo-fontello' data-av_svg_icon='pencil' data-av_iconset='svg_entypo-fontello'><svg version=\"1.1\" xmlns=\"http:\/\/www.w3.org\/2000\/svg\" width=\"25\" height=\"32\" viewBox=\"0 0 25 32\" preserveAspectRatio=\"xMidYMid meet\" role=\"graphics-symbol\" aria-hidden=\"true\">\n<path d=\"M22.976 5.44q1.024 1.024 1.504 2.048t0.48 1.536v0.512l-8.064 8.064-9.28 9.216-7.616 1.664 1.6-7.68 9.28-9.216 8.064-8.064q1.728-0.384 4.032 1.92zM7.168 25.92l0.768-0.768q-0.064-1.408-1.664-3.008-0.704-0.704-1.44-1.12t-1.12-0.416l-0.448-0.064-0.704 0.768-0.576 2.56q0.896 0.512 1.472 1.088 0.768 0.768 1.152 1.536z\"><\/path>\n<\/svg><\/span><span class='slider-fallback-image'><img decoding=\"async\" fetchpriority=\"high\" width=\"282\" height=\"400\" src=\"https:\/\/phonomuseum.fr\/wp-content\/uploads\/2016\/02\/concert1.jpg\" class=\"wp-image-262 avia-img-lazy-loading-not-262 attachment-portfolio size-portfolio wp-post-image\" alt=\"Musique d&#039;Alep\" srcset=\"https:\/\/phonomuseum.fr\/wp-content\/uploads\/2016\/02\/concert1.jpg 338w, https:\/\/phonomuseum.fr\/wp-content\/uploads\/2016\/02\/concert1-211x300.jpg 211w, https:\/\/phonomuseum.fr\/wp-content\/uploads\/2016\/02\/concert1-106x150.jpg 106w\" sizes=\"(max-width: 282px) 100vw, 282px\" \/><\/span><\/a><div class=\"slide-content\"><header class=\"entry-content-header\" aria-label=\"Slide: Une exposition \u00e0 Moulins\"><span class=\"blog-categories minor-meta\"><a href=\"https:\/\/phonomuseum.fr\/category\/blog\/\" rel=\"tag\">BLOG<\/a> <\/span><h3 class='slide-entry-title entry-title '  itemprop=\"headline\" ><a href='https:\/\/phonomuseum.fr\/une-exposition-a-moulins\/' title='Une exposition \u00e0 Moulins'>Une exposition \u00e0 Moulins<\/a><\/h3><span class=\"av-vertical-delimiter\"><\/span><\/header><div class='slide-entry-excerpt entry-content'  itemprop=\"text\" >Le mus\u00e9e participera \u00e0 l'exposition organis\u00e9e du 15 octobre 2016 au 5 mars 2017 par le Centre National du Costume de Sc\u00e8ne : D\u00e9shabillez-moi ! Les costumes de la pop et de la chanson. Nous y exposerons des \"machines parlantes\" et des a\u2026<\/div><\/div><footer class=\"entry-footer\"><div class=\"slide-meta\"><time class='slide-meta-time updated'  itemprop=\"datePublished\" datetime=\"2016-10-07T17:37:04+02:00\" ><\/time><\/div><\/footer><span class='hidden'>\n\t\t\t\t<span class='av-structured-data'  itemprop=\"image\" itemscope=\"itemscope\" itemtype=\"https:\/\/schema.org\/ImageObject\" >\n\t\t\t\t\t\t<span itemprop='url'>https:\/\/phonomuseum.fr\/wp-content\/uploads\/2021\/01\/logo-couleurs-300x140.png<\/span>\n\t\t\t\t\t\t<span itemprop='height'>0<\/span>\n\t\t\t\t\t\t<span itemprop='width'>0<\/span>\n\t\t\t\t<\/span>\n\t\t\t\t<span class='av-structured-data'  itemprop=\"publisher\" itemtype=\"https:\/\/schema.org\/Organization\" itemscope=\"itemscope\" >\n\t\t\t\t\t\t<span itemprop='name'>phonogal<\/span>\n\t\t\t\t\t\t<span itemprop='logo' itemscope itemtype='https:\/\/schema.org\/ImageObject'>\n\t\t\t\t\t\t\t<span itemprop='url'>https:\/\/phonomuseum.fr\/wp-content\/uploads\/2021\/01\/logo-couleurs-300x140.png<\/span>\n\t\t\t\t\t\t<\/span>\n\t\t\t\t<\/span><span class='av-structured-data'  itemprop=\"author\" itemscope=\"itemscope\" itemtype=\"https:\/\/schema.org\/Person\" ><span itemprop='name'>phonogal<\/span><\/span><span class='av-structured-data'  itemprop=\"datePublished\" datetime=\"2020-12-16T13:33:38+01:00\" >2016-10-07 17:37:04<\/span><span class='av-structured-data'  itemprop=\"dateModified\" itemtype=\"https:\/\/schema.org\/dateModified\" >2024-06-01 18:17:33<\/span><span class='av-structured-data'  itemprop=\"mainEntityOfPage\" itemtype=\"https:\/\/schema.org\/mainEntityOfPage\" ><span itemprop='name'>Une exposition \u00e0 Moulins<\/span><\/span><\/span><\/article><article class='slide-entry flex_column  post-entry post-entry-723 slide-entry-overview slide-loop-135 slide-parity-odd  av_one_third  fake-thumbnail posttype-post post-format-standard'  itemscope=\"itemscope\" itemtype=\"https:\/\/schema.org\/CreativeWork\" ><a href='https:\/\/phonomuseum.fr\/festival-son-et-image\/' data-rel='slide-1' class='slide-image' title='Festival Son et Image'><span class='fallback-post-type-icon avia-svg-icon avia-font-svg_entypo-fontello' data-av_svg_icon='pencil' data-av_iconset='svg_entypo-fontello'><svg version=\"1.1\" xmlns=\"http:\/\/www.w3.org\/2000\/svg\" width=\"25\" height=\"32\" viewBox=\"0 0 25 32\" preserveAspectRatio=\"xMidYMid meet\" role=\"graphics-symbol\" aria-hidden=\"true\">\n<path d=\"M22.976 5.44q1.024 1.024 1.504 2.048t0.48 1.536v0.512l-8.064 8.064-9.28 9.216-7.616 1.664 1.6-7.68 9.28-9.216 8.064-8.064q1.728-0.384 4.032 1.92zM7.168 25.92l0.768-0.768q-0.064-1.408-1.664-3.008-0.704-0.704-1.44-1.12t-1.12-0.416l-0.448-0.064-0.704 0.768-0.576 2.56q0.896 0.512 1.472 1.088 0.768 0.768 1.152 1.536z\"><\/path>\n<\/svg><\/span><span class='slider-fallback-image'><img decoding=\"async\" fetchpriority=\"high\" width=\"282\" height=\"400\" src=\"https:\/\/phonomuseum.fr\/wp-content\/uploads\/2016\/02\/concert1.jpg\" class=\"wp-image-262 avia-img-lazy-loading-not-262 attachment-portfolio size-portfolio wp-post-image\" alt=\"Musique d&#039;Alep\" srcset=\"https:\/\/phonomuseum.fr\/wp-content\/uploads\/2016\/02\/concert1.jpg 338w, https:\/\/phonomuseum.fr\/wp-content\/uploads\/2016\/02\/concert1-211x300.jpg 211w, https:\/\/phonomuseum.fr\/wp-content\/uploads\/2016\/02\/concert1-106x150.jpg 106w\" sizes=\"(max-width: 282px) 100vw, 282px\" \/><\/span><\/a><div class=\"slide-content\"><header class=\"entry-content-header\" aria-label=\"Slide: Festival Son et Image\"><span class=\"blog-categories minor-meta\"><a href=\"https:\/\/phonomuseum.fr\/category\/blog\/\" rel=\"tag\">BLOG<\/a> <\/span><h3 class='slide-entry-title entry-title '  itemprop=\"headline\" ><a href='https:\/\/phonomuseum.fr\/festival-son-et-image\/' title='Festival Son et Image'>Festival Son et Image<\/a><\/h3><span class=\"av-vertical-delimiter\"><\/span><\/header><div class='slide-entry-excerpt entry-content'  itemprop=\"text\" >Le mus\u00e9e sera pr\u00e9sent au festival Son &amp; Image qui se tiendra les 8 et 9 octobre 2016 \u00e0 l'h\u00f4tel Novotel Paris Tour Eiffel. Nous exposerons 8 \"machines parlantes\" sur le stand du magazine Star Wax qui nous a gentiment invit\u00e9.\r\n\r\n<\/div><\/div><footer class=\"entry-footer\"><div class=\"slide-meta\"><time class='slide-meta-time updated'  itemprop=\"datePublished\" datetime=\"2016-10-07T17:23:03+02:00\" ><\/time><\/div><\/footer><span class='hidden'>\n\t\t\t\t<span class='av-structured-data'  itemprop=\"image\" itemscope=\"itemscope\" itemtype=\"https:\/\/schema.org\/ImageObject\" >\n\t\t\t\t\t\t<span itemprop='url'>https:\/\/phonomuseum.fr\/wp-content\/uploads\/2021\/01\/logo-couleurs-300x140.png<\/span>\n\t\t\t\t\t\t<span itemprop='height'>0<\/span>\n\t\t\t\t\t\t<span itemprop='width'>0<\/span>\n\t\t\t\t<\/span>\n\t\t\t\t<span class='av-structured-data'  itemprop=\"publisher\" itemtype=\"https:\/\/schema.org\/Organization\" itemscope=\"itemscope\" >\n\t\t\t\t\t\t<span itemprop='name'>phonogal<\/span>\n\t\t\t\t\t\t<span itemprop='logo' itemscope itemtype='https:\/\/schema.org\/ImageObject'>\n\t\t\t\t\t\t\t<span itemprop='url'>https:\/\/phonomuseum.fr\/wp-content\/uploads\/2021\/01\/logo-couleurs-300x140.png<\/span>\n\t\t\t\t\t\t<\/span>\n\t\t\t\t<\/span><span class='av-structured-data'  itemprop=\"author\" itemscope=\"itemscope\" itemtype=\"https:\/\/schema.org\/Person\" ><span itemprop='name'>phonogal<\/span><\/span><span class='av-structured-data'  itemprop=\"datePublished\" datetime=\"2020-12-16T13:33:38+01:00\" >2016-10-07 17:23:03<\/span><span class='av-structured-data'  itemprop=\"dateModified\" itemtype=\"https:\/\/schema.org\/dateModified\" >2024-06-01 18:18:08<\/span><span class='av-structured-data'  itemprop=\"mainEntityOfPage\" itemtype=\"https:\/\/schema.org\/mainEntityOfPage\" ><span itemprop='name'>Festival Son et Image<\/span><\/span><\/span><\/article><\/div><div class=\"slide-entry-wrap\"><article class='slide-entry flex_column  post-entry post-entry-720 slide-entry-overview slide-loop-136 slide-parity-odd  av_one_third first fake-thumbnail posttype-post post-format-standard'  itemscope=\"itemscope\" itemtype=\"https:\/\/schema.org\/CreativeWork\" ><a href='https:\/\/phonomuseum.fr\/des-visites-a-themes-au-musee\/' data-rel='slide-1' class='slide-image' title='Des visites \u00e0 th\u00e8mes au mus\u00e9e'><span class='fallback-post-type-icon avia-svg-icon avia-font-svg_entypo-fontello' data-av_svg_icon='pencil' data-av_iconset='svg_entypo-fontello'><svg version=\"1.1\" xmlns=\"http:\/\/www.w3.org\/2000\/svg\" width=\"25\" height=\"32\" viewBox=\"0 0 25 32\" preserveAspectRatio=\"xMidYMid meet\" role=\"graphics-symbol\" aria-hidden=\"true\">\n<path d=\"M22.976 5.44q1.024 1.024 1.504 2.048t0.48 1.536v0.512l-8.064 8.064-9.28 9.216-7.616 1.664 1.6-7.68 9.28-9.216 8.064-8.064q1.728-0.384 4.032 1.92zM7.168 25.92l0.768-0.768q-0.064-1.408-1.664-3.008-0.704-0.704-1.44-1.12t-1.12-0.416l-0.448-0.064-0.704 0.768-0.576 2.56q0.896 0.512 1.472 1.088 0.768 0.768 1.152 1.536z\"><\/path>\n<\/svg><\/span><span class='slider-fallback-image'><img decoding=\"async\" fetchpriority=\"high\" width=\"282\" height=\"400\" src=\"https:\/\/phonomuseum.fr\/wp-content\/uploads\/2016\/02\/concert1.jpg\" class=\"wp-image-262 avia-img-lazy-loading-not-262 attachment-portfolio size-portfolio wp-post-image\" alt=\"Musique d&#039;Alep\" srcset=\"https:\/\/phonomuseum.fr\/wp-content\/uploads\/2016\/02\/concert1.jpg 338w, https:\/\/phonomuseum.fr\/wp-content\/uploads\/2016\/02\/concert1-211x300.jpg 211w, https:\/\/phonomuseum.fr\/wp-content\/uploads\/2016\/02\/concert1-106x150.jpg 106w\" sizes=\"(max-width: 282px) 100vw, 282px\" \/><\/span><\/a><div class=\"slide-content\"><header class=\"entry-content-header\" aria-label=\"Slide: Des visites \u00e0 th\u00e8mes au mus\u00e9e\"><span class=\"blog-categories minor-meta\"><a href=\"https:\/\/phonomuseum.fr\/category\/blog\/\" rel=\"tag\">BLOG<\/a> <\/span><h3 class='slide-entry-title entry-title '  itemprop=\"headline\" ><a href='https:\/\/phonomuseum.fr\/des-visites-a-themes-au-musee\/' title='Des visites \u00e0 th\u00e8mes au mus\u00e9e'>Des visites \u00e0 th\u00e8mes au mus\u00e9e<\/a><\/h3><span class=\"av-vertical-delimiter\"><\/span><\/header><div class='slide-entry-excerpt entry-content'  itemprop=\"text\" >\"Hit the road, meet the worl through its music\" en clair \"\u00e0 la rencontre du monde par la musique\" propose des visites th\u00e9matiques. La premi\u00e8re aura lieu le dimanche 9 octobre 2016 avec pour th\u00e8me les anciens cabarets au pied de Montmartre.\u2026<\/div><\/div><footer class=\"entry-footer\"><div class=\"slide-meta\"><time class='slide-meta-time updated'  itemprop=\"datePublished\" datetime=\"2016-10-06T14:46:39+02:00\" ><\/time><\/div><\/footer><span class='hidden'>\n\t\t\t\t<span class='av-structured-data'  itemprop=\"image\" itemscope=\"itemscope\" itemtype=\"https:\/\/schema.org\/ImageObject\" >\n\t\t\t\t\t\t<span itemprop='url'>https:\/\/phonomuseum.fr\/wp-content\/uploads\/2021\/01\/logo-couleurs-300x140.png<\/span>\n\t\t\t\t\t\t<span itemprop='height'>0<\/span>\n\t\t\t\t\t\t<span itemprop='width'>0<\/span>\n\t\t\t\t<\/span>\n\t\t\t\t<span class='av-structured-data'  itemprop=\"publisher\" itemtype=\"https:\/\/schema.org\/Organization\" itemscope=\"itemscope\" >\n\t\t\t\t\t\t<span itemprop='name'>phonogal<\/span>\n\t\t\t\t\t\t<span itemprop='logo' itemscope itemtype='https:\/\/schema.org\/ImageObject'>\n\t\t\t\t\t\t\t<span itemprop='url'>https:\/\/phonomuseum.fr\/wp-content\/uploads\/2021\/01\/logo-couleurs-300x140.png<\/span>\n\t\t\t\t\t\t<\/span>\n\t\t\t\t<\/span><span class='av-structured-data'  itemprop=\"author\" itemscope=\"itemscope\" itemtype=\"https:\/\/schema.org\/Person\" ><span itemprop='name'>phonogal<\/span><\/span><span class='av-structured-data'  itemprop=\"datePublished\" datetime=\"2020-12-16T13:33:38+01:00\" >2016-10-06 14:46:39<\/span><span class='av-structured-data'  itemprop=\"dateModified\" itemtype=\"https:\/\/schema.org\/dateModified\" >2024-06-01 18:18:47<\/span><span class='av-structured-data'  itemprop=\"mainEntityOfPage\" itemtype=\"https:\/\/schema.org\/mainEntityOfPage\" ><span itemprop='name'>Des visites \u00e0 th\u00e8mes au mus\u00e9e<\/span><\/span><\/span><\/article><article class='slide-entry flex_column  post-entry post-entry-718 slide-entry-overview slide-loop-137 slide-parity-even  av_one_third  fake-thumbnail posttype-post post-format-standard'  itemscope=\"itemscope\" itemtype=\"https:\/\/schema.org\/CreativeWork\" ><a href='https:\/\/phonomuseum.fr\/france-bleu-nous-consacre-un-reportage\/' data-rel='slide-1' class='slide-image' title='France Bleu nous consacre un reportage'><span class='fallback-post-type-icon avia-svg-icon avia-font-svg_entypo-fontello' data-av_svg_icon='pencil' data-av_iconset='svg_entypo-fontello'><svg version=\"1.1\" xmlns=\"http:\/\/www.w3.org\/2000\/svg\" width=\"25\" height=\"32\" viewBox=\"0 0 25 32\" preserveAspectRatio=\"xMidYMid meet\" role=\"graphics-symbol\" aria-hidden=\"true\">\n<path d=\"M22.976 5.44q1.024 1.024 1.504 2.048t0.48 1.536v0.512l-8.064 8.064-9.28 9.216-7.616 1.664 1.6-7.68 9.28-9.216 8.064-8.064q1.728-0.384 4.032 1.92zM7.168 25.92l0.768-0.768q-0.064-1.408-1.664-3.008-0.704-0.704-1.44-1.12t-1.12-0.416l-0.448-0.064-0.704 0.768-0.576 2.56q0.896 0.512 1.472 1.088 0.768 0.768 1.152 1.536z\"><\/path>\n<\/svg><\/span><span class='slider-fallback-image'><img decoding=\"async\" fetchpriority=\"high\" width=\"282\" height=\"400\" src=\"https:\/\/phonomuseum.fr\/wp-content\/uploads\/2016\/02\/concert1.jpg\" class=\"wp-image-262 avia-img-lazy-loading-not-262 attachment-portfolio size-portfolio wp-post-image\" alt=\"Musique d&#039;Alep\" srcset=\"https:\/\/phonomuseum.fr\/wp-content\/uploads\/2016\/02\/concert1.jpg 338w, https:\/\/phonomuseum.fr\/wp-content\/uploads\/2016\/02\/concert1-211x300.jpg 211w, https:\/\/phonomuseum.fr\/wp-content\/uploads\/2016\/02\/concert1-106x150.jpg 106w\" sizes=\"(max-width: 282px) 100vw, 282px\" \/><\/span><\/a><div class=\"slide-content\"><header class=\"entry-content-header\" aria-label=\"Slide: France Bleu nous consacre un reportage\"><span class=\"blog-categories minor-meta\"><a href=\"https:\/\/phonomuseum.fr\/category\/blog\/\" rel=\"tag\">BLOG<\/a> <\/span><h3 class='slide-entry-title entry-title '  itemprop=\"headline\" ><a href='https:\/\/phonomuseum.fr\/france-bleu-nous-consacre-un-reportage\/' title='France Bleu nous consacre un reportage'>France Bleu nous consacre un reportage<\/a><\/h3><span class=\"av-vertical-delimiter\"><\/span><\/header><div class='slide-entry-excerpt entry-content'  itemprop=\"text\" >La radio France Bleu consacre au mus\u00e9e un petit reportage dans le cadre de son \u00e9mission Acc\u00e8s priv\u00e9.\r\n<\/div><\/div><footer class=\"entry-footer\"><div class=\"slide-meta\"><time class='slide-meta-time updated'  itemprop=\"datePublished\" datetime=\"2016-10-06T10:06:54+02:00\" ><\/time><\/div><\/footer><span class='hidden'>\n\t\t\t\t<span class='av-structured-data'  itemprop=\"image\" itemscope=\"itemscope\" itemtype=\"https:\/\/schema.org\/ImageObject\" >\n\t\t\t\t\t\t<span itemprop='url'>https:\/\/phonomuseum.fr\/wp-content\/uploads\/2021\/01\/logo-couleurs-300x140.png<\/span>\n\t\t\t\t\t\t<span itemprop='height'>0<\/span>\n\t\t\t\t\t\t<span itemprop='width'>0<\/span>\n\t\t\t\t<\/span>\n\t\t\t\t<span class='av-structured-data'  itemprop=\"publisher\" itemtype=\"https:\/\/schema.org\/Organization\" itemscope=\"itemscope\" >\n\t\t\t\t\t\t<span itemprop='name'>phonogal<\/span>\n\t\t\t\t\t\t<span itemprop='logo' itemscope itemtype='https:\/\/schema.org\/ImageObject'>\n\t\t\t\t\t\t\t<span itemprop='url'>https:\/\/phonomuseum.fr\/wp-content\/uploads\/2021\/01\/logo-couleurs-300x140.png<\/span>\n\t\t\t\t\t\t<\/span>\n\t\t\t\t<\/span><span class='av-structured-data'  itemprop=\"author\" itemscope=\"itemscope\" itemtype=\"https:\/\/schema.org\/Person\" ><span itemprop='name'>phonogal<\/span><\/span><span class='av-structured-data'  itemprop=\"datePublished\" datetime=\"2020-12-16T13:33:38+01:00\" >2016-10-06 10:06:54<\/span><span class='av-structured-data'  itemprop=\"dateModified\" itemtype=\"https:\/\/schema.org\/dateModified\" >2024-06-01 18:20:05<\/span><span class='av-structured-data'  itemprop=\"mainEntityOfPage\" itemtype=\"https:\/\/schema.org\/mainEntityOfPage\" ><span itemprop='name'>France Bleu nous consacre un reportage<\/span><\/span><\/span><\/article><article class='slide-entry flex_column  post-entry post-entry-705 slide-entry-overview slide-loop-138 slide-parity-odd  av_one_third  fake-thumbnail posttype-post post-format-standard'  itemscope=\"itemscope\" itemtype=\"https:\/\/schema.org\/CreativeWork\" ><a href='https:\/\/phonomuseum.fr\/les-artistes-au-phono-museum-paris-romain-humeau\/' data-rel='slide-1' class='slide-image' title='Les artistes au PHONO Museum Paris : Romain Humeau'><span class='fallback-post-type-icon avia-svg-icon avia-font-svg_entypo-fontello' data-av_svg_icon='pencil' data-av_iconset='svg_entypo-fontello'><svg version=\"1.1\" xmlns=\"http:\/\/www.w3.org\/2000\/svg\" width=\"25\" height=\"32\" viewBox=\"0 0 25 32\" preserveAspectRatio=\"xMidYMid meet\" role=\"graphics-symbol\" aria-hidden=\"true\">\n<path d=\"M22.976 5.44q1.024 1.024 1.504 2.048t0.48 1.536v0.512l-8.064 8.064-9.28 9.216-7.616 1.664 1.6-7.68 9.28-9.216 8.064-8.064q1.728-0.384 4.032 1.92zM7.168 25.92l0.768-0.768q-0.064-1.408-1.664-3.008-0.704-0.704-1.44-1.12t-1.12-0.416l-0.448-0.064-0.704 0.768-0.576 2.56q0.896 0.512 1.472 1.088 0.768 0.768 1.152 1.536z\"><\/path>\n<\/svg><\/span><span class='slider-fallback-image'><img decoding=\"async\" fetchpriority=\"high\" width=\"282\" height=\"400\" src=\"https:\/\/phonomuseum.fr\/wp-content\/uploads\/2016\/02\/concert1.jpg\" class=\"wp-image-262 avia-img-lazy-loading-not-262 attachment-portfolio size-portfolio wp-post-image\" alt=\"Musique d&#039;Alep\" srcset=\"https:\/\/phonomuseum.fr\/wp-content\/uploads\/2016\/02\/concert1.jpg 338w, https:\/\/phonomuseum.fr\/wp-content\/uploads\/2016\/02\/concert1-211x300.jpg 211w, https:\/\/phonomuseum.fr\/wp-content\/uploads\/2016\/02\/concert1-106x150.jpg 106w\" sizes=\"(max-width: 282px) 100vw, 282px\" \/><\/span><\/a><div class=\"slide-content\"><header class=\"entry-content-header\" aria-label=\"Slide: Les artistes au PHONO Museum Paris : Romain Humeau\"><span class=\"blog-categories minor-meta\"><a href=\"https:\/\/phonomuseum.fr\/category\/blog\/\" rel=\"tag\">BLOG<\/a> <\/span><h3 class='slide-entry-title entry-title '  itemprop=\"headline\" ><a href='https:\/\/phonomuseum.fr\/les-artistes-au-phono-museum-paris-romain-humeau\/' title='Les artistes au PHONO Museum Paris : Romain Humeau'>Les artistes au PHONO Museum Paris : Romain Humeau<\/a><\/h3><span class=\"av-vertical-delimiter\"><\/span><\/header><div class='slide-entry-excerpt entry-content'  itemprop=\"text\" >Romain Humeau est un jeune artiste, auteur, compositeur, interpr\u00e8te. D'aucun le qualifie d\u00e9j\u00e0 de \"L\u00e9o Ferr\u00e9 du XXI\u00e8me si\u00e8cle\". La barre est tr\u00e8s haute et l'avenir nous dira si cette pr\u00e9diction est justifi\u00e9e.\r\n\r\nQuoiqu'il en soit, gr\u00e2ce\u2026<\/div><\/div><footer class=\"entry-footer\"><div class=\"slide-meta\"><time class='slide-meta-time updated'  itemprop=\"datePublished\" datetime=\"2016-10-03T11:51:02+02:00\" ><\/time><\/div><\/footer><span class='hidden'>\n\t\t\t\t<span class='av-structured-data'  itemprop=\"image\" itemscope=\"itemscope\" itemtype=\"https:\/\/schema.org\/ImageObject\" >\n\t\t\t\t\t\t<span itemprop='url'>https:\/\/phonomuseum.fr\/wp-content\/uploads\/2021\/01\/logo-couleurs-300x140.png<\/span>\n\t\t\t\t\t\t<span itemprop='height'>0<\/span>\n\t\t\t\t\t\t<span itemprop='width'>0<\/span>\n\t\t\t\t<\/span>\n\t\t\t\t<span class='av-structured-data'  itemprop=\"publisher\" itemtype=\"https:\/\/schema.org\/Organization\" itemscope=\"itemscope\" >\n\t\t\t\t\t\t<span itemprop='name'>phonogal<\/span>\n\t\t\t\t\t\t<span itemprop='logo' itemscope itemtype='https:\/\/schema.org\/ImageObject'>\n\t\t\t\t\t\t\t<span itemprop='url'>https:\/\/phonomuseum.fr\/wp-content\/uploads\/2021\/01\/logo-couleurs-300x140.png<\/span>\n\t\t\t\t\t\t<\/span>\n\t\t\t\t<\/span><span class='av-structured-data'  itemprop=\"author\" itemscope=\"itemscope\" itemtype=\"https:\/\/schema.org\/Person\" ><span itemprop='name'>phonogal<\/span><\/span><span class='av-structured-data'  itemprop=\"datePublished\" datetime=\"2020-12-16T13:33:38+01:00\" >2016-10-03 11:51:02<\/span><span class='av-structured-data'  itemprop=\"dateModified\" itemtype=\"https:\/\/schema.org\/dateModified\" >2024-06-01 18:20:41<\/span><span class='av-structured-data'  itemprop=\"mainEntityOfPage\" itemtype=\"https:\/\/schema.org\/mainEntityOfPage\" ><span itemprop='name'>Les artistes au PHONO Museum Paris : Romain Humeau<\/span><\/span><\/span><\/article><\/div><div class=\"slide-entry-wrap\"><article class='slide-entry flex_column  post-entry post-entry-679 slide-entry-overview slide-loop-139 slide-parity-odd  av_one_third first fake-thumbnail posttype-post post-format-chat'  itemscope=\"itemscope\" itemtype=\"https:\/\/schema.org\/CreativeWork\" ><a href='https:\/\/phonomuseum.fr\/blog-3\/' data-rel='slide-1' class='slide-image' title='Un blog pour suivre l&rsquo;actualit\u00e9 du mus\u00e9e'><span class='fallback-post-type-icon avia-svg-icon avia-font-svg_entypo-fontello' data-av_svg_icon='pencil' data-av_iconset='svg_entypo-fontello'><svg version=\"1.1\" xmlns=\"http:\/\/www.w3.org\/2000\/svg\" width=\"25\" height=\"32\" viewBox=\"0 0 25 32\" preserveAspectRatio=\"xMidYMid meet\" role=\"graphics-symbol\" aria-hidden=\"true\">\n<path d=\"M22.976 5.44q1.024 1.024 1.504 2.048t0.48 1.536v0.512l-8.064 8.064-9.28 9.216-7.616 1.664 1.6-7.68 9.28-9.216 8.064-8.064q1.728-0.384 4.032 1.92zM7.168 25.92l0.768-0.768q-0.064-1.408-1.664-3.008-0.704-0.704-1.44-1.12t-1.12-0.416l-0.448-0.064-0.704 0.768-0.576 2.56q0.896 0.512 1.472 1.088 0.768 0.768 1.152 1.536z\"><\/path>\n<\/svg><\/span><span class='slider-fallback-image'><img decoding=\"async\" fetchpriority=\"high\" width=\"282\" height=\"400\" src=\"https:\/\/phonomuseum.fr\/wp-content\/uploads\/2016\/02\/concert1.jpg\" class=\"wp-image-262 avia-img-lazy-loading-not-262 attachment-portfolio size-portfolio wp-post-image\" alt=\"Musique d&#039;Alep\" srcset=\"https:\/\/phonomuseum.fr\/wp-content\/uploads\/2016\/02\/concert1.jpg 338w, https:\/\/phonomuseum.fr\/wp-content\/uploads\/2016\/02\/concert1-211x300.jpg 211w, https:\/\/phonomuseum.fr\/wp-content\/uploads\/2016\/02\/concert1-106x150.jpg 106w\" sizes=\"(max-width: 282px) 100vw, 282px\" \/><\/span><\/a><div class=\"slide-content\"><header class=\"entry-content-header\" aria-label=\"Slide: Un blog pour suivre l&#039;actualit\u00e9 du mus\u00e9e\"><span class=\"blog-categories minor-meta\"><a href=\"https:\/\/phonomuseum.fr\/category\/blog\/\" rel=\"tag\">BLOG<\/a> <\/span><h3 class='slide-entry-title entry-title '  itemprop=\"headline\" ><a href='https:\/\/phonomuseum.fr\/blog-3\/' title='Un blog pour suivre l&rsquo;actualit\u00e9 du mus\u00e9e'>Un blog pour suivre l&rsquo;actualit\u00e9 du mus\u00e9e<\/a><\/h3><span class=\"av-vertical-delimiter\"><\/span><\/header><div class='slide-entry-excerpt entry-content'  itemprop=\"text\" >En compl\u00e9ment de ce site web, nous avons pens\u00e9 que vous aimeriez suivre l'actualit\u00e9 de la vie du mus\u00e9e gr\u00e2ce \u00e0 quelques articles publi\u00e9s via ce blog et instaurer aussi un dialogue entre nous. Nous avons certes notre page Facebook, notre\u2026<\/div><\/div><footer class=\"entry-footer\"><div class=\"slide-meta\"><time class='slide-meta-time updated'  itemprop=\"datePublished\" datetime=\"2016-09-28T15:56:55+02:00\" ><\/time><\/div><\/footer><span class='hidden'>\n\t\t\t\t<span class='av-structured-data'  itemprop=\"image\" itemscope=\"itemscope\" itemtype=\"https:\/\/schema.org\/ImageObject\" >\n\t\t\t\t\t\t<span itemprop='url'>https:\/\/phonomuseum.fr\/wp-content\/uploads\/2021\/01\/logo-couleurs-300x140.png<\/span>\n\t\t\t\t\t\t<span itemprop='height'>0<\/span>\n\t\t\t\t\t\t<span itemprop='width'>0<\/span>\n\t\t\t\t<\/span>\n\t\t\t\t<span class='av-structured-data'  itemprop=\"publisher\" itemtype=\"https:\/\/schema.org\/Organization\" itemscope=\"itemscope\" >\n\t\t\t\t\t\t<span itemprop='name'>phonogal<\/span>\n\t\t\t\t\t\t<span itemprop='logo' itemscope itemtype='https:\/\/schema.org\/ImageObject'>\n\t\t\t\t\t\t\t<span itemprop='url'>https:\/\/phonomuseum.fr\/wp-content\/uploads\/2021\/01\/logo-couleurs-300x140.png<\/span>\n\t\t\t\t\t\t<\/span>\n\t\t\t\t<\/span><span class='av-structured-data'  itemprop=\"author\" itemscope=\"itemscope\" itemtype=\"https:\/\/schema.org\/Person\" ><span itemprop='name'>phonogal<\/span><\/span><span class='av-structured-data'  itemprop=\"datePublished\" datetime=\"2020-12-16T13:33:38+01:00\" >2016-09-28 15:56:55<\/span><span class='av-structured-data'  itemprop=\"dateModified\" itemtype=\"https:\/\/schema.org\/dateModified\" >2024-06-01 18:21:30<\/span><span class='av-structured-data'  itemprop=\"mainEntityOfPage\" itemtype=\"https:\/\/schema.org\/mainEntityOfPage\" ><span itemprop='name'>Un blog pour suivre l&rsquo;actualit\u00e9 du mus\u00e9e<\/span><\/span><\/span><\/article><article class='slide-entry flex_column  post-entry post-entry-643 slide-entry-overview slide-loop-140 slide-parity-even  av_one_third  fake-thumbnail posttype-post post-format-standard'  itemscope=\"itemscope\" itemtype=\"https:\/\/schema.org\/CreativeWork\" ><a href='https:\/\/phonomuseum.fr\/phono-museum-paris-aux-journees-europeennes-du-patrimoine-2016\/' data-rel='slide-1' class='slide-image' title='Journ\u00e9es Europ\u00e9ennes du Patrimoine 2016'><span class='fallback-post-type-icon avia-svg-icon avia-font-svg_entypo-fontello' data-av_svg_icon='pencil' data-av_iconset='svg_entypo-fontello'><svg version=\"1.1\" xmlns=\"http:\/\/www.w3.org\/2000\/svg\" width=\"25\" height=\"32\" viewBox=\"0 0 25 32\" preserveAspectRatio=\"xMidYMid meet\" role=\"graphics-symbol\" aria-hidden=\"true\">\n<path d=\"M22.976 5.44q1.024 1.024 1.504 2.048t0.48 1.536v0.512l-8.064 8.064-9.28 9.216-7.616 1.664 1.6-7.68 9.28-9.216 8.064-8.064q1.728-0.384 4.032 1.92zM7.168 25.92l0.768-0.768q-0.064-1.408-1.664-3.008-0.704-0.704-1.44-1.12t-1.12-0.416l-0.448-0.064-0.704 0.768-0.576 2.56q0.896 0.512 1.472 1.088 0.768 0.768 1.152 1.536z\"><\/path>\n<\/svg><\/span><span class='slider-fallback-image'><img decoding=\"async\" fetchpriority=\"high\" width=\"282\" height=\"400\" src=\"https:\/\/phonomuseum.fr\/wp-content\/uploads\/2016\/02\/concert1.jpg\" class=\"wp-image-262 avia-img-lazy-loading-not-262 attachment-portfolio size-portfolio wp-post-image\" alt=\"Musique d&#039;Alep\" srcset=\"https:\/\/phonomuseum.fr\/wp-content\/uploads\/2016\/02\/concert1.jpg 338w, https:\/\/phonomuseum.fr\/wp-content\/uploads\/2016\/02\/concert1-211x300.jpg 211w, https:\/\/phonomuseum.fr\/wp-content\/uploads\/2016\/02\/concert1-106x150.jpg 106w\" sizes=\"(max-width: 282px) 100vw, 282px\" \/><\/span><\/a><div class=\"slide-content\"><header class=\"entry-content-header\" aria-label=\"Slide: Journ\u00e9es Europ\u00e9ennes du Patrimoine 2016\"><span class=\"blog-categories minor-meta\"><a href=\"https:\/\/phonomuseum.fr\/category\/blog\/\" rel=\"tag\">BLOG<\/a> <\/span><h3 class='slide-entry-title entry-title '  itemprop=\"headline\" ><a href='https:\/\/phonomuseum.fr\/phono-museum-paris-aux-journees-europeennes-du-patrimoine-2016\/' title='Journ\u00e9es Europ\u00e9ennes du Patrimoine 2016'>Journ\u00e9es Europ\u00e9ennes du Patrimoine 2016<\/a><\/h3><span class=\"av-vertical-delimiter\"><\/span><\/header><div class='slide-entry-excerpt entry-content'  itemprop=\"text\" >\r\nDans le cadre des Journ\u00e9es Europ\u00e9ennes du Patrimoine qui se tiendront les 17 et 18 septembre 2016 et pour c\u00e9l\u00e9brer l\u2019inscription au \u00ab\u00a0 Registre de la M\u00e9moire du monde \u00bb\u00a0 de l\u2019UNESCO des premiers enregistrements sonores et leur\u2026<\/div><\/div><footer class=\"entry-footer\"><div class=\"slide-meta\"><time class='slide-meta-time updated'  itemprop=\"datePublished\" datetime=\"2016-09-14T15:01:06+02:00\" ><\/time><\/div><\/footer><span class='hidden'>\n\t\t\t\t<span class='av-structured-data'  itemprop=\"image\" itemscope=\"itemscope\" itemtype=\"https:\/\/schema.org\/ImageObject\" >\n\t\t\t\t\t\t<span itemprop='url'>https:\/\/phonomuseum.fr\/wp-content\/uploads\/2021\/01\/logo-couleurs-300x140.png<\/span>\n\t\t\t\t\t\t<span itemprop='height'>0<\/span>\n\t\t\t\t\t\t<span itemprop='width'>0<\/span>\n\t\t\t\t<\/span>\n\t\t\t\t<span class='av-structured-data'  itemprop=\"publisher\" itemtype=\"https:\/\/schema.org\/Organization\" itemscope=\"itemscope\" >\n\t\t\t\t\t\t<span itemprop='name'>phonogal<\/span>\n\t\t\t\t\t\t<span itemprop='logo' itemscope itemtype='https:\/\/schema.org\/ImageObject'>\n\t\t\t\t\t\t\t<span itemprop='url'>https:\/\/phonomuseum.fr\/wp-content\/uploads\/2021\/01\/logo-couleurs-300x140.png<\/span>\n\t\t\t\t\t\t<\/span>\n\t\t\t\t<\/span><span class='av-structured-data'  itemprop=\"author\" itemscope=\"itemscope\" itemtype=\"https:\/\/schema.org\/Person\" ><span itemprop='name'>phonogal<\/span><\/span><span class='av-structured-data'  itemprop=\"datePublished\" datetime=\"2020-12-16T13:33:38+01:00\" >2016-09-14 15:01:06<\/span><span class='av-structured-data'  itemprop=\"dateModified\" itemtype=\"https:\/\/schema.org\/dateModified\" >2024-06-01 18:22:42<\/span><span class='av-structured-data'  itemprop=\"mainEntityOfPage\" itemtype=\"https:\/\/schema.org\/mainEntityOfPage\" ><span itemprop='name'>Journ\u00e9es Europ\u00e9ennes du Patrimoine 2016<\/span><\/span><\/span><\/article><article class='slide-entry flex_column  post-entry post-entry-224 slide-entry-overview slide-loop-141 slide-parity-odd  av_one_third  real-thumbnail posttype-post post-format-standard'  itemscope=\"itemscope\" itemtype=\"https:\/\/schema.org\/CreativeWork\" ><a href='https:\/\/phonomuseum.fr\/concerts12\/' data-rel='slide-1' class='slide-image' title='Elizabeth Grard, soprano,  chante Erik Satie'><img decoding=\"async\" fetchpriority=\"high\" width=\"285\" height=\"400\" src=\"https:\/\/phonomuseum.fr\/wp-content\/uploads\/2018\/03\/bio-face-web.jpg\" class=\"wp-image-1567 avia-img-lazy-loading-not-1567 attachment-portfolio size-portfolio wp-post-image\" alt=\"\" srcset=\"https:\/\/phonomuseum.fr\/wp-content\/uploads\/2018\/03\/bio-face-web.jpg 900w, https:\/\/phonomuseum.fr\/wp-content\/uploads\/2018\/03\/bio-face-web-213x300.jpg 213w, https:\/\/phonomuseum.fr\/wp-content\/uploads\/2018\/03\/bio-face-web-768x1079.jpg 768w, https:\/\/phonomuseum.fr\/wp-content\/uploads\/2018\/03\/bio-face-web-729x1024.jpg 729w, https:\/\/phonomuseum.fr\/wp-content\/uploads\/2018\/03\/bio-face-web-107x150.jpg 107w\" sizes=\"(max-width: 285px) 100vw, 285px\" \/><\/a><div class=\"slide-content\"><header class=\"entry-content-header\" aria-label=\"Slide: Elizabeth Grard, soprano,  chante Erik Satie\"><span class=\"blog-categories minor-meta\"><a href=\"https:\/\/phonomuseum.fr\/category\/concerts\/\" rel=\"tag\">Concerts<\/a>, <a href=\"https:\/\/phonomuseum.fr\/category\/concerts\/concerts-2016\/\" rel=\"tag\">Concerts 2016<\/a> <\/span><h3 class='slide-entry-title entry-title '  itemprop=\"headline\" ><a href='https:\/\/phonomuseum.fr\/concerts12\/' title='Elizabeth Grard, soprano,  chante Erik Satie'>Elizabeth Grard, soprano,  chante Erik Satie<\/a><\/h3><span class=\"av-vertical-delimiter\"><\/span><\/header><\/div><footer class=\"entry-footer\"><div class=\"slide-meta\"><time class='slide-meta-time updated'  itemprop=\"datePublished\" datetime=\"2016-09-14T15:01:06+02:00\" ><\/time><\/div><\/footer><span class='hidden'>\n\t\t\t\t<span class='av-structured-data'  itemprop=\"image\" itemscope=\"itemscope\" itemtype=\"https:\/\/schema.org\/ImageObject\" >\n\t\t\t\t\t\t<span itemprop='url'>https:\/\/phonomuseum.fr\/wp-content\/uploads\/2018\/03\/bio-face-web.jpg<\/span>\n\t\t\t\t\t\t<span itemprop='height'>1265<\/span>\n\t\t\t\t\t\t<span itemprop='width'>900<\/span>\n\t\t\t\t<\/span>\n\t\t\t\t<span class='av-structured-data'  itemprop=\"publisher\" itemtype=\"https:\/\/schema.org\/Organization\" itemscope=\"itemscope\" >\n\t\t\t\t\t\t<span itemprop='name'>phonogal<\/span>\n\t\t\t\t\t\t<span itemprop='logo' itemscope itemtype='https:\/\/schema.org\/ImageObject'>\n\t\t\t\t\t\t\t<span itemprop='url'>https:\/\/phonomuseum.fr\/wp-content\/uploads\/2021\/01\/logo-couleurs-300x140.png<\/span>\n\t\t\t\t\t\t<\/span>\n\t\t\t\t<\/span><span class='av-structured-data'  itemprop=\"author\" itemscope=\"itemscope\" itemtype=\"https:\/\/schema.org\/Person\" ><span itemprop='name'>phonogal<\/span><\/span><span class='av-structured-data'  itemprop=\"datePublished\" datetime=\"2020-12-16T13:33:38+01:00\" >2016-02-06 15:53:01<\/span><span class='av-structured-data'  itemprop=\"dateModified\" itemtype=\"https:\/\/schema.org\/dateModified\" >2021-01-09 14:15:51<\/span><span class='av-structured-data'  itemprop=\"mainEntityOfPage\" itemtype=\"https:\/\/schema.org\/mainEntityOfPage\" ><span itemprop='name'>Elizabeth Grard, soprano,  chante Erik Satie<\/span><\/span><\/span><\/article><\/div><div class=\"slide-entry-wrap\"><article class='slide-entry flex_column  post-entry post-entry-213 slide-entry-overview slide-loop-142 slide-parity-odd  av_one_third first real-thumbnail posttype-post post-format-standard'  itemscope=\"itemscope\" itemtype=\"https:\/\/schema.org\/CreativeWork\" ><a href='https:\/\/phonomuseum.fr\/concert11\/' data-rel='slide-1' class='slide-image' title='Dramaticules &#8211; Musique improvis\u00e9e'><img decoding=\"async\" fetchpriority=\"high\" width=\"285\" height=\"400\" src=\"https:\/\/phonomuseum.fr\/wp-content\/uploads\/2016\/02\/affiche-web-1.jpg\" class=\"wp-image-154 avia-img-lazy-loading-not-154 attachment-portfolio size-portfolio wp-post-image\" alt=\"Concert le 10 Janvier 2016\" srcset=\"https:\/\/phonomuseum.fr\/wp-content\/uploads\/2016\/02\/affiche-web-1.jpg 1029w, https:\/\/phonomuseum.fr\/wp-content\/uploads\/2016\/02\/affiche-web-1-213x300.jpg 213w, https:\/\/phonomuseum.fr\/wp-content\/uploads\/2016\/02\/affiche-web-1-768x1079.jpg 768w, https:\/\/phonomuseum.fr\/wp-content\/uploads\/2016\/02\/affiche-web-1-729x1024.jpg 729w, https:\/\/phonomuseum.fr\/wp-content\/uploads\/2016\/02\/affiche-web-1-107x150.jpg 107w\" sizes=\"(max-width: 285px) 100vw, 285px\" \/><\/a><div class=\"slide-content\"><header class=\"entry-content-header\" aria-label=\"Slide: Dramaticules - Musique improvis\u00e9e\"><span class=\"blog-categories minor-meta\"><a href=\"https:\/\/phonomuseum.fr\/category\/concerts\/concerts-2015\/\" rel=\"tag\">Concerts 2015<\/a> <\/span><h3 class='slide-entry-title entry-title '  itemprop=\"headline\" ><a href='https:\/\/phonomuseum.fr\/concert11\/' title='Dramaticules &#8211; Musique improvis\u00e9e'>Dramaticules &#8211; Musique improvis\u00e9e<\/a><\/h3><span class=\"av-vertical-delimiter\"><\/span><\/header><\/div><footer class=\"entry-footer\"><div class=\"slide-meta\"><time class='slide-meta-time updated'  itemprop=\"datePublished\" datetime=\"2016-09-14T15:01:06+02:00\" ><\/time><\/div><\/footer><span class='hidden'>\n\t\t\t\t<span class='av-structured-data'  itemprop=\"image\" itemscope=\"itemscope\" itemtype=\"https:\/\/schema.org\/ImageObject\" >\n\t\t\t\t\t\t<span itemprop='url'>https:\/\/phonomuseum.fr\/wp-content\/uploads\/2016\/02\/affiche-web-1.jpg<\/span>\n\t\t\t\t\t\t<span itemprop='height'>1446<\/span>\n\t\t\t\t\t\t<span itemprop='width'>1029<\/span>\n\t\t\t\t<\/span>\n\t\t\t\t<span class='av-structured-data'  itemprop=\"publisher\" itemtype=\"https:\/\/schema.org\/Organization\" itemscope=\"itemscope\" >\n\t\t\t\t\t\t<span itemprop='name'>phonogal<\/span>\n\t\t\t\t\t\t<span itemprop='logo' itemscope itemtype='https:\/\/schema.org\/ImageObject'>\n\t\t\t\t\t\t\t<span itemprop='url'>https:\/\/phonomuseum.fr\/wp-content\/uploads\/2021\/01\/logo-couleurs-300x140.png<\/span>\n\t\t\t\t\t\t<\/span>\n\t\t\t\t<\/span><span class='av-structured-data'  itemprop=\"author\" itemscope=\"itemscope\" itemtype=\"https:\/\/schema.org\/Person\" ><span itemprop='name'>phonogal<\/span><\/span><span class='av-structured-data'  itemprop=\"datePublished\" datetime=\"2020-12-16T13:33:38+01:00\" >2016-02-06 15:45:12<\/span><span class='av-structured-data'  itemprop=\"dateModified\" itemtype=\"https:\/\/schema.org\/dateModified\" >2022-02-23 13:34:24<\/span><span class='av-structured-data'  itemprop=\"mainEntityOfPage\" itemtype=\"https:\/\/schema.org\/mainEntityOfPage\" ><span itemprop='name'>Dramaticules &#8211; Musique improvis\u00e9e<\/span><\/span><\/span><\/article><article class='slide-entry flex_column  post-entry post-entry-211 slide-entry-overview slide-loop-143 slide-parity-even  av_one_third  real-thumbnail posttype-post post-format-standard'  itemscope=\"itemscope\" itemtype=\"https:\/\/schema.org\/CreativeWork\" ><a href='https:\/\/phonomuseum.fr\/concert10\/' data-rel='slide-1' class='slide-image' title='Musique andalouse au temps des Omeyyades &#8211; Ensemble Aromates'><img decoding=\"async\" fetchpriority=\"high\" width=\"285\" height=\"400\" src=\"https:\/\/phonomuseum.fr\/wp-content\/uploads\/2016\/02\/concert10.jpg\" class=\"wp-image-271 avia-img-lazy-loading-not-271 attachment-portfolio size-portfolio wp-post-image\" alt=\"\" srcset=\"https:\/\/phonomuseum.fr\/wp-content\/uploads\/2016\/02\/concert10.jpg 800w, https:\/\/phonomuseum.fr\/wp-content\/uploads\/2016\/02\/concert10-214x300.jpg 214w, https:\/\/phonomuseum.fr\/wp-content\/uploads\/2016\/02\/concert10-768x1079.jpg 768w, https:\/\/phonomuseum.fr\/wp-content\/uploads\/2016\/02\/concert10-729x1024.jpg 729w, https:\/\/phonomuseum.fr\/wp-content\/uploads\/2016\/02\/concert10-107x150.jpg 107w\" sizes=\"(max-width: 285px) 100vw, 285px\" \/><\/a><div class=\"slide-content\"><header class=\"entry-content-header\" aria-label=\"Slide: Musique andalouse au temps des Omeyyades - Ensemble Aromates\"><span class=\"blog-categories minor-meta\"><a href=\"https:\/\/phonomuseum.fr\/category\/concerts\/\" rel=\"tag\">Concerts<\/a>, <a href=\"https:\/\/phonomuseum.fr\/category\/concerts\/concerts-2015\/\" rel=\"tag\">Concerts 2015<\/a> <\/span><h3 class='slide-entry-title entry-title '  itemprop=\"headline\" ><a href='https:\/\/phonomuseum.fr\/concert10\/' title='Musique andalouse au temps des Omeyyades &#8211; Ensemble Aromates'>Musique andalouse au temps des Omeyyades &#8211; Ensemble Aromates<\/a><\/h3><span class=\"av-vertical-delimiter\"><\/span><\/header><\/div><footer class=\"entry-footer\"><div class=\"slide-meta\"><time class='slide-meta-time updated'  itemprop=\"datePublished\" datetime=\"2016-09-14T15:01:06+02:00\" ><\/time><\/div><\/footer><span class='hidden'>\n\t\t\t\t<span class='av-structured-data'  itemprop=\"image\" itemscope=\"itemscope\" itemtype=\"https:\/\/schema.org\/ImageObject\" >\n\t\t\t\t\t\t<span itemprop='url'>https:\/\/phonomuseum.fr\/wp-content\/uploads\/2016\/02\/concert10.jpg<\/span>\n\t\t\t\t\t\t<span itemprop='height'>1124<\/span>\n\t\t\t\t\t\t<span itemprop='width'>800<\/span>\n\t\t\t\t<\/span>\n\t\t\t\t<span class='av-structured-data'  itemprop=\"publisher\" itemtype=\"https:\/\/schema.org\/Organization\" itemscope=\"itemscope\" >\n\t\t\t\t\t\t<span itemprop='name'>phonogal<\/span>\n\t\t\t\t\t\t<span itemprop='logo' itemscope itemtype='https:\/\/schema.org\/ImageObject'>\n\t\t\t\t\t\t\t<span itemprop='url'>https:\/\/phonomuseum.fr\/wp-content\/uploads\/2021\/01\/logo-couleurs-300x140.png<\/span>\n\t\t\t\t\t\t<\/span>\n\t\t\t\t<\/span><span class='av-structured-data'  itemprop=\"author\" itemscope=\"itemscope\" itemtype=\"https:\/\/schema.org\/Person\" ><span itemprop='name'>phonogal<\/span><\/span><span class='av-structured-data'  itemprop=\"datePublished\" datetime=\"2020-12-16T13:33:38+01:00\" >2016-02-06 15:44:53<\/span><span class='av-structured-data'  itemprop=\"dateModified\" itemtype=\"https:\/\/schema.org\/dateModified\" >2021-01-09 14:10:21<\/span><span class='av-structured-data'  itemprop=\"mainEntityOfPage\" itemtype=\"https:\/\/schema.org\/mainEntityOfPage\" ><span itemprop='name'>Musique andalouse au temps des Omeyyades &#8211; Ensemble Aromates<\/span><\/span><\/span><\/article><article class='slide-entry flex_column  post-entry post-entry-207 slide-entry-overview slide-loop-144 slide-parity-odd  av_one_third  real-thumbnail posttype-post post-format-standard'  itemscope=\"itemscope\" itemtype=\"https:\/\/schema.org\/CreativeWork\" ><a href='https:\/\/phonomuseum.fr\/concert8\/' data-rel='slide-1' class='slide-image' title='Haman Khairy. Wasta (suite) d&rsquo;Alep'><img decoding=\"async\" fetchpriority=\"high\" width=\"285\" height=\"400\" src=\"https:\/\/phonomuseum.fr\/wp-content\/uploads\/2016\/02\/concert8.jpg\" class=\"wp-image-269 avia-img-lazy-loading-not-269 attachment-portfolio size-portfolio wp-post-image\" alt=\"concert8\" srcset=\"https:\/\/phonomuseum.fr\/wp-content\/uploads\/2016\/02\/concert8.jpg 800w, https:\/\/phonomuseum.fr\/wp-content\/uploads\/2016\/02\/concert8-214x300.jpg 214w, https:\/\/phonomuseum.fr\/wp-content\/uploads\/2016\/02\/concert8-768x1079.jpg 768w, https:\/\/phonomuseum.fr\/wp-content\/uploads\/2016\/02\/concert8-729x1024.jpg 729w, https:\/\/phonomuseum.fr\/wp-content\/uploads\/2016\/02\/concert8-107x150.jpg 107w\" sizes=\"(max-width: 285px) 100vw, 285px\" \/><\/a><div class=\"slide-content\"><header class=\"entry-content-header\" aria-label=\"Slide: Haman Khairy. Wasta (suite) d&#039;Alep\"><span class=\"blog-categories minor-meta\"><a href=\"https:\/\/phonomuseum.fr\/category\/concerts\/\" rel=\"tag\">Concerts<\/a>, <a href=\"https:\/\/phonomuseum.fr\/category\/concerts\/concerts-2015\/\" rel=\"tag\">Concerts 2015<\/a> <\/span><h3 class='slide-entry-title entry-title '  itemprop=\"headline\" ><a href='https:\/\/phonomuseum.fr\/concert8\/' title='Haman Khairy. Wasta (suite) d&rsquo;Alep'>Haman Khairy. Wasta (suite) d&rsquo;Alep<\/a><\/h3><span class=\"av-vertical-delimiter\"><\/span><\/header><\/div><footer class=\"entry-footer\"><div class=\"slide-meta\"><time class='slide-meta-time updated'  itemprop=\"datePublished\" datetime=\"2016-09-14T15:01:06+02:00\" ><\/time><\/div><\/footer><span class='hidden'>\n\t\t\t\t<span class='av-structured-data'  itemprop=\"image\" itemscope=\"itemscope\" itemtype=\"https:\/\/schema.org\/ImageObject\" >\n\t\t\t\t\t\t<span itemprop='url'>https:\/\/phonomuseum.fr\/wp-content\/uploads\/2016\/02\/concert8.jpg<\/span>\n\t\t\t\t\t\t<span itemprop='height'>1124<\/span>\n\t\t\t\t\t\t<span itemprop='width'>800<\/span>\n\t\t\t\t<\/span>\n\t\t\t\t<span class='av-structured-data'  itemprop=\"publisher\" itemtype=\"https:\/\/schema.org\/Organization\" itemscope=\"itemscope\" >\n\t\t\t\t\t\t<span itemprop='name'>phonogal<\/span>\n\t\t\t\t\t\t<span itemprop='logo' itemscope itemtype='https:\/\/schema.org\/ImageObject'>\n\t\t\t\t\t\t\t<span itemprop='url'>https:\/\/phonomuseum.fr\/wp-content\/uploads\/2021\/01\/logo-couleurs-300x140.png<\/span>\n\t\t\t\t\t\t<\/span>\n\t\t\t\t<\/span><span class='av-structured-data'  itemprop=\"author\" itemscope=\"itemscope\" itemtype=\"https:\/\/schema.org\/Person\" ><span itemprop='name'>phonogal<\/span><\/span><span class='av-structured-data'  itemprop=\"datePublished\" datetime=\"2020-12-16T13:33:38+01:00\" >2016-02-06 15:43:22<\/span><span class='av-structured-data'  itemprop=\"dateModified\" itemtype=\"https:\/\/schema.org\/dateModified\" >2021-01-09 14:07:16<\/span><span class='av-structured-data'  itemprop=\"mainEntityOfPage\" itemtype=\"https:\/\/schema.org\/mainEntityOfPage\" ><span itemprop='name'>Haman Khairy. Wasta (suite) d&rsquo;Alep<\/span><\/span><\/span><\/article><\/div><div class=\"slide-entry-wrap\"><article class='slide-entry flex_column  post-entry post-entry-204 slide-entry-overview slide-loop-145 slide-parity-odd  av_one_third first real-thumbnail posttype-post post-format-standard'  itemscope=\"itemscope\" itemtype=\"https:\/\/schema.org\/CreativeWork\" ><a href='https:\/\/phonomuseum.fr\/concert7\/' data-rel='slide-1' class='slide-image' title='The blossom project'><img decoding=\"async\" fetchpriority=\"high\" width=\"285\" height=\"400\" src=\"https:\/\/phonomuseum.fr\/wp-content\/uploads\/2016\/02\/concert7.jpg\" class=\"wp-image-268 avia-img-lazy-loading-not-268 attachment-portfolio size-portfolio wp-post-image\" alt=\"\" srcset=\"https:\/\/phonomuseum.fr\/wp-content\/uploads\/2016\/02\/concert7.jpg 1029w, https:\/\/phonomuseum.fr\/wp-content\/uploads\/2016\/02\/concert7-213x300.jpg 213w, https:\/\/phonomuseum.fr\/wp-content\/uploads\/2016\/02\/concert7-768x1079.jpg 768w, https:\/\/phonomuseum.fr\/wp-content\/uploads\/2016\/02\/concert7-729x1024.jpg 729w, https:\/\/phonomuseum.fr\/wp-content\/uploads\/2016\/02\/concert7-107x150.jpg 107w\" sizes=\"(max-width: 285px) 100vw, 285px\" \/><\/a><div class=\"slide-content\"><header class=\"entry-content-header\" aria-label=\"Slide: The blossom project\"><span class=\"blog-categories minor-meta\"><a href=\"https:\/\/phonomuseum.fr\/category\/concerts\/\" rel=\"tag\">Concerts<\/a>, <a href=\"https:\/\/phonomuseum.fr\/category\/concerts\/concerts-2015\/\" rel=\"tag\">Concerts 2015<\/a> <\/span><h3 class='slide-entry-title entry-title '  itemprop=\"headline\" ><a href='https:\/\/phonomuseum.fr\/concert7\/' title='The blossom project'>The blossom project<\/a><\/h3><span class=\"av-vertical-delimiter\"><\/span><\/header><\/div><footer class=\"entry-footer\"><div class=\"slide-meta\"><time class='slide-meta-time updated'  itemprop=\"datePublished\" datetime=\"2016-09-14T15:01:06+02:00\" ><\/time><\/div><\/footer><span class='hidden'>\n\t\t\t\t<span class='av-structured-data'  itemprop=\"image\" itemscope=\"itemscope\" itemtype=\"https:\/\/schema.org\/ImageObject\" >\n\t\t\t\t\t\t<span itemprop='url'>https:\/\/phonomuseum.fr\/wp-content\/uploads\/2016\/02\/concert7.jpg<\/span>\n\t\t\t\t\t\t<span itemprop='height'>1446<\/span>\n\t\t\t\t\t\t<span itemprop='width'>1029<\/span>\n\t\t\t\t<\/span>\n\t\t\t\t<span class='av-structured-data'  itemprop=\"publisher\" itemtype=\"https:\/\/schema.org\/Organization\" itemscope=\"itemscope\" >\n\t\t\t\t\t\t<span itemprop='name'>phonogal<\/span>\n\t\t\t\t\t\t<span itemprop='logo' itemscope itemtype='https:\/\/schema.org\/ImageObject'>\n\t\t\t\t\t\t\t<span itemprop='url'>https:\/\/phonomuseum.fr\/wp-content\/uploads\/2021\/01\/logo-couleurs-300x140.png<\/span>\n\t\t\t\t\t\t<\/span>\n\t\t\t\t<\/span><span class='av-structured-data'  itemprop=\"author\" itemscope=\"itemscope\" itemtype=\"https:\/\/schema.org\/Person\" ><span itemprop='name'>phonogal<\/span><\/span><span class='av-structured-data'  itemprop=\"datePublished\" datetime=\"2020-12-16T13:33:38+01:00\" >2016-02-06 15:42:47<\/span><span class='av-structured-data'  itemprop=\"dateModified\" itemtype=\"https:\/\/schema.org\/dateModified\" >2021-01-09 14:04:58<\/span><span class='av-structured-data'  itemprop=\"mainEntityOfPage\" itemtype=\"https:\/\/schema.org\/mainEntityOfPage\" ><span itemprop='name'>The blossom project<\/span><\/span><\/span><\/article><article class='slide-entry flex_column  post-entry post-entry-196 slide-entry-overview slide-loop-146 slide-parity-even  av_one_third  real-thumbnail posttype-post post-format-standard'  itemscope=\"itemscope\" itemtype=\"https:\/\/schema.org\/CreativeWork\" ><a href='https:\/\/phonomuseum.fr\/concert6\/' data-rel='slide-1' class='slide-image' title='M\u00e9lodies fran\u00e7aises &#8211; Marie Kobayashi, mezzo'><img decoding=\"async\" fetchpriority=\"high\" width=\"285\" height=\"400\" src=\"https:\/\/phonomuseum.fr\/wp-content\/uploads\/2016\/02\/concert6.jpg\" class=\"wp-image-267 avia-img-lazy-loading-not-267 attachment-portfolio size-portfolio wp-post-image\" alt=\"concert6\" srcset=\"https:\/\/phonomuseum.fr\/wp-content\/uploads\/2016\/02\/concert6.jpg 910w, https:\/\/phonomuseum.fr\/wp-content\/uploads\/2016\/02\/concert6-214x300.jpg 214w, https:\/\/phonomuseum.fr\/wp-content\/uploads\/2016\/02\/concert6-768x1079.jpg 768w, https:\/\/phonomuseum.fr\/wp-content\/uploads\/2016\/02\/concert6-729x1024.jpg 729w, https:\/\/phonomuseum.fr\/wp-content\/uploads\/2016\/02\/concert6-107x150.jpg 107w\" sizes=\"(max-width: 285px) 100vw, 285px\" \/><\/a><div class=\"slide-content\"><header class=\"entry-content-header\" aria-label=\"Slide: M\u00e9lodies fran\u00e7aises - Marie Kobayashi, mezzo\"><span class=\"blog-categories minor-meta\"><a href=\"https:\/\/phonomuseum.fr\/category\/concerts\/\" rel=\"tag\">Concerts<\/a>, <a href=\"https:\/\/phonomuseum.fr\/category\/concerts\/concerts-2015\/\" rel=\"tag\">Concerts 2015<\/a> <\/span><h3 class='slide-entry-title entry-title '  itemprop=\"headline\" ><a href='https:\/\/phonomuseum.fr\/concert6\/' title='M\u00e9lodies fran\u00e7aises &#8211; Marie Kobayashi, mezzo'>M\u00e9lodies fran\u00e7aises &#8211; Marie Kobayashi, mezzo<\/a><\/h3><span class=\"av-vertical-delimiter\"><\/span><\/header><div class='slide-entry-excerpt entry-content'  itemprop=\"text\" >\r\n\r\n\r\n\r\n\r\n\r\n\r\n<\/div><\/div><footer class=\"entry-footer\"><div class=\"slide-meta\"><time class='slide-meta-time updated'  itemprop=\"datePublished\" datetime=\"2016-02-06T15:34:29+01:00\" ><\/time><\/div><\/footer><span class='hidden'>\n\t\t\t\t<span class='av-structured-data'  itemprop=\"image\" itemscope=\"itemscope\" itemtype=\"https:\/\/schema.org\/ImageObject\" >\n\t\t\t\t\t\t<span itemprop='url'>https:\/\/phonomuseum.fr\/wp-content\/uploads\/2016\/02\/concert6.jpg<\/span>\n\t\t\t\t\t\t<span itemprop='height'>1278<\/span>\n\t\t\t\t\t\t<span itemprop='width'>910<\/span>\n\t\t\t\t<\/span>\n\t\t\t\t<span class='av-structured-data'  itemprop=\"publisher\" itemtype=\"https:\/\/schema.org\/Organization\" itemscope=\"itemscope\" >\n\t\t\t\t\t\t<span itemprop='name'>phonogal<\/span>\n\t\t\t\t\t\t<span itemprop='logo' itemscope itemtype='https:\/\/schema.org\/ImageObject'>\n\t\t\t\t\t\t\t<span itemprop='url'>https:\/\/phonomuseum.fr\/wp-content\/uploads\/2021\/01\/logo-couleurs-300x140.png<\/span>\n\t\t\t\t\t\t<\/span>\n\t\t\t\t<\/span><span class='av-structured-data'  itemprop=\"author\" itemscope=\"itemscope\" itemtype=\"https:\/\/schema.org\/Person\" ><span itemprop='name'>phonogal<\/span><\/span><span class='av-structured-data'  itemprop=\"datePublished\" datetime=\"2020-12-16T13:33:38+01:00\" >2016-02-06 15:34:29<\/span><span class='av-structured-data'  itemprop=\"dateModified\" itemtype=\"https:\/\/schema.org\/dateModified\" >2021-01-09 14:02:52<\/span><span class='av-structured-data'  itemprop=\"mainEntityOfPage\" itemtype=\"https:\/\/schema.org\/mainEntityOfPage\" ><span itemprop='name'>M\u00e9lodies fran\u00e7aises &#8211; Marie Kobayashi, mezzo<\/span><\/span><\/span><\/article><article class='slide-entry flex_column  post-entry post-entry-194 slide-entry-overview slide-loop-147 slide-parity-odd  av_one_third  real-thumbnail posttype-post post-format-standard'  itemscope=\"itemscope\" itemtype=\"https:\/\/schema.org\/CreativeWork\" ><a href='https:\/\/phonomuseum.fr\/concert5\/' data-rel='slide-1' class='slide-image' title='Guitares : classique et flamenco'><img decoding=\"async\" fetchpriority=\"high\" width=\"288\" height=\"400\" src=\"https:\/\/phonomuseum.fr\/wp-content\/uploads\/2016\/02\/concert5.jpg\" class=\"wp-image-266 avia-img-lazy-loading-not-266 attachment-portfolio size-portfolio wp-post-image\" alt=\"\" srcset=\"https:\/\/phonomuseum.fr\/wp-content\/uploads\/2016\/02\/concert5.jpg 900w, https:\/\/phonomuseum.fr\/wp-content\/uploads\/2016\/02\/concert5-216x300.jpg 216w, https:\/\/phonomuseum.fr\/wp-content\/uploads\/2016\/02\/concert5-768x1066.jpg 768w, https:\/\/phonomuseum.fr\/wp-content\/uploads\/2016\/02\/concert5-738x1024.jpg 738w, https:\/\/phonomuseum.fr\/wp-content\/uploads\/2016\/02\/concert5-108x150.jpg 108w\" sizes=\"(max-width: 288px) 100vw, 288px\" \/><\/a><div class=\"slide-content\"><header class=\"entry-content-header\" aria-label=\"Slide: Guitares : classique et flamenco\"><span class=\"blog-categories minor-meta\"><a href=\"https:\/\/phonomuseum.fr\/category\/concerts\/\" rel=\"tag\">Concerts<\/a>, <a href=\"https:\/\/phonomuseum.fr\/category\/concerts\/concerts-2015\/\" rel=\"tag\">Concerts 2015<\/a> <\/span><h3 class='slide-entry-title entry-title '  itemprop=\"headline\" ><a href='https:\/\/phonomuseum.fr\/concert5\/' title='Guitares : classique et flamenco'>Guitares : classique et flamenco<\/a><\/h3><span class=\"av-vertical-delimiter\"><\/span><\/header><div class='slide-entry-excerpt entry-content'  itemprop=\"text\" >\r\n\r\n\r\n\r\n\r\n\r\n\r\n<\/div><\/div><footer class=\"entry-footer\"><div class=\"slide-meta\"><time class='slide-meta-time updated'  itemprop=\"datePublished\" datetime=\"2016-02-06T15:33:56+01:00\" ><\/time><\/div><\/footer><span class='hidden'>\n\t\t\t\t<span class='av-structured-data'  itemprop=\"image\" itemscope=\"itemscope\" itemtype=\"https:\/\/schema.org\/ImageObject\" >\n\t\t\t\t\t\t<span itemprop='url'>https:\/\/phonomuseum.fr\/wp-content\/uploads\/2016\/02\/concert5.jpg<\/span>\n\t\t\t\t\t\t<span itemprop='height'>1249<\/span>\n\t\t\t\t\t\t<span itemprop='width'>900<\/span>\n\t\t\t\t<\/span>\n\t\t\t\t<span class='av-structured-data'  itemprop=\"publisher\" itemtype=\"https:\/\/schema.org\/Organization\" itemscope=\"itemscope\" >\n\t\t\t\t\t\t<span itemprop='name'>phonogal<\/span>\n\t\t\t\t\t\t<span itemprop='logo' itemscope itemtype='https:\/\/schema.org\/ImageObject'>\n\t\t\t\t\t\t\t<span itemprop='url'>https:\/\/phonomuseum.fr\/wp-content\/uploads\/2021\/01\/logo-couleurs-300x140.png<\/span>\n\t\t\t\t\t\t<\/span>\n\t\t\t\t<\/span><span class='av-structured-data'  itemprop=\"author\" itemscope=\"itemscope\" itemtype=\"https:\/\/schema.org\/Person\" ><span itemprop='name'>phonogal<\/span><\/span><span class='av-structured-data'  itemprop=\"datePublished\" datetime=\"2020-12-16T13:33:38+01:00\" >2016-02-06 15:33:56<\/span><span class='av-structured-data'  itemprop=\"dateModified\" itemtype=\"https:\/\/schema.org\/dateModified\" >2021-01-09 14:00:34<\/span><span class='av-structured-data'  itemprop=\"mainEntityOfPage\" itemtype=\"https:\/\/schema.org\/mainEntityOfPage\" ><span itemprop='name'>Guitares : classique et flamenco<\/span><\/span><\/span><\/article><\/div><div class=\"slide-entry-wrap\"><article class='slide-entry flex_column  post-entry post-entry-190 slide-entry-overview slide-loop-148 slide-parity-odd  av_one_third first real-thumbnail posttype-post post-format-standard'  itemscope=\"itemscope\" itemtype=\"https:\/\/schema.org\/CreativeWork\" ><a href='https:\/\/phonomuseum.fr\/concert4\/' data-rel='slide-1' class='slide-image' title='Anima, string trio'><img decoding=\"async\" fetchpriority=\"high\" width=\"288\" height=\"400\" src=\"https:\/\/phonomuseum.fr\/wp-content\/uploads\/2016\/02\/concert4.jpg\" class=\"wp-image-265 avia-img-lazy-loading-not-265 attachment-portfolio size-portfolio wp-post-image\" alt=\"\" srcset=\"https:\/\/phonomuseum.fr\/wp-content\/uploads\/2016\/02\/concert4.jpg 800w, https:\/\/phonomuseum.fr\/wp-content\/uploads\/2016\/02\/concert4-216x300.jpg 216w, https:\/\/phonomuseum.fr\/wp-content\/uploads\/2016\/02\/concert4-768x1066.jpg 768w, https:\/\/phonomuseum.fr\/wp-content\/uploads\/2016\/02\/concert4-738x1024.jpg 738w, https:\/\/phonomuseum.fr\/wp-content\/uploads\/2016\/02\/concert4-108x150.jpg 108w\" sizes=\"(max-width: 288px) 100vw, 288px\" \/><\/a><div class=\"slide-content\"><header class=\"entry-content-header\" aria-label=\"Slide: Anima, string trio\"><span class=\"blog-categories minor-meta\"><a href=\"https:\/\/phonomuseum.fr\/category\/concerts\/\" rel=\"tag\">Concerts<\/a>, <a href=\"https:\/\/phonomuseum.fr\/category\/concerts\/concerts-2015\/\" rel=\"tag\">Concerts 2015<\/a> <\/span><h3 class='slide-entry-title entry-title '  itemprop=\"headline\" ><a href='https:\/\/phonomuseum.fr\/concert4\/' title='Anima, string trio'>Anima, string trio<\/a><\/h3><span class=\"av-vertical-delimiter\"><\/span><\/header><\/div><footer class=\"entry-footer\"><div class=\"slide-meta\"><time class='slide-meta-time updated'  itemprop=\"datePublished\" datetime=\"2016-02-06T15:33:56+01:00\" ><\/time><\/div><\/footer><span class='hidden'>\n\t\t\t\t<span class='av-structured-data'  itemprop=\"image\" itemscope=\"itemscope\" itemtype=\"https:\/\/schema.org\/ImageObject\" >\n\t\t\t\t\t\t<span itemprop='url'>https:\/\/phonomuseum.fr\/wp-content\/uploads\/2016\/02\/concert4.jpg<\/span>\n\t\t\t\t\t\t<span itemprop='height'>1110<\/span>\n\t\t\t\t\t\t<span itemprop='width'>800<\/span>\n\t\t\t\t<\/span>\n\t\t\t\t<span class='av-structured-data'  itemprop=\"publisher\" itemtype=\"https:\/\/schema.org\/Organization\" itemscope=\"itemscope\" >\n\t\t\t\t\t\t<span itemprop='name'>phonogal<\/span>\n\t\t\t\t\t\t<span itemprop='logo' itemscope itemtype='https:\/\/schema.org\/ImageObject'>\n\t\t\t\t\t\t\t<span itemprop='url'>https:\/\/phonomuseum.fr\/wp-content\/uploads\/2021\/01\/logo-couleurs-300x140.png<\/span>\n\t\t\t\t\t\t<\/span>\n\t\t\t\t<\/span><span class='av-structured-data'  itemprop=\"author\" itemscope=\"itemscope\" itemtype=\"https:\/\/schema.org\/Person\" ><span itemprop='name'>phonogal<\/span><\/span><span class='av-structured-data'  itemprop=\"datePublished\" datetime=\"2020-12-16T13:33:38+01:00\" >2016-02-06 15:27:57<\/span><span class='av-structured-data'  itemprop=\"dateModified\" itemtype=\"https:\/\/schema.org\/dateModified\" >2021-01-09 13:57:13<\/span><span class='av-structured-data'  itemprop=\"mainEntityOfPage\" itemtype=\"https:\/\/schema.org\/mainEntityOfPage\" ><span itemprop='name'>Anima, string trio<\/span><\/span><\/span><\/article><article class='slide-entry flex_column  post-entry post-entry-184 slide-entry-overview slide-loop-149 slide-parity-even  av_one_third  real-thumbnail posttype-post post-format-standard'  itemscope=\"itemscope\" itemtype=\"https:\/\/schema.org\/CreativeWork\" ><a href='https:\/\/phonomuseum.fr\/concert3\/' data-rel='slide-1' class='slide-image' title='Armel Dupas'><img decoding=\"async\" fetchpriority=\"high\" width=\"285\" height=\"400\" src=\"https:\/\/phonomuseum.fr\/wp-content\/uploads\/2016\/02\/concert3.jpg\" class=\"wp-image-264 avia-img-lazy-loading-not-264 attachment-portfolio size-portfolio wp-post-image\" alt=\"\" srcset=\"https:\/\/phonomuseum.fr\/wp-content\/uploads\/2016\/02\/concert3.jpg 900w, https:\/\/phonomuseum.fr\/wp-content\/uploads\/2016\/02\/concert3-213x300.jpg 213w, https:\/\/phonomuseum.fr\/wp-content\/uploads\/2016\/02\/concert3-768x1079.jpg 768w, https:\/\/phonomuseum.fr\/wp-content\/uploads\/2016\/02\/concert3-729x1024.jpg 729w, https:\/\/phonomuseum.fr\/wp-content\/uploads\/2016\/02\/concert3-107x150.jpg 107w\" sizes=\"(max-width: 285px) 100vw, 285px\" \/><\/a><div class=\"slide-content\"><header class=\"entry-content-header\" aria-label=\"Slide: Armel Dupas\"><span class=\"blog-categories minor-meta\"><a href=\"https:\/\/phonomuseum.fr\/category\/concerts\/\" rel=\"tag\">Concerts<\/a>, <a href=\"https:\/\/phonomuseum.fr\/category\/concerts\/concerts-2015\/\" rel=\"tag\">Concerts 2015<\/a> <\/span><h3 class='slide-entry-title entry-title '  itemprop=\"headline\" ><a href='https:\/\/phonomuseum.fr\/concert3\/' title='Armel Dupas'>Armel Dupas<\/a><\/h3><span class=\"av-vertical-delimiter\"><\/span><\/header><\/div><footer class=\"entry-footer\"><div class=\"slide-meta\"><time class='slide-meta-time updated'  itemprop=\"datePublished\" datetime=\"2016-02-06T15:33:56+01:00\" ><\/time><\/div><\/footer><span class='hidden'>\n\t\t\t\t<span class='av-structured-data'  itemprop=\"image\" itemscope=\"itemscope\" itemtype=\"https:\/\/schema.org\/ImageObject\" >\n\t\t\t\t\t\t<span itemprop='url'>https:\/\/phonomuseum.fr\/wp-content\/uploads\/2016\/02\/concert3.jpg<\/span>\n\t\t\t\t\t\t<span itemprop='height'>1265<\/span>\n\t\t\t\t\t\t<span itemprop='width'>900<\/span>\n\t\t\t\t<\/span>\n\t\t\t\t<span class='av-structured-data'  itemprop=\"publisher\" itemtype=\"https:\/\/schema.org\/Organization\" itemscope=\"itemscope\" >\n\t\t\t\t\t\t<span itemprop='name'>phonogal<\/span>\n\t\t\t\t\t\t<span itemprop='logo' itemscope itemtype='https:\/\/schema.org\/ImageObject'>\n\t\t\t\t\t\t\t<span itemprop='url'>https:\/\/phonomuseum.fr\/wp-content\/uploads\/2021\/01\/logo-couleurs-300x140.png<\/span>\n\t\t\t\t\t\t<\/span>\n\t\t\t\t<\/span><span class='av-structured-data'  itemprop=\"author\" itemscope=\"itemscope\" itemtype=\"https:\/\/schema.org\/Person\" ><span itemprop='name'>phonogal<\/span><\/span><span class='av-structured-data'  itemprop=\"datePublished\" datetime=\"2020-12-16T13:33:38+01:00\" >2016-02-06 15:17:13<\/span><span class='av-structured-data'  itemprop=\"dateModified\" itemtype=\"https:\/\/schema.org\/dateModified\" >2021-01-09 13:54:56<\/span><span class='av-structured-data'  itemprop=\"mainEntityOfPage\" itemtype=\"https:\/\/schema.org\/mainEntityOfPage\" ><span itemprop='name'>Armel Dupas<\/span><\/span><\/span><\/article><article class='slide-entry flex_column  post-entry post-entry-165 slide-entry-overview slide-loop-150 slide-parity-odd  post-entry-last  av_one_third  real-thumbnail posttype-post post-format-standard'  itemscope=\"itemscope\" itemtype=\"https:\/\/schema.org\/CreativeWork\" ><a href='https:\/\/phonomuseum.fr\/concert1\/' data-rel='slide-1' class='slide-image' title='Musique d&rsquo;Alep'><img decoding=\"async\" fetchpriority=\"high\" width=\"282\" height=\"400\" src=\"https:\/\/phonomuseum.fr\/wp-content\/uploads\/2016\/02\/concert1.jpg\" class=\"wp-image-262 avia-img-lazy-loading-not-262 attachment-portfolio size-portfolio wp-post-image\" alt=\"Musique d&#039;Alep\" srcset=\"https:\/\/phonomuseum.fr\/wp-content\/uploads\/2016\/02\/concert1.jpg 338w, https:\/\/phonomuseum.fr\/wp-content\/uploads\/2016\/02\/concert1-211x300.jpg 211w, https:\/\/phonomuseum.fr\/wp-content\/uploads\/2016\/02\/concert1-106x150.jpg 106w\" sizes=\"(max-width: 282px) 100vw, 282px\" \/><\/a><div class=\"slide-content\"><header class=\"entry-content-header\" aria-label=\"Slide: Musique d&#039;Alep\"><span class=\"blog-categories minor-meta\"><a href=\"https:\/\/phonomuseum.fr\/category\/concerts\/\" rel=\"tag\">Concerts<\/a>, <a href=\"https:\/\/phonomuseum.fr\/category\/concerts\/concerts-2015\/\" rel=\"tag\">Concerts 2015<\/a> <\/span><h3 class='slide-entry-title entry-title '  itemprop=\"headline\" ><a href='https:\/\/phonomuseum.fr\/concert1\/' title='Musique d&rsquo;Alep'>Musique d&rsquo;Alep<\/a><\/h3><span class=\"av-vertical-delimiter\"><\/span><\/header><\/div><footer class=\"entry-footer\"><div class=\"slide-meta\"><time class='slide-meta-time updated'  itemprop=\"datePublished\" datetime=\"2016-02-06T15:33:56+01:00\" ><\/time><\/div><\/footer><span class='hidden'>\n\t\t\t\t<span class='av-structured-data'  itemprop=\"image\" itemscope=\"itemscope\" itemtype=\"https:\/\/schema.org\/ImageObject\" >\n\t\t\t\t\t\t<span itemprop='url'>https:\/\/phonomuseum.fr\/wp-content\/uploads\/2016\/02\/concert1.jpg<\/span>\n\t\t\t\t\t\t<span itemprop='height'>480<\/span>\n\t\t\t\t\t\t<span itemprop='width'>338<\/span>\n\t\t\t\t<\/span>\n\t\t\t\t<span class='av-structured-data'  itemprop=\"publisher\" itemtype=\"https:\/\/schema.org\/Organization\" itemscope=\"itemscope\" >\n\t\t\t\t\t\t<span itemprop='name'>phonogal<\/span>\n\t\t\t\t\t\t<span itemprop='logo' itemscope itemtype='https:\/\/schema.org\/ImageObject'>\n\t\t\t\t\t\t\t<span itemprop='url'>https:\/\/phonomuseum.fr\/wp-content\/uploads\/2021\/01\/logo-couleurs-300x140.png<\/span>\n\t\t\t\t\t\t<\/span>\n\t\t\t\t<\/span><span class='av-structured-data'  itemprop=\"author\" itemscope=\"itemscope\" itemtype=\"https:\/\/schema.org\/Person\" ><span itemprop='name'>phonogal<\/span><\/span><span class='av-structured-data'  itemprop=\"datePublished\" datetime=\"2020-12-16T13:33:38+01:00\" >2016-02-06 14:46:02<\/span><span class='av-structured-data'  itemprop=\"dateModified\" itemtype=\"https:\/\/schema.org\/dateModified\" >2021-01-09 14:17:15<\/span><span class='av-structured-data'  itemprop=\"mainEntityOfPage\" itemtype=\"https:\/\/schema.org\/mainEntityOfPage\" ><span itemprop='name'>Musique d&rsquo;Alep<\/span><\/span><\/span><\/article><\/div><\/div><\/div>\n","protected":false},"excerpt":{"rendered":"","protected":false},"author":3,"featured_media":0,"parent":0,"menu_order":0,"comment_status":"closed","ping_status":"closed","template":"","meta":{"footnotes":""},"class_list":["post-2550","page","type-page","status-publish","hentry"],"yoast_head":"<!-- This site is optimized with the Yoast SEO plugin v27.4 - https:\/\/yoast.com\/product\/yoast-seo-wordpress\/ -->\n<title>Blog - PHONO Museum Paris<\/title>\n<meta name=\"robots\" content=\"index, follow, max-snippet:-1, max-image-preview:large, max-video-preview:-1\" \/>\n<link rel=\"canonical\" href=\"https:\/\/phonomuseum.fr\/blog\/\" \/>\n<meta property=\"og:locale\" content=\"fr_FR\" \/>\n<meta property=\"og:type\" content=\"article\" \/>\n<meta property=\"og:title\" content=\"Blog - PHONO Museum Paris\" \/>\n<meta property=\"og:url\" content=\"https:\/\/phonomuseum.fr\/blog\/\" \/>\n<meta property=\"og:site_name\" content=\"PHONO Museum Paris\" \/>\n<meta property=\"article:modified_time\" content=\"2026-04-11T09:04:08+00:00\" \/>\n<meta name=\"twitter:card\" content=\"summary_large_image\" \/>\n<meta name=\"twitter:label1\" content=\"Dur\u00e9e de lecture estim\u00e9e\" \/>\n\t<meta name=\"twitter:data1\" content=\"71 minutes\" \/>\n<script type=\"application\/ld+json\" class=\"yoast-schema-graph\">{\"@context\":\"https:\\\/\\\/schema.org\",\"@graph\":[{\"@type\":\"WebPage\",\"@id\":\"https:\\\/\\\/phonomuseum.fr\\\/blog\\\/\",\"url\":\"https:\\\/\\\/phonomuseum.fr\\\/blog\\\/\",\"name\":\"Blog - PHONO Museum Paris\",\"isPartOf\":{\"@id\":\"https:\\\/\\\/phonomuseum.fr\\\/#website\"},\"datePublished\":\"2020-12-16T12:33:38+00:00\",\"dateModified\":\"2026-04-11T09:04:08+00:00\",\"breadcrumb\":{\"@id\":\"https:\\\/\\\/phonomuseum.fr\\\/blog\\\/#breadcrumb\"},\"inLanguage\":\"fr-FR\",\"potentialAction\":[{\"@type\":\"ReadAction\",\"target\":[\"https:\\\/\\\/phonomuseum.fr\\\/blog\\\/\"]}]},{\"@type\":\"BreadcrumbList\",\"@id\":\"https:\\\/\\\/phonomuseum.fr\\\/blog\\\/#breadcrumb\",\"itemListElement\":[{\"@type\":\"ListItem\",\"position\":1,\"name\":\"Accueil\",\"item\":\"https:\\\/\\\/phonomuseum.fr\\\/accueil\\\/\"},{\"@type\":\"ListItem\",\"position\":2,\"name\":\"Blog\"}]},{\"@type\":\"WebSite\",\"@id\":\"https:\\\/\\\/phonomuseum.fr\\\/#website\",\"url\":\"https:\\\/\\\/phonomuseum.fr\\\/\",\"name\":\"PHONO Museum Paris\",\"description\":\"la grande aventure du son enregistr\u00e9 - L&#039;histoire sonore de 1857 \u00e0 nos jours\",\"potentialAction\":[{\"@type\":\"SearchAction\",\"target\":{\"@type\":\"EntryPoint\",\"urlTemplate\":\"https:\\\/\\\/phonomuseum.fr\\\/?s={search_term_string}\"},\"query-input\":{\"@type\":\"PropertyValueSpecification\",\"valueRequired\":true,\"valueName\":\"search_term_string\"}}],\"inLanguage\":\"fr-FR\"}]}<\/script>\n<!-- \/ Yoast SEO plugin. -->","yoast_head_json":{"title":"Blog - PHONO Museum Paris","robots":{"index":"index","follow":"follow","max-snippet":"max-snippet:-1","max-image-preview":"max-image-preview:large","max-video-preview":"max-video-preview:-1"},"canonical":"https:\/\/phonomuseum.fr\/blog\/","og_locale":"fr_FR","og_type":"article","og_title":"Blog - PHONO Museum Paris","og_url":"https:\/\/phonomuseum.fr\/blog\/","og_site_name":"PHONO Museum Paris","article_modified_time":"2026-04-11T09:04:08+00:00","twitter_card":"summary_large_image","twitter_misc":{"Dur\u00e9e de lecture estim\u00e9e":"71 minutes"},"schema":{"@context":"https:\/\/schema.org","@graph":[{"@type":"WebPage","@id":"https:\/\/phonomuseum.fr\/blog\/","url":"https:\/\/phonomuseum.fr\/blog\/","name":"Blog - PHONO Museum Paris","isPartOf":{"@id":"https:\/\/phonomuseum.fr\/#website"},"datePublished":"2020-12-16T12:33:38+00:00","dateModified":"2026-04-11T09:04:08+00:00","breadcrumb":{"@id":"https:\/\/phonomuseum.fr\/blog\/#breadcrumb"},"inLanguage":"fr-FR","potentialAction":[{"@type":"ReadAction","target":["https:\/\/phonomuseum.fr\/blog\/"]}]},{"@type":"BreadcrumbList","@id":"https:\/\/phonomuseum.fr\/blog\/#breadcrumb","itemListElement":[{"@type":"ListItem","position":1,"name":"Accueil","item":"https:\/\/phonomuseum.fr\/accueil\/"},{"@type":"ListItem","position":2,"name":"Blog"}]},{"@type":"WebSite","@id":"https:\/\/phonomuseum.fr\/#website","url":"https:\/\/phonomuseum.fr\/","name":"PHONO Museum Paris","description":"la grande aventure du son enregistr\u00e9 - L&#039;histoire sonore de 1857 \u00e0 nos jours","potentialAction":[{"@type":"SearchAction","target":{"@type":"EntryPoint","urlTemplate":"https:\/\/phonomuseum.fr\/?s={search_term_string}"},"query-input":{"@type":"PropertyValueSpecification","valueRequired":true,"valueName":"search_term_string"}}],"inLanguage":"fr-FR"}]}},"_links":{"self":[{"href":"https:\/\/phonomuseum.fr\/api\/wp\/v2\/pages\/2550","targetHints":{"allow":["GET"]}}],"collection":[{"href":"https:\/\/phonomuseum.fr\/api\/wp\/v2\/pages"}],"about":[{"href":"https:\/\/phonomuseum.fr\/api\/wp\/v2\/types\/page"}],"author":[{"embeddable":true,"href":"https:\/\/phonomuseum.fr\/api\/wp\/v2\/users\/3"}],"replies":[{"embeddable":true,"href":"https:\/\/phonomuseum.fr\/api\/wp\/v2\/comments?post=2550"}],"version-history":[{"count":14,"href":"https:\/\/phonomuseum.fr\/api\/wp\/v2\/pages\/2550\/revisions"}],"predecessor-version":[{"id":5637,"href":"https:\/\/phonomuseum.fr\/api\/wp\/v2\/pages\/2550\/revisions\/5637"}],"wp:attachment":[{"href":"https:\/\/phonomuseum.fr\/api\/wp\/v2\/media?parent=2550"}],"curies":[{"name":"wp","href":"https:\/\/api.w.org\/{rel}","templated":true}]}}